{"id":10156,"date":"2019-11-18T15:49:56","date_gmt":"2019-11-18T15:49:56","guid":{"rendered":"http:\/\/www.icpartners.it\/?page_id=10156"},"modified":"2019-11-18T15:51:06","modified_gmt":"2019-11-18T15:51:06","slug":"news-bosnia-ed-erzegovina","status":"publish","type":"page","link":"https:\/\/www.icpartners.it\/en\/news-bosnia-ed-erzegovina\/","title":{"rendered":"News | Bosnia Ed Erzegovina"},"content":{"rendered":"<div class=\"wpb-content-wrapper\"><div class=\"vc_row wpb_row vc_row-fluid mkd-section vc_custom_1568236821020 mkd-content-aligment-left\" style=\"\"><div class=\"clearfix mkd-full-section-inner\"><div class=\"wpb_column vc_column_container vc_col-sm-9\"><div class=\"vc_column-inner\"><div class=\"wpb_wrapper\">\n<div class=\"mkd-blog-list-holder mkd-boxes  mkd-column-3\">\n    <ul class=\"mkd-blog-list\">\n        <li class=\"mkd-blog-list-item clearfix\">\n    <div class=\"mkd-blog-list-item-inner\">\n        <div class=\"mkd-item-image\">\n            <a itemprop=\"url\" href=\"https:\/\/www.icpartners.it\/en\/verso-lhub-energetico-dei-balcani-la-nuova-strategia-della-bosnia-ed-erzegovina\/\">\n                <img loading=\"lazy\" decoding=\"async\" width=\"1200\" height=\"627\" src=\"https:\/\/www.icpartners.it\/wp-content\/uploads\/2026\/04\/Articoli-2026-8.png\" class=\"attachment-full size-full wp-post-image\" alt=\"\" srcset=\"https:\/\/www.icpartners.it\/wp-content\/uploads\/2026\/04\/Articoli-2026-8.png 1200w, https:\/\/www.icpartners.it\/wp-content\/uploads\/2026\/04\/Articoli-2026-8-300x157.png 300w, https:\/\/www.icpartners.it\/wp-content\/uploads\/2026\/04\/Articoli-2026-8-1024x535.png 1024w, https:\/\/www.icpartners.it\/wp-content\/uploads\/2026\/04\/Articoli-2026-8-296x155.png 296w, https:\/\/www.icpartners.it\/wp-content\/uploads\/2026\/04\/Articoli-2026-8-768x401.png 768w, https:\/\/www.icpartners.it\/wp-content\/uploads\/2026\/04\/Articoli-2026-8-18x9.png 18w\" sizes=\"auto, (max-width: 1200px) 100vw, 1200px\" \/>            <\/a>\n        <\/div>\n        <div class=\"mkd-item-text-holder\" >\n        <h4 itemprop=\"name\" class=\"mkd-item-title entry-title\">\n        <a itemprop=\"url\" href=\"https:\/\/www.icpartners.it\/en\/verso-lhub-energetico-dei-balcani-la-nuova-strategia-della-bosnia-ed-erzegovina\/\">\n            Verso l\u2019Hub Energetico dei Balcani: La Nuova Strategia della Bosnia ed Erzegovina        <\/a>\n    <\/h4>\n\n            <p itemprop=\"description\" class=\"mkd-excerpt\">Il panorama energetico della Bosnia ed Erzegovina (BiH) si appresta a vivere una trasforma...<\/p>\n    \n            <div class=\"mkd-item-info-section clearfix\">\n            <div itemprop=\"dateCreated\" class=\"mkd-post-info-date entry-date updated\">\n\n    \n        April 20, 2026\n        \n    <meta itemprop=\"interactionCount\" content=\"UserComments: 0\"\/>\n\n<\/div><div class=\"mkd-post-info-category\"><a href=\"https:\/\/www.icpartners.it\/en\/category\/bosnia-ed-erzegovina\/\" rel=\"category tag\">Bosnia and Herzegovina<\/a> <a href=\"https:\/\/www.icpartners.it\/en\/category\/news\/\" rel=\"category tag\">News<\/a><\/div>    <div class =\"mkd-blog-share\">\n        <div class=\"mkd-social-share-holder mkd-list\">\n\t<ul>\n\t\t<li class=\"mkd-facebook-share\">\n\t<a itemprop=\"url\" class=\"mkd-share-link\" href=\"#\" onclick=\"window.open(&#039;http:\/\/www.facebook.com\/sharer.php?u=https%3A%2F%2Fwww.icpartners.it%2Fen%2Fverso-lhub-energetico-dei-balcani-la-nuova-strategia-della-bosnia-ed-erzegovina%2F&#039;, &#039;sharer&#039;, &#039;toolbar=0,status=0,width=620,height=280&#039;);\">\n\t\t\t\t\t<img decoding=\"async\" itemprop=\"image\" src=\"https:\/\/www.icpartners.it\/wp-content\/uploads\/2024\/03\/ic_facebook_news.png\" alt=\"facebook\" \/>\n\t\t\t<\/a>\n<\/li><li class=\"mkd-twitter-share\">\n\t<a itemprop=\"url\" class=\"mkd-share-link\" href=\"#\" onclick=\"window.open(&#039;http:\/\/twitter.com\/home?status=Il+panorama+energetico+della+Bosnia+ed+Erzegovina+%28BiH%29+si+appresta+a+vivere+una+trasformazione+radicale.+Con+https:\/\/www.icpartners.it\/en\/verso-lhub-energetico-dei-balcani-la-nuova-strategia-della-bosnia-ed-erzegovina\/&#039;, &#039;popupwindow&#039;, &#039;scrollbars=yes,width=800,height=400&#039;);\">\n\t\t\t\t\t<img decoding=\"async\" itemprop=\"image\" src=\"https:\/\/www.icpartners.it\/wp-content\/uploads\/2024\/03\/ic_twitter-x_news.png\" alt=\"twitter\" \/>\n\t\t\t<\/a>\n<\/li><li class=\"mkd-linkedin-share\">\n\t<a itemprop=\"url\" class=\"mkd-share-link\" href=\"#\" onclick=\"popUp=window.open(&#039;http:\/\/linkedin.com\/shareArticle?mini=true&amp;url=https%3A%2F%2Fwww.icpartners.it%2Fen%2Fverso-lhub-energetico-dei-balcani-la-nuova-strategia-della-bosnia-ed-erzegovina%2F&amp;title=Verso+l%E2%80%99Hub+Energetico+dei+Balcani%3A+La+Nuova+Strategia+della+Bosnia+ed+Erzegovina&#039;, &#039;popupwindow&#039;, &#039;scrollbars=yes,width=800,height=400&#039;);popUp.focus();return false;\">\n\t\t\t\t\t<img decoding=\"async\" itemprop=\"image\" src=\"https:\/\/www.icpartners.it\/wp-content\/uploads\/2024\/03\/ic_linkedin_news.png\" alt=\"linkedin\" \/>\n\t\t\t<\/a>\n<\/li>\t<\/ul>\n<\/div>    <\/div>\n        <\/div>\n    \n    <div class=\"mkd-read-more-holder\"><a itemprop=\"url\" href=\"https:\/\/www.icpartners.it\/en\/verso-lhub-energetico-dei-balcani-la-nuova-strategia-della-bosnia-ed-erzegovina\/\" target=\"_self\" style=\"font-weight: 700\" class=\"mkd-btn mkd-btn-small mkd-btn-minimal mkd-btn-icon\"  >    <span class=\"mkd-btn-text\">Read More<\/span>    <span aria-hidden=\"true\" class=\"mkd-icon-font-elegant arrow_carrot-right\" ><\/span><\/a><\/div>\n    <\/div>\n    <\/div>\n<\/li><li class=\"mkd-blog-list-item clearfix\">\n    <div class=\"mkd-blog-list-item-inner\">\n        <div class=\"mkd-item-image\">\n            <a itemprop=\"url\" href=\"https:\/\/www.icpartners.it\/en\/bosnia-ed-erzegovina-guida-alle-riforme-fiscali-2026\/\">\n                <img loading=\"lazy\" decoding=\"async\" width=\"1200\" height=\"627\" src=\"https:\/\/www.icpartners.it\/wp-content\/uploads\/2026\/01\/Articoli-2026.png\" class=\"attachment-full size-full wp-post-image\" alt=\"\" srcset=\"https:\/\/www.icpartners.it\/wp-content\/uploads\/2026\/01\/Articoli-2026.png 1200w, https:\/\/www.icpartners.it\/wp-content\/uploads\/2026\/01\/Articoli-2026-300x157.png 300w, https:\/\/www.icpartners.it\/wp-content\/uploads\/2026\/01\/Articoli-2026-1024x535.png 1024w, https:\/\/www.icpartners.it\/wp-content\/uploads\/2026\/01\/Articoli-2026-296x155.png 296w, https:\/\/www.icpartners.it\/wp-content\/uploads\/2026\/01\/Articoli-2026-768x401.png 768w, https:\/\/www.icpartners.it\/wp-content\/uploads\/2026\/01\/Articoli-2026-18x9.png 18w\" sizes=\"auto, (max-width: 1200px) 100vw, 1200px\" \/>            <\/a>\n        <\/div>\n        <div class=\"mkd-item-text-holder\" >\n        <h4 itemprop=\"name\" class=\"mkd-item-title entry-title\">\n        <a itemprop=\"url\" href=\"https:\/\/www.icpartners.it\/en\/bosnia-ed-erzegovina-guida-alle-riforme-fiscali-2026\/\">\n            Bosnia ed Erzegovina: Guida alle Riforme Fiscali 2026        <\/a>\n    <\/h4>\n\n            <p itemprop=\"description\" class=\"mkd-excerpt\">Il 2026 segna una tappa fondamentale per il sistema tributario della Bosnia ed Erzegovina....<\/p>\n    \n            <div class=\"mkd-item-info-section clearfix\">\n            <div itemprop=\"dateCreated\" class=\"mkd-post-info-date entry-date updated\">\n\n    \n        January 9, 2026\n        \n    <meta itemprop=\"interactionCount\" content=\"UserComments: 0\"\/>\n\n<\/div><div class=\"mkd-post-info-category\"><a href=\"https:\/\/www.icpartners.it\/en\/category\/bosnia-ed-erzegovina\/\" rel=\"category tag\">Bosnia and Herzegovina<\/a> <a href=\"https:\/\/www.icpartners.it\/en\/category\/news\/\" rel=\"category tag\">News<\/a><\/div>    <div class =\"mkd-blog-share\">\n        <div class=\"mkd-social-share-holder mkd-list\">\n\t<ul>\n\t\t<li class=\"mkd-facebook-share\">\n\t<a itemprop=\"url\" class=\"mkd-share-link\" href=\"#\" onclick=\"window.open(&#039;http:\/\/www.facebook.com\/sharer.php?u=https%3A%2F%2Fwww.icpartners.it%2Fen%2Fbosnia-ed-erzegovina-guida-alle-riforme-fiscali-2026%2F&#039;, &#039;sharer&#039;, &#039;toolbar=0,status=0,width=620,height=280&#039;);\">\n\t\t\t\t\t<img decoding=\"async\" itemprop=\"image\" src=\"https:\/\/www.icpartners.it\/wp-content\/uploads\/2024\/03\/ic_facebook_news.png\" alt=\"facebook\" \/>\n\t\t\t<\/a>\n<\/li><li class=\"mkd-twitter-share\">\n\t<a itemprop=\"url\" class=\"mkd-share-link\" href=\"#\" onclick=\"window.open(&#039;http:\/\/twitter.com\/home?status=Il+2026+segna+una+tappa+fondamentale+per+il+sistema+tributario+della+Bosnia+ed+Erzegovina.+Le+novit%C3%A0+approvate+non+https:\/\/www.icpartners.it\/en\/bosnia-ed-erzegovina-guida-alle-riforme-fiscali-2026\/&#039;, &#039;popupwindow&#039;, &#039;scrollbars=yes,width=800,height=400&#039;);\">\n\t\t\t\t\t<img decoding=\"async\" itemprop=\"image\" src=\"https:\/\/www.icpartners.it\/wp-content\/uploads\/2024\/03\/ic_twitter-x_news.png\" alt=\"twitter\" \/>\n\t\t\t<\/a>\n<\/li><li class=\"mkd-linkedin-share\">\n\t<a itemprop=\"url\" class=\"mkd-share-link\" href=\"#\" onclick=\"popUp=window.open(&#039;http:\/\/linkedin.com\/shareArticle?mini=true&amp;url=https%3A%2F%2Fwww.icpartners.it%2Fen%2Fbosnia-ed-erzegovina-guida-alle-riforme-fiscali-2026%2F&amp;title=Bosnia+ed+Erzegovina%3A+Guida+alle+Riforme+Fiscali+2026&#039;, &#039;popupwindow&#039;, &#039;scrollbars=yes,width=800,height=400&#039;);popUp.focus();return false;\">\n\t\t\t\t\t<img decoding=\"async\" itemprop=\"image\" src=\"https:\/\/www.icpartners.it\/wp-content\/uploads\/2024\/03\/ic_linkedin_news.png\" alt=\"linkedin\" \/>\n\t\t\t<\/a>\n<\/li>\t<\/ul>\n<\/div>    <\/div>\n        <\/div>\n    \n    <div class=\"mkd-read-more-holder\"><a itemprop=\"url\" href=\"https:\/\/www.icpartners.it\/en\/bosnia-ed-erzegovina-guida-alle-riforme-fiscali-2026\/\" target=\"_self\" style=\"font-weight: 700\" class=\"mkd-btn mkd-btn-small mkd-btn-minimal mkd-btn-icon\"  >    <span class=\"mkd-btn-text\">Read More<\/span>    <span aria-hidden=\"true\" class=\"mkd-icon-font-elegant arrow_carrot-right\" ><\/span><\/a><\/div>\n    <\/div>\n    <\/div>\n<\/li><li class=\"mkd-blog-list-item clearfix\">\n    <div class=\"mkd-blog-list-item-inner\">\n        <div class=\"mkd-item-image\">\n            <a itemprop=\"url\" href=\"https:\/\/www.icpartners.it\/en\/novita-in-bosnia-ed-erzegovina-dal-1-luglio-2025-si-riducono-i-contributi-previdenziali-per-le-imprese\/\">\n                <img loading=\"lazy\" decoding=\"async\" width=\"1200\" height=\"627\" src=\"https:\/\/www.icpartners.it\/wp-content\/uploads\/2025\/06\/Articoli-2025-18.png\" class=\"attachment-full size-full wp-post-image\" alt=\"\" srcset=\"https:\/\/www.icpartners.it\/wp-content\/uploads\/2025\/06\/Articoli-2025-18.png 1200w, https:\/\/www.icpartners.it\/wp-content\/uploads\/2025\/06\/Articoli-2025-18-300x157.png 300w, https:\/\/www.icpartners.it\/wp-content\/uploads\/2025\/06\/Articoli-2025-18-1024x535.png 1024w, https:\/\/www.icpartners.it\/wp-content\/uploads\/2025\/06\/Articoli-2025-18-296x155.png 296w, https:\/\/www.icpartners.it\/wp-content\/uploads\/2025\/06\/Articoli-2025-18-768x401.png 768w, https:\/\/www.icpartners.it\/wp-content\/uploads\/2025\/06\/Articoli-2025-18-18x9.png 18w\" sizes=\"auto, (max-width: 1200px) 100vw, 1200px\" \/>            <\/a>\n        <\/div>\n        <div class=\"mkd-item-text-holder\" >\n        <h4 itemprop=\"name\" class=\"mkd-item-title entry-title\">\n        <a itemprop=\"url\" href=\"https:\/\/www.icpartners.it\/en\/novita-in-bosnia-ed-erzegovina-dal-1-luglio-2025-si-riducono-i-contributi-previdenziali-per-le-imprese\/\">\n            Novit\u00e0 in Bosnia ed Erzegovina: dal 1\u00b0 luglio 2025 si riducono i contributi previdenziali per le imprese        <\/a>\n    <\/h4>\n\n            <p itemprop=\"description\" class=\"mkd-excerpt\">Ottime notizie per le aziende che operano nella Federazione della Bosnia ed Erzegovina. A ...<\/p>\n    \n            <div class=\"mkd-item-info-section clearfix\">\n            <div itemprop=\"dateCreated\" class=\"mkd-post-info-date entry-date updated\">\n\n    \n        June 13, 2025\n        \n    <meta itemprop=\"interactionCount\" content=\"UserComments: 0\"\/>\n\n<\/div><div class=\"mkd-post-info-category\"><a href=\"https:\/\/www.icpartners.it\/en\/category\/bosnia-ed-erzegovina\/\" rel=\"category tag\">Bosnia and Herzegovina<\/a> <a href=\"https:\/\/www.icpartners.it\/en\/category\/news\/\" rel=\"category tag\">News<\/a><\/div>    <div class =\"mkd-blog-share\">\n        <div class=\"mkd-social-share-holder mkd-list\">\n\t<ul>\n\t\t<li class=\"mkd-facebook-share\">\n\t<a itemprop=\"url\" class=\"mkd-share-link\" href=\"#\" onclick=\"window.open(&#039;http:\/\/www.facebook.com\/sharer.php?u=https%3A%2F%2Fwww.icpartners.it%2Fen%2Fnovita-in-bosnia-ed-erzegovina-dal-1-luglio-2025-si-riducono-i-contributi-previdenziali-per-le-imprese%2F&#039;, &#039;sharer&#039;, &#039;toolbar=0,status=0,width=620,height=280&#039;);\">\n\t\t\t\t\t<img decoding=\"async\" itemprop=\"image\" src=\"https:\/\/www.icpartners.it\/wp-content\/uploads\/2024\/03\/ic_facebook_news.png\" alt=\"facebook\" \/>\n\t\t\t<\/a>\n<\/li><li class=\"mkd-twitter-share\">\n\t<a itemprop=\"url\" class=\"mkd-share-link\" href=\"#\" onclick=\"window.open(&#039;http:\/\/twitter.com\/home?status=Ottime+notizie+per+le+aziende+che+operano+nella+Federazione+della+Bosnia+ed+Erzegovina.+A+partire+dal+1%C2%B0+luglio+https:\/\/www.icpartners.it\/en\/novita-in-bosnia-ed-erzegovina-dal-1-luglio-2025-si-riducono-i-contributi-previdenziali-per-le-imprese\/&#039;, &#039;popupwindow&#039;, &#039;scrollbars=yes,width=800,height=400&#039;);\">\n\t\t\t\t\t<img decoding=\"async\" itemprop=\"image\" src=\"https:\/\/www.icpartners.it\/wp-content\/uploads\/2024\/03\/ic_twitter-x_news.png\" alt=\"twitter\" \/>\n\t\t\t<\/a>\n<\/li><li class=\"mkd-linkedin-share\">\n\t<a itemprop=\"url\" class=\"mkd-share-link\" href=\"#\" onclick=\"popUp=window.open(&#039;http:\/\/linkedin.com\/shareArticle?mini=true&amp;url=https%3A%2F%2Fwww.icpartners.it%2Fen%2Fnovita-in-bosnia-ed-erzegovina-dal-1-luglio-2025-si-riducono-i-contributi-previdenziali-per-le-imprese%2F&amp;title=Novit%C3%A0+in+Bosnia+ed+Erzegovina%3A+dal+1%C2%B0+luglio+2025+si+riducono+i+contributi+previdenziali+per+le+imprese&#039;, &#039;popupwindow&#039;, &#039;scrollbars=yes,width=800,height=400&#039;);popUp.focus();return false;\">\n\t\t\t\t\t<img decoding=\"async\" itemprop=\"image\" src=\"https:\/\/www.icpartners.it\/wp-content\/uploads\/2024\/03\/ic_linkedin_news.png\" alt=\"linkedin\" \/>\n\t\t\t<\/a>\n<\/li>\t<\/ul>\n<\/div>    <\/div>\n        <\/div>\n    \n    <div class=\"mkd-read-more-holder\"><a itemprop=\"url\" href=\"https:\/\/www.icpartners.it\/en\/novita-in-bosnia-ed-erzegovina-dal-1-luglio-2025-si-riducono-i-contributi-previdenziali-per-le-imprese\/\" target=\"_self\" style=\"font-weight: 700\" class=\"mkd-btn mkd-btn-small mkd-btn-minimal mkd-btn-icon\"  >    <span class=\"mkd-btn-text\">Read More<\/span>    <span aria-hidden=\"true\" class=\"mkd-icon-font-elegant arrow_carrot-right\" ><\/span><\/a><\/div>\n    <\/div>\n    <\/div>\n<\/li><li class=\"mkd-blog-list-item clearfix\">\n    <div class=\"mkd-blog-list-item-inner\">\n        <div class=\"mkd-item-image\">\n            <a itemprop=\"url\" href=\"https:\/\/www.icpartners.it\/en\/adottata-la-nuova-legge-sulla-protezione-dei-dati-personali-in-bosnia-ed-erzegovina\/\">\n                <img loading=\"lazy\" decoding=\"async\" width=\"1200\" height=\"627\" src=\"https:\/\/www.icpartners.it\/wp-content\/uploads\/2025\/04\/Articoli-2025-16.png\" class=\"attachment-full size-full wp-post-image\" alt=\"\" srcset=\"https:\/\/www.icpartners.it\/wp-content\/uploads\/2025\/04\/Articoli-2025-16.png 1200w, https:\/\/www.icpartners.it\/wp-content\/uploads\/2025\/04\/Articoli-2025-16-300x157.png 300w, https:\/\/www.icpartners.it\/wp-content\/uploads\/2025\/04\/Articoli-2025-16-1024x535.png 1024w, https:\/\/www.icpartners.it\/wp-content\/uploads\/2025\/04\/Articoli-2025-16-296x155.png 296w, https:\/\/www.icpartners.it\/wp-content\/uploads\/2025\/04\/Articoli-2025-16-768x401.png 768w, https:\/\/www.icpartners.it\/wp-content\/uploads\/2025\/04\/Articoli-2025-16-18x9.png 18w\" sizes=\"auto, (max-width: 1200px) 100vw, 1200px\" \/>            <\/a>\n        <\/div>\n        <div class=\"mkd-item-text-holder\" >\n        <h4 itemprop=\"name\" class=\"mkd-item-title entry-title\">\n        <a itemprop=\"url\" href=\"https:\/\/www.icpartners.it\/en\/adottata-la-nuova-legge-sulla-protezione-dei-dati-personali-in-bosnia-ed-erzegovina\/\">\n            Adottata la nuova Legge sulla Protezione dei Dati Personali in Bosnia ed Erzegovina        <\/a>\n    <\/h4>\n\n            <p itemprop=\"description\" class=\"mkd-excerpt\">L&#8217;8 Marzo \u00e8 entrata in vigore, in Bosnia ed Erzegovina la Legge sulla protezione de...<\/p>\n    \n            <div class=\"mkd-item-info-section clearfix\">\n            <div itemprop=\"dateCreated\" class=\"mkd-post-info-date entry-date updated\">\n\n    \n        April 29, 2025\n        \n    <meta itemprop=\"interactionCount\" content=\"UserComments: 0\"\/>\n\n<\/div><div class=\"mkd-post-info-category\"><a href=\"https:\/\/www.icpartners.it\/en\/category\/bosnia-ed-erzegovina\/\" rel=\"category tag\">Bosnia and Herzegovina<\/a><\/div>    <div class =\"mkd-blog-share\">\n        <div class=\"mkd-social-share-holder mkd-list\">\n\t<ul>\n\t\t<li class=\"mkd-facebook-share\">\n\t<a itemprop=\"url\" class=\"mkd-share-link\" href=\"#\" onclick=\"window.open(&#039;http:\/\/www.facebook.com\/sharer.php?u=https%3A%2F%2Fwww.icpartners.it%2Fen%2Fadottata-la-nuova-legge-sulla-protezione-dei-dati-personali-in-bosnia-ed-erzegovina%2F&#039;, &#039;sharer&#039;, &#039;toolbar=0,status=0,width=620,height=280&#039;);\">\n\t\t\t\t\t<img decoding=\"async\" itemprop=\"image\" src=\"https:\/\/www.icpartners.it\/wp-content\/uploads\/2024\/03\/ic_facebook_news.png\" alt=\"facebook\" \/>\n\t\t\t<\/a>\n<\/li><li class=\"mkd-twitter-share\">\n\t<a itemprop=\"url\" class=\"mkd-share-link\" href=\"#\" onclick=\"window.open(&#039;http:\/\/twitter.com\/home?status=L%26%238217%3B8+Marzo+%C3%A8+entrata+in+vigore%2C+in+Bosnia+ed+Erzegovina+la+Legge+sulla+protezione+dei+dati+personali%2C+https:\/\/www.icpartners.it\/en\/adottata-la-nuova-legge-sulla-protezione-dei-dati-personali-in-bosnia-ed-erzegovina\/&#039;, &#039;popupwindow&#039;, &#039;scrollbars=yes,width=800,height=400&#039;);\">\n\t\t\t\t\t<img decoding=\"async\" itemprop=\"image\" src=\"https:\/\/www.icpartners.it\/wp-content\/uploads\/2024\/03\/ic_twitter-x_news.png\" alt=\"twitter\" \/>\n\t\t\t<\/a>\n<\/li><li class=\"mkd-linkedin-share\">\n\t<a itemprop=\"url\" class=\"mkd-share-link\" href=\"#\" onclick=\"popUp=window.open(&#039;http:\/\/linkedin.com\/shareArticle?mini=true&amp;url=https%3A%2F%2Fwww.icpartners.it%2Fen%2Fadottata-la-nuova-legge-sulla-protezione-dei-dati-personali-in-bosnia-ed-erzegovina%2F&amp;title=Adottata+la+nuova+Legge+sulla+Protezione+dei+Dati+Personali+in+Bosnia+ed+Erzegovina&#039;, &#039;popupwindow&#039;, &#039;scrollbars=yes,width=800,height=400&#039;);popUp.focus();return false;\">\n\t\t\t\t\t<img decoding=\"async\" itemprop=\"image\" src=\"https:\/\/www.icpartners.it\/wp-content\/uploads\/2024\/03\/ic_linkedin_news.png\" alt=\"linkedin\" \/>\n\t\t\t<\/a>\n<\/li>\t<\/ul>\n<\/div>    <\/div>\n        <\/div>\n    \n    <div class=\"mkd-read-more-holder\"><a itemprop=\"url\" href=\"https:\/\/www.icpartners.it\/en\/adottata-la-nuova-legge-sulla-protezione-dei-dati-personali-in-bosnia-ed-erzegovina\/\" target=\"_self\" style=\"font-weight: 700\" class=\"mkd-btn mkd-btn-small mkd-btn-minimal mkd-btn-icon\"  >    <span class=\"mkd-btn-text\">Read More<\/span>    <span aria-hidden=\"true\" class=\"mkd-icon-font-elegant arrow_carrot-right\" ><\/span><\/a><\/div>\n    <\/div>\n    <\/div>\n<\/li><li class=\"mkd-blog-list-item clearfix\">\n    <div class=\"mkd-blog-list-item-inner\">\n        <div class=\"mkd-item-image\">\n            <a itemprop=\"url\" href=\"https:\/\/www.icpartners.it\/en\/bosnia-erzegovina-italia-paese-partner-alla-fiera-economica-internazionale-di-mostar\/\">\n                <img loading=\"lazy\" decoding=\"async\" width=\"1200\" height=\"627\" src=\"https:\/\/www.icpartners.it\/wp-content\/uploads\/2025\/04\/Articoli-2025-12.png\" class=\"attachment-full size-full wp-post-image\" alt=\"\" srcset=\"https:\/\/www.icpartners.it\/wp-content\/uploads\/2025\/04\/Articoli-2025-12.png 1200w, https:\/\/www.icpartners.it\/wp-content\/uploads\/2025\/04\/Articoli-2025-12-300x157.png 300w, https:\/\/www.icpartners.it\/wp-content\/uploads\/2025\/04\/Articoli-2025-12-1024x535.png 1024w, https:\/\/www.icpartners.it\/wp-content\/uploads\/2025\/04\/Articoli-2025-12-296x155.png 296w, https:\/\/www.icpartners.it\/wp-content\/uploads\/2025\/04\/Articoli-2025-12-768x401.png 768w, https:\/\/www.icpartners.it\/wp-content\/uploads\/2025\/04\/Articoli-2025-12-18x9.png 18w\" sizes=\"auto, (max-width: 1200px) 100vw, 1200px\" \/>            <\/a>\n        <\/div>\n        <div class=\"mkd-item-text-holder\" >\n        <h4 itemprop=\"name\" class=\"mkd-item-title entry-title\">\n        <a itemprop=\"url\" href=\"https:\/\/www.icpartners.it\/en\/bosnia-erzegovina-italia-paese-partner-alla-fiera-economica-internazionale-di-mostar\/\">\n            Bosnia Erzegovina: Italia Paese Partner alla Fiera Economica Internazionale di Mostar        <\/a>\n    <\/h4>\n\n            <p itemprop=\"description\" class=\"mkd-excerpt\">E&#8217; in corso la Fiera Economica Internazionale di Mostar in Bosnia ed Erzegovina, un ...<\/p>\n    \n            <div class=\"mkd-item-info-section clearfix\">\n            <div itemprop=\"dateCreated\" class=\"mkd-post-info-date entry-date updated\">\n\n    \n        April 9, 2025\n        \n    <meta itemprop=\"interactionCount\" content=\"UserComments: 0\"\/>\n\n<\/div><div class=\"mkd-post-info-category\"><a href=\"https:\/\/www.icpartners.it\/en\/category\/bosnia-ed-erzegovina\/\" rel=\"category tag\">Bosnia and Herzegovina<\/a> <a href=\"https:\/\/www.icpartners.it\/en\/category\/news\/\" rel=\"category tag\">News<\/a><\/div>    <div class =\"mkd-blog-share\">\n        <div class=\"mkd-social-share-holder mkd-list\">\n\t<ul>\n\t\t<li class=\"mkd-facebook-share\">\n\t<a itemprop=\"url\" class=\"mkd-share-link\" href=\"#\" onclick=\"window.open(&#039;http:\/\/www.facebook.com\/sharer.php?u=https%3A%2F%2Fwww.icpartners.it%2Fen%2Fbosnia-erzegovina-italia-paese-partner-alla-fiera-economica-internazionale-di-mostar%2F&#039;, &#039;sharer&#039;, &#039;toolbar=0,status=0,width=620,height=280&#039;);\">\n\t\t\t\t\t<img decoding=\"async\" itemprop=\"image\" src=\"https:\/\/www.icpartners.it\/wp-content\/uploads\/2024\/03\/ic_facebook_news.png\" alt=\"facebook\" \/>\n\t\t\t<\/a>\n<\/li><li class=\"mkd-twitter-share\">\n\t<a itemprop=\"url\" class=\"mkd-share-link\" href=\"#\" onclick=\"window.open(&#039;http:\/\/twitter.com\/home?status=E%26%238217%3B+in+corso+la+Fiera+Economica+Internazionale+di+Mostar+in+Bosnia+ed+Erzegovina%2C+un+evento+di+primaria+https:\/\/www.icpartners.it\/en\/bosnia-erzegovina-italia-paese-partner-alla-fiera-economica-internazionale-di-mostar\/&#039;, &#039;popupwindow&#039;, &#039;scrollbars=yes,width=800,height=400&#039;);\">\n\t\t\t\t\t<img decoding=\"async\" itemprop=\"image\" src=\"https:\/\/www.icpartners.it\/wp-content\/uploads\/2024\/03\/ic_twitter-x_news.png\" alt=\"twitter\" \/>\n\t\t\t<\/a>\n<\/li><li class=\"mkd-linkedin-share\">\n\t<a itemprop=\"url\" class=\"mkd-share-link\" href=\"#\" onclick=\"popUp=window.open(&#039;http:\/\/linkedin.com\/shareArticle?mini=true&amp;url=https%3A%2F%2Fwww.icpartners.it%2Fen%2Fbosnia-erzegovina-italia-paese-partner-alla-fiera-economica-internazionale-di-mostar%2F&amp;title=Bosnia+Erzegovina%3A+Italia+Paese+Partner+alla+Fiera+Economica+Internazionale+di+Mostar&#039;, &#039;popupwindow&#039;, &#039;scrollbars=yes,width=800,height=400&#039;);popUp.focus();return false;\">\n\t\t\t\t\t<img decoding=\"async\" itemprop=\"image\" src=\"https:\/\/www.icpartners.it\/wp-content\/uploads\/2024\/03\/ic_linkedin_news.png\" alt=\"linkedin\" \/>\n\t\t\t<\/a>\n<\/li>\t<\/ul>\n<\/div>    <\/div>\n        <\/div>\n    \n    <div class=\"mkd-read-more-holder\"><a itemprop=\"url\" href=\"https:\/\/www.icpartners.it\/en\/bosnia-erzegovina-italia-paese-partner-alla-fiera-economica-internazionale-di-mostar\/\" target=\"_self\" style=\"font-weight: 700\" class=\"mkd-btn mkd-btn-small mkd-btn-minimal mkd-btn-icon\"  >    <span class=\"mkd-btn-text\">Read More<\/span>    <span aria-hidden=\"true\" class=\"mkd-icon-font-elegant arrow_carrot-right\" ><\/span><\/a><\/div>\n    <\/div>\n    <\/div>\n<\/li><li class=\"mkd-blog-list-item clearfix\">\n    <div class=\"mkd-blog-list-item-inner\">\n        <div class=\"mkd-item-image\">\n            <a itemprop=\"url\" href=\"https:\/\/www.icpartners.it\/en\/aumento-del-salario-minimo-in-bosnia-ed-erzegovina-nel-2025\/\">\n                <img loading=\"lazy\" decoding=\"async\" width=\"1200\" height=\"627\" src=\"https:\/\/www.icpartners.it\/wp-content\/uploads\/2025\/02\/Articoli.2025.3.png\" class=\"attachment-full size-full wp-post-image\" alt=\"\" srcset=\"https:\/\/www.icpartners.it\/wp-content\/uploads\/2025\/02\/Articoli.2025.3.png 1200w, https:\/\/www.icpartners.it\/wp-content\/uploads\/2025\/02\/Articoli.2025.3-300x157.png 300w, https:\/\/www.icpartners.it\/wp-content\/uploads\/2025\/02\/Articoli.2025.3-1024x535.png 1024w, https:\/\/www.icpartners.it\/wp-content\/uploads\/2025\/02\/Articoli.2025.3-296x155.png 296w, https:\/\/www.icpartners.it\/wp-content\/uploads\/2025\/02\/Articoli.2025.3-768x401.png 768w, https:\/\/www.icpartners.it\/wp-content\/uploads\/2025\/02\/Articoli.2025.3-18x9.png 18w\" sizes=\"auto, (max-width: 1200px) 100vw, 1200px\" \/>            <\/a>\n        <\/div>\n        <div class=\"mkd-item-text-holder\" >\n        <h4 itemprop=\"name\" class=\"mkd-item-title entry-title\">\n        <a itemprop=\"url\" href=\"https:\/\/www.icpartners.it\/en\/aumento-del-salario-minimo-in-bosnia-ed-erzegovina-nel-2025\/\">\n            Aumento del salario minimo in Bosnia ed Erzegovina nel 2025        <\/a>\n    <\/h4>\n\n            <p itemprop=\"description\" class=\"mkd-excerpt\">Il governo della Repubblica Srpska e il governo della Federazione della Bosnia ed Erzegovi...<\/p>\n    \n            <div class=\"mkd-item-info-section clearfix\">\n            <div itemprop=\"dateCreated\" class=\"mkd-post-info-date entry-date updated\">\n\n    \n        February 3, 2025\n        \n    <meta itemprop=\"interactionCount\" content=\"UserComments: 0\"\/>\n\n<\/div><div class=\"mkd-post-info-category\"><a href=\"https:\/\/www.icpartners.it\/en\/category\/bosnia-ed-erzegovina\/\" rel=\"category tag\">Bosnia and Herzegovina<\/a> <a href=\"https:\/\/www.icpartners.it\/en\/category\/news\/\" rel=\"category tag\">News<\/a><\/div>    <div class =\"mkd-blog-share\">\n        <div class=\"mkd-social-share-holder mkd-list\">\n\t<ul>\n\t\t<li class=\"mkd-facebook-share\">\n\t<a itemprop=\"url\" class=\"mkd-share-link\" href=\"#\" onclick=\"window.open(&#039;http:\/\/www.facebook.com\/sharer.php?u=https%3A%2F%2Fwww.icpartners.it%2Fen%2Faumento-del-salario-minimo-in-bosnia-ed-erzegovina-nel-2025%2F&#039;, &#039;sharer&#039;, &#039;toolbar=0,status=0,width=620,height=280&#039;);\">\n\t\t\t\t\t<img decoding=\"async\" itemprop=\"image\" src=\"https:\/\/www.icpartners.it\/wp-content\/uploads\/2024\/03\/ic_facebook_news.png\" alt=\"facebook\" \/>\n\t\t\t<\/a>\n<\/li><li class=\"mkd-twitter-share\">\n\t<a itemprop=\"url\" class=\"mkd-share-link\" href=\"#\" onclick=\"window.open(&#039;http:\/\/twitter.com\/home?status=Il+governo+della+Repubblica+Srpska+e+il+governo+della+Federazione+della+Bosnia+ed+Erzegovina+hanno+annunciato+un+https:\/\/www.icpartners.it\/en\/aumento-del-salario-minimo-in-bosnia-ed-erzegovina-nel-2025\/&#039;, &#039;popupwindow&#039;, &#039;scrollbars=yes,width=800,height=400&#039;);\">\n\t\t\t\t\t<img decoding=\"async\" itemprop=\"image\" src=\"https:\/\/www.icpartners.it\/wp-content\/uploads\/2024\/03\/ic_twitter-x_news.png\" alt=\"twitter\" \/>\n\t\t\t<\/a>\n<\/li><li class=\"mkd-linkedin-share\">\n\t<a itemprop=\"url\" class=\"mkd-share-link\" href=\"#\" onclick=\"popUp=window.open(&#039;http:\/\/linkedin.com\/shareArticle?mini=true&amp;url=https%3A%2F%2Fwww.icpartners.it%2Fen%2Faumento-del-salario-minimo-in-bosnia-ed-erzegovina-nel-2025%2F&amp;title=Aumento+del+salario+minimo+in+Bosnia+ed+Erzegovina+nel+2025&#039;, &#039;popupwindow&#039;, &#039;scrollbars=yes,width=800,height=400&#039;);popUp.focus();return false;\">\n\t\t\t\t\t<img decoding=\"async\" itemprop=\"image\" src=\"https:\/\/www.icpartners.it\/wp-content\/uploads\/2024\/03\/ic_linkedin_news.png\" alt=\"linkedin\" \/>\n\t\t\t<\/a>\n<\/li>\t<\/ul>\n<\/div>    <\/div>\n        <\/div>\n    \n    <div class=\"mkd-read-more-holder\"><a itemprop=\"url\" href=\"https:\/\/www.icpartners.it\/en\/aumento-del-salario-minimo-in-bosnia-ed-erzegovina-nel-2025\/\" target=\"_self\" style=\"font-weight: 700\" class=\"mkd-btn mkd-btn-small mkd-btn-minimal mkd-btn-icon\"  >    <span class=\"mkd-btn-text\">Read More<\/span>    <span aria-hidden=\"true\" class=\"mkd-icon-font-elegant arrow_carrot-right\" ><\/span><\/a><\/div>\n    <\/div>\n    <\/div>\n<\/li><li class=\"mkd-blog-list-item clearfix\">\n    <div class=\"mkd-blog-list-item-inner\">\n        <div class=\"mkd-item-image\">\n            <a itemprop=\"url\" href=\"https:\/\/www.icpartners.it\/en\/bosnia-erzegovina-nuove-regole-in-arrivo\/\">\n                <img loading=\"lazy\" decoding=\"async\" width=\"1200\" height=\"627\" src=\"https:\/\/www.icpartners.it\/wp-content\/uploads\/2024\/12\/Articoli-2024-31.png\" class=\"attachment-full size-full wp-post-image\" alt=\"\" srcset=\"https:\/\/www.icpartners.it\/wp-content\/uploads\/2024\/12\/Articoli-2024-31.png 1200w, https:\/\/www.icpartners.it\/wp-content\/uploads\/2024\/12\/Articoli-2024-31-300x157.png 300w, https:\/\/www.icpartners.it\/wp-content\/uploads\/2024\/12\/Articoli-2024-31-1024x535.png 1024w, https:\/\/www.icpartners.it\/wp-content\/uploads\/2024\/12\/Articoli-2024-31-296x155.png 296w, https:\/\/www.icpartners.it\/wp-content\/uploads\/2024\/12\/Articoli-2024-31-768x401.png 768w, https:\/\/www.icpartners.it\/wp-content\/uploads\/2024\/12\/Articoli-2024-31-18x9.png 18w\" sizes=\"auto, (max-width: 1200px) 100vw, 1200px\" \/>            <\/a>\n        <\/div>\n        <div class=\"mkd-item-text-holder\" >\n        <h4 itemprop=\"name\" class=\"mkd-item-title entry-title\">\n        <a itemprop=\"url\" href=\"https:\/\/www.icpartners.it\/en\/bosnia-erzegovina-nuove-regole-in-arrivo\/\">\n            Bosnia-Erzegovina: Nuove regole in arrivo        <\/a>\n    <\/h4>\n\n            <p itemprop=\"description\" class=\"mkd-excerpt\">La Bosnia-Erzegovina \u00e8 pronta ad affrontare importanti cambiamenti. Addio sigaretta: divi...<\/p>\n    \n            <div class=\"mkd-item-info-section clearfix\">\n            <div itemprop=\"dateCreated\" class=\"mkd-post-info-date entry-date updated\">\n\n    \n        December 13, 2024\n        \n    <meta itemprop=\"interactionCount\" content=\"UserComments: 0\"\/>\n\n<\/div><div class=\"mkd-post-info-category\"><a href=\"https:\/\/www.icpartners.it\/en\/category\/bosnia-ed-erzegovina\/\" rel=\"category tag\">Bosnia and Herzegovina<\/a> <a href=\"https:\/\/www.icpartners.it\/en\/category\/news\/\" rel=\"category tag\">News<\/a><\/div>    <div class =\"mkd-blog-share\">\n        <div class=\"mkd-social-share-holder mkd-list\">\n\t<ul>\n\t\t<li class=\"mkd-facebook-share\">\n\t<a itemprop=\"url\" class=\"mkd-share-link\" href=\"#\" onclick=\"window.open(&#039;http:\/\/www.facebook.com\/sharer.php?u=https%3A%2F%2Fwww.icpartners.it%2Fen%2Fbosnia-erzegovina-nuove-regole-in-arrivo%2F&#039;, &#039;sharer&#039;, &#039;toolbar=0,status=0,width=620,height=280&#039;);\">\n\t\t\t\t\t<img decoding=\"async\" itemprop=\"image\" src=\"https:\/\/www.icpartners.it\/wp-content\/uploads\/2024\/03\/ic_facebook_news.png\" alt=\"facebook\" \/>\n\t\t\t<\/a>\n<\/li><li class=\"mkd-twitter-share\">\n\t<a itemprop=\"url\" class=\"mkd-share-link\" href=\"#\" onclick=\"window.open(&#039;http:\/\/twitter.com\/home?status=La+Bosnia-Erzegovina+%C3%A8+pronta+ad+affrontare+importanti+cambiamenti.+Addio+sigaretta%3A+divieto+totale+nei+luoghi+https:\/\/www.icpartners.it\/en\/bosnia-erzegovina-nuove-regole-in-arrivo\/&#039;, &#039;popupwindow&#039;, &#039;scrollbars=yes,width=800,height=400&#039;);\">\n\t\t\t\t\t<img decoding=\"async\" itemprop=\"image\" src=\"https:\/\/www.icpartners.it\/wp-content\/uploads\/2024\/03\/ic_twitter-x_news.png\" alt=\"twitter\" \/>\n\t\t\t<\/a>\n<\/li><li class=\"mkd-linkedin-share\">\n\t<a itemprop=\"url\" class=\"mkd-share-link\" href=\"#\" onclick=\"popUp=window.open(&#039;http:\/\/linkedin.com\/shareArticle?mini=true&amp;url=https%3A%2F%2Fwww.icpartners.it%2Fen%2Fbosnia-erzegovina-nuove-regole-in-arrivo%2F&amp;title=Bosnia-Erzegovina%3A+Nuove+regole+in+arrivo&#039;, &#039;popupwindow&#039;, &#039;scrollbars=yes,width=800,height=400&#039;);popUp.focus();return false;\">\n\t\t\t\t\t<img decoding=\"async\" itemprop=\"image\" src=\"https:\/\/www.icpartners.it\/wp-content\/uploads\/2024\/03\/ic_linkedin_news.png\" alt=\"linkedin\" \/>\n\t\t\t<\/a>\n<\/li>\t<\/ul>\n<\/div>    <\/div>\n        <\/div>\n    \n    <div class=\"mkd-read-more-holder\"><a itemprop=\"url\" href=\"https:\/\/www.icpartners.it\/en\/bosnia-erzegovina-nuove-regole-in-arrivo\/\" target=\"_self\" style=\"font-weight: 700\" class=\"mkd-btn mkd-btn-small mkd-btn-minimal mkd-btn-icon\"  >    <span class=\"mkd-btn-text\">Read More<\/span>    <span aria-hidden=\"true\" class=\"mkd-icon-font-elegant arrow_carrot-right\" ><\/span><\/a><\/div>\n    <\/div>\n    <\/div>\n<\/li><li class=\"mkd-blog-list-item clearfix\">\n    <div class=\"mkd-blog-list-item-inner\">\n        <div class=\"mkd-item-image\">\n            <a itemprop=\"url\" href=\"https:\/\/www.icpartners.it\/en\/bosnia-ed-erzegovina-la-commissione-ue-da-il-via-libera-allavvio-dei-negoziati-di-adesione\/\">\n                <img loading=\"lazy\" decoding=\"async\" width=\"1200\" height=\"627\" src=\"https:\/\/www.icpartners.it\/wp-content\/uploads\/2024\/04\/Articoli-2024-11.png\" class=\"attachment-full size-full wp-post-image\" alt=\"\" srcset=\"https:\/\/www.icpartners.it\/wp-content\/uploads\/2024\/04\/Articoli-2024-11.png 1200w, https:\/\/www.icpartners.it\/wp-content\/uploads\/2024\/04\/Articoli-2024-11-300x157.png 300w, https:\/\/www.icpartners.it\/wp-content\/uploads\/2024\/04\/Articoli-2024-11-1024x535.png 1024w, https:\/\/www.icpartners.it\/wp-content\/uploads\/2024\/04\/Articoli-2024-11-296x155.png 296w, https:\/\/www.icpartners.it\/wp-content\/uploads\/2024\/04\/Articoli-2024-11-768x401.png 768w, https:\/\/www.icpartners.it\/wp-content\/uploads\/2024\/04\/Articoli-2024-11-18x9.png 18w\" sizes=\"auto, (max-width: 1200px) 100vw, 1200px\" \/>            <\/a>\n        <\/div>\n        <div class=\"mkd-item-text-holder\" >\n        <h4 itemprop=\"name\" class=\"mkd-item-title entry-title\">\n        <a itemprop=\"url\" href=\"https:\/\/www.icpartners.it\/en\/bosnia-ed-erzegovina-la-commissione-ue-da-il-via-libera-allavvio-dei-negoziati-di-adesione\/\">\n            Bosnia ed Erzegovina: La Commissione Ue da il via libera all\u2019avvio dei negoziati di adesione        <\/a>\n    <\/h4>\n\n            <p itemprop=\"description\" class=\"mkd-excerpt\">Il cammino di avvicinamento della Bosnia ed Erzegovina all\u2019Unione Europea \u00e8 iniziato\u00a0i...<\/p>\n    \n            <div class=\"mkd-item-info-section clearfix\">\n            <div itemprop=\"dateCreated\" class=\"mkd-post-info-date entry-date updated\">\n\n    \n        April 16, 2024\n        \n    <meta itemprop=\"interactionCount\" content=\"UserComments: 0\"\/>\n\n<\/div><div class=\"mkd-post-info-category\"><a href=\"https:\/\/www.icpartners.it\/en\/category\/bosnia-ed-erzegovina\/\" rel=\"category tag\">Bosnia and Herzegovina<\/a> <a href=\"https:\/\/www.icpartners.it\/en\/category\/news\/\" rel=\"category tag\">News<\/a><\/div>    <div class =\"mkd-blog-share\">\n        <div class=\"mkd-social-share-holder mkd-list\">\n\t<ul>\n\t\t<li class=\"mkd-facebook-share\">\n\t<a itemprop=\"url\" class=\"mkd-share-link\" href=\"#\" onclick=\"window.open(&#039;http:\/\/www.facebook.com\/sharer.php?u=https%3A%2F%2Fwww.icpartners.it%2Fen%2Fbosnia-ed-erzegovina-la-commissione-ue-da-il-via-libera-allavvio-dei-negoziati-di-adesione%2F&#039;, &#039;sharer&#039;, &#039;toolbar=0,status=0,width=620,height=280&#039;);\">\n\t\t\t\t\t<img decoding=\"async\" itemprop=\"image\" src=\"https:\/\/www.icpartners.it\/wp-content\/uploads\/2024\/03\/ic_facebook_news.png\" alt=\"facebook\" \/>\n\t\t\t<\/a>\n<\/li><li class=\"mkd-twitter-share\">\n\t<a itemprop=\"url\" class=\"mkd-share-link\" href=\"#\" onclick=\"window.open(&#039;http:\/\/twitter.com\/home?status=Il+cammino+di+avvicinamento+della+Bosnia+ed+Erzegovina+all%E2%80%99Unione+Europea+%C3%A8+iniziato%C2%A0il+15+febbraio+2016%2C+con+la+https:\/\/www.icpartners.it\/en\/bosnia-ed-erzegovina-la-commissione-ue-da-il-via-libera-allavvio-dei-negoziati-di-adesione\/&#039;, &#039;popupwindow&#039;, &#039;scrollbars=yes,width=800,height=400&#039;);\">\n\t\t\t\t\t<img decoding=\"async\" itemprop=\"image\" src=\"https:\/\/www.icpartners.it\/wp-content\/uploads\/2024\/03\/ic_twitter-x_news.png\" alt=\"twitter\" \/>\n\t\t\t<\/a>\n<\/li><li class=\"mkd-linkedin-share\">\n\t<a itemprop=\"url\" class=\"mkd-share-link\" href=\"#\" onclick=\"popUp=window.open(&#039;http:\/\/linkedin.com\/shareArticle?mini=true&amp;url=https%3A%2F%2Fwww.icpartners.it%2Fen%2Fbosnia-ed-erzegovina-la-commissione-ue-da-il-via-libera-allavvio-dei-negoziati-di-adesione%2F&amp;title=Bosnia+ed+Erzegovina%3A+La+Commissione+Ue+da+il+via+libera+all%E2%80%99avvio+dei+negoziati+di+adesione&#039;, &#039;popupwindow&#039;, &#039;scrollbars=yes,width=800,height=400&#039;);popUp.focus();return false;\">\n\t\t\t\t\t<img decoding=\"async\" itemprop=\"image\" src=\"https:\/\/www.icpartners.it\/wp-content\/uploads\/2024\/03\/ic_linkedin_news.png\" alt=\"linkedin\" \/>\n\t\t\t<\/a>\n<\/li>\t<\/ul>\n<\/div>    <\/div>\n        <\/div>\n    \n    <div class=\"mkd-read-more-holder\"><a itemprop=\"url\" href=\"https:\/\/www.icpartners.it\/en\/bosnia-ed-erzegovina-la-commissione-ue-da-il-via-libera-allavvio-dei-negoziati-di-adesione\/\" target=\"_self\" style=\"font-weight: 700\" class=\"mkd-btn mkd-btn-small mkd-btn-minimal mkd-btn-icon\"  >    <span class=\"mkd-btn-text\">Read More<\/span>    <span aria-hidden=\"true\" class=\"mkd-icon-font-elegant arrow_carrot-right\" ><\/span><\/a><\/div>\n    <\/div>\n    <\/div>\n<\/li><li class=\"mkd-blog-list-item clearfix\">\n    <div class=\"mkd-blog-list-item-inner\">\n        <div class=\"mkd-item-image\">\n            <a itemprop=\"url\" href=\"https:\/\/www.icpartners.it\/en\/bosnia-ed-erzegovina-novita-fiscali\/\">\n                <img loading=\"lazy\" decoding=\"async\" width=\"1200\" height=\"627\" src=\"https:\/\/www.icpartners.it\/wp-content\/uploads\/2023\/11\/Articoli-2023-29.png\" class=\"attachment-full size-full wp-post-image\" alt=\"\" srcset=\"https:\/\/www.icpartners.it\/wp-content\/uploads\/2023\/11\/Articoli-2023-29.png 1200w, https:\/\/www.icpartners.it\/wp-content\/uploads\/2023\/11\/Articoli-2023-29-300x157.png 300w, https:\/\/www.icpartners.it\/wp-content\/uploads\/2023\/11\/Articoli-2023-29-1024x535.png 1024w, https:\/\/www.icpartners.it\/wp-content\/uploads\/2023\/11\/Articoli-2023-29-296x155.png 296w, https:\/\/www.icpartners.it\/wp-content\/uploads\/2023\/11\/Articoli-2023-29-768x401.png 768w, https:\/\/www.icpartners.it\/wp-content\/uploads\/2023\/11\/Articoli-2023-29-18x9.png 18w\" sizes=\"auto, (max-width: 1200px) 100vw, 1200px\" \/>            <\/a>\n        <\/div>\n        <div class=\"mkd-item-text-holder\" >\n        <h4 itemprop=\"name\" class=\"mkd-item-title entry-title\">\n        <a itemprop=\"url\" href=\"https:\/\/www.icpartners.it\/en\/bosnia-ed-erzegovina-novita-fiscali\/\">\n            Bosnia ed Erzegovina: novit\u00e0 fiscali        <\/a>\n    <\/h4>\n\n            <p itemprop=\"description\" class=\"mkd-excerpt\">L\u2019Assemblea parlamentare bosniaca ha adottato il 23 novembre 2023 le modifiche della Leg...<\/p>\n    \n            <div class=\"mkd-item-info-section clearfix\">\n            <div itemprop=\"dateCreated\" class=\"mkd-post-info-date entry-date updated\">\n\n    \n        November 27, 2023\n        \n    <meta itemprop=\"interactionCount\" content=\"UserComments: 0\"\/>\n\n<\/div><div class=\"mkd-post-info-category\"><a href=\"https:\/\/www.icpartners.it\/en\/category\/bosnia-ed-erzegovina\/\" rel=\"category tag\">Bosnia and Herzegovina<\/a> <a href=\"https:\/\/www.icpartners.it\/en\/category\/news\/\" rel=\"category tag\">News<\/a><\/div>    <div class =\"mkd-blog-share\">\n        <div class=\"mkd-social-share-holder mkd-list\">\n\t<ul>\n\t\t<li class=\"mkd-facebook-share\">\n\t<a itemprop=\"url\" class=\"mkd-share-link\" href=\"#\" onclick=\"window.open(&#039;http:\/\/www.facebook.com\/sharer.php?u=https%3A%2F%2Fwww.icpartners.it%2Fen%2Fbosnia-ed-erzegovina-novita-fiscali%2F&#039;, &#039;sharer&#039;, &#039;toolbar=0,status=0,width=620,height=280&#039;);\">\n\t\t\t\t\t<img decoding=\"async\" itemprop=\"image\" src=\"https:\/\/www.icpartners.it\/wp-content\/uploads\/2024\/03\/ic_facebook_news.png\" alt=\"facebook\" \/>\n\t\t\t<\/a>\n<\/li><li class=\"mkd-twitter-share\">\n\t<a itemprop=\"url\" class=\"mkd-share-link\" href=\"#\" onclick=\"window.open(&#039;http:\/\/twitter.com\/home?status=L%E2%80%99Assemblea+parlamentare+bosniaca+ha+adottato+il+23+novembre+2023+le+modifiche+della+Legge+sull%E2%80%99IVA+con+le+quali+https:\/\/www.icpartners.it\/en\/bosnia-ed-erzegovina-novita-fiscali\/&#039;, &#039;popupwindow&#039;, &#039;scrollbars=yes,width=800,height=400&#039;);\">\n\t\t\t\t\t<img decoding=\"async\" itemprop=\"image\" src=\"https:\/\/www.icpartners.it\/wp-content\/uploads\/2024\/03\/ic_twitter-x_news.png\" alt=\"twitter\" \/>\n\t\t\t<\/a>\n<\/li><li class=\"mkd-linkedin-share\">\n\t<a itemprop=\"url\" class=\"mkd-share-link\" href=\"#\" onclick=\"popUp=window.open(&#039;http:\/\/linkedin.com\/shareArticle?mini=true&amp;url=https%3A%2F%2Fwww.icpartners.it%2Fen%2Fbosnia-ed-erzegovina-novita-fiscali%2F&amp;title=Bosnia+ed+Erzegovina%3A+novit%C3%A0+fiscali&#039;, &#039;popupwindow&#039;, &#039;scrollbars=yes,width=800,height=400&#039;);popUp.focus();return false;\">\n\t\t\t\t\t<img decoding=\"async\" itemprop=\"image\" src=\"https:\/\/www.icpartners.it\/wp-content\/uploads\/2024\/03\/ic_linkedin_news.png\" alt=\"linkedin\" \/>\n\t\t\t<\/a>\n<\/li>\t<\/ul>\n<\/div>    <\/div>\n        <\/div>\n    \n    <div class=\"mkd-read-more-holder\"><a itemprop=\"url\" href=\"https:\/\/www.icpartners.it\/en\/bosnia-ed-erzegovina-novita-fiscali\/\" target=\"_self\" style=\"font-weight: 700\" class=\"mkd-btn mkd-btn-small mkd-btn-minimal mkd-btn-icon\"  >    <span class=\"mkd-btn-text\">Read More<\/span>    <span aria-hidden=\"true\" class=\"mkd-icon-font-elegant arrow_carrot-right\" ><\/span><\/a><\/div>\n    <\/div>\n    <\/div>\n<\/li><li class=\"mkd-blog-list-item clearfix\">\n    <div class=\"mkd-blog-list-item-inner\">\n        <div class=\"mkd-item-image\">\n            <a itemprop=\"url\" href=\"https:\/\/www.icpartners.it\/en\/bosnia-ed-erzegovina-gli-investimenti-diretti-esteri-nel-2022\/\">\n                <img loading=\"lazy\" decoding=\"async\" width=\"1200\" height=\"627\" src=\"https:\/\/www.icpartners.it\/wp-content\/uploads\/2023\/08\/Articoli-2023-25.png\" class=\"attachment-full size-full wp-post-image\" alt=\"\" srcset=\"https:\/\/www.icpartners.it\/wp-content\/uploads\/2023\/08\/Articoli-2023-25.png 1200w, https:\/\/www.icpartners.it\/wp-content\/uploads\/2023\/08\/Articoli-2023-25-300x157.png 300w, https:\/\/www.icpartners.it\/wp-content\/uploads\/2023\/08\/Articoli-2023-25-1024x535.png 1024w, https:\/\/www.icpartners.it\/wp-content\/uploads\/2023\/08\/Articoli-2023-25-296x155.png 296w, https:\/\/www.icpartners.it\/wp-content\/uploads\/2023\/08\/Articoli-2023-25-768x401.png 768w, https:\/\/www.icpartners.it\/wp-content\/uploads\/2023\/08\/Articoli-2023-25-18x9.png 18w\" sizes=\"auto, (max-width: 1200px) 100vw, 1200px\" \/>            <\/a>\n        <\/div>\n        <div class=\"mkd-item-text-holder\" >\n        <h4 itemprop=\"name\" class=\"mkd-item-title entry-title\">\n        <a itemprop=\"url\" href=\"https:\/\/www.icpartners.it\/en\/bosnia-ed-erzegovina-gli-investimenti-diretti-esteri-nel-2022\/\">\n            Bosnia ed Erzegovina: gli Investimenti Diretti Esteri nel 2022        <\/a>\n    <\/h4>\n\n            <p itemprop=\"description\" class=\"mkd-excerpt\">L&#8217;afflusso di investimenti diretti esteri in Bosnia ed Erzegovina nel 2022 \u00e8 stato ...<\/p>\n    \n            <div class=\"mkd-item-info-section clearfix\">\n            <div itemprop=\"dateCreated\" class=\"mkd-post-info-date entry-date updated\">\n\n    \n        August 29, 2023\n        \n    <meta itemprop=\"interactionCount\" content=\"UserComments: 0\"\/>\n\n<\/div><div class=\"mkd-post-info-category\"><a href=\"https:\/\/www.icpartners.it\/en\/category\/bosnia-ed-erzegovina\/\" rel=\"category tag\">Bosnia and Herzegovina<\/a> <a href=\"https:\/\/www.icpartners.it\/en\/category\/news\/\" rel=\"category tag\">News<\/a><\/div>    <div class =\"mkd-blog-share\">\n        <div class=\"mkd-social-share-holder mkd-list\">\n\t<ul>\n\t\t<li class=\"mkd-facebook-share\">\n\t<a itemprop=\"url\" class=\"mkd-share-link\" href=\"#\" onclick=\"window.open(&#039;http:\/\/www.facebook.com\/sharer.php?u=https%3A%2F%2Fwww.icpartners.it%2Fen%2Fbosnia-ed-erzegovina-gli-investimenti-diretti-esteri-nel-2022%2F&#039;, &#039;sharer&#039;, &#039;toolbar=0,status=0,width=620,height=280&#039;);\">\n\t\t\t\t\t<img decoding=\"async\" itemprop=\"image\" src=\"https:\/\/www.icpartners.it\/wp-content\/uploads\/2024\/03\/ic_facebook_news.png\" alt=\"facebook\" \/>\n\t\t\t<\/a>\n<\/li><li class=\"mkd-twitter-share\">\n\t<a itemprop=\"url\" class=\"mkd-share-link\" href=\"#\" onclick=\"window.open(&#039;http:\/\/twitter.com\/home?status=L%26%238217%3Bafflusso+di+investimenti+diretti+esteri+in+Bosnia+ed+Erzegovina+nel+2022+%C3%A8+stato+pari+a+1%2C44+miliardi+di+KM%2C+https:\/\/www.icpartners.it\/en\/bosnia-ed-erzegovina-gli-investimenti-diretti-esteri-nel-2022\/&#039;, &#039;popupwindow&#039;, &#039;scrollbars=yes,width=800,height=400&#039;);\">\n\t\t\t\t\t<img decoding=\"async\" itemprop=\"image\" src=\"https:\/\/www.icpartners.it\/wp-content\/uploads\/2024\/03\/ic_twitter-x_news.png\" alt=\"twitter\" \/>\n\t\t\t<\/a>\n<\/li><li class=\"mkd-linkedin-share\">\n\t<a itemprop=\"url\" class=\"mkd-share-link\" href=\"#\" onclick=\"popUp=window.open(&#039;http:\/\/linkedin.com\/shareArticle?mini=true&amp;url=https%3A%2F%2Fwww.icpartners.it%2Fen%2Fbosnia-ed-erzegovina-gli-investimenti-diretti-esteri-nel-2022%2F&amp;title=Bosnia+ed+Erzegovina%3A+gli+Investimenti+Diretti+Esteri+nel+2022&#039;, &#039;popupwindow&#039;, &#039;scrollbars=yes,width=800,height=400&#039;);popUp.focus();return false;\">\n\t\t\t\t\t<img decoding=\"async\" itemprop=\"image\" src=\"https:\/\/www.icpartners.it\/wp-content\/uploads\/2024\/03\/ic_linkedin_news.png\" alt=\"linkedin\" \/>\n\t\t\t<\/a>\n<\/li>\t<\/ul>\n<\/div>    <\/div>\n        <\/div>\n    \n    <div class=\"mkd-read-more-holder\"><a itemprop=\"url\" href=\"https:\/\/www.icpartners.it\/en\/bosnia-ed-erzegovina-gli-investimenti-diretti-esteri-nel-2022\/\" target=\"_self\" style=\"font-weight: 700\" class=\"mkd-btn mkd-btn-small mkd-btn-minimal mkd-btn-icon\"  >    <span class=\"mkd-btn-text\">Read More<\/span>    <span aria-hidden=\"true\" class=\"mkd-icon-font-elegant arrow_carrot-right\" ><\/span><\/a><\/div>\n    <\/div>\n    <\/div>\n<\/li><li class=\"mkd-blog-list-item clearfix\">\n    <div class=\"mkd-blog-list-item-inner\">\n        <div class=\"mkd-item-image\">\n            <a itemprop=\"url\" href=\"https:\/\/www.icpartners.it\/en\/bosnia-linflazione-diminuira-gradualmente-nel-corso-dellanno\/\">\n                <img loading=\"lazy\" decoding=\"async\" width=\"1200\" height=\"627\" src=\"https:\/\/www.icpartners.it\/wp-content\/uploads\/2023\/03\/Articoli-2023-18.png\" class=\"attachment-full size-full wp-post-image\" alt=\"\" srcset=\"https:\/\/www.icpartners.it\/wp-content\/uploads\/2023\/03\/Articoli-2023-18.png 1200w, https:\/\/www.icpartners.it\/wp-content\/uploads\/2023\/03\/Articoli-2023-18-300x157.png 300w, https:\/\/www.icpartners.it\/wp-content\/uploads\/2023\/03\/Articoli-2023-18-1024x535.png 1024w, https:\/\/www.icpartners.it\/wp-content\/uploads\/2023\/03\/Articoli-2023-18-296x155.png 296w, https:\/\/www.icpartners.it\/wp-content\/uploads\/2023\/03\/Articoli-2023-18-768x401.png 768w, https:\/\/www.icpartners.it\/wp-content\/uploads\/2023\/03\/Articoli-2023-18-18x9.png 18w\" sizes=\"auto, (max-width: 1200px) 100vw, 1200px\" \/>            <\/a>\n        <\/div>\n        <div class=\"mkd-item-text-holder\" >\n        <h4 itemprop=\"name\" class=\"mkd-item-title entry-title\">\n        <a itemprop=\"url\" href=\"https:\/\/www.icpartners.it\/en\/bosnia-linflazione-diminuira-gradualmente-nel-corso-dellanno\/\">\n            Bosnia:  l&#8217;inflazione diminuir\u00e0 gradualmente nel corso dell&#8217;anno        <\/a>\n    <\/h4>\n\n            <p itemprop=\"description\" class=\"mkd-excerpt\">Come annuncia indikator.ba, sulla base dei dati statistici ufficiali disponibili e delle i...<\/p>\n    \n            <div class=\"mkd-item-info-section clearfix\">\n            <div itemprop=\"dateCreated\" class=\"mkd-post-info-date entry-date updated\">\n\n    \n        March 29, 2023\n        \n    <meta itemprop=\"interactionCount\" content=\"UserComments: 0\"\/>\n\n<\/div><div class=\"mkd-post-info-category\"><a href=\"https:\/\/www.icpartners.it\/en\/category\/bosnia-ed-erzegovina\/\" rel=\"category tag\">Bosnia and Herzegovina<\/a> <a href=\"https:\/\/www.icpartners.it\/en\/category\/news\/\" rel=\"category tag\">News<\/a><\/div>    <div class =\"mkd-blog-share\">\n        <div class=\"mkd-social-share-holder mkd-list\">\n\t<ul>\n\t\t<li class=\"mkd-facebook-share\">\n\t<a itemprop=\"url\" class=\"mkd-share-link\" href=\"#\" onclick=\"window.open(&#039;http:\/\/www.facebook.com\/sharer.php?u=https%3A%2F%2Fwww.icpartners.it%2Fen%2Fbosnia-linflazione-diminuira-gradualmente-nel-corso-dellanno%2F&#039;, &#039;sharer&#039;, &#039;toolbar=0,status=0,width=620,height=280&#039;);\">\n\t\t\t\t\t<img decoding=\"async\" itemprop=\"image\" src=\"https:\/\/www.icpartners.it\/wp-content\/uploads\/2024\/03\/ic_facebook_news.png\" alt=\"facebook\" \/>\n\t\t\t<\/a>\n<\/li><li class=\"mkd-twitter-share\">\n\t<a itemprop=\"url\" class=\"mkd-share-link\" href=\"#\" onclick=\"window.open(&#039;http:\/\/twitter.com\/home?status=Come+annuncia+indikator.ba%2C+sulla+base+dei+dati+statistici+ufficiali+disponibili+e+delle+informazioni+dai+mercati+https:\/\/www.icpartners.it\/en\/bosnia-linflazione-diminuira-gradualmente-nel-corso-dellanno\/&#039;, &#039;popupwindow&#039;, &#039;scrollbars=yes,width=800,height=400&#039;);\">\n\t\t\t\t\t<img decoding=\"async\" itemprop=\"image\" src=\"https:\/\/www.icpartners.it\/wp-content\/uploads\/2024\/03\/ic_twitter-x_news.png\" alt=\"twitter\" \/>\n\t\t\t<\/a>\n<\/li><li class=\"mkd-linkedin-share\">\n\t<a itemprop=\"url\" class=\"mkd-share-link\" href=\"#\" onclick=\"popUp=window.open(&#039;http:\/\/linkedin.com\/shareArticle?mini=true&amp;url=https%3A%2F%2Fwww.icpartners.it%2Fen%2Fbosnia-linflazione-diminuira-gradualmente-nel-corso-dellanno%2F&amp;title=Bosnia%3A++l%26%238217%3Binflazione+diminuir%C3%A0+gradualmente+nel+corso+dell%26%238217%3Banno&#039;, &#039;popupwindow&#039;, &#039;scrollbars=yes,width=800,height=400&#039;);popUp.focus();return false;\">\n\t\t\t\t\t<img decoding=\"async\" itemprop=\"image\" src=\"https:\/\/www.icpartners.it\/wp-content\/uploads\/2024\/03\/ic_linkedin_news.png\" alt=\"linkedin\" \/>\n\t\t\t<\/a>\n<\/li>\t<\/ul>\n<\/div>    <\/div>\n        <\/div>\n    \n    <div class=\"mkd-read-more-holder\"><a itemprop=\"url\" href=\"https:\/\/www.icpartners.it\/en\/bosnia-linflazione-diminuira-gradualmente-nel-corso-dellanno\/\" target=\"_self\" style=\"font-weight: 700\" class=\"mkd-btn mkd-btn-small mkd-btn-minimal mkd-btn-icon\"  >    <span class=\"mkd-btn-text\">Read More<\/span>    <span aria-hidden=\"true\" class=\"mkd-icon-font-elegant arrow_carrot-right\" ><\/span><\/a><\/div>\n    <\/div>\n    <\/div>\n<\/li><li class=\"mkd-blog-list-item clearfix\">\n    <div class=\"mkd-blog-list-item-inner\">\n        <div class=\"mkd-item-image\">\n            <a itemprop=\"url\" href=\"https:\/\/www.icpartners.it\/en\/bosnia-ed-erzegovina-nuovi-limiti-per-pagamento-in-contanti-e-salari-minimi\/\">\n                <img loading=\"lazy\" decoding=\"async\" width=\"1200\" height=\"627\" src=\"https:\/\/www.icpartners.it\/wp-content\/uploads\/2023\/02\/Articoli-2023-12.png\" class=\"attachment-full size-full wp-post-image\" alt=\"\" srcset=\"https:\/\/www.icpartners.it\/wp-content\/uploads\/2023\/02\/Articoli-2023-12.png 1200w, https:\/\/www.icpartners.it\/wp-content\/uploads\/2023\/02\/Articoli-2023-12-300x157.png 300w, https:\/\/www.icpartners.it\/wp-content\/uploads\/2023\/02\/Articoli-2023-12-1024x535.png 1024w, https:\/\/www.icpartners.it\/wp-content\/uploads\/2023\/02\/Articoli-2023-12-296x155.png 296w, https:\/\/www.icpartners.it\/wp-content\/uploads\/2023\/02\/Articoli-2023-12-768x401.png 768w, https:\/\/www.icpartners.it\/wp-content\/uploads\/2023\/02\/Articoli-2023-12-18x9.png 18w\" sizes=\"auto, (max-width: 1200px) 100vw, 1200px\" \/>            <\/a>\n        <\/div>\n        <div class=\"mkd-item-text-holder\" >\n        <h4 itemprop=\"name\" class=\"mkd-item-title entry-title\">\n        <a itemprop=\"url\" href=\"https:\/\/www.icpartners.it\/en\/bosnia-ed-erzegovina-nuovi-limiti-per-pagamento-in-contanti-e-salari-minimi\/\">\n            Bosnia ed Erzegovina: nuovi limiti per pagamento in contanti e salari minimi        <\/a>\n    <\/h4>\n\n            <p itemprop=\"description\" class=\"mkd-excerpt\">Il 20 gennaio 2023 \u00e8 entrata in vigore la modifica del Regolamento sulle condizioni e mod...<\/p>\n    \n            <div class=\"mkd-item-info-section clearfix\">\n            <div itemprop=\"dateCreated\" class=\"mkd-post-info-date entry-date updated\">\n\n    \n        February 9, 2023\n        \n    <meta itemprop=\"interactionCount\" content=\"UserComments: 0\"\/>\n\n<\/div><div class=\"mkd-post-info-category\"><a href=\"https:\/\/www.icpartners.it\/en\/category\/bosnia-ed-erzegovina\/\" rel=\"category tag\">Bosnia and Herzegovina<\/a> <a href=\"https:\/\/www.icpartners.it\/en\/category\/news\/\" rel=\"category tag\">News<\/a><\/div>    <div class =\"mkd-blog-share\">\n        <div class=\"mkd-social-share-holder mkd-list\">\n\t<ul>\n\t\t<li class=\"mkd-facebook-share\">\n\t<a itemprop=\"url\" class=\"mkd-share-link\" href=\"#\" onclick=\"window.open(&#039;http:\/\/www.facebook.com\/sharer.php?u=https%3A%2F%2Fwww.icpartners.it%2Fen%2Fbosnia-ed-erzegovina-nuovi-limiti-per-pagamento-in-contanti-e-salari-minimi%2F&#039;, &#039;sharer&#039;, &#039;toolbar=0,status=0,width=620,height=280&#039;);\">\n\t\t\t\t\t<img decoding=\"async\" itemprop=\"image\" src=\"https:\/\/www.icpartners.it\/wp-content\/uploads\/2024\/03\/ic_facebook_news.png\" alt=\"facebook\" \/>\n\t\t\t<\/a>\n<\/li><li class=\"mkd-twitter-share\">\n\t<a itemprop=\"url\" class=\"mkd-share-link\" href=\"#\" onclick=\"window.open(&#039;http:\/\/twitter.com\/home?status=Il+20+gennaio+2023+%C3%A8+entrata+in+vigore+la+modifica+del+Regolamento+sulle+condizioni+e+modalit%C3%A0+di+pagamento+in+https:\/\/www.icpartners.it\/en\/bosnia-ed-erzegovina-nuovi-limiti-per-pagamento-in-contanti-e-salari-minimi\/&#039;, &#039;popupwindow&#039;, &#039;scrollbars=yes,width=800,height=400&#039;);\">\n\t\t\t\t\t<img decoding=\"async\" itemprop=\"image\" src=\"https:\/\/www.icpartners.it\/wp-content\/uploads\/2024\/03\/ic_twitter-x_news.png\" alt=\"twitter\" \/>\n\t\t\t<\/a>\n<\/li><li class=\"mkd-linkedin-share\">\n\t<a itemprop=\"url\" class=\"mkd-share-link\" href=\"#\" onclick=\"popUp=window.open(&#039;http:\/\/linkedin.com\/shareArticle?mini=true&amp;url=https%3A%2F%2Fwww.icpartners.it%2Fen%2Fbosnia-ed-erzegovina-nuovi-limiti-per-pagamento-in-contanti-e-salari-minimi%2F&amp;title=Bosnia+ed+Erzegovina%3A+nuovi+limiti+per+pagamento+in+contanti+e+salari+minimi&#039;, &#039;popupwindow&#039;, &#039;scrollbars=yes,width=800,height=400&#039;);popUp.focus();return false;\">\n\t\t\t\t\t<img decoding=\"async\" itemprop=\"image\" src=\"https:\/\/www.icpartners.it\/wp-content\/uploads\/2024\/03\/ic_linkedin_news.png\" alt=\"linkedin\" \/>\n\t\t\t<\/a>\n<\/li>\t<\/ul>\n<\/div>    <\/div>\n        <\/div>\n    \n    <div class=\"mkd-read-more-holder\"><a itemprop=\"url\" href=\"https:\/\/www.icpartners.it\/en\/bosnia-ed-erzegovina-nuovi-limiti-per-pagamento-in-contanti-e-salari-minimi\/\" target=\"_self\" style=\"font-weight: 700\" class=\"mkd-btn mkd-btn-small mkd-btn-minimal mkd-btn-icon\"  >    <span class=\"mkd-btn-text\">Read More<\/span>    <span aria-hidden=\"true\" class=\"mkd-icon-font-elegant arrow_carrot-right\" ><\/span><\/a><\/div>\n    <\/div>\n    <\/div>\n<\/li><li class=\"mkd-blog-list-item clearfix\">\n    <div class=\"mkd-blog-list-item-inner\">\n        <div class=\"mkd-item-image\">\n            <a itemprop=\"url\" href=\"https:\/\/www.icpartners.it\/en\/bosnia-ed-erzegovina-tassazione-e-principali-novita-2023\/\">\n                <img loading=\"lazy\" decoding=\"async\" width=\"1200\" height=\"627\" src=\"https:\/\/www.icpartners.it\/wp-content\/uploads\/2023\/01\/Articoli-2023-1.png\" class=\"attachment-full size-full wp-post-image\" alt=\"Bosnia\" srcset=\"https:\/\/www.icpartners.it\/wp-content\/uploads\/2023\/01\/Articoli-2023-1.png 1200w, https:\/\/www.icpartners.it\/wp-content\/uploads\/2023\/01\/Articoli-2023-1-300x157.png 300w, https:\/\/www.icpartners.it\/wp-content\/uploads\/2023\/01\/Articoli-2023-1-1024x535.png 1024w, https:\/\/www.icpartners.it\/wp-content\/uploads\/2023\/01\/Articoli-2023-1-296x155.png 296w, https:\/\/www.icpartners.it\/wp-content\/uploads\/2023\/01\/Articoli-2023-1-768x401.png 768w, https:\/\/www.icpartners.it\/wp-content\/uploads\/2023\/01\/Articoli-2023-1-18x9.png 18w\" sizes=\"auto, (max-width: 1200px) 100vw, 1200px\" \/>            <\/a>\n        <\/div>\n        <div class=\"mkd-item-text-holder\" >\n        <h4 itemprop=\"name\" class=\"mkd-item-title entry-title\">\n        <a itemprop=\"url\" href=\"https:\/\/www.icpartners.it\/en\/bosnia-ed-erzegovina-tassazione-e-principali-novita-2023\/\">\n            Bosnia ed Erzegovina: tassazione e principali novit\u00e0 2023        <\/a>\n    <\/h4>\n\n            <p itemprop=\"description\" class=\"mkd-excerpt\">La Bosnia ed Erzegovina \u00e8 composta da tre entit\u00e0 territoriali gestite separatamente: la ...<\/p>\n    \n            <div class=\"mkd-item-info-section clearfix\">\n            <div itemprop=\"dateCreated\" class=\"mkd-post-info-date entry-date updated\">\n\n    \n        January 12, 2023\n        \n    <meta itemprop=\"interactionCount\" content=\"UserComments: 0\"\/>\n\n<\/div><div class=\"mkd-post-info-category\"><a href=\"https:\/\/www.icpartners.it\/en\/category\/bosnia-ed-erzegovina\/\" rel=\"category tag\">Bosnia and Herzegovina<\/a> <a href=\"https:\/\/www.icpartners.it\/en\/category\/news\/\" rel=\"category tag\">News<\/a><\/div>    <div class =\"mkd-blog-share\">\n        <div class=\"mkd-social-share-holder mkd-list\">\n\t<ul>\n\t\t<li class=\"mkd-facebook-share\">\n\t<a itemprop=\"url\" class=\"mkd-share-link\" href=\"#\" onclick=\"window.open(&#039;http:\/\/www.facebook.com\/sharer.php?u=https%3A%2F%2Fwww.icpartners.it%2Fen%2Fbosnia-ed-erzegovina-tassazione-e-principali-novita-2023%2F&#039;, &#039;sharer&#039;, &#039;toolbar=0,status=0,width=620,height=280&#039;);\">\n\t\t\t\t\t<img decoding=\"async\" itemprop=\"image\" src=\"https:\/\/www.icpartners.it\/wp-content\/uploads\/2024\/03\/ic_facebook_news.png\" alt=\"facebook\" \/>\n\t\t\t<\/a>\n<\/li><li class=\"mkd-twitter-share\">\n\t<a itemprop=\"url\" class=\"mkd-share-link\" href=\"#\" onclick=\"window.open(&#039;http:\/\/twitter.com\/home?status=La+Bosnia+ed+Erzegovina+%C3%A8+composta+da+tre+entit%C3%A0+territoriali+gestite+separatamente%3A+la+Federazione+di+Bosnia+ed+https:\/\/www.icpartners.it\/en\/bosnia-ed-erzegovina-tassazione-e-principali-novita-2023\/&#039;, &#039;popupwindow&#039;, &#039;scrollbars=yes,width=800,height=400&#039;);\">\n\t\t\t\t\t<img decoding=\"async\" itemprop=\"image\" src=\"https:\/\/www.icpartners.it\/wp-content\/uploads\/2024\/03\/ic_twitter-x_news.png\" alt=\"twitter\" \/>\n\t\t\t<\/a>\n<\/li><li class=\"mkd-linkedin-share\">\n\t<a itemprop=\"url\" class=\"mkd-share-link\" href=\"#\" onclick=\"popUp=window.open(&#039;http:\/\/linkedin.com\/shareArticle?mini=true&amp;url=https%3A%2F%2Fwww.icpartners.it%2Fen%2Fbosnia-ed-erzegovina-tassazione-e-principali-novita-2023%2F&amp;title=Bosnia+ed+Erzegovina%3A+tassazione+e+principali+novit%C3%A0+2023&#039;, &#039;popupwindow&#039;, &#039;scrollbars=yes,width=800,height=400&#039;);popUp.focus();return false;\">\n\t\t\t\t\t<img decoding=\"async\" itemprop=\"image\" src=\"https:\/\/www.icpartners.it\/wp-content\/uploads\/2024\/03\/ic_linkedin_news.png\" alt=\"linkedin\" \/>\n\t\t\t<\/a>\n<\/li>\t<\/ul>\n<\/div>    <\/div>\n        <\/div>\n    \n    <div class=\"mkd-read-more-holder\"><a itemprop=\"url\" href=\"https:\/\/www.icpartners.it\/en\/bosnia-ed-erzegovina-tassazione-e-principali-novita-2023\/\" target=\"_self\" style=\"font-weight: 700\" class=\"mkd-btn mkd-btn-small mkd-btn-minimal mkd-btn-icon\"  >    <span class=\"mkd-btn-text\">Read More<\/span>    <span aria-hidden=\"true\" class=\"mkd-icon-font-elegant arrow_carrot-right\" ><\/span><\/a><\/div>\n    <\/div>\n    <\/div>\n<\/li><li class=\"mkd-blog-list-item clearfix\">\n    <div class=\"mkd-blog-list-item-inner\">\n        <div class=\"mkd-item-image\">\n            <a itemprop=\"url\" href=\"https:\/\/www.icpartners.it\/en\/buone-opportunita-di-investimenti-in-bosnia-ed-erzegovina\/\">\n                <img loading=\"lazy\" decoding=\"async\" width=\"1200\" height=\"627\" src=\"https:\/\/www.icpartners.it\/wp-content\/uploads\/2022\/09\/Articoli-2022-23.png\" class=\"attachment-full size-full wp-post-image\" alt=\"\" srcset=\"https:\/\/www.icpartners.it\/wp-content\/uploads\/2022\/09\/Articoli-2022-23.png 1200w, https:\/\/www.icpartners.it\/wp-content\/uploads\/2022\/09\/Articoli-2022-23-300x157.png 300w, https:\/\/www.icpartners.it\/wp-content\/uploads\/2022\/09\/Articoli-2022-23-1024x535.png 1024w, https:\/\/www.icpartners.it\/wp-content\/uploads\/2022\/09\/Articoli-2022-23-296x155.png 296w, https:\/\/www.icpartners.it\/wp-content\/uploads\/2022\/09\/Articoli-2022-23-768x401.png 768w, https:\/\/www.icpartners.it\/wp-content\/uploads\/2022\/09\/Articoli-2022-23-18x9.png 18w\" sizes=\"auto, (max-width: 1200px) 100vw, 1200px\" \/>            <\/a>\n        <\/div>\n        <div class=\"mkd-item-text-holder\" >\n        <h4 itemprop=\"name\" class=\"mkd-item-title entry-title\">\n        <a itemprop=\"url\" href=\"https:\/\/www.icpartners.it\/en\/buone-opportunita-di-investimenti-in-bosnia-ed-erzegovina\/\">\n            Buone opportunit\u00e0 di investimenti in Bosnia ed Erzegovina        <\/a>\n    <\/h4>\n\n            <p itemprop=\"description\" class=\"mkd-excerpt\">&#8220;Ci sono buone opportunit\u00e0 di investimenti in Bosnia Erzegovina&#8221; \u00e8 cos\u00ec tit...<\/p>\n    \n            <div class=\"mkd-item-info-section clearfix\">\n            <div itemprop=\"dateCreated\" class=\"mkd-post-info-date entry-date updated\">\n\n    \n        September 30, 2022\n        \n    <meta itemprop=\"interactionCount\" content=\"UserComments: 0\"\/>\n\n<\/div><div class=\"mkd-post-info-category\"><a href=\"https:\/\/www.icpartners.it\/en\/category\/bosnia-ed-erzegovina\/\" rel=\"category tag\">Bosnia and Herzegovina<\/a> <a href=\"https:\/\/www.icpartners.it\/en\/category\/news\/\" rel=\"category tag\">News<\/a><\/div>    <div class =\"mkd-blog-share\">\n        <div class=\"mkd-social-share-holder mkd-list\">\n\t<ul>\n\t\t<li class=\"mkd-facebook-share\">\n\t<a itemprop=\"url\" class=\"mkd-share-link\" href=\"#\" onclick=\"window.open(&#039;http:\/\/www.facebook.com\/sharer.php?u=https%3A%2F%2Fwww.icpartners.it%2Fen%2Fbuone-opportunita-di-investimenti-in-bosnia-ed-erzegovina%2F&#039;, &#039;sharer&#039;, &#039;toolbar=0,status=0,width=620,height=280&#039;);\">\n\t\t\t\t\t<img decoding=\"async\" itemprop=\"image\" src=\"https:\/\/www.icpartners.it\/wp-content\/uploads\/2024\/03\/ic_facebook_news.png\" alt=\"facebook\" \/>\n\t\t\t<\/a>\n<\/li><li class=\"mkd-twitter-share\">\n\t<a itemprop=\"url\" class=\"mkd-share-link\" href=\"#\" onclick=\"window.open(&#039;http:\/\/twitter.com\/home?status=%26%238220%3BCi+sono+buone+opportunit%C3%A0+di+investimenti+in+Bosnia+Erzegovina%26%238221%3B+%C3%A8+cos%C3%AC+titolato+un+articolo+apparso+su%C2%A0+https:\/\/www.icpartners.it\/en\/buone-opportunita-di-investimenti-in-bosnia-ed-erzegovina\/&#039;, &#039;popupwindow&#039;, &#039;scrollbars=yes,width=800,height=400&#039;);\">\n\t\t\t\t\t<img decoding=\"async\" itemprop=\"image\" src=\"https:\/\/www.icpartners.it\/wp-content\/uploads\/2024\/03\/ic_twitter-x_news.png\" alt=\"twitter\" \/>\n\t\t\t<\/a>\n<\/li><li class=\"mkd-linkedin-share\">\n\t<a itemprop=\"url\" class=\"mkd-share-link\" href=\"#\" onclick=\"popUp=window.open(&#039;http:\/\/linkedin.com\/shareArticle?mini=true&amp;url=https%3A%2F%2Fwww.icpartners.it%2Fen%2Fbuone-opportunita-di-investimenti-in-bosnia-ed-erzegovina%2F&amp;title=Buone+opportunit%C3%A0+di+investimenti+in+Bosnia+ed+Erzegovina&#039;, &#039;popupwindow&#039;, &#039;scrollbars=yes,width=800,height=400&#039;);popUp.focus();return false;\">\n\t\t\t\t\t<img decoding=\"async\" itemprop=\"image\" src=\"https:\/\/www.icpartners.it\/wp-content\/uploads\/2024\/03\/ic_linkedin_news.png\" alt=\"linkedin\" \/>\n\t\t\t<\/a>\n<\/li>\t<\/ul>\n<\/div>    <\/div>\n        <\/div>\n    \n    <div class=\"mkd-read-more-holder\"><a itemprop=\"url\" href=\"https:\/\/www.icpartners.it\/en\/buone-opportunita-di-investimenti-in-bosnia-ed-erzegovina\/\" target=\"_self\" style=\"font-weight: 700\" class=\"mkd-btn mkd-btn-small mkd-btn-minimal mkd-btn-icon\"  >    <span class=\"mkd-btn-text\">Read More<\/span>    <span aria-hidden=\"true\" class=\"mkd-icon-font-elegant arrow_carrot-right\" ><\/span><\/a><\/div>\n    <\/div>\n    <\/div>\n<\/li><li class=\"mkd-blog-list-item clearfix\">\n    <div class=\"mkd-blog-list-item-inner\">\n        <div class=\"mkd-item-image\">\n            <a itemprop=\"url\" href=\"https:\/\/www.icpartners.it\/en\/bosnia-aggiornamenti-dalla-nostra-sede\/\">\n                <img loading=\"lazy\" decoding=\"async\" width=\"1200\" height=\"627\" src=\"https:\/\/www.icpartners.it\/wp-content\/uploads\/2022\/05\/27052022.png\" class=\"attachment-full size-full wp-post-image\" alt=\"\" srcset=\"https:\/\/www.icpartners.it\/wp-content\/uploads\/2022\/05\/27052022.png 1200w, https:\/\/www.icpartners.it\/wp-content\/uploads\/2022\/05\/27052022-300x157.png 300w, https:\/\/www.icpartners.it\/wp-content\/uploads\/2022\/05\/27052022-1024x535.png 1024w, https:\/\/www.icpartners.it\/wp-content\/uploads\/2022\/05\/27052022-296x155.png 296w, https:\/\/www.icpartners.it\/wp-content\/uploads\/2022\/05\/27052022-768x401.png 768w, https:\/\/www.icpartners.it\/wp-content\/uploads\/2022\/05\/27052022-18x9.png 18w\" sizes=\"auto, (max-width: 1200px) 100vw, 1200px\" \/>            <\/a>\n        <\/div>\n        <div class=\"mkd-item-text-holder\" >\n        <h4 itemprop=\"name\" class=\"mkd-item-title entry-title\">\n        <a itemprop=\"url\" href=\"https:\/\/www.icpartners.it\/en\/bosnia-aggiornamenti-dalla-nostra-sede\/\">\n            Bosnia Erzegovina: aggiornamenti dalla nostra sede        <\/a>\n    <\/h4>\n\n            <p itemprop=\"description\" class=\"mkd-excerpt\">Bosnia ed Erzegovina: Novit\u00e0 fiscali a cura della nostra sede IC&amp;Partners Banja Luka ...<\/p>\n    \n            <div class=\"mkd-item-info-section clearfix\">\n            <div itemprop=\"dateCreated\" class=\"mkd-post-info-date entry-date updated\">\n\n    \n        May 27, 2022\n        \n    <meta itemprop=\"interactionCount\" content=\"UserComments: 0\"\/>\n\n<\/div><div class=\"mkd-post-info-category\"><a href=\"https:\/\/www.icpartners.it\/en\/category\/bosnia-ed-erzegovina\/\" rel=\"category tag\">Bosnia and Herzegovina<\/a> <a href=\"https:\/\/www.icpartners.it\/en\/category\/news\/\" rel=\"category tag\">News<\/a><\/div>    <div class =\"mkd-blog-share\">\n        <div class=\"mkd-social-share-holder mkd-list\">\n\t<ul>\n\t\t<li class=\"mkd-facebook-share\">\n\t<a itemprop=\"url\" class=\"mkd-share-link\" href=\"#\" onclick=\"window.open(&#039;http:\/\/www.facebook.com\/sharer.php?u=https%3A%2F%2Fwww.icpartners.it%2Fen%2Fbosnia-aggiornamenti-dalla-nostra-sede%2F&#039;, &#039;sharer&#039;, &#039;toolbar=0,status=0,width=620,height=280&#039;);\">\n\t\t\t\t\t<img decoding=\"async\" itemprop=\"image\" src=\"https:\/\/www.icpartners.it\/wp-content\/uploads\/2024\/03\/ic_facebook_news.png\" alt=\"facebook\" \/>\n\t\t\t<\/a>\n<\/li><li class=\"mkd-twitter-share\">\n\t<a itemprop=\"url\" class=\"mkd-share-link\" href=\"#\" onclick=\"window.open(&#039;http:\/\/twitter.com\/home?status=Bosnia+ed+Erzegovina%3A+Novit%C3%A0+fiscali+a+cura+della+nostra+sede+IC%26amp%3BPartners+Banja+Luka+Salario+minimo+A+partire+https:\/\/www.icpartners.it\/en\/bosnia-aggiornamenti-dalla-nostra-sede\/&#039;, &#039;popupwindow&#039;, &#039;scrollbars=yes,width=800,height=400&#039;);\">\n\t\t\t\t\t<img decoding=\"async\" itemprop=\"image\" src=\"https:\/\/www.icpartners.it\/wp-content\/uploads\/2024\/03\/ic_twitter-x_news.png\" alt=\"twitter\" \/>\n\t\t\t<\/a>\n<\/li><li class=\"mkd-linkedin-share\">\n\t<a itemprop=\"url\" class=\"mkd-share-link\" href=\"#\" onclick=\"popUp=window.open(&#039;http:\/\/linkedin.com\/shareArticle?mini=true&amp;url=https%3A%2F%2Fwww.icpartners.it%2Fen%2Fbosnia-aggiornamenti-dalla-nostra-sede%2F&amp;title=Bosnia+Erzegovina%3A+aggiornamenti+dalla+nostra+sede&#039;, &#039;popupwindow&#039;, &#039;scrollbars=yes,width=800,height=400&#039;);popUp.focus();return false;\">\n\t\t\t\t\t<img decoding=\"async\" itemprop=\"image\" src=\"https:\/\/www.icpartners.it\/wp-content\/uploads\/2024\/03\/ic_linkedin_news.png\" alt=\"linkedin\" \/>\n\t\t\t<\/a>\n<\/li>\t<\/ul>\n<\/div>    <\/div>\n        <\/div>\n    \n    <div class=\"mkd-read-more-holder\"><a itemprop=\"url\" href=\"https:\/\/www.icpartners.it\/en\/bosnia-aggiornamenti-dalla-nostra-sede\/\" target=\"_self\" style=\"font-weight: 700\" class=\"mkd-btn mkd-btn-small mkd-btn-minimal mkd-btn-icon\"  >    <span class=\"mkd-btn-text\">Read More<\/span>    <span aria-hidden=\"true\" class=\"mkd-icon-font-elegant arrow_carrot-right\" ><\/span><\/a><\/div>\n    <\/div>\n    <\/div>\n<\/li><li class=\"mkd-blog-list-item clearfix\">\n    <div class=\"mkd-blog-list-item-inner\">\n        <div class=\"mkd-item-image\">\n            <a itemprop=\"url\" href=\"https:\/\/www.icpartners.it\/en\/bosnia-ed-erzegovina-la-bers-adotta-una-nuova-strategia\/\">\n                <img loading=\"lazy\" decoding=\"async\" width=\"1200\" height=\"627\" src=\"https:\/\/www.icpartners.it\/wp-content\/uploads\/2022\/04\/Articoli-2022-13.png\" class=\"attachment-full size-full wp-post-image\" alt=\"\" srcset=\"https:\/\/www.icpartners.it\/wp-content\/uploads\/2022\/04\/Articoli-2022-13.png 1200w, https:\/\/www.icpartners.it\/wp-content\/uploads\/2022\/04\/Articoli-2022-13-300x157.png 300w, https:\/\/www.icpartners.it\/wp-content\/uploads\/2022\/04\/Articoli-2022-13-1024x535.png 1024w, https:\/\/www.icpartners.it\/wp-content\/uploads\/2022\/04\/Articoli-2022-13-296x155.png 296w, https:\/\/www.icpartners.it\/wp-content\/uploads\/2022\/04\/Articoli-2022-13-768x401.png 768w, https:\/\/www.icpartners.it\/wp-content\/uploads\/2022\/04\/Articoli-2022-13-18x9.png 18w\" sizes=\"auto, (max-width: 1200px) 100vw, 1200px\" \/>            <\/a>\n        <\/div>\n        <div class=\"mkd-item-text-holder\" >\n        <h4 itemprop=\"name\" class=\"mkd-item-title entry-title\">\n        <a itemprop=\"url\" href=\"https:\/\/www.icpartners.it\/en\/bosnia-ed-erzegovina-la-bers-adotta-una-nuova-strategia\/\">\n            Bosnia ed Erzegovina, la BERS adotta una nuova strategia        <\/a>\n    <\/h4>\n\n            <p itemprop=\"description\" class=\"mkd-excerpt\">Il Consiglio di amministrazione della BERS ha approvato\u00a0una nuova strategia Paese per la ...<\/p>\n    \n            <div class=\"mkd-item-info-section clearfix\">\n            <div itemprop=\"dateCreated\" class=\"mkd-post-info-date entry-date updated\">\n\n    \n        April 14, 2022\n        \n    <meta itemprop=\"interactionCount\" content=\"UserComments: 0\"\/>\n\n<\/div><div class=\"mkd-post-info-category\"><a href=\"https:\/\/www.icpartners.it\/en\/category\/bosnia-ed-erzegovina\/\" rel=\"category tag\">Bosnia and Herzegovina<\/a> <a href=\"https:\/\/www.icpartners.it\/en\/category\/news\/\" rel=\"category tag\">News<\/a> <a href=\"https:\/\/www.icpartners.it\/en\/category\/uncategorized\/\" rel=\"category tag\">Uncategorized<\/a><\/div>    <div class =\"mkd-blog-share\">\n        <div class=\"mkd-social-share-holder mkd-list\">\n\t<ul>\n\t\t<li class=\"mkd-facebook-share\">\n\t<a itemprop=\"url\" class=\"mkd-share-link\" href=\"#\" onclick=\"window.open(&#039;http:\/\/www.facebook.com\/sharer.php?u=https%3A%2F%2Fwww.icpartners.it%2Fen%2Fbosnia-ed-erzegovina-la-bers-adotta-una-nuova-strategia%2F&#039;, &#039;sharer&#039;, &#039;toolbar=0,status=0,width=620,height=280&#039;);\">\n\t\t\t\t\t<img decoding=\"async\" itemprop=\"image\" src=\"https:\/\/www.icpartners.it\/wp-content\/uploads\/2024\/03\/ic_facebook_news.png\" alt=\"facebook\" \/>\n\t\t\t<\/a>\n<\/li><li class=\"mkd-twitter-share\">\n\t<a itemprop=\"url\" class=\"mkd-share-link\" href=\"#\" onclick=\"window.open(&#039;http:\/\/twitter.com\/home?status=Il+Consiglio+di+amministrazione+della+BERS+ha+approvato%C2%A0una+nuova+strategia+Paese+per+la+Bosnia+Erzegovina+che+https:\/\/www.icpartners.it\/en\/bosnia-ed-erzegovina-la-bers-adotta-una-nuova-strategia\/&#039;, &#039;popupwindow&#039;, &#039;scrollbars=yes,width=800,height=400&#039;);\">\n\t\t\t\t\t<img decoding=\"async\" itemprop=\"image\" src=\"https:\/\/www.icpartners.it\/wp-content\/uploads\/2024\/03\/ic_twitter-x_news.png\" alt=\"twitter\" \/>\n\t\t\t<\/a>\n<\/li><li class=\"mkd-linkedin-share\">\n\t<a itemprop=\"url\" class=\"mkd-share-link\" href=\"#\" onclick=\"popUp=window.open(&#039;http:\/\/linkedin.com\/shareArticle?mini=true&amp;url=https%3A%2F%2Fwww.icpartners.it%2Fen%2Fbosnia-ed-erzegovina-la-bers-adotta-una-nuova-strategia%2F&amp;title=Bosnia+ed+Erzegovina%2C+la+BERS+adotta+una+nuova+strategia&#039;, &#039;popupwindow&#039;, &#039;scrollbars=yes,width=800,height=400&#039;);popUp.focus();return false;\">\n\t\t\t\t\t<img decoding=\"async\" itemprop=\"image\" src=\"https:\/\/www.icpartners.it\/wp-content\/uploads\/2024\/03\/ic_linkedin_news.png\" alt=\"linkedin\" \/>\n\t\t\t<\/a>\n<\/li>\t<\/ul>\n<\/div>    <\/div>\n        <\/div>\n    \n    <div class=\"mkd-read-more-holder\"><a itemprop=\"url\" href=\"https:\/\/www.icpartners.it\/en\/bosnia-ed-erzegovina-la-bers-adotta-una-nuova-strategia\/\" target=\"_self\" style=\"font-weight: 700\" class=\"mkd-btn mkd-btn-small mkd-btn-minimal mkd-btn-icon\"  >    <span class=\"mkd-btn-text\">Read More<\/span>    <span aria-hidden=\"true\" class=\"mkd-icon-font-elegant arrow_carrot-right\" ><\/span><\/a><\/div>\n    <\/div>\n    <\/div>\n<\/li><li class=\"mkd-blog-list-item clearfix\">\n    <div class=\"mkd-blog-list-item-inner\">\n        <div class=\"mkd-item-image\">\n            <a itemprop=\"url\" href=\"https:\/\/www.icpartners.it\/en\/bosnia-ed-erzegovina-principali-novita-del-2022\/\">\n                <img loading=\"lazy\" decoding=\"async\" width=\"1200\" height=\"627\" src=\"https:\/\/www.icpartners.it\/wp-content\/uploads\/2022\/01\/Articoli-2022-2.png\" class=\"attachment-full size-full wp-post-image\" alt=\"\" srcset=\"https:\/\/www.icpartners.it\/wp-content\/uploads\/2022\/01\/Articoli-2022-2.png 1200w, https:\/\/www.icpartners.it\/wp-content\/uploads\/2022\/01\/Articoli-2022-2-300x157.png 300w, https:\/\/www.icpartners.it\/wp-content\/uploads\/2022\/01\/Articoli-2022-2-1024x535.png 1024w, https:\/\/www.icpartners.it\/wp-content\/uploads\/2022\/01\/Articoli-2022-2-296x155.png 296w, https:\/\/www.icpartners.it\/wp-content\/uploads\/2022\/01\/Articoli-2022-2-768x401.png 768w, https:\/\/www.icpartners.it\/wp-content\/uploads\/2022\/01\/Articoli-2022-2-16x8.png 16w\" sizes=\"auto, (max-width: 1200px) 100vw, 1200px\" \/>            <\/a>\n        <\/div>\n        <div class=\"mkd-item-text-holder\" >\n        <h4 itemprop=\"name\" class=\"mkd-item-title entry-title\">\n        <a itemprop=\"url\" href=\"https:\/\/www.icpartners.it\/en\/bosnia-ed-erzegovina-principali-novita-del-2022\/\">\n            Bosnia ed Erzegovina: Principali novit\u00e0 del 2022        <\/a>\n    <\/h4>\n\n            <p itemprop=\"description\" class=\"mkd-excerpt\">Novit\u00e0 fiscali: contributi previdenziali, imposte sul reddito e salario minimo in Repubbl...<\/p>\n    \n            <div class=\"mkd-item-info-section clearfix\">\n            <div itemprop=\"dateCreated\" class=\"mkd-post-info-date entry-date updated\">\n\n    \n        January 21, 2022\n        \n    <meta itemprop=\"interactionCount\" content=\"UserComments: 0\"\/>\n\n<\/div><div class=\"mkd-post-info-category\"><a href=\"https:\/\/www.icpartners.it\/en\/category\/bosnia-ed-erzegovina\/\" rel=\"category tag\">Bosnia and Herzegovina<\/a> <a href=\"https:\/\/www.icpartners.it\/en\/category\/news\/\" rel=\"category tag\">News<\/a><\/div>    <div class =\"mkd-blog-share\">\n        <div class=\"mkd-social-share-holder mkd-list\">\n\t<ul>\n\t\t<li class=\"mkd-facebook-share\">\n\t<a itemprop=\"url\" class=\"mkd-share-link\" href=\"#\" onclick=\"window.open(&#039;http:\/\/www.facebook.com\/sharer.php?u=https%3A%2F%2Fwww.icpartners.it%2Fen%2Fbosnia-ed-erzegovina-principali-novita-del-2022%2F&#039;, &#039;sharer&#039;, &#039;toolbar=0,status=0,width=620,height=280&#039;);\">\n\t\t\t\t\t<img decoding=\"async\" itemprop=\"image\" src=\"https:\/\/www.icpartners.it\/wp-content\/uploads\/2024\/03\/ic_facebook_news.png\" alt=\"facebook\" \/>\n\t\t\t<\/a>\n<\/li><li class=\"mkd-twitter-share\">\n\t<a itemprop=\"url\" class=\"mkd-share-link\" href=\"#\" onclick=\"window.open(&#039;http:\/\/twitter.com\/home?status=Novit%C3%A0+fiscali%3A+contributi+previdenziali%2C+imposte+sul+reddito+e+salario+minimo+in+Repubblica+Srpska.+Dal+1%C2%B0+gennaio+https:\/\/www.icpartners.it\/en\/bosnia-ed-erzegovina-principali-novita-del-2022\/&#039;, &#039;popupwindow&#039;, &#039;scrollbars=yes,width=800,height=400&#039;);\">\n\t\t\t\t\t<img decoding=\"async\" itemprop=\"image\" src=\"https:\/\/www.icpartners.it\/wp-content\/uploads\/2024\/03\/ic_twitter-x_news.png\" alt=\"twitter\" \/>\n\t\t\t<\/a>\n<\/li><li class=\"mkd-linkedin-share\">\n\t<a itemprop=\"url\" class=\"mkd-share-link\" href=\"#\" onclick=\"popUp=window.open(&#039;http:\/\/linkedin.com\/shareArticle?mini=true&amp;url=https%3A%2F%2Fwww.icpartners.it%2Fen%2Fbosnia-ed-erzegovina-principali-novita-del-2022%2F&amp;title=Bosnia+ed+Erzegovina%3A+Principali+novit%C3%A0+del+2022&#039;, &#039;popupwindow&#039;, &#039;scrollbars=yes,width=800,height=400&#039;);popUp.focus();return false;\">\n\t\t\t\t\t<img decoding=\"async\" itemprop=\"image\" src=\"https:\/\/www.icpartners.it\/wp-content\/uploads\/2024\/03\/ic_linkedin_news.png\" alt=\"linkedin\" \/>\n\t\t\t<\/a>\n<\/li>\t<\/ul>\n<\/div>    <\/div>\n        <\/div>\n    \n    <div class=\"mkd-read-more-holder\"><a itemprop=\"url\" href=\"https:\/\/www.icpartners.it\/en\/bosnia-ed-erzegovina-principali-novita-del-2022\/\" target=\"_self\" style=\"font-weight: 700\" class=\"mkd-btn mkd-btn-small mkd-btn-minimal mkd-btn-icon\"  >    <span class=\"mkd-btn-text\">Read More<\/span>    <span aria-hidden=\"true\" class=\"mkd-icon-font-elegant arrow_carrot-right\" ><\/span><\/a><\/div>\n    <\/div>\n    <\/div>\n<\/li><li class=\"mkd-blog-list-item clearfix\">\n    <div class=\"mkd-blog-list-item-inner\">\n        <div class=\"mkd-item-image\">\n            <a itemprop=\"url\" href=\"https:\/\/www.icpartners.it\/en\/bosnia-ed-erzegovina-coronavirus\/\">\n                <img loading=\"lazy\" decoding=\"async\" width=\"1200\" height=\"627\" src=\"https:\/\/www.icpartners.it\/wp-content\/uploads\/2020\/03\/Coronavirus-2.png\" class=\"attachment-full size-full wp-post-image\" alt=\"Bosnia\" \/>            <\/a>\n        <\/div>\n        <div class=\"mkd-item-text-holder\" >\n        <h4 itemprop=\"name\" class=\"mkd-item-title entry-title\">\n        <a itemprop=\"url\" href=\"https:\/\/www.icpartners.it\/en\/bosnia-ed-erzegovina-coronavirus\/\">\n            Bosnia ed Erzegovina, Coronavirus: aggiornamenti dalla nostra sede        <\/a>\n    <\/h4>\n\n            <p itemprop=\"description\" class=\"mkd-excerpt\">Nell\u2019ultimo periodo in Bosnia la situazione causata della pandemia COVID-19 \u00e8 molto sta...<\/p>\n    \n            <div class=\"mkd-item-info-section clearfix\">\n            <div itemprop=\"dateCreated\" class=\"mkd-post-info-date entry-date updated\">\n\n    \n        July 9, 2021\n        \n    <meta itemprop=\"interactionCount\" content=\"UserComments: 0\"\/>\n\n<\/div><div class=\"mkd-post-info-category\"><a href=\"https:\/\/www.icpartners.it\/en\/category\/bosnia-ed-erzegovina\/\" rel=\"category tag\">Bosnia and Herzegovina<\/a> <a href=\"https:\/\/www.icpartners.it\/en\/category\/news\/\" rel=\"category tag\">News<\/a><\/div>    <div class =\"mkd-blog-share\">\n        <div class=\"mkd-social-share-holder mkd-list\">\n\t<ul>\n\t\t<li class=\"mkd-facebook-share\">\n\t<a itemprop=\"url\" class=\"mkd-share-link\" href=\"#\" onclick=\"window.open(&#039;http:\/\/www.facebook.com\/sharer.php?u=https%3A%2F%2Fwww.icpartners.it%2Fen%2Fbosnia-ed-erzegovina-coronavirus%2F&#039;, &#039;sharer&#039;, &#039;toolbar=0,status=0,width=620,height=280&#039;);\">\n\t\t\t\t\t<img decoding=\"async\" itemprop=\"image\" src=\"https:\/\/www.icpartners.it\/wp-content\/uploads\/2024\/03\/ic_facebook_news.png\" alt=\"facebook\" \/>\n\t\t\t<\/a>\n<\/li><li class=\"mkd-twitter-share\">\n\t<a itemprop=\"url\" class=\"mkd-share-link\" href=\"#\" onclick=\"window.open(&#039;http:\/\/twitter.com\/home?status=Nell%E2%80%99ultimo+periodo+in+Bosnia+la+situazione+causata+della+pandemia+COVID-19+%C3%A8+molto+stabile+e+il+numero+di+contagi+%C3%A8+https:\/\/www.icpartners.it\/en\/bosnia-ed-erzegovina-coronavirus\/&#039;, &#039;popupwindow&#039;, &#039;scrollbars=yes,width=800,height=400&#039;);\">\n\t\t\t\t\t<img decoding=\"async\" itemprop=\"image\" src=\"https:\/\/www.icpartners.it\/wp-content\/uploads\/2024\/03\/ic_twitter-x_news.png\" alt=\"twitter\" \/>\n\t\t\t<\/a>\n<\/li><li class=\"mkd-linkedin-share\">\n\t<a itemprop=\"url\" class=\"mkd-share-link\" href=\"#\" onclick=\"popUp=window.open(&#039;http:\/\/linkedin.com\/shareArticle?mini=true&amp;url=https%3A%2F%2Fwww.icpartners.it%2Fen%2Fbosnia-ed-erzegovina-coronavirus%2F&amp;title=Bosnia+ed+Erzegovina%2C+Coronavirus%3A+aggiornamenti+dalla+nostra+sede&#039;, &#039;popupwindow&#039;, &#039;scrollbars=yes,width=800,height=400&#039;);popUp.focus();return false;\">\n\t\t\t\t\t<img decoding=\"async\" itemprop=\"image\" src=\"https:\/\/www.icpartners.it\/wp-content\/uploads\/2024\/03\/ic_linkedin_news.png\" alt=\"linkedin\" \/>\n\t\t\t<\/a>\n<\/li>\t<\/ul>\n<\/div>    <\/div>\n        <\/div>\n    \n    <div class=\"mkd-read-more-holder\"><a itemprop=\"url\" href=\"https:\/\/www.icpartners.it\/en\/bosnia-ed-erzegovina-coronavirus\/\" target=\"_self\" style=\"font-weight: 700\" class=\"mkd-btn mkd-btn-small mkd-btn-minimal mkd-btn-icon\"  >    <span class=\"mkd-btn-text\">Read More<\/span>    <span aria-hidden=\"true\" class=\"mkd-icon-font-elegant arrow_carrot-right\" ><\/span><\/a><\/div>\n    <\/div>\n    <\/div>\n<\/li><li class=\"mkd-blog-list-item clearfix\">\n    <div class=\"mkd-blog-list-item-inner\">\n        <div class=\"mkd-item-image\">\n            <a itemprop=\"url\" href=\"https:\/\/www.icpartners.it\/en\/bosnia-repubblica-srpska-modifiche-a-salario-minimo-contributi-e-detrazioni\/\">\n                <img loading=\"lazy\" decoding=\"async\" width=\"1200\" height=\"627\" src=\"https:\/\/www.icpartners.it\/wp-content\/uploads\/2021\/06\/bosniasalario.minimo.contributi_.png\" class=\"attachment-full size-full wp-post-image\" alt=\"\" srcset=\"https:\/\/www.icpartners.it\/wp-content\/uploads\/2021\/06\/bosniasalario.minimo.contributi_.png 1200w, https:\/\/www.icpartners.it\/wp-content\/uploads\/2021\/06\/bosniasalario.minimo.contributi_-300x157.png 300w, https:\/\/www.icpartners.it\/wp-content\/uploads\/2021\/06\/bosniasalario.minimo.contributi_-1024x535.png 1024w, https:\/\/www.icpartners.it\/wp-content\/uploads\/2021\/06\/bosniasalario.minimo.contributi_-296x155.png 296w, https:\/\/www.icpartners.it\/wp-content\/uploads\/2021\/06\/bosniasalario.minimo.contributi_-768x401.png 768w, https:\/\/www.icpartners.it\/wp-content\/uploads\/2021\/06\/bosniasalario.minimo.contributi_-16x8.png 16w\" sizes=\"auto, (max-width: 1200px) 100vw, 1200px\" \/>            <\/a>\n        <\/div>\n        <div class=\"mkd-item-text-holder\" >\n        <h4 itemprop=\"name\" class=\"mkd-item-title entry-title\">\n        <a itemprop=\"url\" href=\"https:\/\/www.icpartners.it\/en\/bosnia-repubblica-srpska-modifiche-a-salario-minimo-contributi-e-detrazioni\/\">\n            Bosnia, Repubblica Srpska:  modifiche a salario minimo, contributi e detrazioni        <\/a>\n    <\/h4>\n\n            <p itemprop=\"description\" class=\"mkd-excerpt\">Il governo della Repubblica Srpska ha adottato dal 1 giugno 2021 un nuovo salario minimo n...<\/p>\n    \n            <div class=\"mkd-item-info-section clearfix\">\n            <div itemprop=\"dateCreated\" class=\"mkd-post-info-date entry-date updated\">\n\n    \n        June 9, 2021\n        \n    <meta itemprop=\"interactionCount\" content=\"UserComments: 0\"\/>\n\n<\/div><div class=\"mkd-post-info-category\"><a href=\"https:\/\/www.icpartners.it\/en\/category\/bosnia-ed-erzegovina\/\" rel=\"category tag\">Bosnia and Herzegovina<\/a> <a href=\"https:\/\/www.icpartners.it\/en\/category\/news\/\" rel=\"category tag\">News<\/a><\/div>    <div class =\"mkd-blog-share\">\n        <div class=\"mkd-social-share-holder mkd-list\">\n\t<ul>\n\t\t<li class=\"mkd-facebook-share\">\n\t<a itemprop=\"url\" class=\"mkd-share-link\" href=\"#\" onclick=\"window.open(&#039;http:\/\/www.facebook.com\/sharer.php?u=https%3A%2F%2Fwww.icpartners.it%2Fen%2Fbosnia-repubblica-srpska-modifiche-a-salario-minimo-contributi-e-detrazioni%2F&#039;, &#039;sharer&#039;, &#039;toolbar=0,status=0,width=620,height=280&#039;);\">\n\t\t\t\t\t<img decoding=\"async\" itemprop=\"image\" src=\"https:\/\/www.icpartners.it\/wp-content\/uploads\/2024\/03\/ic_facebook_news.png\" alt=\"facebook\" \/>\n\t\t\t<\/a>\n<\/li><li class=\"mkd-twitter-share\">\n\t<a itemprop=\"url\" class=\"mkd-share-link\" href=\"#\" onclick=\"window.open(&#039;http:\/\/twitter.com\/home?status=Il+governo+della+Repubblica+Srpska+ha+adottato+dal+1+giugno+2021+un+nuovo+salario+minimo+netto+di+540%2C00KM+https:\/\/www.icpartners.it\/en\/bosnia-repubblica-srpska-modifiche-a-salario-minimo-contributi-e-detrazioni\/&#039;, &#039;popupwindow&#039;, &#039;scrollbars=yes,width=800,height=400&#039;);\">\n\t\t\t\t\t<img decoding=\"async\" itemprop=\"image\" src=\"https:\/\/www.icpartners.it\/wp-content\/uploads\/2024\/03\/ic_twitter-x_news.png\" alt=\"twitter\" \/>\n\t\t\t<\/a>\n<\/li><li class=\"mkd-linkedin-share\">\n\t<a itemprop=\"url\" class=\"mkd-share-link\" href=\"#\" onclick=\"popUp=window.open(&#039;http:\/\/linkedin.com\/shareArticle?mini=true&amp;url=https%3A%2F%2Fwww.icpartners.it%2Fen%2Fbosnia-repubblica-srpska-modifiche-a-salario-minimo-contributi-e-detrazioni%2F&amp;title=Bosnia%2C+Repubblica+Srpska%3A++modifiche+a+salario+minimo%2C+contributi+e+detrazioni&#039;, &#039;popupwindow&#039;, &#039;scrollbars=yes,width=800,height=400&#039;);popUp.focus();return false;\">\n\t\t\t\t\t<img decoding=\"async\" itemprop=\"image\" src=\"https:\/\/www.icpartners.it\/wp-content\/uploads\/2024\/03\/ic_linkedin_news.png\" alt=\"linkedin\" \/>\n\t\t\t<\/a>\n<\/li>\t<\/ul>\n<\/div>    <\/div>\n        <\/div>\n    \n    <div class=\"mkd-read-more-holder\"><a itemprop=\"url\" href=\"https:\/\/www.icpartners.it\/en\/bosnia-repubblica-srpska-modifiche-a-salario-minimo-contributi-e-detrazioni\/\" target=\"_self\" style=\"font-weight: 700\" class=\"mkd-btn mkd-btn-small mkd-btn-minimal mkd-btn-icon\"  >    <span class=\"mkd-btn-text\">Read More<\/span>    <span aria-hidden=\"true\" class=\"mkd-icon-font-elegant arrow_carrot-right\" ><\/span><\/a><\/div>\n    <\/div>\n    <\/div>\n<\/li><li class=\"mkd-blog-list-item clearfix\">\n    <div class=\"mkd-blog-list-item-inner\">\n        <div class=\"mkd-item-image\">\n            <a itemprop=\"url\" href=\"https:\/\/www.icpartners.it\/en\/icpartners-spa-debutta-nella-piattaforma-trace-di-banca-sella-per-orientare-le-imprese-nellimport-export\/\">\n                <img loading=\"lazy\" decoding=\"async\" width=\"1200\" height=\"627\" src=\"https:\/\/www.icpartners.it\/wp-content\/uploads\/2021\/02\/Bozza-immagine-Trace-ICP.png\" class=\"attachment-full size-full wp-post-image\" alt=\"Accordo Trace Banca Sella e IC&amp;Partners\" srcset=\"https:\/\/www.icpartners.it\/wp-content\/uploads\/2021\/02\/Bozza-immagine-Trace-ICP.png 1200w, https:\/\/www.icpartners.it\/wp-content\/uploads\/2021\/02\/Bozza-immagine-Trace-ICP-300x157.png 300w, https:\/\/www.icpartners.it\/wp-content\/uploads\/2021\/02\/Bozza-immagine-Trace-ICP-1024x535.png 1024w, https:\/\/www.icpartners.it\/wp-content\/uploads\/2021\/02\/Bozza-immagine-Trace-ICP-296x155.png 296w, https:\/\/www.icpartners.it\/wp-content\/uploads\/2021\/02\/Bozza-immagine-Trace-ICP-768x401.png 768w, https:\/\/www.icpartners.it\/wp-content\/uploads\/2021\/02\/Bozza-immagine-Trace-ICP-16x8.png 16w\" sizes=\"auto, (max-width: 1200px) 100vw, 1200px\" \/>            <\/a>\n        <\/div>\n        <div class=\"mkd-item-text-holder\" >\n        <h4 itemprop=\"name\" class=\"mkd-item-title entry-title\">\n        <a itemprop=\"url\" href=\"https:\/\/www.icpartners.it\/en\/icpartners-spa-debutta-nella-piattaforma-trace-di-banca-sella-per-orientare-le-imprese-nellimport-export\/\">\n            IC&#038;Partners SpA debutta nella piattaforma TRACE di Banca Sella per orientare le imprese nell\u2019import\/export        <\/a>\n    <\/h4>\n\n            <p itemprop=\"description\" class=\"mkd-excerpt\">IC&amp;Partners SpA e Banca Sella, tramite la piattaforma Trace, siglano un accordo di par...<\/p>\n    \n            <div class=\"mkd-item-info-section clearfix\">\n            <div itemprop=\"dateCreated\" class=\"mkd-post-info-date entry-date updated\">\n\n    \n        February 4, 2021\n        \n    <meta itemprop=\"interactionCount\" content=\"UserComments: 0\"\/>\n\n<\/div><div class=\"mkd-post-info-category\"><a href=\"https:\/\/www.icpartners.it\/en\/category\/bosnia-ed-erzegovina\/\" rel=\"category tag\">Bosnia and Herzegovina<\/a> <a href=\"https:\/\/www.icpartners.it\/en\/category\/bulgaria\/\" rel=\"category tag\">Bulgaria<\/a> <a href=\"https:\/\/www.icpartners.it\/en\/category\/cina\/\" rel=\"category tag\">CHINA<\/a> <a href=\"https:\/\/www.icpartners.it\/en\/category\/italia\/\" rel=\"category tag\">ITALY<\/a> <a href=\"https:\/\/www.icpartners.it\/en\/category\/news\/\" rel=\"category tag\">News<\/a> <a href=\"https:\/\/www.icpartners.it\/en\/category\/polonia\/\" rel=\"category tag\">POLAND<\/a> <a href=\"https:\/\/www.icpartners.it\/en\/category\/romania\/\" rel=\"category tag\">Romania<\/a> <a href=\"https:\/\/www.icpartners.it\/en\/category\/russia\/\" rel=\"category tag\">Russian Federation<\/a> <a href=\"https:\/\/www.icpartners.it\/en\/category\/serbia\/\" rel=\"category tag\">Serbia<\/a> <a href=\"https:\/\/www.icpartners.it\/en\/category\/ucraina\/\" rel=\"category tag\">UKRAINE<\/a> <a href=\"https:\/\/www.icpartners.it\/en\/category\/ungheria\/\" rel=\"category tag\">HUNGARY<\/a><\/div>    <div class =\"mkd-blog-share\">\n        <div class=\"mkd-social-share-holder mkd-list\">\n\t<ul>\n\t\t<li class=\"mkd-facebook-share\">\n\t<a itemprop=\"url\" class=\"mkd-share-link\" href=\"#\" onclick=\"window.open(&#039;http:\/\/www.facebook.com\/sharer.php?u=https%3A%2F%2Fwww.icpartners.it%2Fen%2Ficpartners-spa-debutta-nella-piattaforma-trace-di-banca-sella-per-orientare-le-imprese-nellimport-export%2F&#039;, &#039;sharer&#039;, &#039;toolbar=0,status=0,width=620,height=280&#039;);\">\n\t\t\t\t\t<img decoding=\"async\" itemprop=\"image\" src=\"https:\/\/www.icpartners.it\/wp-content\/uploads\/2024\/03\/ic_facebook_news.png\" alt=\"facebook\" \/>\n\t\t\t<\/a>\n<\/li><li class=\"mkd-twitter-share\">\n\t<a itemprop=\"url\" class=\"mkd-share-link\" href=\"#\" onclick=\"window.open(&#039;http:\/\/twitter.com\/home?status=IC%26amp%3BPartners+SpA+e+Banca+Sella%2C+tramite+la+piattaforma+Trace%2C+siglano+un+accordo+di+partnership+per+supportare+le+https:\/\/www.icpartners.it\/en\/icpartners-spa-debutta-nella-piattaforma-trace-di-banca-sella-per-orientare-le-imprese-nellimport-export\/&#039;, &#039;popupwindow&#039;, &#039;scrollbars=yes,width=800,height=400&#039;);\">\n\t\t\t\t\t<img decoding=\"async\" itemprop=\"image\" src=\"https:\/\/www.icpartners.it\/wp-content\/uploads\/2024\/03\/ic_twitter-x_news.png\" alt=\"twitter\" \/>\n\t\t\t<\/a>\n<\/li><li class=\"mkd-linkedin-share\">\n\t<a itemprop=\"url\" class=\"mkd-share-link\" href=\"#\" onclick=\"popUp=window.open(&#039;http:\/\/linkedin.com\/shareArticle?mini=true&amp;url=https%3A%2F%2Fwww.icpartners.it%2Fen%2Ficpartners-spa-debutta-nella-piattaforma-trace-di-banca-sella-per-orientare-le-imprese-nellimport-export%2F&amp;title=IC%26%23038%3BPartners+SpA+debutta+nella+piattaforma+TRACE+di+Banca+Sella+per+orientare+le+imprese+nell%E2%80%99import%2Fexport&#039;, &#039;popupwindow&#039;, &#039;scrollbars=yes,width=800,height=400&#039;);popUp.focus();return false;\">\n\t\t\t\t\t<img decoding=\"async\" itemprop=\"image\" src=\"https:\/\/www.icpartners.it\/wp-content\/uploads\/2024\/03\/ic_linkedin_news.png\" alt=\"linkedin\" \/>\n\t\t\t<\/a>\n<\/li>\t<\/ul>\n<\/div>    <\/div>\n        <\/div>\n    \n    <div class=\"mkd-read-more-holder\"><a itemprop=\"url\" href=\"https:\/\/www.icpartners.it\/en\/icpartners-spa-debutta-nella-piattaforma-trace-di-banca-sella-per-orientare-le-imprese-nellimport-export\/\" target=\"_self\" style=\"font-weight: 700\" class=\"mkd-btn mkd-btn-small mkd-btn-minimal mkd-btn-icon\"  >    <span class=\"mkd-btn-text\">Read More<\/span>    <span aria-hidden=\"true\" class=\"mkd-icon-font-elegant arrow_carrot-right\" ><\/span><\/a><\/div>\n    <\/div>\n    <\/div>\n<\/li><li class=\"mkd-blog-list-item clearfix\">\n    <div class=\"mkd-blog-list-item-inner\">\n        <div class=\"mkd-item-image\">\n            <a itemprop=\"url\" href=\"https:\/\/www.icpartners.it\/en\/la-bosnia-erzegovina-sta-diventando-un-nuovo-punto-focale-per-i-servizi-di-outsourcing\/\">\n                <img loading=\"lazy\" decoding=\"async\" width=\"1200\" height=\"627\" src=\"https:\/\/www.icpartners.it\/wp-content\/uploads\/2020\/12\/Articoli-2020-46.png\" class=\"attachment-full size-full wp-post-image\" alt=\"\" srcset=\"https:\/\/www.icpartners.it\/wp-content\/uploads\/2020\/12\/Articoli-2020-46.png 1200w, https:\/\/www.icpartners.it\/wp-content\/uploads\/2020\/12\/Articoli-2020-46-300x157.png 300w, https:\/\/www.icpartners.it\/wp-content\/uploads\/2020\/12\/Articoli-2020-46-1024x535.png 1024w, https:\/\/www.icpartners.it\/wp-content\/uploads\/2020\/12\/Articoli-2020-46-296x155.png 296w, https:\/\/www.icpartners.it\/wp-content\/uploads\/2020\/12\/Articoli-2020-46-768x401.png 768w, https:\/\/www.icpartners.it\/wp-content\/uploads\/2020\/12\/Articoli-2020-46-16x8.png 16w\" sizes=\"auto, (max-width: 1200px) 100vw, 1200px\" \/>            <\/a>\n        <\/div>\n        <div class=\"mkd-item-text-holder\" >\n        <h4 itemprop=\"name\" class=\"mkd-item-title entry-title\">\n        <a itemprop=\"url\" href=\"https:\/\/www.icpartners.it\/en\/la-bosnia-erzegovina-sta-diventando-un-nuovo-punto-focale-per-i-servizi-di-outsourcing\/\">\n            La Bosnia-Erzegovina sta diventando un nuovo punto focale per i servizi di outsourcing        <\/a>\n    <\/h4>\n\n            <p itemprop=\"description\" class=\"mkd-excerpt\">Il seguente articolo \u00e8 stato tratto e tradotto da www.indikator.ba La Bosnia-Erzegovina (...<\/p>\n    \n            <div class=\"mkd-item-info-section clearfix\">\n            <div itemprop=\"dateCreated\" class=\"mkd-post-info-date entry-date updated\">\n\n    \n        December 9, 2020\n        \n    <meta itemprop=\"interactionCount\" content=\"UserComments: 0\"\/>\n\n<\/div><div class=\"mkd-post-info-category\"><a href=\"https:\/\/www.icpartners.it\/en\/category\/bosnia-ed-erzegovina\/\" rel=\"category tag\">Bosnia and Herzegovina<\/a> <a href=\"https:\/\/www.icpartners.it\/en\/category\/news\/\" rel=\"category tag\">News<\/a><\/div>    <div class =\"mkd-blog-share\">\n        <div class=\"mkd-social-share-holder mkd-list\">\n\t<ul>\n\t\t<li class=\"mkd-facebook-share\">\n\t<a itemprop=\"url\" class=\"mkd-share-link\" href=\"#\" onclick=\"window.open(&#039;http:\/\/www.facebook.com\/sharer.php?u=https%3A%2F%2Fwww.icpartners.it%2Fen%2Fla-bosnia-erzegovina-sta-diventando-un-nuovo-punto-focale-per-i-servizi-di-outsourcing%2F&#039;, &#039;sharer&#039;, &#039;toolbar=0,status=0,width=620,height=280&#039;);\">\n\t\t\t\t\t<img decoding=\"async\" itemprop=\"image\" src=\"https:\/\/www.icpartners.it\/wp-content\/uploads\/2024\/03\/ic_facebook_news.png\" alt=\"facebook\" \/>\n\t\t\t<\/a>\n<\/li><li class=\"mkd-twitter-share\">\n\t<a itemprop=\"url\" class=\"mkd-share-link\" href=\"#\" onclick=\"window.open(&#039;http:\/\/twitter.com\/home?status=Il+seguente+articolo+%C3%A8+stato+tratto+e+tradotto+da+www.indikator.ba+La+Bosnia-Erzegovina+%28BiH%29+sta+diventando+un+https:\/\/www.icpartners.it\/en\/la-bosnia-erzegovina-sta-diventando-un-nuovo-punto-focale-per-i-servizi-di-outsourcing\/&#039;, &#039;popupwindow&#039;, &#039;scrollbars=yes,width=800,height=400&#039;);\">\n\t\t\t\t\t<img decoding=\"async\" itemprop=\"image\" src=\"https:\/\/www.icpartners.it\/wp-content\/uploads\/2024\/03\/ic_twitter-x_news.png\" alt=\"twitter\" \/>\n\t\t\t<\/a>\n<\/li><li class=\"mkd-linkedin-share\">\n\t<a itemprop=\"url\" class=\"mkd-share-link\" href=\"#\" onclick=\"popUp=window.open(&#039;http:\/\/linkedin.com\/shareArticle?mini=true&amp;url=https%3A%2F%2Fwww.icpartners.it%2Fen%2Fla-bosnia-erzegovina-sta-diventando-un-nuovo-punto-focale-per-i-servizi-di-outsourcing%2F&amp;title=La+Bosnia-Erzegovina+sta+diventando+un+nuovo+punto+focale+per+i+servizi+di+outsourcing&#039;, &#039;popupwindow&#039;, &#039;scrollbars=yes,width=800,height=400&#039;);popUp.focus();return false;\">\n\t\t\t\t\t<img decoding=\"async\" itemprop=\"image\" src=\"https:\/\/www.icpartners.it\/wp-content\/uploads\/2024\/03\/ic_linkedin_news.png\" alt=\"linkedin\" \/>\n\t\t\t<\/a>\n<\/li>\t<\/ul>\n<\/div>    <\/div>\n        <\/div>\n    \n    <div class=\"mkd-read-more-holder\"><a itemprop=\"url\" href=\"https:\/\/www.icpartners.it\/en\/la-bosnia-erzegovina-sta-diventando-un-nuovo-punto-focale-per-i-servizi-di-outsourcing\/\" target=\"_self\" style=\"font-weight: 700\" class=\"mkd-btn mkd-btn-small mkd-btn-minimal mkd-btn-icon\"  >    <span class=\"mkd-btn-text\">Read More<\/span>    <span aria-hidden=\"true\" class=\"mkd-icon-font-elegant arrow_carrot-right\" ><\/span><\/a><\/div>\n    <\/div>\n    <\/div>\n<\/li><li class=\"mkd-blog-list-item clearfix\">\n    <div class=\"mkd-blog-list-item-inner\">\n        <div class=\"mkd-item-image\">\n            <a itemprop=\"url\" href=\"https:\/\/www.icpartners.it\/en\/desk-balcani-opportunita-legate-alle-gare-internazionali-ai-finanziamenti-della-ue-della-bei-e-della-bers\/\">\n                <img loading=\"lazy\" decoding=\"async\" width=\"1200\" height=\"627\" src=\"https:\/\/www.icpartners.it\/wp-content\/uploads\/2020\/07\/Articoli-2020-27.png\" class=\"attachment-full size-full wp-post-image\" alt=\"Desk Balcani\" \/>            <\/a>\n        <\/div>\n        <div class=\"mkd-item-text-holder\" >\n        <h4 itemprop=\"name\" class=\"mkd-item-title entry-title\">\n        <a itemprop=\"url\" href=\"https:\/\/www.icpartners.it\/en\/desk-balcani-opportunita-legate-alle-gare-internazionali-ai-finanziamenti-della-ue-della-bei-e-della-bers\/\">\n            Desk Balcani \u2013 Opportunit\u00e0 legate alle Gare Internazionali, ai Finanziamenti della UE, della BEI e della BERS        <\/a>\n    <\/h4>\n\n            <p itemprop=\"description\" class=\"mkd-excerpt\">Le societ\u00e0 di consulenza IC&amp;Partners SpA e GreenHill Advisory insieme per supportare ...<\/p>\n    \n            <div class=\"mkd-item-info-section clearfix\">\n            <div itemprop=\"dateCreated\" class=\"mkd-post-info-date entry-date updated\">\n\n    \n        July 16, 2020\n        \n    <meta itemprop=\"interactionCount\" content=\"UserComments: 0\"\/>\n\n<\/div><div class=\"mkd-post-info-category\"><a href=\"https:\/\/www.icpartners.it\/en\/category\/bosnia-ed-erzegovina\/\" rel=\"category tag\">Bosnia and Herzegovina<\/a> <a href=\"https:\/\/www.icpartners.it\/en\/category\/bulgaria\/\" rel=\"category tag\">Bulgaria<\/a> <a href=\"https:\/\/www.icpartners.it\/en\/category\/news\/\" rel=\"category tag\">News<\/a> <a href=\"https:\/\/www.icpartners.it\/en\/category\/serbia\/\" rel=\"category tag\">Serbia<\/a><\/div>    <div class =\"mkd-blog-share\">\n        <div class=\"mkd-social-share-holder mkd-list\">\n\t<ul>\n\t\t<li class=\"mkd-facebook-share\">\n\t<a itemprop=\"url\" class=\"mkd-share-link\" href=\"#\" onclick=\"window.open(&#039;http:\/\/www.facebook.com\/sharer.php?u=https%3A%2F%2Fwww.icpartners.it%2Fen%2Fdesk-balcani-opportunita-legate-alle-gare-internazionali-ai-finanziamenti-della-ue-della-bei-e-della-bers%2F&#039;, &#039;sharer&#039;, &#039;toolbar=0,status=0,width=620,height=280&#039;);\">\n\t\t\t\t\t<img decoding=\"async\" itemprop=\"image\" src=\"https:\/\/www.icpartners.it\/wp-content\/uploads\/2024\/03\/ic_facebook_news.png\" alt=\"facebook\" \/>\n\t\t\t<\/a>\n<\/li><li class=\"mkd-twitter-share\">\n\t<a itemprop=\"url\" class=\"mkd-share-link\" href=\"#\" onclick=\"window.open(&#039;http:\/\/twitter.com\/home?status=Le+societ%C3%A0+di+consulenza+IC%26amp%3BPartners+SpA+e+GreenHill+Advisory+insieme+per+supportare+le+imprese+che+intendono+https:\/\/www.icpartners.it\/en\/desk-balcani-opportunita-legate-alle-gare-internazionali-ai-finanziamenti-della-ue-della-bei-e-della-bers\/&#039;, &#039;popupwindow&#039;, &#039;scrollbars=yes,width=800,height=400&#039;);\">\n\t\t\t\t\t<img decoding=\"async\" itemprop=\"image\" src=\"https:\/\/www.icpartners.it\/wp-content\/uploads\/2024\/03\/ic_twitter-x_news.png\" alt=\"twitter\" \/>\n\t\t\t<\/a>\n<\/li><li class=\"mkd-linkedin-share\">\n\t<a itemprop=\"url\" class=\"mkd-share-link\" href=\"#\" onclick=\"popUp=window.open(&#039;http:\/\/linkedin.com\/shareArticle?mini=true&amp;url=https%3A%2F%2Fwww.icpartners.it%2Fen%2Fdesk-balcani-opportunita-legate-alle-gare-internazionali-ai-finanziamenti-della-ue-della-bei-e-della-bers%2F&amp;title=Desk+Balcani+%E2%80%93+Opportunit%C3%A0+legate+alle+Gare+Internazionali%2C+ai+Finanziamenti+della+UE%2C+della+BEI+e+della+BERS&#039;, &#039;popupwindow&#039;, &#039;scrollbars=yes,width=800,height=400&#039;);popUp.focus();return false;\">\n\t\t\t\t\t<img decoding=\"async\" itemprop=\"image\" src=\"https:\/\/www.icpartners.it\/wp-content\/uploads\/2024\/03\/ic_linkedin_news.png\" alt=\"linkedin\" \/>\n\t\t\t<\/a>\n<\/li>\t<\/ul>\n<\/div>    <\/div>\n        <\/div>\n    \n    <div class=\"mkd-read-more-holder\"><a itemprop=\"url\" href=\"https:\/\/www.icpartners.it\/en\/desk-balcani-opportunita-legate-alle-gare-internazionali-ai-finanziamenti-della-ue-della-bei-e-della-bers\/\" target=\"_self\" style=\"font-weight: 700\" class=\"mkd-btn mkd-btn-small mkd-btn-minimal mkd-btn-icon\"  >    <span class=\"mkd-btn-text\">Read More<\/span>    <span aria-hidden=\"true\" class=\"mkd-icon-font-elegant arrow_carrot-right\" ><\/span><\/a><\/div>\n    <\/div>\n    <\/div>\n<\/li><li class=\"mkd-blog-list-item clearfix\">\n    <div class=\"mkd-blog-list-item-inner\">\n        <div class=\"mkd-item-image\">\n            <a itemprop=\"url\" href=\"https:\/\/www.icpartners.it\/en\/la-mini-schengen\/\">\n                <img loading=\"lazy\" decoding=\"async\" width=\"1200\" height=\"627\" src=\"https:\/\/www.icpartners.it\/wp-content\/uploads\/2019\/12\/Mini-shengen.png\" class=\"attachment-full size-full wp-post-image\" alt=\"Mini shengen\" srcset=\"https:\/\/www.icpartners.it\/wp-content\/uploads\/2019\/12\/Mini-shengen.png 1200w, https:\/\/www.icpartners.it\/wp-content\/uploads\/2019\/12\/Mini-shengen-300x157.png 300w, https:\/\/www.icpartners.it\/wp-content\/uploads\/2019\/12\/Mini-shengen-768x401.png 768w, https:\/\/www.icpartners.it\/wp-content\/uploads\/2019\/12\/Mini-shengen-1024x535.png 1024w\" sizes=\"auto, (max-width: 1200px) 100vw, 1200px\" \/>            <\/a>\n        <\/div>\n        <div class=\"mkd-item-text-holder\" >\n        <h4 itemprop=\"name\" class=\"mkd-item-title entry-title\">\n        <a itemprop=\"url\" href=\"https:\/\/www.icpartners.it\/en\/la-mini-schengen\/\">\n            La \u201cMini Schengen\u201d        <\/a>\n    <\/h4>\n\n            <p itemprop=\"description\" class=\"mkd-excerpt\">I leader di tre Paesi Balcanici, Albania, Serbia e Macedonia del Nord, hanno firmato un ac...<\/p>\n    \n            <div class=\"mkd-item-info-section clearfix\">\n            <div itemprop=\"dateCreated\" class=\"mkd-post-info-date entry-date updated\">\n\n    \n        December 18, 2019\n        \n    <meta itemprop=\"interactionCount\" content=\"UserComments: 0\"\/>\n\n<\/div><div class=\"mkd-post-info-category\"><a href=\"https:\/\/www.icpartners.it\/en\/category\/bosnia-ed-erzegovina\/\" rel=\"category tag\">Bosnia and Herzegovina<\/a> <a href=\"https:\/\/www.icpartners.it\/en\/category\/news\/\" rel=\"category tag\">News<\/a> <a href=\"https:\/\/www.icpartners.it\/en\/category\/serbia\/\" rel=\"category tag\">Serbia<\/a><\/div>    <div class =\"mkd-blog-share\">\n        <div class=\"mkd-social-share-holder mkd-list\">\n\t<ul>\n\t\t<li class=\"mkd-facebook-share\">\n\t<a itemprop=\"url\" class=\"mkd-share-link\" href=\"#\" onclick=\"window.open(&#039;http:\/\/www.facebook.com\/sharer.php?u=https%3A%2F%2Fwww.icpartners.it%2Fen%2Fla-mini-schengen%2F&#039;, &#039;sharer&#039;, &#039;toolbar=0,status=0,width=620,height=280&#039;);\">\n\t\t\t\t\t<img decoding=\"async\" itemprop=\"image\" src=\"https:\/\/www.icpartners.it\/wp-content\/uploads\/2024\/03\/ic_facebook_news.png\" alt=\"facebook\" \/>\n\t\t\t<\/a>\n<\/li><li class=\"mkd-twitter-share\">\n\t<a itemprop=\"url\" class=\"mkd-share-link\" href=\"#\" onclick=\"window.open(&#039;http:\/\/twitter.com\/home?status=I+leader+di+tre+Paesi+Balcanici%2C+Albania%2C+Serbia+e+Macedonia+del+Nord%2C+hanno+firmato+un+accordo+per+la+creazione+di+https:\/\/www.icpartners.it\/en\/la-mini-schengen\/&#039;, &#039;popupwindow&#039;, &#039;scrollbars=yes,width=800,height=400&#039;);\">\n\t\t\t\t\t<img decoding=\"async\" itemprop=\"image\" src=\"https:\/\/www.icpartners.it\/wp-content\/uploads\/2024\/03\/ic_twitter-x_news.png\" alt=\"twitter\" \/>\n\t\t\t<\/a>\n<\/li><li class=\"mkd-linkedin-share\">\n\t<a itemprop=\"url\" class=\"mkd-share-link\" href=\"#\" onclick=\"popUp=window.open(&#039;http:\/\/linkedin.com\/shareArticle?mini=true&amp;url=https%3A%2F%2Fwww.icpartners.it%2Fen%2Fla-mini-schengen%2F&amp;title=La+%E2%80%9CMini+Schengen%E2%80%9D&#039;, &#039;popupwindow&#039;, &#039;scrollbars=yes,width=800,height=400&#039;);popUp.focus();return false;\">\n\t\t\t\t\t<img decoding=\"async\" itemprop=\"image\" src=\"https:\/\/www.icpartners.it\/wp-content\/uploads\/2024\/03\/ic_linkedin_news.png\" alt=\"linkedin\" \/>\n\t\t\t<\/a>\n<\/li>\t<\/ul>\n<\/div>    <\/div>\n        <\/div>\n    \n    <div class=\"mkd-read-more-holder\"><a itemprop=\"url\" href=\"https:\/\/www.icpartners.it\/en\/la-mini-schengen\/\" target=\"_self\" style=\"font-weight: 700\" class=\"mkd-btn mkd-btn-small mkd-btn-minimal mkd-btn-icon\"  >    <span class=\"mkd-btn-text\">Read More<\/span>    <span aria-hidden=\"true\" class=\"mkd-icon-font-elegant arrow_carrot-right\" ><\/span><\/a><\/div>\n    <\/div>\n    <\/div>\n<\/li>    <\/ul>\n<\/div>\n<div class=\"vc_empty_space\"   style=\"height: 32px\"><span class=\"vc_empty_space_inner\"><\/span><\/div><a itemprop=\"url\" href=\"http:\/\/www.icpartners.it\/en\/bosnia-ed-erzegovina\/\" target=\"_self\"  class=\"mkd-btn mkd-btn-medium mkd-btn-outline\"  >\n    <span class=\"mkd-btn-text\">Indietro<\/span>\n    <\/a><\/div><\/div><\/div><div class=\"wpb_column vc_column_container vc_col-sm-3\"><div class=\"vc_column-inner vc_custom_1571683489480\"><div class=\"wpb_wrapper\"><div class=\"mkd-st mkd-content-aligment-left\">\n    <div class=\"mkd-st-inner\">\n        <div class=\"mkd-st-title-holder\">\n            <h4 class=\"mkd-st-title\">\n            <span>Ultime News<\/span>\n        <\/h4>\n    <\/div>\n\n    <div class=\"mkd-separator-holder clearfix  mkd-separator-left\">\n\t<div class=\"mkd-separator\" style=\"width: 40px;border-bottom-width: 2px;margin-top: 0px;margin-bottom: 30px\"><\/div>\n<\/div>\n\n    <div class=\"mkd-st-text-holder\" mkd-content-aligment-left>\n        <span class=\"mkd-st-text-text\"><\/span>\n    <\/div>\n<\/div>\n<\/div>\n<div class=\"mkd-blog-list-holder mkd-masonry  mkd-column-1\">\n    <ul class=\"mkd-blog-list\">\n                    <li class=\"mkd-blog-list-masonry-grid-sizer\"><\/li>\n            <li class=\"mkd-blog-list-masonry-grid-gutter\"><\/li>\n        <li class=\"mkd-blog-list-item mkd-blog-list-masonry-item\">\n    <div class=\"mkd-blog-list-item-inner\">\n        <div class=\"mkd-item-image clearfix\">\n\n            <a itemprop=\"url\" href=\"https:\/\/www.icpartners.it\/en\/verso-lhub-energetico-dei-balcani-la-nuova-strategia-della-bosnia-ed-erzegovina\/\">\n                <img loading=\"lazy\" decoding=\"async\" width=\"1200\" height=\"627\" src=\"https:\/\/www.icpartners.it\/wp-content\/uploads\/2026\/04\/Articoli-2026-8.png\" class=\"attachment-full size-full wp-post-image\" alt=\"\" srcset=\"https:\/\/www.icpartners.it\/wp-content\/uploads\/2026\/04\/Articoli-2026-8.png 1200w, https:\/\/www.icpartners.it\/wp-content\/uploads\/2026\/04\/Articoli-2026-8-300x157.png 300w, https:\/\/www.icpartners.it\/wp-content\/uploads\/2026\/04\/Articoli-2026-8-1024x535.png 1024w, https:\/\/www.icpartners.it\/wp-content\/uploads\/2026\/04\/Articoli-2026-8-296x155.png 296w, https:\/\/www.icpartners.it\/wp-content\/uploads\/2026\/04\/Articoli-2026-8-768x401.png 768w, https:\/\/www.icpartners.it\/wp-content\/uploads\/2026\/04\/Articoli-2026-8-18x9.png 18w\" sizes=\"auto, (max-width: 1200px) 100vw, 1200px\" \/>            <\/a>\n            <div class=\"mkd-post-info-category\"><a href=\"https:\/\/www.icpartners.it\/en\/category\/bosnia-ed-erzegovina\/\" rel=\"category tag\">Bosnia and Herzegovina<\/a> <a href=\"https:\/\/www.icpartners.it\/en\/category\/news\/\" rel=\"category tag\">News<\/a><\/div>\n        <\/div>\n        <div class=\"mkd-item-text-holder\">\n            <h4 itemprop=\"name\" class=\"mkd-item-title entry-title\">\n            <a itemprop=\"url\" href=\"https:\/\/www.icpartners.it\/en\/verso-lhub-energetico-dei-balcani-la-nuova-strategia-della-bosnia-ed-erzegovina\/\">\n                Verso l\u2019Hub Energetico dei Balcani: La Nuova Strategia della Bosnia ed Erzegovina            <\/a>\n        <\/h4>\n\n                    <p itemprop=\"description\" class=\"mkd-excerpt\">Il panorama energetico della Bosnia ed Erzegovina (BiH) si appresta a vivere una trasforma...<\/p>\n        \n                    <div class=\"mkd-item-info-section clearfix\">\n                <div itemprop=\"dateCreated\" class=\"mkd-post-info-date entry-date updated\">\n\n    \n        April 20, 2026\n        \n    <meta itemprop=\"interactionCount\" content=\"UserComments: 0\"\/>\n\n<\/div>    <div class =\"mkd-blog-share\">\n        <div class=\"mkd-social-share-holder mkd-list\">\n\t<ul>\n\t\t<li class=\"mkd-facebook-share\">\n\t<a itemprop=\"url\" class=\"mkd-share-link\" href=\"#\" onclick=\"window.open(&#039;http:\/\/www.facebook.com\/sharer.php?u=https%3A%2F%2Fwww.icpartners.it%2Fen%2Fverso-lhub-energetico-dei-balcani-la-nuova-strategia-della-bosnia-ed-erzegovina%2F&#039;, &#039;sharer&#039;, &#039;toolbar=0,status=0,width=620,height=280&#039;);\">\n\t\t\t\t\t<img decoding=\"async\" itemprop=\"image\" src=\"https:\/\/www.icpartners.it\/wp-content\/uploads\/2024\/03\/ic_facebook_news.png\" alt=\"facebook\" \/>\n\t\t\t<\/a>\n<\/li><li class=\"mkd-twitter-share\">\n\t<a itemprop=\"url\" class=\"mkd-share-link\" href=\"#\" onclick=\"window.open(&#039;http:\/\/twitter.com\/home?status=Il+panorama+energetico+della+Bosnia+ed+Erzegovina+%28BiH%29+si+appresta+a+vivere+una+trasformazione+radicale.+Con+https:\/\/www.icpartners.it\/en\/verso-lhub-energetico-dei-balcani-la-nuova-strategia-della-bosnia-ed-erzegovina\/&#039;, &#039;popupwindow&#039;, &#039;scrollbars=yes,width=800,height=400&#039;);\">\n\t\t\t\t\t<img decoding=\"async\" itemprop=\"image\" src=\"https:\/\/www.icpartners.it\/wp-content\/uploads\/2024\/03\/ic_twitter-x_news.png\" alt=\"twitter\" \/>\n\t\t\t<\/a>\n<\/li><li class=\"mkd-linkedin-share\">\n\t<a itemprop=\"url\" class=\"mkd-share-link\" href=\"#\" onclick=\"popUp=window.open(&#039;http:\/\/linkedin.com\/shareArticle?mini=true&amp;url=https%3A%2F%2Fwww.icpartners.it%2Fen%2Fverso-lhub-energetico-dei-balcani-la-nuova-strategia-della-bosnia-ed-erzegovina%2F&amp;title=Verso+l%E2%80%99Hub+Energetico+dei+Balcani%3A+La+Nuova+Strategia+della+Bosnia+ed+Erzegovina&#039;, &#039;popupwindow&#039;, &#039;scrollbars=yes,width=800,height=400&#039;);popUp.focus();return false;\">\n\t\t\t\t\t<img decoding=\"async\" itemprop=\"image\" src=\"https:\/\/www.icpartners.it\/wp-content\/uploads\/2024\/03\/ic_linkedin_news.png\" alt=\"linkedin\" \/>\n\t\t\t<\/a>\n<\/li>\t<\/ul>\n<\/div>    <\/div>\n            <\/div>\n        \n        <div class=\"mkd-read-more-holder\"><a itemprop=\"url\" href=\"https:\/\/www.icpartners.it\/en\/verso-lhub-energetico-dei-balcani-la-nuova-strategia-della-bosnia-ed-erzegovina\/\" target=\"_self\" style=\"font-weight: 700\" class=\"mkd-btn mkd-btn-small mkd-btn-minimal mkd-btn-icon\"  >    <span class=\"mkd-btn-text\">Read More<\/span>    <span aria-hidden=\"true\" class=\"mkd-icon-font-elegant arrow_carrot-right\" ><\/span><\/a><\/div>\n    <\/div>\n    <\/div>\n<\/li><li class=\"mkd-blog-list-item mkd-blog-list-masonry-item\">\n    <div class=\"mkd-blog-list-item-inner\">\n        <div class=\"mkd-item-image clearfix\">\n\n            <a itemprop=\"url\" href=\"https:\/\/www.icpartners.it\/en\/bosnia-ed-erzegovina-guida-alle-riforme-fiscali-2026\/\">\n                <img loading=\"lazy\" decoding=\"async\" width=\"1200\" height=\"627\" src=\"https:\/\/www.icpartners.it\/wp-content\/uploads\/2026\/01\/Articoli-2026.png\" class=\"attachment-full size-full wp-post-image\" alt=\"\" srcset=\"https:\/\/www.icpartners.it\/wp-content\/uploads\/2026\/01\/Articoli-2026.png 1200w, https:\/\/www.icpartners.it\/wp-content\/uploads\/2026\/01\/Articoli-2026-300x157.png 300w, https:\/\/www.icpartners.it\/wp-content\/uploads\/2026\/01\/Articoli-2026-1024x535.png 1024w, https:\/\/www.icpartners.it\/wp-content\/uploads\/2026\/01\/Articoli-2026-296x155.png 296w, https:\/\/www.icpartners.it\/wp-content\/uploads\/2026\/01\/Articoli-2026-768x401.png 768w, https:\/\/www.icpartners.it\/wp-content\/uploads\/2026\/01\/Articoli-2026-18x9.png 18w\" sizes=\"auto, (max-width: 1200px) 100vw, 1200px\" \/>            <\/a>\n            <div class=\"mkd-post-info-category\"><a href=\"https:\/\/www.icpartners.it\/en\/category\/bosnia-ed-erzegovina\/\" rel=\"category tag\">Bosnia and Herzegovina<\/a> <a href=\"https:\/\/www.icpartners.it\/en\/category\/news\/\" rel=\"category tag\">News<\/a><\/div>\n        <\/div>\n        <div class=\"mkd-item-text-holder\">\n            <h4 itemprop=\"name\" class=\"mkd-item-title entry-title\">\n            <a itemprop=\"url\" href=\"https:\/\/www.icpartners.it\/en\/bosnia-ed-erzegovina-guida-alle-riforme-fiscali-2026\/\">\n                Bosnia ed Erzegovina: Guida alle Riforme Fiscali 2026            <\/a>\n        <\/h4>\n\n                    <p itemprop=\"description\" class=\"mkd-excerpt\">Il 2026 segna una tappa fondamentale per il sistema tributario della Bosnia ed Erzegovina....<\/p>\n        \n                    <div class=\"mkd-item-info-section clearfix\">\n                <div itemprop=\"dateCreated\" class=\"mkd-post-info-date entry-date updated\">\n\n    \n        January 9, 2026\n        \n    <meta itemprop=\"interactionCount\" content=\"UserComments: 0\"\/>\n\n<\/div>    <div class =\"mkd-blog-share\">\n        <div class=\"mkd-social-share-holder mkd-list\">\n\t<ul>\n\t\t<li class=\"mkd-facebook-share\">\n\t<a itemprop=\"url\" class=\"mkd-share-link\" href=\"#\" onclick=\"window.open(&#039;http:\/\/www.facebook.com\/sharer.php?u=https%3A%2F%2Fwww.icpartners.it%2Fen%2Fbosnia-ed-erzegovina-guida-alle-riforme-fiscali-2026%2F&#039;, &#039;sharer&#039;, &#039;toolbar=0,status=0,width=620,height=280&#039;);\">\n\t\t\t\t\t<img decoding=\"async\" itemprop=\"image\" src=\"https:\/\/www.icpartners.it\/wp-content\/uploads\/2024\/03\/ic_facebook_news.png\" alt=\"facebook\" \/>\n\t\t\t<\/a>\n<\/li><li class=\"mkd-twitter-share\">\n\t<a itemprop=\"url\" class=\"mkd-share-link\" href=\"#\" onclick=\"window.open(&#039;http:\/\/twitter.com\/home?status=Il+2026+segna+una+tappa+fondamentale+per+il+sistema+tributario+della+Bosnia+ed+Erzegovina.+Le+novit%C3%A0+approvate+non+https:\/\/www.icpartners.it\/en\/bosnia-ed-erzegovina-guida-alle-riforme-fiscali-2026\/&#039;, &#039;popupwindow&#039;, &#039;scrollbars=yes,width=800,height=400&#039;);\">\n\t\t\t\t\t<img decoding=\"async\" itemprop=\"image\" src=\"https:\/\/www.icpartners.it\/wp-content\/uploads\/2024\/03\/ic_twitter-x_news.png\" alt=\"twitter\" \/>\n\t\t\t<\/a>\n<\/li><li class=\"mkd-linkedin-share\">\n\t<a itemprop=\"url\" class=\"mkd-share-link\" href=\"#\" onclick=\"popUp=window.open(&#039;http:\/\/linkedin.com\/shareArticle?mini=true&amp;url=https%3A%2F%2Fwww.icpartners.it%2Fen%2Fbosnia-ed-erzegovina-guida-alle-riforme-fiscali-2026%2F&amp;title=Bosnia+ed+Erzegovina%3A+Guida+alle+Riforme+Fiscali+2026&#039;, &#039;popupwindow&#039;, &#039;scrollbars=yes,width=800,height=400&#039;);popUp.focus();return false;\">\n\t\t\t\t\t<img decoding=\"async\" itemprop=\"image\" src=\"https:\/\/www.icpartners.it\/wp-content\/uploads\/2024\/03\/ic_linkedin_news.png\" alt=\"linkedin\" \/>\n\t\t\t<\/a>\n<\/li>\t<\/ul>\n<\/div>    <\/div>\n            <\/div>\n        \n        <div class=\"mkd-read-more-holder\"><a itemprop=\"url\" href=\"https:\/\/www.icpartners.it\/en\/bosnia-ed-erzegovina-guida-alle-riforme-fiscali-2026\/\" target=\"_self\" style=\"font-weight: 700\" class=\"mkd-btn mkd-btn-small mkd-btn-minimal mkd-btn-icon\"  >    <span class=\"mkd-btn-text\">Read More<\/span>    <span aria-hidden=\"true\" class=\"mkd-icon-font-elegant arrow_carrot-right\" ><\/span><\/a><\/div>\n    <\/div>\n    <\/div>\n<\/li><li class=\"mkd-blog-list-item mkd-blog-list-masonry-item\">\n    <div class=\"mkd-blog-list-item-inner\">\n        <div class=\"mkd-item-image clearfix\">\n\n            <a itemprop=\"url\" href=\"https:\/\/www.icpartners.it\/en\/novita-in-bosnia-ed-erzegovina-dal-1-luglio-2025-si-riducono-i-contributi-previdenziali-per-le-imprese\/\">\n                <img loading=\"lazy\" decoding=\"async\" width=\"1200\" height=\"627\" src=\"https:\/\/www.icpartners.it\/wp-content\/uploads\/2025\/06\/Articoli-2025-18.png\" class=\"attachment-full size-full wp-post-image\" alt=\"\" srcset=\"https:\/\/www.icpartners.it\/wp-content\/uploads\/2025\/06\/Articoli-2025-18.png 1200w, https:\/\/www.icpartners.it\/wp-content\/uploads\/2025\/06\/Articoli-2025-18-300x157.png 300w, https:\/\/www.icpartners.it\/wp-content\/uploads\/2025\/06\/Articoli-2025-18-1024x535.png 1024w, https:\/\/www.icpartners.it\/wp-content\/uploads\/2025\/06\/Articoli-2025-18-296x155.png 296w, https:\/\/www.icpartners.it\/wp-content\/uploads\/2025\/06\/Articoli-2025-18-768x401.png 768w, https:\/\/www.icpartners.it\/wp-content\/uploads\/2025\/06\/Articoli-2025-18-18x9.png 18w\" sizes=\"auto, (max-width: 1200px) 100vw, 1200px\" \/>            <\/a>\n            <div class=\"mkd-post-info-category\"><a href=\"https:\/\/www.icpartners.it\/en\/category\/bosnia-ed-erzegovina\/\" rel=\"category tag\">Bosnia and Herzegovina<\/a> <a href=\"https:\/\/www.icpartners.it\/en\/category\/news\/\" rel=\"category tag\">News<\/a><\/div>\n        <\/div>\n        <div class=\"mkd-item-text-holder\">\n            <h4 itemprop=\"name\" class=\"mkd-item-title entry-title\">\n            <a itemprop=\"url\" href=\"https:\/\/www.icpartners.it\/en\/novita-in-bosnia-ed-erzegovina-dal-1-luglio-2025-si-riducono-i-contributi-previdenziali-per-le-imprese\/\">\n                Novit\u00e0 in Bosnia ed Erzegovina: dal 1\u00b0 luglio 2025 si riducono i contributi previdenziali per le imprese            <\/a>\n        <\/h4>\n\n                    <p itemprop=\"description\" class=\"mkd-excerpt\">Ottime notizie per le aziende che operano nella Federazione della Bosnia ed Erzegovina. A ...<\/p>\n        \n                    <div class=\"mkd-item-info-section clearfix\">\n                <div itemprop=\"dateCreated\" class=\"mkd-post-info-date entry-date updated\">\n\n    \n        June 13, 2025\n        \n    <meta itemprop=\"interactionCount\" content=\"UserComments: 0\"\/>\n\n<\/div>    <div class =\"mkd-blog-share\">\n        <div class=\"mkd-social-share-holder mkd-list\">\n\t<ul>\n\t\t<li class=\"mkd-facebook-share\">\n\t<a itemprop=\"url\" class=\"mkd-share-link\" href=\"#\" onclick=\"window.open(&#039;http:\/\/www.facebook.com\/sharer.php?u=https%3A%2F%2Fwww.icpartners.it%2Fen%2Fnovita-in-bosnia-ed-erzegovina-dal-1-luglio-2025-si-riducono-i-contributi-previdenziali-per-le-imprese%2F&#039;, &#039;sharer&#039;, &#039;toolbar=0,status=0,width=620,height=280&#039;);\">\n\t\t\t\t\t<img decoding=\"async\" itemprop=\"image\" src=\"https:\/\/www.icpartners.it\/wp-content\/uploads\/2024\/03\/ic_facebook_news.png\" alt=\"facebook\" \/>\n\t\t\t<\/a>\n<\/li><li class=\"mkd-twitter-share\">\n\t<a itemprop=\"url\" class=\"mkd-share-link\" href=\"#\" onclick=\"window.open(&#039;http:\/\/twitter.com\/home?status=Ottime+notizie+per+le+aziende+che+operano+nella+Federazione+della+Bosnia+ed+Erzegovina.+A+partire+dal+1%C2%B0+luglio+https:\/\/www.icpartners.it\/en\/novita-in-bosnia-ed-erzegovina-dal-1-luglio-2025-si-riducono-i-contributi-previdenziali-per-le-imprese\/&#039;, &#039;popupwindow&#039;, &#039;scrollbars=yes,width=800,height=400&#039;);\">\n\t\t\t\t\t<img decoding=\"async\" itemprop=\"image\" src=\"https:\/\/www.icpartners.it\/wp-content\/uploads\/2024\/03\/ic_twitter-x_news.png\" alt=\"twitter\" \/>\n\t\t\t<\/a>\n<\/li><li class=\"mkd-linkedin-share\">\n\t<a itemprop=\"url\" class=\"mkd-share-link\" href=\"#\" onclick=\"popUp=window.open(&#039;http:\/\/linkedin.com\/shareArticle?mini=true&amp;url=https%3A%2F%2Fwww.icpartners.it%2Fen%2Fnovita-in-bosnia-ed-erzegovina-dal-1-luglio-2025-si-riducono-i-contributi-previdenziali-per-le-imprese%2F&amp;title=Novit%C3%A0+in+Bosnia+ed+Erzegovina%3A+dal+1%C2%B0+luglio+2025+si+riducono+i+contributi+previdenziali+per+le+imprese&#039;, &#039;popupwindow&#039;, &#039;scrollbars=yes,width=800,height=400&#039;);popUp.focus();return false;\">\n\t\t\t\t\t<img decoding=\"async\" itemprop=\"image\" src=\"https:\/\/www.icpartners.it\/wp-content\/uploads\/2024\/03\/ic_linkedin_news.png\" alt=\"linkedin\" \/>\n\t\t\t<\/a>\n<\/li>\t<\/ul>\n<\/div>    <\/div>\n            <\/div>\n        \n        <div class=\"mkd-read-more-holder\"><a itemprop=\"url\" href=\"https:\/\/www.icpartners.it\/en\/novita-in-bosnia-ed-erzegovina-dal-1-luglio-2025-si-riducono-i-contributi-previdenziali-per-le-imprese\/\" target=\"_self\" style=\"font-weight: 700\" class=\"mkd-btn mkd-btn-small mkd-btn-minimal mkd-btn-icon\"  >    <span class=\"mkd-btn-text\">Read More<\/span>    <span aria-hidden=\"true\" class=\"mkd-icon-font-elegant arrow_carrot-right\" ><\/span><\/a><\/div>\n    <\/div>\n    <\/div>\n<\/li><li class=\"mkd-blog-list-item mkd-blog-list-masonry-item\">\n    <div class=\"mkd-blog-list-item-inner\">\n        <div class=\"mkd-item-image clearfix\">\n\n            <a itemprop=\"url\" href=\"https:\/\/www.icpartners.it\/en\/adottata-la-nuova-legge-sulla-protezione-dei-dati-personali-in-bosnia-ed-erzegovina\/\">\n                <img loading=\"lazy\" decoding=\"async\" width=\"1200\" height=\"627\" src=\"https:\/\/www.icpartners.it\/wp-content\/uploads\/2025\/04\/Articoli-2025-16.png\" class=\"attachment-full size-full wp-post-image\" alt=\"\" srcset=\"https:\/\/www.icpartners.it\/wp-content\/uploads\/2025\/04\/Articoli-2025-16.png 1200w, https:\/\/www.icpartners.it\/wp-content\/uploads\/2025\/04\/Articoli-2025-16-300x157.png 300w, https:\/\/www.icpartners.it\/wp-content\/uploads\/2025\/04\/Articoli-2025-16-1024x535.png 1024w, https:\/\/www.icpartners.it\/wp-content\/uploads\/2025\/04\/Articoli-2025-16-296x155.png 296w, https:\/\/www.icpartners.it\/wp-content\/uploads\/2025\/04\/Articoli-2025-16-768x401.png 768w, https:\/\/www.icpartners.it\/wp-content\/uploads\/2025\/04\/Articoli-2025-16-18x9.png 18w\" sizes=\"auto, (max-width: 1200px) 100vw, 1200px\" \/>            <\/a>\n            <div class=\"mkd-post-info-category\"><a href=\"https:\/\/www.icpartners.it\/en\/category\/bosnia-ed-erzegovina\/\" rel=\"category tag\">Bosnia and Herzegovina<\/a><\/div>\n        <\/div>\n        <div class=\"mkd-item-text-holder\">\n            <h4 itemprop=\"name\" class=\"mkd-item-title entry-title\">\n            <a itemprop=\"url\" href=\"https:\/\/www.icpartners.it\/en\/adottata-la-nuova-legge-sulla-protezione-dei-dati-personali-in-bosnia-ed-erzegovina\/\">\n                Adottata la nuova Legge sulla Protezione dei Dati Personali in Bosnia ed Erzegovina            <\/a>\n        <\/h4>\n\n                    <p itemprop=\"description\" class=\"mkd-excerpt\">L&#8217;8 Marzo \u00e8 entrata in vigore, in Bosnia ed Erzegovina la Legge sulla protezione de...<\/p>\n        \n                    <div class=\"mkd-item-info-section clearfix\">\n                <div itemprop=\"dateCreated\" class=\"mkd-post-info-date entry-date updated\">\n\n    \n        April 29, 2025\n        \n    <meta itemprop=\"interactionCount\" content=\"UserComments: 0\"\/>\n\n<\/div>    <div class =\"mkd-blog-share\">\n        <div class=\"mkd-social-share-holder mkd-list\">\n\t<ul>\n\t\t<li class=\"mkd-facebook-share\">\n\t<a itemprop=\"url\" class=\"mkd-share-link\" href=\"#\" onclick=\"window.open(&#039;http:\/\/www.facebook.com\/sharer.php?u=https%3A%2F%2Fwww.icpartners.it%2Fen%2Fadottata-la-nuova-legge-sulla-protezione-dei-dati-personali-in-bosnia-ed-erzegovina%2F&#039;, &#039;sharer&#039;, &#039;toolbar=0,status=0,width=620,height=280&#039;);\">\n\t\t\t\t\t<img decoding=\"async\" itemprop=\"image\" src=\"https:\/\/www.icpartners.it\/wp-content\/uploads\/2024\/03\/ic_facebook_news.png\" alt=\"facebook\" \/>\n\t\t\t<\/a>\n<\/li><li class=\"mkd-twitter-share\">\n\t<a itemprop=\"url\" class=\"mkd-share-link\" href=\"#\" onclick=\"window.open(&#039;http:\/\/twitter.com\/home?status=L%26%238217%3B8+Marzo+%C3%A8+entrata+in+vigore%2C+in+Bosnia+ed+Erzegovina+la+Legge+sulla+protezione+dei+dati+personali%2C+https:\/\/www.icpartners.it\/en\/adottata-la-nuova-legge-sulla-protezione-dei-dati-personali-in-bosnia-ed-erzegovina\/&#039;, &#039;popupwindow&#039;, &#039;scrollbars=yes,width=800,height=400&#039;);\">\n\t\t\t\t\t<img decoding=\"async\" itemprop=\"image\" src=\"https:\/\/www.icpartners.it\/wp-content\/uploads\/2024\/03\/ic_twitter-x_news.png\" alt=\"twitter\" \/>\n\t\t\t<\/a>\n<\/li><li class=\"mkd-linkedin-share\">\n\t<a itemprop=\"url\" class=\"mkd-share-link\" href=\"#\" onclick=\"popUp=window.open(&#039;http:\/\/linkedin.com\/shareArticle?mini=true&amp;url=https%3A%2F%2Fwww.icpartners.it%2Fen%2Fadottata-la-nuova-legge-sulla-protezione-dei-dati-personali-in-bosnia-ed-erzegovina%2F&amp;title=Adottata+la+nuova+Legge+sulla+Protezione+dei+Dati+Personali+in+Bosnia+ed+Erzegovina&#039;, &#039;popupwindow&#039;, &#039;scrollbars=yes,width=800,height=400&#039;);popUp.focus();return false;\">\n\t\t\t\t\t<img decoding=\"async\" itemprop=\"image\" src=\"https:\/\/www.icpartners.it\/wp-content\/uploads\/2024\/03\/ic_linkedin_news.png\" alt=\"linkedin\" \/>\n\t\t\t<\/a>\n<\/li>\t<\/ul>\n<\/div>    <\/div>\n            <\/div>\n        \n        <div class=\"mkd-read-more-holder\"><a itemprop=\"url\" href=\"https:\/\/www.icpartners.it\/en\/adottata-la-nuova-legge-sulla-protezione-dei-dati-personali-in-bosnia-ed-erzegovina\/\" target=\"_self\" style=\"font-weight: 700\" class=\"mkd-btn mkd-btn-small mkd-btn-minimal mkd-btn-icon\"  >    <span class=\"mkd-btn-text\">Read More<\/span>    <span aria-hidden=\"true\" class=\"mkd-icon-font-elegant arrow_carrot-right\" ><\/span><\/a><\/div>\n    <\/div>\n    <\/div>\n<\/li>    <\/ul>\n<\/div>\n<div class=\"vc_empty_space\"   style=\"height: 32px\"><span class=\"vc_empty_space_inner\"><\/span><\/div><div data-mkd-parallax-speed=\"1\" class=\"vc_row wpb_row vc_inner vc_row-fluid mkd-section mkd-content-aligment-left\" style=\"\"><div class=\"mkd-full-section-inner\"><div class=\"wpb_column vc_column_container vc_col-sm-12\"><div class=\"vc_column-inner\"><div class=\"wpb_wrapper\"><div class=\"mkd-st mkd-content-aligment-left\">\n    <div class=\"mkd-st-inner\">\n        <div class=\"mkd-st-title-holder\">\n            <h4 class=\"mkd-st-title\">\n            <span>Next Events<\/span>\n        <\/h4>\n    <\/div>\n\n    <div class=\"mkd-separator-holder clearfix  mkd-separator-left\">\n\t<div class=\"mkd-separator\" style=\"width: 40px;border-bottom-width: 2px;margin-top: 0px;margin-bottom: 30px\"><\/div>\n<\/div>\n\n    <div class=\"mkd-st-text-holder\" mkd-content-aligment-left>\n        <span class=\"mkd-st-text-text\"><\/span>\n    <\/div>\n<\/div>\n<\/div>\n\t<div class=\"wpb_text_column wpb_content_element\" >\n\t\t<div class=\"wpb_wrapper\">\n\t\t\t<p style=\"text-align: center;\">\t\t<div class=\"em em-view-container\" id=\"em-view-1227513803\" data-view=\"calendar\">\r\n\t\t\t<div class=\"em pixelbones em-calendar preview-modal responsive-dateclick-modal size-small this-month\" data-scope=\"all\" data-preview-tooltips-trigger=\"\" id=\"em-calendar-1227513803\" data-view-id=\"1227513803\" data-view-type=\"calendar\" data-month=\"05\" data-year=\"2026\" data-timezone=\"\">\n\t<section class=\"em-cal-nav em-cal-nav-normal\">\n\t\t\t<div class=\"month input\">\n\t\t\t\t\t<form action=\"\" method=\"get\" data-trp-original-action=\"\">\n\t\t\t\t<input type=\"month\" class=\"em-month-picker\" value=\"2026-05\" data-month-value=\"May 2026\">\n\t\t\t\t<span class=\"toggle\"><\/span>\n\t\t\t<input type=\"hidden\" name=\"trp-form-language\" value=\"en\"\/><\/form>\n\t\t\t<\/div>\n\t\t\t<div class=\"month-nav input\">\n\t\t<a class=\"em-calnav em-calnav-prev\" href=\"\/en\/wp-json\/wp\/v2\/pages\/10156?mo=4&#038;yr=2026\" data-disabled=\"0\" >\n\t\t\t<svg viewbox=\"0 0 15 15\" xmlns=\"http:\/\/www.w3.org\/2000\/svg\"><path d=\"M10 14L3 7.5L10 1\" stroke=\"#555\" stroke-linecap=\"square\"><\/path><\/svg>\n\t\t<\/a>\n\t\t\t\t\t<a href=\"\" class=\"em-calnav-today button button-secondary size-large size-medium is-today\" >\n\t\t\t\tToday\t\t\t<\/a>\n\t\t\t\t<a class=\"em-calnav em-calnav-next\" href=\"\/en\/wp-json\/wp\/v2\/pages\/10156?mo=6&#038;yr=2026\" data-disabled=\"0\" >\n\t\t\t<svg viewbox=\"0 0 15 15\" xmlns=\"http:\/\/www.w3.org\/2000\/svg\"><path d=\"M5 14L12 7.5L5 1\" stroke=\"#555\" stroke-linecap=\"square\"><\/path><\/svg>\n\t\t<\/a>\n\t<\/div>\n\t<\/section><section class=\"em-cal-head em-cal-week-days em-cal-days size-large\">\n\t\t\t<div class=\"em-cal-day em-cal-col-0\">Mon<\/div>\n\t\t\t\t<div class=\"em-cal-day em-cal-col-1\">Tue<\/div>\n\t\t\t\t<div class=\"em-cal-day em-cal-col-2\">Wed<\/div>\n\t\t\t\t<div class=\"em-cal-day em-cal-col-3\">Thu<\/div>\n\t\t\t\t<div class=\"em-cal-day em-cal-col-4\">Fri<\/div>\n\t\t\t\t<div class=\"em-cal-day em-cal-col-5\">Sat<\/div>\n\t\t\t\t<div class=\"em-cal-day em-cal-col-6\">Sun<\/div>\n\t\t<\/section>\n<section class=\"em-cal-head em-cal-week-days em-cal-days size-small size-medium\">\n\t\t\t<div class=\"em-cal-day em-cal-col-0\">M<\/div>\n\t\t\t\t<div class=\"em-cal-day em-cal-col-1\">T<\/div>\n\t\t\t\t<div class=\"em-cal-day em-cal-col-2\">W<\/div>\n\t\t\t\t<div class=\"em-cal-day em-cal-col-3\">T<\/div>\n\t\t\t\t<div class=\"em-cal-day em-cal-col-4\">F<\/div>\n\t\t\t\t<div class=\"em-cal-day em-cal-col-5\">S<\/div>\n\t\t\t\t<div class=\"em-cal-day em-cal-col-6\">S<\/div>\n\t\t<\/section><section class=\"em-cal-body em-cal-days event-style-pill even-aspect\">\n\t\t\t<div class=\"eventless-pre em-cal-day em-cal-col-1\">\n\t\t\t\t\t\t\t<div class=\"em-cal-day-date\">\n\t\t\t\t\t<span>27<\/span>\n\t\t\t\t<\/div>\n\t\t\t\t\t<\/div>\n\t\t\t\t<div class=\"eventless-pre em-cal-day em-cal-col-2\">\n\t\t\t\t\t\t\t<div class=\"em-cal-day-date\">\n\t\t\t\t\t<span>28<\/span>\n\t\t\t\t<\/div>\n\t\t\t\t\t<\/div>\n\t\t\t\t<div class=\"eventless-pre em-cal-day em-cal-col-3\">\n\t\t\t\t\t\t\t<div class=\"em-cal-day-date\">\n\t\t\t\t\t<span>29<\/span>\n\t\t\t\t<\/div>\n\t\t\t\t\t<\/div>\n\t\t\t\t<div class=\"eventless-pre em-cal-day em-cal-col-4\">\n\t\t\t\t\t\t\t<div class=\"em-cal-day-date\">\n\t\t\t\t\t<span>30<\/span>\n\t\t\t\t<\/div>\n\t\t\t\t\t<\/div>\n\t\t\t\t<div class=\"eventless-today em-cal-day em-cal-col-5\">\n\t\t\t\t\t\t\t<div class=\"em-cal-day-date\">\n\t\t\t\t\t<span>1<\/span>\n\t\t\t\t<\/div>\n\t\t\t\t\t<\/div>\n\t\t\t\t<div class=\"eventless em-cal-day em-cal-col-6\">\n\t\t\t\t\t\t\t<div class=\"em-cal-day-date\">\n\t\t\t\t\t<span>2<\/span>\n\t\t\t\t<\/div>\n\t\t\t\t\t<\/div>\n\t\t\t\t<div class=\"eventless em-cal-day em-cal-col-7\">\n\t\t\t\t\t\t\t<div class=\"em-cal-day-date\">\n\t\t\t\t\t<span>3<\/span>\n\t\t\t\t<\/div>\n\t\t\t\t\t<\/div>\n\t\t\t\t<div class=\"eventless em-cal-day em-cal-col-1\">\n\t\t\t\t\t\t\t<div class=\"em-cal-day-date\">\n\t\t\t\t\t<span>4<\/span>\n\t\t\t\t<\/div>\n\t\t\t\t\t<\/div>\n\t\t\t\t<div class=\"eventless em-cal-day em-cal-col-2\">\n\t\t\t\t\t\t\t<div class=\"em-cal-day-date\">\n\t\t\t\t\t<span>5<\/span>\n\t\t\t\t<\/div>\n\t\t\t\t\t<\/div>\n\t\t\t\t<div class=\"eventless em-cal-day em-cal-col-3\">\n\t\t\t\t\t\t\t<div class=\"em-cal-day-date\">\n\t\t\t\t\t<span>6<\/span>\n\t\t\t\t<\/div>\n\t\t\t\t\t<\/div>\n\t\t\t\t<div class=\"eventless em-cal-day em-cal-col-4\">\n\t\t\t\t\t\t\t<div class=\"em-cal-day-date\">\n\t\t\t\t\t<span>7<\/span>\n\t\t\t\t<\/div>\n\t\t\t\t\t<\/div>\n\t\t\t\t<div class=\"eventless em-cal-day em-cal-col-5\">\n\t\t\t\t\t\t\t<div class=\"em-cal-day-date\">\n\t\t\t\t\t<span>8<\/span>\n\t\t\t\t<\/div>\n\t\t\t\t\t<\/div>\n\t\t\t\t<div class=\"eventless em-cal-day em-cal-col-6\">\n\t\t\t\t\t\t\t<div class=\"em-cal-day-date\">\n\t\t\t\t\t<span>9<\/span>\n\t\t\t\t<\/div>\n\t\t\t\t\t<\/div>\n\t\t\t\t<div class=\"eventless em-cal-day em-cal-col-7\">\n\t\t\t\t\t\t\t<div class=\"em-cal-day-date\">\n\t\t\t\t\t<span>10<\/span>\n\t\t\t\t<\/div>\n\t\t\t\t\t<\/div>\n\t\t\t\t<div class=\"eventless em-cal-day em-cal-col-1\">\n\t\t\t\t\t\t\t<div class=\"em-cal-day-date\">\n\t\t\t\t\t<span>11<\/span>\n\t\t\t\t<\/div>\n\t\t\t\t\t<\/div>\n\t\t\t\t<div class=\"eventless em-cal-day em-cal-col-2\">\n\t\t\t\t\t\t\t<div class=\"em-cal-day-date\">\n\t\t\t\t\t<span>12<\/span>\n\t\t\t\t<\/div>\n\t\t\t\t\t<\/div>\n\t\t\t\t<div class=\"eventless em-cal-day em-cal-col-3\">\n\t\t\t\t\t\t\t<div class=\"em-cal-day-date\">\n\t\t\t\t\t<span>13<\/span>\n\t\t\t\t<\/div>\n\t\t\t\t\t<\/div>\n\t\t\t\t<div class=\"eventless em-cal-day em-cal-col-4\">\n\t\t\t\t\t\t\t<div class=\"em-cal-day-date\">\n\t\t\t\t\t<span>14<\/span>\n\t\t\t\t<\/div>\n\t\t\t\t\t<\/div>\n\t\t\t\t<div class=\"eventless em-cal-day em-cal-col-5\">\n\t\t\t\t\t\t\t<div class=\"em-cal-day-date\">\n\t\t\t\t\t<span>15<\/span>\n\t\t\t\t<\/div>\n\t\t\t\t\t<\/div>\n\t\t\t\t<div class=\"eventless em-cal-day em-cal-col-6\">\n\t\t\t\t\t\t\t<div class=\"em-cal-day-date\">\n\t\t\t\t\t<span>16<\/span>\n\t\t\t\t<\/div>\n\t\t\t\t\t<\/div>\n\t\t\t\t<div class=\"eventless em-cal-day em-cal-col-7\">\n\t\t\t\t\t\t\t<div class=\"em-cal-day-date\">\n\t\t\t\t\t<span>17<\/span>\n\t\t\t\t<\/div>\n\t\t\t\t\t<\/div>\n\t\t\t\t<div class=\"eventless em-cal-day em-cal-col-1\">\n\t\t\t\t\t\t\t<div class=\"em-cal-day-date\">\n\t\t\t\t\t<span>18<\/span>\n\t\t\t\t<\/div>\n\t\t\t\t\t<\/div>\n\t\t\t\t<div class=\"eventless em-cal-day em-cal-col-2\">\n\t\t\t\t\t\t\t<div class=\"em-cal-day-date\">\n\t\t\t\t\t<span>19<\/span>\n\t\t\t\t<\/div>\n\t\t\t\t\t<\/div>\n\t\t\t\t<div class=\"eventless em-cal-day em-cal-col-3\">\n\t\t\t\t\t\t\t<div class=\"em-cal-day-date\">\n\t\t\t\t\t<span>20<\/span>\n\t\t\t\t<\/div>\n\t\t\t\t\t<\/div>\n\t\t\t\t<div class=\"eventless em-cal-day em-cal-col-4\">\n\t\t\t\t\t\t\t<div class=\"em-cal-day-date\">\n\t\t\t\t\t<span>21<\/span>\n\t\t\t\t<\/div>\n\t\t\t\t\t<\/div>\n\t\t\t\t<div class=\"eventless em-cal-day em-cal-col-5\">\n\t\t\t\t\t\t\t<div class=\"em-cal-day-date\">\n\t\t\t\t\t<span>22<\/span>\n\t\t\t\t<\/div>\n\t\t\t\t\t<\/div>\n\t\t\t\t<div class=\"eventless em-cal-day em-cal-col-6\">\n\t\t\t\t\t\t\t<div class=\"em-cal-day-date\">\n\t\t\t\t\t<span>23<\/span>\n\t\t\t\t<\/div>\n\t\t\t\t\t<\/div>\n\t\t\t\t<div class=\"eventless em-cal-day em-cal-col-7\">\n\t\t\t\t\t\t\t<div class=\"em-cal-day-date\">\n\t\t\t\t\t<span>24<\/span>\n\t\t\t\t<\/div>\n\t\t\t\t\t<\/div>\n\t\t\t\t<div class=\"eventless em-cal-day em-cal-col-1\">\n\t\t\t\t\t\t\t<div class=\"em-cal-day-date\">\n\t\t\t\t\t<span>25<\/span>\n\t\t\t\t<\/div>\n\t\t\t\t\t<\/div>\n\t\t\t\t<div class=\"eventless em-cal-day em-cal-col-2\">\n\t\t\t\t\t\t\t<div class=\"em-cal-day-date\">\n\t\t\t\t\t<span>26<\/span>\n\t\t\t\t<\/div>\n\t\t\t\t\t<\/div>\n\t\t\t\t<div class=\"eventless em-cal-day em-cal-col-3\">\n\t\t\t\t\t\t\t<div class=\"em-cal-day-date\">\n\t\t\t\t\t<span>27<\/span>\n\t\t\t\t<\/div>\n\t\t\t\t\t<\/div>\n\t\t\t\t<div class=\"eventless em-cal-day em-cal-col-4\">\n\t\t\t\t\t\t\t<div class=\"em-cal-day-date\">\n\t\t\t\t\t<span>28<\/span>\n\t\t\t\t<\/div>\n\t\t\t\t\t<\/div>\n\t\t\t\t<div class=\"eventless em-cal-day em-cal-col-5\">\n\t\t\t\t\t\t\t<div class=\"em-cal-day-date\">\n\t\t\t\t\t<span>29<\/span>\n\t\t\t\t<\/div>\n\t\t\t\t\t<\/div>\n\t\t\t\t<div class=\"eventless em-cal-day em-cal-col-6\">\n\t\t\t\t\t\t\t<div class=\"em-cal-day-date\">\n\t\t\t\t\t<span>30<\/span>\n\t\t\t\t<\/div>\n\t\t\t\t\t<\/div>\n\t\t\t\t<div class=\"eventless em-cal-day em-cal-col-7\">\n\t\t\t\t\t\t\t<div class=\"em-cal-day-date\">\n\t\t\t\t\t<span>31<\/span>\n\t\t\t\t<\/div>\n\t\t\t\t\t<\/div>\n\t\t<\/section><section class=\"em-cal-events-content\" id=\"em-cal-events-content-1227513803\">\n\t\t\t\t\t\t\t\t\t\t\t\t\t\t\t\t\t\t\t\t\t\t\t\t\t\t\t\t\t\t\t\t\t\t\t\t\t\t\t\t\t\t\t\t\t\t\t\t\t\t\t\t\t\t\t\t\t\t\t\t\t\t\t\t\t\t\t\t\t\t\t\t\t\t\t\t\t\t\t\t\t\t\t\t\t\t\t\t\t\t\t\t\t\t\t\t\t\t\t\t\t\t\t\t\t\t\t\t\t\t\t\t\t<\/section><\/div>\n<script>\n\t{\n\t\tlet el = document.getElementById('em-calendar-1227513803').querySelector('.em-cal-body');\n\t\tlet width = el.firstElementChild.getBoundingClientRect().width;\n\t\tif (width > 0) {\n\t\t\tel.style.setProperty('--grid-auto-rows', 'minmax(' + width + 'px, auto)');\n\t\t}\n\t}\n<\/script>\t\t\t<div class=\"em-view-custom-data\" id=\"em-view-custom-data-1227513803\">\r\n\t\t\t\t\t\t\t\t<form class=\"em-view-custom-data-search\" id=\"em-view-custom-data-search-1227513803\" action=\"\">\r\n\t\t\t\t\t\t\t\t\t\t<input type=\"hidden\" name=\"css\" value=\"1\">\r\n\t\t\t\t\t\t\t\t\t\t<input type=\"hidden\" name=\"search_action\" value=\"search_events\">\r\n\t\t\t\t\t\t\t\t\t\t<input type=\"hidden\" name=\"search_advanced_text\" value=\"Show Advanced Search\">\r\n\t\t\t\t\t\t\t\t\t\t<input type=\"hidden\" name=\"search_text_show\" value=\"Show Advanced Search\">\r\n\t\t\t\t\t\t\t\t\t\t<input type=\"hidden\" name=\"search_text_hide\" value=\"Hide Advanced Search\">\r\n\t\t\t\t\t\t\t\t\t\t<input type=\"hidden\" name=\"search_button\" value=\"Search\">\r\n\t\t\t\t\t\t\t\t\t\t<input type=\"hidden\" name=\"saved_searches\" value=\"\">\r\n\t\t\t\t\t\t\t\t\t\t<input type=\"hidden\" name=\"search_advanced_style\" value=\"accordion\">\r\n\t\t\t\t\t\t\t\t\t\t<input type=\"hidden\" name=\"search_multiselect_style\" value=\"always-open\">\r\n\t\t\t\t\t\t\t\t\t\t<input type=\"hidden\" name=\"sorting\" value=\"\">\r\n\t\t\t\t\t\t\t\t\t\t<input type=\"hidden\" name=\"search_term_main\" value=\"1\">\r\n\t\t\t\t\t\t\t\t\t\t<input type=\"hidden\" name=\"search_term\" value=\"1\">\r\n\t\t\t\t\t\t\t\t\t\t<input type=\"hidden\" name=\"search_term_label\" value=\"Search\">\r\n\t\t\t\t\t\t\t\t\t\t<input type=\"hidden\" name=\"search_term_advanced\" value=\"1\">\r\n\t\t\t\t\t\t\t\t\t\t<input type=\"hidden\" name=\"search_term_label_advanced\" value=\"Search\">\r\n\t\t\t\t\t\t\t\t\t\t<input type=\"hidden\" name=\"search_geo\" value=\"1\">\r\n\t\t\t\t\t\t\t\t\t\t<input type=\"hidden\" name=\"geo_label\" value=\"Near...\">\r\n\t\t\t\t\t\t\t\t\t\t<input type=\"hidden\" name=\"search_geo_advanced\" value=\"1\">\r\n\t\t\t\t\t\t\t\t\t\t<input type=\"hidden\" name=\"geo_label_advanced\" value=\"Near...\">\r\n\t\t\t\t\t\t\t\t\t\t<input type=\"hidden\" name=\"search_geo_units\" value=\"1\">\r\n\t\t\t\t\t\t\t\t\t\t<input type=\"hidden\" name=\"geo_units_label\" value=\"Within\">\r\n\t\t\t\t\t\t\t\t\t\t<input type=\"hidden\" name=\"geo_distance_values\" value=\"5,10,25,50,100\">\r\n\t\t\t\t\t\t\t\t\t\t<input type=\"hidden\" name=\"search_scope\" value=\"1\">\r\n\t\t\t\t\t\t\t\t\t\t<input type=\"hidden\" name=\"scope_label\" value=\"Dates\">\r\n\t\t\t\t\t\t\t\t\t\t<input type=\"hidden\" name=\"scope_seperator\" value=\"and\">\r\n\t\t\t\t\t\t\t\t\t\t<input type=\"hidden\" name=\"scope_format\" value=\"M j\">\r\n\t\t\t\t\t\t\t\t\t\t<input type=\"hidden\" name=\"search_scope_advanced\" value=\"1\">\r\n\t\t\t\t\t\t\t\t\t\t<input type=\"hidden\" name=\"scope_label_advanced\" value=\"Dates\">\r\n\t\t\t\t\t\t\t\t\t\t<input type=\"hidden\" name=\"scope_seperator_advanced\" value=\"and\">\r\n\t\t\t\t\t\t\t\t\t\t<input type=\"hidden\" name=\"scope_format_advanced\" value=\"M j\">\r\n\t\t\t\t\t\t\t\t\t\t<input type=\"hidden\" name=\"search_eventful_main\" value=\"0\">\r\n\t\t\t\t\t\t\t\t\t\t<input type=\"hidden\" name=\"search_eventful\" value=\"0\">\r\n\t\t\t\t\t\t\t\t\t\t<input type=\"hidden\" name=\"search_eventful_locations_label\" value=\"Eventful Locations?\">\r\n\t\t\t\t\t\t\t\t\t\t<input type=\"hidden\" name=\"search_eventful_locations_tooltip\" value=\"Display only locations with upcoming events.\">\r\n\t\t\t\t\t\t\t\t\t\t<input type=\"hidden\" name=\"search_categories\" value=\"1\">\r\n\t\t\t\t\t\t\t\t\t\t<input type=\"hidden\" name=\"category_label\" value=\"Category\">\r\n\t\t\t\t\t\t\t\t\t\t<input type=\"hidden\" name=\"categories_label\" value=\"All Categories\">\r\n\t\t\t\t\t\t\t\t\t\t<input type=\"hidden\" name=\"categories_placeholder\" value=\"Search Categories...\">\r\n\t\t\t\t\t\t\t\t\t\t<input type=\"hidden\" name=\"categories_clear_text\" value=\"Clear Selected\">\r\n\t\t\t\t\t\t\t\t\t\t<input type=\"hidden\" name=\"categories_count_text\" value=\"%d Selected\">\r\n\t\t\t\t\t\t\t\t\t\t<input type=\"hidden\" name=\"categories_include\" value=\"\">\r\n\t\t\t\t\t\t\t\t\t\t<input type=\"hidden\" name=\"categories_exclude\" value=\"\">\r\n\t\t\t\t\t\t\t\t\t\t<input type=\"hidden\" name=\"search_tags\" value=\"0\">\r\n\t\t\t\t\t\t\t\t\t\t<input type=\"hidden\" name=\"tag_label\" value=\"Tags\">\r\n\t\t\t\t\t\t\t\t\t\t<input type=\"hidden\" name=\"tags_label\" value=\"All Tags\">\r\n\t\t\t\t\t\t\t\t\t\t<input type=\"hidden\" name=\"tags_placeholder\" value=\"Search Tags...\">\r\n\t\t\t\t\t\t\t\t\t\t<input type=\"hidden\" name=\"tags_clear_text\" value=\"Clear Selected\">\r\n\t\t\t\t\t\t\t\t\t\t<input type=\"hidden\" name=\"tags_count_text\" value=\"%d Selected\">\r\n\t\t\t\t\t\t\t\t\t\t<input type=\"hidden\" name=\"tags_include\" value=\"\">\r\n\t\t\t\t\t\t\t\t\t\t<input type=\"hidden\" name=\"tags_exclude\" value=\"\">\r\n\t\t\t\t\t\t\t\t\t\t<input type=\"hidden\" name=\"search_countries\" value=\"1\">\r\n\t\t\t\t\t\t\t\t\t\t<input type=\"hidden\" name=\"country_label\" value=\"Country\">\r\n\t\t\t\t\t\t\t\t\t\t<input type=\"hidden\" name=\"countries_label\" value=\"All Countries\">\r\n\t\t\t\t\t\t\t\t\t\t<input type=\"hidden\" name=\"search_regions\" value=\"1\">\r\n\t\t\t\t\t\t\t\t\t\t<input type=\"hidden\" name=\"region_label\" value=\"Region\">\r\n\t\t\t\t\t\t\t\t\t\t<input type=\"hidden\" name=\"search_states\" value=\"1\">\r\n\t\t\t\t\t\t\t\t\t\t<input type=\"hidden\" name=\"state_label\" value=\"State\/County\">\r\n\t\t\t\t\t\t\t\t\t\t<input type=\"hidden\" name=\"search_towns\" value=\"0\">\r\n\t\t\t\t\t\t\t\t\t\t<input type=\"hidden\" name=\"town_label\" value=\"City\/Town\">\r\n\t\t\t\t\t\t\t\t\t\t<input type=\"hidden\" name=\"show_main\" value=\"1\">\r\n\t\t\t\t\t\t\t\t\t\t<input type=\"hidden\" name=\"show_advanced\" value=\"1\">\r\n\t\t\t\t\t\t\t\t\t\t<input type=\"hidden\" name=\"advanced_mode\" value=\"modal\">\r\n\t\t\t\t\t\t\t\t\t\t<input type=\"hidden\" name=\"advanced_hidden\" value=\"1\">\r\n\t\t\t\t\t\t\t\t\t\t<input type=\"hidden\" name=\"advanced_trigger\" value=\"1\">\r\n\t\t\t\t\t\t\t\t\t\t<input type=\"hidden\" name=\"main_classes\" value=\"css-search,em-search-legacy,has-search-term,has-search-geo,has-search-main,has-advanced,advanced-hidden\">\r\n\t\t\t\t\t\t\t\t\t\t<input type=\"hidden\" name=\"css_classes_advanced\" value=\"\">\r\n\t\t\t\t\t\t\t\t\t\t<input type=\"hidden\" name=\"id\" value=\"1227513803\">\r\n\t\t\t\t\t\t\t\t\t\t<input type=\"hidden\" name=\"scope\" value=\"all\">\r\n\t\t\t\t\t\t\t\t\t\t<input type=\"hidden\" name=\"calendar_size\" value=\"\">\r\n\t\t\t\t\t\t\t\t\t\t<input type=\"hidden\" name=\"has_advanced_trigger\" value=\"0\">\r\n\t\t\t\t\t\t\t\t\t<input type=\"hidden\" name=\"trp-form-language\" value=\"en\"\/><\/form>\r\n\t\t\t\t<form class=\"em-view-custom-data-calendar\" id=\"em-view-custom-data-calendar-1227513803\" action=\"\">\r\n\t\t\t\t\t\t\t\t\t\t\t<input type=\"hidden\" name=\"id\" value=\"1227513803\">\r\n\t\t\t\t\t\t\t\t\t\t\t<input type=\"hidden\" name=\"scope\" value=\"all\">\r\n\t\t\t\t\t\t\t\t\t\t\t<input type=\"hidden\" name=\"calendar_size\" value=\"\">\r\n\t\t\t\t\t\t\t\t\t\t\t<input type=\"hidden\" name=\"has_advanced_trigger\" value=\"0\">\r\n\t\t\t\t\t\t\t\t\t<input type=\"hidden\" name=\"trp-form-language\" value=\"en\"\/><\/form>\r\n\t\t\t<\/div>\r\n\t\t<\/div>\n\n\t\t<\/div>\n\t<\/div>\n<\/div><\/div><\/div><\/div><\/div><div class=\"vc_empty_space\"   style=\"height: 32px\"><span class=\"vc_empty_space_inner\"><\/span><\/div><\/div><\/div><\/div><\/div><\/div><div class=\"vc_row wpb_row vc_row-fluid mkd-section mkd-content-aligment-left\" style=\"\"><div class=\"clearfix mkd-full-section-inner\"><div class=\"wpb_column vc_column_container vc_col-sm-12\"><div class=\"vc_column-inner\"><div class=\"wpb_wrapper\"><div class=\"vc_empty_space\"   style=\"height: 32px\"><span class=\"vc_empty_space_inner\"><\/span><\/div><\/div><\/div><\/div><\/div><\/div>\n<\/div>","protected":false},"excerpt":{"rendered":"L'8 Marzo \u00e8 entrata in vigore, in Bosnia ed Erzegovina la Legge sulla protezione dei dati personali, pubblicata sulla Gazzetta Ufficiale della BiH n. 12\/2025. La sua applicazione inizier\u00e0 dopo 210 giorni dalla sua entrata in vigore, ovvero dal 4 ottobre 2025. L\u2019introduzione di questa...","protected":false},"author":1,"featured_media":0,"parent":0,"menu_order":0,"comment_status":"closed","ping_status":"closed","template":"","meta":{"content-type":"","footnotes":""},"class_list":["post-10156","page","type-page","status-publish","hentry"],"_links":{"self":[{"href":"https:\/\/www.icpartners.it\/en\/wp-json\/wp\/v2\/pages\/10156","targetHints":{"allow":["GET"]}}],"collection":[{"href":"https:\/\/www.icpartners.it\/en\/wp-json\/wp\/v2\/pages"}],"about":[{"href":"https:\/\/www.icpartners.it\/en\/wp-json\/wp\/v2\/types\/page"}],"author":[{"embeddable":true,"href":"https:\/\/www.icpartners.it\/en\/wp-json\/wp\/v2\/users\/1"}],"replies":[{"embeddable":true,"href":"https:\/\/www.icpartners.it\/en\/wp-json\/wp\/v2\/comments?post=10156"}],"version-history":[{"count":1,"href":"https:\/\/www.icpartners.it\/en\/wp-json\/wp\/v2\/pages\/10156\/revisions"}],"predecessor-version":[{"id":10159,"href":"https:\/\/www.icpartners.it\/en\/wp-json\/wp\/v2\/pages\/10156\/revisions\/10159"}],"wp:attachment":[{"href":"https:\/\/www.icpartners.it\/en\/wp-json\/wp\/v2\/media?parent=10156"}],"curies":[{"name":"wp","href":"https:\/\/api.w.org\/{rel}","templated":true}]}}