{"id":10225,"date":"2019-11-18T16:35:54","date_gmt":"2019-11-18T16:35:54","guid":{"rendered":"http:\/\/www.icpartners.it\/?page_id=10225"},"modified":"2019-11-18T16:35:54","modified_gmt":"2019-11-18T16:35:54","slug":"news-ungheria","status":"publish","type":"page","link":"https:\/\/www.icpartners.it\/en\/news-ungheria\/","title":{"rendered":"News | Ungheria"},"content":{"rendered":"<div class=\"wpb-content-wrapper\"><div class=\"vc_row wpb_row vc_row-fluid mkd-section vc_custom_1568236821020 mkd-content-aligment-left\" style=\"\"><div class=\"clearfix mkd-full-section-inner\"><div class=\"wpb_column vc_column_container vc_col-sm-9\"><div class=\"vc_column-inner\"><div class=\"wpb_wrapper\">\n<div class=\"mkd-blog-list-holder mkd-boxes  mkd-column-3\">\n    <ul class=\"mkd-blog-list\">\n        <li class=\"mkd-blog-list-item clearfix\">\n    <div class=\"mkd-blog-list-item-inner\">\n        <div class=\"mkd-item-image\">\n            <a itemprop=\"url\" href=\"https:\/\/www.icpartners.it\/en\/ungheria-hub-dellautomotive-elettrico-europeo\/\">\n                <img loading=\"lazy\" decoding=\"async\" width=\"1200\" height=\"627\" src=\"https:\/\/www.icpartners.it\/wp-content\/uploads\/2024\/12\/Articoli-2024-34.png\" class=\"attachment-full size-full wp-post-image\" alt=\"\" srcset=\"https:\/\/www.icpartners.it\/wp-content\/uploads\/2024\/12\/Articoli-2024-34.png 1200w, https:\/\/www.icpartners.it\/wp-content\/uploads\/2024\/12\/Articoli-2024-34-300x157.png 300w, https:\/\/www.icpartners.it\/wp-content\/uploads\/2024\/12\/Articoli-2024-34-1024x535.png 1024w, https:\/\/www.icpartners.it\/wp-content\/uploads\/2024\/12\/Articoli-2024-34-296x155.png 296w, https:\/\/www.icpartners.it\/wp-content\/uploads\/2024\/12\/Articoli-2024-34-768x401.png 768w, https:\/\/www.icpartners.it\/wp-content\/uploads\/2024\/12\/Articoli-2024-34-18x9.png 18w\" sizes=\"auto, (max-width: 1200px) 100vw, 1200px\" \/>            <\/a>\n        <\/div>\n        <div class=\"mkd-item-text-holder\" >\n        <h4 itemprop=\"name\" class=\"mkd-item-title entry-title\">\n        <a itemprop=\"url\" href=\"https:\/\/www.icpartners.it\/en\/ungheria-hub-dellautomotive-elettrico-europeo\/\">\n            Ungheria: Hub dell\u2019Automotive Elettrico Europeo        <\/a>\n    <\/h4>\n\n            <p itemprop=\"description\" class=\"mkd-excerpt\">Chi avrebbe mai detto che l\u2019Ungheria, un Paese di soli 10 milioni di abitanti e senza un...<\/p>\n    \n            <div class=\"mkd-item-info-section clearfix\">\n            <div itemprop=\"dateCreated\" class=\"mkd-post-info-date entry-date updated\">\n\n    \n        December 19, 2024\n        \n    <meta itemprop=\"interactionCount\" content=\"UserComments: 0\"\/>\n\n<\/div><div class=\"mkd-post-info-category\"><a href=\"https:\/\/www.icpartners.it\/en\/category\/news\/\" rel=\"category tag\">News<\/a> <a href=\"https:\/\/www.icpartners.it\/en\/category\/ungheria\/\" rel=\"category tag\">HUNGARY<\/a><\/div>    <div class =\"mkd-blog-share\">\n        <div class=\"mkd-social-share-holder mkd-list\">\n\t<ul>\n\t\t<li class=\"mkd-facebook-share\">\n\t<a itemprop=\"url\" class=\"mkd-share-link\" href=\"#\" onclick=\"window.open(&#039;http:\/\/www.facebook.com\/sharer.php?u=https%3A%2F%2Fwww.icpartners.it%2Fen%2Fungheria-hub-dellautomotive-elettrico-europeo%2F&#039;, &#039;sharer&#039;, &#039;toolbar=0,status=0,width=620,height=280&#039;);\">\n\t\t\t\t\t<img decoding=\"async\" itemprop=\"image\" src=\"https:\/\/www.icpartners.it\/wp-content\/uploads\/2024\/03\/ic_facebook_news.png\" alt=\"facebook\" \/>\n\t\t\t<\/a>\n<\/li><li class=\"mkd-twitter-share\">\n\t<a itemprop=\"url\" class=\"mkd-share-link\" href=\"#\" onclick=\"window.open(&#039;http:\/\/twitter.com\/home?status=Chi+avrebbe+mai+detto+che+l%E2%80%99Ungheria%2C+un+Paese+di+soli+10+milioni+di+abitanti+e+senza+una+radicata+tradizione+https:\/\/www.icpartners.it\/en\/ungheria-hub-dellautomotive-elettrico-europeo\/&#039;, &#039;popupwindow&#039;, &#039;scrollbars=yes,width=800,height=400&#039;);\">\n\t\t\t\t\t<img decoding=\"async\" itemprop=\"image\" src=\"https:\/\/www.icpartners.it\/wp-content\/uploads\/2024\/03\/ic_twitter-x_news.png\" alt=\"twitter\" \/>\n\t\t\t<\/a>\n<\/li><li class=\"mkd-linkedin-share\">\n\t<a itemprop=\"url\" class=\"mkd-share-link\" href=\"#\" onclick=\"popUp=window.open(&#039;http:\/\/linkedin.com\/shareArticle?mini=true&amp;url=https%3A%2F%2Fwww.icpartners.it%2Fen%2Fungheria-hub-dellautomotive-elettrico-europeo%2F&amp;title=Ungheria%3A+Hub+dell%E2%80%99Automotive+Elettrico+Europeo&#039;, &#039;popupwindow&#039;, &#039;scrollbars=yes,width=800,height=400&#039;);popUp.focus();return false;\">\n\t\t\t\t\t<img decoding=\"async\" itemprop=\"image\" src=\"https:\/\/www.icpartners.it\/wp-content\/uploads\/2024\/03\/ic_linkedin_news.png\" alt=\"linkedin\" \/>\n\t\t\t<\/a>\n<\/li>\t<\/ul>\n<\/div>    <\/div>\n        <\/div>\n    \n    <div class=\"mkd-read-more-holder\"><a itemprop=\"url\" href=\"https:\/\/www.icpartners.it\/en\/ungheria-hub-dellautomotive-elettrico-europeo\/\" target=\"_self\" style=\"font-weight: 700\" class=\"mkd-btn mkd-btn-small mkd-btn-minimal mkd-btn-icon\"  >    <span class=\"mkd-btn-text\">Read More<\/span>    <span aria-hidden=\"true\" class=\"mkd-icon-font-elegant arrow_carrot-right\" ><\/span><\/a><\/div>\n    <\/div>\n    <\/div>\n<\/li><li class=\"mkd-blog-list-item clearfix\">\n    <div class=\"mkd-blog-list-item-inner\">\n        <div class=\"mkd-item-image\">\n            <a itemprop=\"url\" href=\"https:\/\/www.icpartners.it\/en\/ungheria-cosa-accade-se-non-si-deposita-il-bilancio-desercizio\/\">\n                <img loading=\"lazy\" decoding=\"async\" width=\"1200\" height=\"627\" src=\"https:\/\/www.icpartners.it\/wp-content\/uploads\/2023\/03\/Articoli-2023-16.png\" class=\"attachment-full size-full wp-post-image\" alt=\"\" srcset=\"https:\/\/www.icpartners.it\/wp-content\/uploads\/2023\/03\/Articoli-2023-16.png 1200w, https:\/\/www.icpartners.it\/wp-content\/uploads\/2023\/03\/Articoli-2023-16-300x157.png 300w, https:\/\/www.icpartners.it\/wp-content\/uploads\/2023\/03\/Articoli-2023-16-1024x535.png 1024w, https:\/\/www.icpartners.it\/wp-content\/uploads\/2023\/03\/Articoli-2023-16-296x155.png 296w, https:\/\/www.icpartners.it\/wp-content\/uploads\/2023\/03\/Articoli-2023-16-768x401.png 768w, https:\/\/www.icpartners.it\/wp-content\/uploads\/2023\/03\/Articoli-2023-16-18x9.png 18w\" sizes=\"auto, (max-width: 1200px) 100vw, 1200px\" \/>            <\/a>\n        <\/div>\n        <div class=\"mkd-item-text-holder\" >\n        <h4 itemprop=\"name\" class=\"mkd-item-title entry-title\">\n        <a itemprop=\"url\" href=\"https:\/\/www.icpartners.it\/en\/ungheria-cosa-accade-se-non-si-deposita-il-bilancio-desercizio\/\">\n            Ungheria: cosa accade se non si deposita il bilancio d&#8217;esercizio        <\/a>\n    <\/h4>\n\n            <p itemprop=\"description\" class=\"mkd-excerpt\">Il deposito del bilancio annuale \u00e8 preceduto da un periodo di grande attivit\u00e0 per i prof...<\/p>\n    \n            <div class=\"mkd-item-info-section clearfix\">\n            <div itemprop=\"dateCreated\" class=\"mkd-post-info-date entry-date updated\">\n\n    \n        March 8, 2023\n        \n    <meta itemprop=\"interactionCount\" content=\"UserComments: 0\"\/>\n\n<\/div><div class=\"mkd-post-info-category\"><a href=\"https:\/\/www.icpartners.it\/en\/category\/news\/\" rel=\"category tag\">News<\/a> <a href=\"https:\/\/www.icpartners.it\/en\/category\/ungheria\/\" rel=\"category tag\">HUNGARY<\/a><\/div>    <div class =\"mkd-blog-share\">\n        <div class=\"mkd-social-share-holder mkd-list\">\n\t<ul>\n\t\t<li class=\"mkd-facebook-share\">\n\t<a itemprop=\"url\" class=\"mkd-share-link\" href=\"#\" onclick=\"window.open(&#039;http:\/\/www.facebook.com\/sharer.php?u=https%3A%2F%2Fwww.icpartners.it%2Fen%2Fungheria-cosa-accade-se-non-si-deposita-il-bilancio-desercizio%2F&#039;, &#039;sharer&#039;, &#039;toolbar=0,status=0,width=620,height=280&#039;);\">\n\t\t\t\t\t<img decoding=\"async\" itemprop=\"image\" src=\"https:\/\/www.icpartners.it\/wp-content\/uploads\/2024\/03\/ic_facebook_news.png\" alt=\"facebook\" \/>\n\t\t\t<\/a>\n<\/li><li class=\"mkd-twitter-share\">\n\t<a itemprop=\"url\" class=\"mkd-share-link\" href=\"#\" onclick=\"window.open(&#039;http:\/\/twitter.com\/home?status=Il+deposito+del+bilancio+annuale+%C3%A8+preceduto+da+un+periodo+di+grande+attivit%C3%A0+per+i+professionisti+e+per+le+aziende%2C+https:\/\/www.icpartners.it\/en\/ungheria-cosa-accade-se-non-si-deposita-il-bilancio-desercizio\/&#039;, &#039;popupwindow&#039;, &#039;scrollbars=yes,width=800,height=400&#039;);\">\n\t\t\t\t\t<img decoding=\"async\" itemprop=\"image\" src=\"https:\/\/www.icpartners.it\/wp-content\/uploads\/2024\/03\/ic_twitter-x_news.png\" alt=\"twitter\" \/>\n\t\t\t<\/a>\n<\/li><li class=\"mkd-linkedin-share\">\n\t<a itemprop=\"url\" class=\"mkd-share-link\" href=\"#\" onclick=\"popUp=window.open(&#039;http:\/\/linkedin.com\/shareArticle?mini=true&amp;url=https%3A%2F%2Fwww.icpartners.it%2Fen%2Fungheria-cosa-accade-se-non-si-deposita-il-bilancio-desercizio%2F&amp;title=Ungheria%3A+cosa+accade+se+non+si+deposita+il+bilancio+d%26%238217%3Besercizio&#039;, &#039;popupwindow&#039;, &#039;scrollbars=yes,width=800,height=400&#039;);popUp.focus();return false;\">\n\t\t\t\t\t<img decoding=\"async\" itemprop=\"image\" src=\"https:\/\/www.icpartners.it\/wp-content\/uploads\/2024\/03\/ic_linkedin_news.png\" alt=\"linkedin\" \/>\n\t\t\t<\/a>\n<\/li>\t<\/ul>\n<\/div>    <\/div>\n        <\/div>\n    \n    <div class=\"mkd-read-more-holder\"><a itemprop=\"url\" href=\"https:\/\/www.icpartners.it\/en\/ungheria-cosa-accade-se-non-si-deposita-il-bilancio-desercizio\/\" target=\"_self\" style=\"font-weight: 700\" class=\"mkd-btn mkd-btn-small mkd-btn-minimal mkd-btn-icon\"  >    <span class=\"mkd-btn-text\">Read More<\/span>    <span aria-hidden=\"true\" class=\"mkd-icon-font-elegant arrow_carrot-right\" ><\/span><\/a><\/div>\n    <\/div>\n    <\/div>\n<\/li><li class=\"mkd-blog-list-item clearfix\">\n    <div class=\"mkd-blog-list-item-inner\">\n        <div class=\"mkd-item-image\">\n            <a itemprop=\"url\" href=\"https:\/\/www.icpartners.it\/en\/ungheria-modifiche-alla-normativa-sul-transfer-pricing\/\">\n                <img loading=\"lazy\" decoding=\"async\" width=\"1200\" height=\"627\" src=\"https:\/\/www.icpartners.it\/wp-content\/uploads\/2023\/02\/Articoli-2023-10-1.png\" class=\"attachment-full size-full wp-post-image\" alt=\"\" srcset=\"https:\/\/www.icpartners.it\/wp-content\/uploads\/2023\/02\/Articoli-2023-10-1.png 1200w, https:\/\/www.icpartners.it\/wp-content\/uploads\/2023\/02\/Articoli-2023-10-1-300x157.png 300w, https:\/\/www.icpartners.it\/wp-content\/uploads\/2023\/02\/Articoli-2023-10-1-1024x535.png 1024w, https:\/\/www.icpartners.it\/wp-content\/uploads\/2023\/02\/Articoli-2023-10-1-296x155.png 296w, https:\/\/www.icpartners.it\/wp-content\/uploads\/2023\/02\/Articoli-2023-10-1-768x401.png 768w, https:\/\/www.icpartners.it\/wp-content\/uploads\/2023\/02\/Articoli-2023-10-1-18x9.png 18w\" sizes=\"auto, (max-width: 1200px) 100vw, 1200px\" \/>            <\/a>\n        <\/div>\n        <div class=\"mkd-item-text-holder\" >\n        <h4 itemprop=\"name\" class=\"mkd-item-title entry-title\">\n        <a itemprop=\"url\" href=\"https:\/\/www.icpartners.it\/en\/ungheria-modifiche-alla-normativa-sul-transfer-pricing\/\">\n            Ungheria: Modifiche alla normativa sul Transfer Pricing        <\/a>\n    <\/h4>\n\n            <p itemprop=\"description\" class=\"mkd-excerpt\">Il 28 dicembre 2022 \u00e8 stato pubblicato il decreto del Ministero dell\u2019Economia 27\/2022, ...<\/p>\n    \n            <div class=\"mkd-item-info-section clearfix\">\n            <div itemprop=\"dateCreated\" class=\"mkd-post-info-date entry-date updated\">\n\n    \n        February 10, 2023\n        \n    <meta itemprop=\"interactionCount\" content=\"UserComments: 0\"\/>\n\n<\/div><div class=\"mkd-post-info-category\"><a href=\"https:\/\/www.icpartners.it\/en\/category\/news\/\" rel=\"category tag\">News<\/a> <a href=\"https:\/\/www.icpartners.it\/en\/category\/ungheria\/\" rel=\"category tag\">HUNGARY<\/a><\/div>    <div class =\"mkd-blog-share\">\n        <div class=\"mkd-social-share-holder mkd-list\">\n\t<ul>\n\t\t<li class=\"mkd-facebook-share\">\n\t<a itemprop=\"url\" class=\"mkd-share-link\" href=\"#\" onclick=\"window.open(&#039;http:\/\/www.facebook.com\/sharer.php?u=https%3A%2F%2Fwww.icpartners.it%2Fen%2Fungheria-modifiche-alla-normativa-sul-transfer-pricing%2F&#039;, &#039;sharer&#039;, &#039;toolbar=0,status=0,width=620,height=280&#039;);\">\n\t\t\t\t\t<img decoding=\"async\" itemprop=\"image\" src=\"https:\/\/www.icpartners.it\/wp-content\/uploads\/2024\/03\/ic_facebook_news.png\" alt=\"facebook\" \/>\n\t\t\t<\/a>\n<\/li><li class=\"mkd-twitter-share\">\n\t<a itemprop=\"url\" class=\"mkd-share-link\" href=\"#\" onclick=\"window.open(&#039;http:\/\/twitter.com\/home?status=Il+28+dicembre+2022+%C3%A8+stato+pubblicato+il+decreto+del+Ministero+dell%E2%80%99Economia+27%2F2022%2C+che+ha+modificato+in+numerosi+https:\/\/www.icpartners.it\/en\/ungheria-modifiche-alla-normativa-sul-transfer-pricing\/&#039;, &#039;popupwindow&#039;, &#039;scrollbars=yes,width=800,height=400&#039;);\">\n\t\t\t\t\t<img decoding=\"async\" itemprop=\"image\" src=\"https:\/\/www.icpartners.it\/wp-content\/uploads\/2024\/03\/ic_twitter-x_news.png\" alt=\"twitter\" \/>\n\t\t\t<\/a>\n<\/li><li class=\"mkd-linkedin-share\">\n\t<a itemprop=\"url\" class=\"mkd-share-link\" href=\"#\" onclick=\"popUp=window.open(&#039;http:\/\/linkedin.com\/shareArticle?mini=true&amp;url=https%3A%2F%2Fwww.icpartners.it%2Fen%2Fungheria-modifiche-alla-normativa-sul-transfer-pricing%2F&amp;title=Ungheria%3A+Modifiche+alla+normativa+sul+Transfer+Pricing&#039;, &#039;popupwindow&#039;, &#039;scrollbars=yes,width=800,height=400&#039;);popUp.focus();return false;\">\n\t\t\t\t\t<img decoding=\"async\" itemprop=\"image\" src=\"https:\/\/www.icpartners.it\/wp-content\/uploads\/2024\/03\/ic_linkedin_news.png\" alt=\"linkedin\" \/>\n\t\t\t<\/a>\n<\/li>\t<\/ul>\n<\/div>    <\/div>\n        <\/div>\n    \n    <div class=\"mkd-read-more-holder\"><a itemprop=\"url\" href=\"https:\/\/www.icpartners.it\/en\/ungheria-modifiche-alla-normativa-sul-transfer-pricing\/\" target=\"_self\" style=\"font-weight: 700\" class=\"mkd-btn mkd-btn-small mkd-btn-minimal mkd-btn-icon\"  >    <span class=\"mkd-btn-text\">Read More<\/span>    <span aria-hidden=\"true\" class=\"mkd-icon-font-elegant arrow_carrot-right\" ><\/span><\/a><\/div>\n    <\/div>\n    <\/div>\n<\/li><li class=\"mkd-blog-list-item clearfix\">\n    <div class=\"mkd-blog-list-item-inner\">\n        <div class=\"mkd-item-image\">\n            <a itemprop=\"url\" href=\"https:\/\/www.icpartners.it\/en\/ungheria-cosa-cambia-con-la-legge-finanziaria-del-2023\/\">\n                <img loading=\"lazy\" decoding=\"async\" width=\"1200\" height=\"627\" src=\"https:\/\/www.icpartners.it\/wp-content\/uploads\/2023\/01\/Articoli-2023-3.png\" class=\"attachment-full size-full wp-post-image\" alt=\"\" srcset=\"https:\/\/www.icpartners.it\/wp-content\/uploads\/2023\/01\/Articoli-2023-3.png 1200w, https:\/\/www.icpartners.it\/wp-content\/uploads\/2023\/01\/Articoli-2023-3-300x157.png 300w, https:\/\/www.icpartners.it\/wp-content\/uploads\/2023\/01\/Articoli-2023-3-1024x535.png 1024w, https:\/\/www.icpartners.it\/wp-content\/uploads\/2023\/01\/Articoli-2023-3-296x155.png 296w, https:\/\/www.icpartners.it\/wp-content\/uploads\/2023\/01\/Articoli-2023-3-768x401.png 768w, https:\/\/www.icpartners.it\/wp-content\/uploads\/2023\/01\/Articoli-2023-3-18x9.png 18w\" sizes=\"auto, (max-width: 1200px) 100vw, 1200px\" \/>            <\/a>\n        <\/div>\n        <div class=\"mkd-item-text-holder\" >\n        <h4 itemprop=\"name\" class=\"mkd-item-title entry-title\">\n        <a itemprop=\"url\" href=\"https:\/\/www.icpartners.it\/en\/ungheria-cosa-cambia-con-la-legge-finanziaria-del-2023\/\">\n            Ungheria: cosa cambia con la legge finanziaria del 2023        <\/a>\n    <\/h4>\n\n            <p itemprop=\"description\" class=\"mkd-excerpt\">La legge finanziaria per il 2023 \u00e8 stata improntata alla continuit\u00e0 delle politiche fisc...<\/p>\n    \n            <div class=\"mkd-item-info-section clearfix\">\n            <div itemprop=\"dateCreated\" class=\"mkd-post-info-date entry-date updated\">\n\n    \n        January 24, 2023\n        \n    <meta itemprop=\"interactionCount\" content=\"UserComments: 0\"\/>\n\n<\/div><div class=\"mkd-post-info-category\"><a href=\"https:\/\/www.icpartners.it\/en\/category\/news\/\" rel=\"category tag\">News<\/a> <a href=\"https:\/\/www.icpartners.it\/en\/category\/ungheria\/\" rel=\"category tag\">HUNGARY<\/a><\/div>    <div class =\"mkd-blog-share\">\n        <div class=\"mkd-social-share-holder mkd-list\">\n\t<ul>\n\t\t<li class=\"mkd-facebook-share\">\n\t<a itemprop=\"url\" class=\"mkd-share-link\" href=\"#\" onclick=\"window.open(&#039;http:\/\/www.facebook.com\/sharer.php?u=https%3A%2F%2Fwww.icpartners.it%2Fen%2Fungheria-cosa-cambia-con-la-legge-finanziaria-del-2023%2F&#039;, &#039;sharer&#039;, &#039;toolbar=0,status=0,width=620,height=280&#039;);\">\n\t\t\t\t\t<img decoding=\"async\" itemprop=\"image\" src=\"https:\/\/www.icpartners.it\/wp-content\/uploads\/2024\/03\/ic_facebook_news.png\" alt=\"facebook\" \/>\n\t\t\t<\/a>\n<\/li><li class=\"mkd-twitter-share\">\n\t<a itemprop=\"url\" class=\"mkd-share-link\" href=\"#\" onclick=\"window.open(&#039;http:\/\/twitter.com\/home?status=La+legge+finanziaria+per+il+2023+%C3%A8+stata+improntata+alla+continuit%C3%A0+delle+politiche+fiscali+finora+adottate+dal+https:\/\/www.icpartners.it\/en\/ungheria-cosa-cambia-con-la-legge-finanziaria-del-2023\/&#039;, &#039;popupwindow&#039;, &#039;scrollbars=yes,width=800,height=400&#039;);\">\n\t\t\t\t\t<img decoding=\"async\" itemprop=\"image\" src=\"https:\/\/www.icpartners.it\/wp-content\/uploads\/2024\/03\/ic_twitter-x_news.png\" alt=\"twitter\" \/>\n\t\t\t<\/a>\n<\/li><li class=\"mkd-linkedin-share\">\n\t<a itemprop=\"url\" class=\"mkd-share-link\" href=\"#\" onclick=\"popUp=window.open(&#039;http:\/\/linkedin.com\/shareArticle?mini=true&amp;url=https%3A%2F%2Fwww.icpartners.it%2Fen%2Fungheria-cosa-cambia-con-la-legge-finanziaria-del-2023%2F&amp;title=Ungheria%3A+cosa+cambia+con+la+legge+finanziaria+del+2023&#039;, &#039;popupwindow&#039;, &#039;scrollbars=yes,width=800,height=400&#039;);popUp.focus();return false;\">\n\t\t\t\t\t<img decoding=\"async\" itemprop=\"image\" src=\"https:\/\/www.icpartners.it\/wp-content\/uploads\/2024\/03\/ic_linkedin_news.png\" alt=\"linkedin\" \/>\n\t\t\t<\/a>\n<\/li>\t<\/ul>\n<\/div>    <\/div>\n        <\/div>\n    \n    <div class=\"mkd-read-more-holder\"><a itemprop=\"url\" href=\"https:\/\/www.icpartners.it\/en\/ungheria-cosa-cambia-con-la-legge-finanziaria-del-2023\/\" target=\"_self\" style=\"font-weight: 700\" class=\"mkd-btn mkd-btn-small mkd-btn-minimal mkd-btn-icon\"  >    <span class=\"mkd-btn-text\">Read More<\/span>    <span aria-hidden=\"true\" class=\"mkd-icon-font-elegant arrow_carrot-right\" ><\/span><\/a><\/div>\n    <\/div>\n    <\/div>\n<\/li><li class=\"mkd-blog-list-item clearfix\">\n    <div class=\"mkd-blog-list-item-inner\">\n        <div class=\"mkd-item-image\">\n            <a itemprop=\"url\" href=\"https:\/\/www.icpartners.it\/en\/ungheria-aggiornamenti-dalla-nostra-sede\/\">\n                <img loading=\"lazy\" decoding=\"async\" width=\"1200\" height=\"627\" src=\"https:\/\/www.icpartners.it\/wp-content\/uploads\/2022\/05\/22.png\" class=\"attachment-full size-full wp-post-image\" alt=\"\" srcset=\"https:\/\/www.icpartners.it\/wp-content\/uploads\/2022\/05\/22.png 1200w, https:\/\/www.icpartners.it\/wp-content\/uploads\/2022\/05\/22-300x157.png 300w, https:\/\/www.icpartners.it\/wp-content\/uploads\/2022\/05\/22-1024x535.png 1024w, https:\/\/www.icpartners.it\/wp-content\/uploads\/2022\/05\/22-296x155.png 296w, https:\/\/www.icpartners.it\/wp-content\/uploads\/2022\/05\/22-768x401.png 768w, https:\/\/www.icpartners.it\/wp-content\/uploads\/2022\/05\/22-18x9.png 18w\" sizes=\"auto, (max-width: 1200px) 100vw, 1200px\" \/>            <\/a>\n        <\/div>\n        <div class=\"mkd-item-text-holder\" >\n        <h4 itemprop=\"name\" class=\"mkd-item-title entry-title\">\n        <a itemprop=\"url\" href=\"https:\/\/www.icpartners.it\/en\/ungheria-aggiornamenti-dalla-nostra-sede\/\">\n            Ungheria: aggiornamenti dalla nostra sede        <\/a>\n    <\/h4>\n\n            <p itemprop=\"description\" class=\"mkd-excerpt\">Per un aggiornamento sulla situazione in Ungheria\u00a0 guarda ora Export Talks \u2013 Focus Ungh...<\/p>\n    \n            <div class=\"mkd-item-info-section clearfix\">\n            <div itemprop=\"dateCreated\" class=\"mkd-post-info-date entry-date updated\">\n\n    \n        April 27, 2022\n        \n    <meta itemprop=\"interactionCount\" content=\"UserComments: 0\"\/>\n\n<\/div><div class=\"mkd-post-info-category\"><a href=\"https:\/\/www.icpartners.it\/en\/category\/news\/\" rel=\"category tag\">News<\/a> <a href=\"https:\/\/www.icpartners.it\/en\/category\/ungheria\/\" rel=\"category tag\">HUNGARY<\/a><\/div>    <div class =\"mkd-blog-share\">\n        <div class=\"mkd-social-share-holder mkd-list\">\n\t<ul>\n\t\t<li class=\"mkd-facebook-share\">\n\t<a itemprop=\"url\" class=\"mkd-share-link\" href=\"#\" onclick=\"window.open(&#039;http:\/\/www.facebook.com\/sharer.php?u=https%3A%2F%2Fwww.icpartners.it%2Fen%2Fungheria-aggiornamenti-dalla-nostra-sede%2F&#039;, &#039;sharer&#039;, &#039;toolbar=0,status=0,width=620,height=280&#039;);\">\n\t\t\t\t\t<img decoding=\"async\" itemprop=\"image\" src=\"https:\/\/www.icpartners.it\/wp-content\/uploads\/2024\/03\/ic_facebook_news.png\" alt=\"facebook\" \/>\n\t\t\t<\/a>\n<\/li><li class=\"mkd-twitter-share\">\n\t<a itemprop=\"url\" class=\"mkd-share-link\" href=\"#\" onclick=\"window.open(&#039;http:\/\/twitter.com\/home?status=Per+un+aggiornamento+sulla+situazione+in+Ungheria%C2%A0+guarda+ora+Export+Talks+%E2%80%93+Focus+Ungheria+presente+sul+nostro+https:\/\/www.icpartners.it\/en\/ungheria-aggiornamenti-dalla-nostra-sede\/&#039;, &#039;popupwindow&#039;, &#039;scrollbars=yes,width=800,height=400&#039;);\">\n\t\t\t\t\t<img decoding=\"async\" itemprop=\"image\" src=\"https:\/\/www.icpartners.it\/wp-content\/uploads\/2024\/03\/ic_twitter-x_news.png\" alt=\"twitter\" \/>\n\t\t\t<\/a>\n<\/li><li class=\"mkd-linkedin-share\">\n\t<a itemprop=\"url\" class=\"mkd-share-link\" href=\"#\" onclick=\"popUp=window.open(&#039;http:\/\/linkedin.com\/shareArticle?mini=true&amp;url=https%3A%2F%2Fwww.icpartners.it%2Fen%2Fungheria-aggiornamenti-dalla-nostra-sede%2F&amp;title=Ungheria%3A+aggiornamenti+dalla+nostra+sede&#039;, &#039;popupwindow&#039;, &#039;scrollbars=yes,width=800,height=400&#039;);popUp.focus();return false;\">\n\t\t\t\t\t<img decoding=\"async\" itemprop=\"image\" src=\"https:\/\/www.icpartners.it\/wp-content\/uploads\/2024\/03\/ic_linkedin_news.png\" alt=\"linkedin\" \/>\n\t\t\t<\/a>\n<\/li>\t<\/ul>\n<\/div>    <\/div>\n        <\/div>\n    \n    <div class=\"mkd-read-more-holder\"><a itemprop=\"url\" href=\"https:\/\/www.icpartners.it\/en\/ungheria-aggiornamenti-dalla-nostra-sede\/\" target=\"_self\" style=\"font-weight: 700\" class=\"mkd-btn mkd-btn-small mkd-btn-minimal mkd-btn-icon\"  >    <span class=\"mkd-btn-text\">Read More<\/span>    <span aria-hidden=\"true\" class=\"mkd-icon-font-elegant arrow_carrot-right\" ><\/span><\/a><\/div>\n    <\/div>\n    <\/div>\n<\/li><li class=\"mkd-blog-list-item clearfix\">\n    <div class=\"mkd-blog-list-item-inner\">\n        <div class=\"mkd-item-image\">\n            <a itemprop=\"url\" href=\"https:\/\/www.icpartners.it\/en\/ungheria-coronavirus\/\">\n                <img loading=\"lazy\" decoding=\"async\" width=\"1200\" height=\"627\" src=\"https:\/\/www.icpartners.it\/wp-content\/uploads\/2020\/03\/Coronavirus-1-1.png\" class=\"attachment-full size-full wp-post-image\" alt=\"Ungheria\" \/>            <\/a>\n        <\/div>\n        <div class=\"mkd-item-text-holder\" >\n        <h4 itemprop=\"name\" class=\"mkd-item-title entry-title\">\n        <a itemprop=\"url\" href=\"https:\/\/www.icpartners.it\/en\/ungheria-coronavirus\/\">\n            Ungheria, Coronavirus: aggiornamenti dalla nostra sede        <\/a>\n    <\/h4>\n\n            <p itemprop=\"description\" class=\"mkd-excerpt\">Per un aggiornamento sulla situazione in Ungheria\u00a0 guarda ora Export Talks \u2013 Focus Ungh...<\/p>\n    \n            <div class=\"mkd-item-info-section clearfix\">\n            <div itemprop=\"dateCreated\" class=\"mkd-post-info-date entry-date updated\">\n\n    \n        November 3, 2021\n        \n    <meta itemprop=\"interactionCount\" content=\"UserComments: 0\"\/>\n\n<\/div><div class=\"mkd-post-info-category\"><a href=\"https:\/\/www.icpartners.it\/en\/category\/news\/\" rel=\"category tag\">News<\/a> <a href=\"https:\/\/www.icpartners.it\/en\/category\/ungheria\/\" rel=\"category tag\">HUNGARY<\/a><\/div>    <div class =\"mkd-blog-share\">\n        <div class=\"mkd-social-share-holder mkd-list\">\n\t<ul>\n\t\t<li class=\"mkd-facebook-share\">\n\t<a itemprop=\"url\" class=\"mkd-share-link\" href=\"#\" onclick=\"window.open(&#039;http:\/\/www.facebook.com\/sharer.php?u=https%3A%2F%2Fwww.icpartners.it%2Fen%2Fungheria-coronavirus%2F&#039;, &#039;sharer&#039;, &#039;toolbar=0,status=0,width=620,height=280&#039;);\">\n\t\t\t\t\t<img decoding=\"async\" itemprop=\"image\" src=\"https:\/\/www.icpartners.it\/wp-content\/uploads\/2024\/03\/ic_facebook_news.png\" alt=\"facebook\" \/>\n\t\t\t<\/a>\n<\/li><li class=\"mkd-twitter-share\">\n\t<a itemprop=\"url\" class=\"mkd-share-link\" href=\"#\" onclick=\"window.open(&#039;http:\/\/twitter.com\/home?status=Per+un+aggiornamento+sulla+situazione+in+Ungheria%C2%A0+guarda+ora+Export+Talks+%E2%80%93+Focus+Ungheria+presente+sul+nostro+https:\/\/www.icpartners.it\/en\/ungheria-coronavirus\/&#039;, &#039;popupwindow&#039;, &#039;scrollbars=yes,width=800,height=400&#039;);\">\n\t\t\t\t\t<img decoding=\"async\" itemprop=\"image\" src=\"https:\/\/www.icpartners.it\/wp-content\/uploads\/2024\/03\/ic_twitter-x_news.png\" alt=\"twitter\" \/>\n\t\t\t<\/a>\n<\/li><li class=\"mkd-linkedin-share\">\n\t<a itemprop=\"url\" class=\"mkd-share-link\" href=\"#\" onclick=\"popUp=window.open(&#039;http:\/\/linkedin.com\/shareArticle?mini=true&amp;url=https%3A%2F%2Fwww.icpartners.it%2Fen%2Fungheria-coronavirus%2F&amp;title=Ungheria%2C+Coronavirus%3A+aggiornamenti+dalla+nostra+sede&#039;, &#039;popupwindow&#039;, &#039;scrollbars=yes,width=800,height=400&#039;);popUp.focus();return false;\">\n\t\t\t\t\t<img decoding=\"async\" itemprop=\"image\" src=\"https:\/\/www.icpartners.it\/wp-content\/uploads\/2024\/03\/ic_linkedin_news.png\" alt=\"linkedin\" \/>\n\t\t\t<\/a>\n<\/li>\t<\/ul>\n<\/div>    <\/div>\n        <\/div>\n    \n    <div class=\"mkd-read-more-holder\"><a itemprop=\"url\" href=\"https:\/\/www.icpartners.it\/en\/ungheria-coronavirus\/\" target=\"_self\" style=\"font-weight: 700\" class=\"mkd-btn mkd-btn-small mkd-btn-minimal mkd-btn-icon\"  >    <span class=\"mkd-btn-text\">Read More<\/span>    <span aria-hidden=\"true\" class=\"mkd-icon-font-elegant arrow_carrot-right\" ><\/span><\/a><\/div>\n    <\/div>\n    <\/div>\n<\/li><li class=\"mkd-blog-list-item clearfix\">\n    <div class=\"mkd-blog-list-item-inner\">\n        <div class=\"mkd-item-image\">\n            <a itemprop=\"url\" href=\"https:\/\/www.icpartners.it\/en\/icpartners-spa-debutta-nella-piattaforma-trace-di-banca-sella-per-orientare-le-imprese-nellimport-export\/\">\n                <img loading=\"lazy\" decoding=\"async\" width=\"1200\" height=\"627\" src=\"https:\/\/www.icpartners.it\/wp-content\/uploads\/2021\/02\/Bozza-immagine-Trace-ICP.png\" class=\"attachment-full size-full wp-post-image\" alt=\"Accordo Trace Banca Sella e IC&amp;Partners\" srcset=\"https:\/\/www.icpartners.it\/wp-content\/uploads\/2021\/02\/Bozza-immagine-Trace-ICP.png 1200w, https:\/\/www.icpartners.it\/wp-content\/uploads\/2021\/02\/Bozza-immagine-Trace-ICP-300x157.png 300w, https:\/\/www.icpartners.it\/wp-content\/uploads\/2021\/02\/Bozza-immagine-Trace-ICP-1024x535.png 1024w, https:\/\/www.icpartners.it\/wp-content\/uploads\/2021\/02\/Bozza-immagine-Trace-ICP-296x155.png 296w, https:\/\/www.icpartners.it\/wp-content\/uploads\/2021\/02\/Bozza-immagine-Trace-ICP-768x401.png 768w, https:\/\/www.icpartners.it\/wp-content\/uploads\/2021\/02\/Bozza-immagine-Trace-ICP-16x8.png 16w\" sizes=\"auto, (max-width: 1200px) 100vw, 1200px\" \/>            <\/a>\n        <\/div>\n        <div class=\"mkd-item-text-holder\" >\n        <h4 itemprop=\"name\" class=\"mkd-item-title entry-title\">\n        <a itemprop=\"url\" href=\"https:\/\/www.icpartners.it\/en\/icpartners-spa-debutta-nella-piattaforma-trace-di-banca-sella-per-orientare-le-imprese-nellimport-export\/\">\n            IC&#038;Partners SpA debutta nella piattaforma TRACE di Banca Sella per orientare le imprese nell\u2019import\/export        <\/a>\n    <\/h4>\n\n            <p itemprop=\"description\" class=\"mkd-excerpt\">IC&amp;Partners SpA e Banca Sella, tramite la piattaforma Trace, siglano un accordo di par...<\/p>\n    \n            <div class=\"mkd-item-info-section clearfix\">\n            <div itemprop=\"dateCreated\" class=\"mkd-post-info-date entry-date updated\">\n\n    \n        February 4, 2021\n        \n    <meta itemprop=\"interactionCount\" content=\"UserComments: 0\"\/>\n\n<\/div><div class=\"mkd-post-info-category\"><a href=\"https:\/\/www.icpartners.it\/en\/category\/bosnia-ed-erzegovina\/\" rel=\"category tag\">Bosnia and Herzegovina<\/a> <a href=\"https:\/\/www.icpartners.it\/en\/category\/bulgaria\/\" rel=\"category tag\">Bulgaria<\/a> <a href=\"https:\/\/www.icpartners.it\/en\/category\/cina\/\" rel=\"category tag\">CHINA<\/a> <a href=\"https:\/\/www.icpartners.it\/en\/category\/italia\/\" rel=\"category tag\">ITALY<\/a> <a href=\"https:\/\/www.icpartners.it\/en\/category\/news\/\" rel=\"category tag\">News<\/a> <a href=\"https:\/\/www.icpartners.it\/en\/category\/polonia\/\" rel=\"category tag\">POLAND<\/a> <a href=\"https:\/\/www.icpartners.it\/en\/category\/romania\/\" rel=\"category tag\">Romania<\/a> <a href=\"https:\/\/www.icpartners.it\/en\/category\/russia\/\" rel=\"category tag\">Russian Federation<\/a> <a href=\"https:\/\/www.icpartners.it\/en\/category\/serbia\/\" rel=\"category tag\">Serbia<\/a> <a href=\"https:\/\/www.icpartners.it\/en\/category\/ucraina\/\" rel=\"category tag\">UKRAINE<\/a> <a href=\"https:\/\/www.icpartners.it\/en\/category\/ungheria\/\" rel=\"category tag\">HUNGARY<\/a><\/div>    <div class =\"mkd-blog-share\">\n        <div class=\"mkd-social-share-holder mkd-list\">\n\t<ul>\n\t\t<li class=\"mkd-facebook-share\">\n\t<a itemprop=\"url\" class=\"mkd-share-link\" href=\"#\" onclick=\"window.open(&#039;http:\/\/www.facebook.com\/sharer.php?u=https%3A%2F%2Fwww.icpartners.it%2Fen%2Ficpartners-spa-debutta-nella-piattaforma-trace-di-banca-sella-per-orientare-le-imprese-nellimport-export%2F&#039;, &#039;sharer&#039;, &#039;toolbar=0,status=0,width=620,height=280&#039;);\">\n\t\t\t\t\t<img decoding=\"async\" itemprop=\"image\" src=\"https:\/\/www.icpartners.it\/wp-content\/uploads\/2024\/03\/ic_facebook_news.png\" alt=\"facebook\" \/>\n\t\t\t<\/a>\n<\/li><li class=\"mkd-twitter-share\">\n\t<a itemprop=\"url\" class=\"mkd-share-link\" href=\"#\" onclick=\"window.open(&#039;http:\/\/twitter.com\/home?status=IC%26amp%3BPartners+SpA+e+Banca+Sella%2C+tramite+la+piattaforma+Trace%2C+siglano+un+accordo+di+partnership+per+supportare+le+https:\/\/www.icpartners.it\/en\/icpartners-spa-debutta-nella-piattaforma-trace-di-banca-sella-per-orientare-le-imprese-nellimport-export\/&#039;, &#039;popupwindow&#039;, &#039;scrollbars=yes,width=800,height=400&#039;);\">\n\t\t\t\t\t<img decoding=\"async\" itemprop=\"image\" src=\"https:\/\/www.icpartners.it\/wp-content\/uploads\/2024\/03\/ic_twitter-x_news.png\" alt=\"twitter\" \/>\n\t\t\t<\/a>\n<\/li><li class=\"mkd-linkedin-share\">\n\t<a itemprop=\"url\" class=\"mkd-share-link\" href=\"#\" onclick=\"popUp=window.open(&#039;http:\/\/linkedin.com\/shareArticle?mini=true&amp;url=https%3A%2F%2Fwww.icpartners.it%2Fen%2Ficpartners-spa-debutta-nella-piattaforma-trace-di-banca-sella-per-orientare-le-imprese-nellimport-export%2F&amp;title=IC%26%23038%3BPartners+SpA+debutta+nella+piattaforma+TRACE+di+Banca+Sella+per+orientare+le+imprese+nell%E2%80%99import%2Fexport&#039;, &#039;popupwindow&#039;, &#039;scrollbars=yes,width=800,height=400&#039;);popUp.focus();return false;\">\n\t\t\t\t\t<img decoding=\"async\" itemprop=\"image\" src=\"https:\/\/www.icpartners.it\/wp-content\/uploads\/2024\/03\/ic_linkedin_news.png\" alt=\"linkedin\" \/>\n\t\t\t<\/a>\n<\/li>\t<\/ul>\n<\/div>    <\/div>\n        <\/div>\n    \n    <div class=\"mkd-read-more-holder\"><a itemprop=\"url\" href=\"https:\/\/www.icpartners.it\/en\/icpartners-spa-debutta-nella-piattaforma-trace-di-banca-sella-per-orientare-le-imprese-nellimport-export\/\" target=\"_self\" style=\"font-weight: 700\" class=\"mkd-btn mkd-btn-small mkd-btn-minimal mkd-btn-icon\"  >    <span class=\"mkd-btn-text\">Read More<\/span>    <span aria-hidden=\"true\" class=\"mkd-icon-font-elegant arrow_carrot-right\" ><\/span><\/a><\/div>\n    <\/div>\n    <\/div>\n<\/li><li class=\"mkd-blog-list-item clearfix\">\n    <div class=\"mkd-blog-list-item-inner\">\n        <div class=\"mkd-item-image\">\n            <a itemprop=\"url\" href=\"https:\/\/www.icpartners.it\/en\/europa-emergente-e-csi-le-mille-ed-una-opportunita\/\">\n                <img loading=\"lazy\" decoding=\"async\" width=\"1200\" height=\"627\" src=\"https:\/\/www.icpartners.it\/wp-content\/uploads\/2019\/11\/2019.11.03_ECONOMIE-EMERGENTI.png\" class=\"attachment-full size-full wp-post-image\" alt=\"economie emergenti\" srcset=\"https:\/\/www.icpartners.it\/wp-content\/uploads\/2019\/11\/2019.11.03_ECONOMIE-EMERGENTI.png 1200w, https:\/\/www.icpartners.it\/wp-content\/uploads\/2019\/11\/2019.11.03_ECONOMIE-EMERGENTI-300x157.png 300w, https:\/\/www.icpartners.it\/wp-content\/uploads\/2019\/11\/2019.11.03_ECONOMIE-EMERGENTI-768x401.png 768w, https:\/\/www.icpartners.it\/wp-content\/uploads\/2019\/11\/2019.11.03_ECONOMIE-EMERGENTI-1024x535.png 1024w\" sizes=\"auto, (max-width: 1200px) 100vw, 1200px\" \/>            <\/a>\n        <\/div>\n        <div class=\"mkd-item-text-holder\" >\n        <h4 itemprop=\"name\" class=\"mkd-item-title entry-title\">\n        <a itemprop=\"url\" href=\"https:\/\/www.icpartners.it\/en\/europa-emergente-e-csi-le-mille-ed-una-opportunita\/\">\n            Europa Emergente e CSI, le mille ed una opportunit\u00e0        <\/a>\n    <\/h4>\n\n            <p itemprop=\"description\" class=\"mkd-excerpt\">Secondo l\u2019ultimo rapporto SACESIMEST, nel 2018 l\u2019export italiano verso l\u2019Europa Emer...<\/p>\n    \n            <div class=\"mkd-item-info-section clearfix\">\n            <div itemprop=\"dateCreated\" class=\"mkd-post-info-date entry-date updated\">\n\n    \n        November 3, 2019\n        \n    <meta itemprop=\"interactionCount\" content=\"UserComments: 0\"\/>\n\n<\/div><div class=\"mkd-post-info-category\"><a href=\"https:\/\/www.icpartners.it\/en\/category\/bulgaria\/\" rel=\"category tag\">Bulgaria<\/a> <a href=\"https:\/\/www.icpartners.it\/en\/category\/news\/\" rel=\"category tag\">News<\/a> <a href=\"https:\/\/www.icpartners.it\/en\/category\/polonia\/\" rel=\"category tag\">POLAND<\/a> <a href=\"https:\/\/www.icpartners.it\/en\/category\/romania\/\" rel=\"category tag\">Romania<\/a> <a href=\"https:\/\/www.icpartners.it\/en\/category\/russia\/\" rel=\"category tag\">Russian Federation<\/a> <a href=\"https:\/\/www.icpartners.it\/en\/category\/ucraina\/\" rel=\"category tag\">UKRAINE<\/a> <a href=\"https:\/\/www.icpartners.it\/en\/category\/ungheria\/\" rel=\"category tag\">HUNGARY<\/a><\/div>    <div class =\"mkd-blog-share\">\n        <div class=\"mkd-social-share-holder mkd-list\">\n\t<ul>\n\t\t<li class=\"mkd-facebook-share\">\n\t<a itemprop=\"url\" class=\"mkd-share-link\" href=\"#\" onclick=\"window.open(&#039;http:\/\/www.facebook.com\/sharer.php?u=https%3A%2F%2Fwww.icpartners.it%2Fen%2Feuropa-emergente-e-csi-le-mille-ed-una-opportunita%2F&#039;, &#039;sharer&#039;, &#039;toolbar=0,status=0,width=620,height=280&#039;);\">\n\t\t\t\t\t<img decoding=\"async\" itemprop=\"image\" src=\"https:\/\/www.icpartners.it\/wp-content\/uploads\/2024\/03\/ic_facebook_news.png\" alt=\"facebook\" \/>\n\t\t\t<\/a>\n<\/li><li class=\"mkd-twitter-share\">\n\t<a itemprop=\"url\" class=\"mkd-share-link\" href=\"#\" onclick=\"window.open(&#039;http:\/\/twitter.com\/home?status=Secondo+l%E2%80%99ultimo+rapporto+SACESIMEST%2C+nel+2018+l%E2%80%99export+italiano+verso+l%E2%80%99Europa+Emergente+e+la+Comunit%C3%A0+degli+Stati+https:\/\/www.icpartners.it\/en\/europa-emergente-e-csi-le-mille-ed-una-opportunita\/&#039;, &#039;popupwindow&#039;, &#039;scrollbars=yes,width=800,height=400&#039;);\">\n\t\t\t\t\t<img decoding=\"async\" itemprop=\"image\" src=\"https:\/\/www.icpartners.it\/wp-content\/uploads\/2024\/03\/ic_twitter-x_news.png\" alt=\"twitter\" \/>\n\t\t\t<\/a>\n<\/li><li class=\"mkd-linkedin-share\">\n\t<a itemprop=\"url\" class=\"mkd-share-link\" href=\"#\" onclick=\"popUp=window.open(&#039;http:\/\/linkedin.com\/shareArticle?mini=true&amp;url=https%3A%2F%2Fwww.icpartners.it%2Fen%2Feuropa-emergente-e-csi-le-mille-ed-una-opportunita%2F&amp;title=Europa+Emergente+e+CSI%2C+le+mille+ed+una+opportunit%C3%A0&#039;, &#039;popupwindow&#039;, &#039;scrollbars=yes,width=800,height=400&#039;);popUp.focus();return false;\">\n\t\t\t\t\t<img decoding=\"async\" itemprop=\"image\" src=\"https:\/\/www.icpartners.it\/wp-content\/uploads\/2024\/03\/ic_linkedin_news.png\" alt=\"linkedin\" \/>\n\t\t\t<\/a>\n<\/li>\t<\/ul>\n<\/div>    <\/div>\n        <\/div>\n    \n    <div class=\"mkd-read-more-holder\"><a itemprop=\"url\" href=\"https:\/\/www.icpartners.it\/en\/europa-emergente-e-csi-le-mille-ed-una-opportunita\/\" target=\"_self\" style=\"font-weight: 700\" class=\"mkd-btn mkd-btn-small mkd-btn-minimal mkd-btn-icon\"  >    <span class=\"mkd-btn-text\">Read More<\/span>    <span aria-hidden=\"true\" class=\"mkd-icon-font-elegant arrow_carrot-right\" ><\/span><\/a><\/div>\n    <\/div>\n    <\/div>\n<\/li><li class=\"mkd-blog-list-item clearfix\">\n    <div class=\"mkd-blog-list-item-inner\">\n        <div class=\"mkd-item-image\">\n            <a itemprop=\"url\" href=\"https:\/\/www.icpartners.it\/en\/ungheria-quanto-costa-assumere-un-dipendente\/\">\n                <img loading=\"lazy\" decoding=\"async\" width=\"1200\" height=\"627\" src=\"https:\/\/www.icpartners.it\/wp-content\/uploads\/2019\/10\/2019.10.22_UNgheria.png\" class=\"attachment-full size-full wp-post-image\" alt=\"Ungheria\" srcset=\"https:\/\/www.icpartners.it\/wp-content\/uploads\/2019\/10\/2019.10.22_UNgheria.png 1200w, https:\/\/www.icpartners.it\/wp-content\/uploads\/2019\/10\/2019.10.22_UNgheria-300x157.png 300w, https:\/\/www.icpartners.it\/wp-content\/uploads\/2019\/10\/2019.10.22_UNgheria-768x401.png 768w, https:\/\/www.icpartners.it\/wp-content\/uploads\/2019\/10\/2019.10.22_UNgheria-1024x535.png 1024w\" sizes=\"auto, (max-width: 1200px) 100vw, 1200px\" \/>            <\/a>\n        <\/div>\n        <div class=\"mkd-item-text-holder\" >\n        <h4 itemprop=\"name\" class=\"mkd-item-title entry-title\">\n        <a itemprop=\"url\" href=\"https:\/\/www.icpartners.it\/en\/ungheria-quanto-costa-assumere-un-dipendente\/\">\n            Ungheria: quanto costa assumere un dipendente?        <\/a>\n    <\/h4>\n\n            <p itemprop=\"description\" class=\"mkd-excerpt\">Le imprese ungheresi dal 1 luglio scorso hanno un\u2019arma in pi\u00f9 per mantenere la loro com...<\/p>\n    \n            <div class=\"mkd-item-info-section clearfix\">\n            <div itemprop=\"dateCreated\" class=\"mkd-post-info-date entry-date updated\">\n\n    \n        October 22, 2019\n        \n    <meta itemprop=\"interactionCount\" content=\"UserComments: 0\"\/>\n\n<\/div><div class=\"mkd-post-info-category\"><a href=\"https:\/\/www.icpartners.it\/en\/category\/news\/\" rel=\"category tag\">News<\/a> <a href=\"https:\/\/www.icpartners.it\/en\/category\/ungheria\/\" rel=\"category tag\">HUNGARY<\/a><\/div>    <div class =\"mkd-blog-share\">\n        <div class=\"mkd-social-share-holder mkd-list\">\n\t<ul>\n\t\t<li class=\"mkd-facebook-share\">\n\t<a itemprop=\"url\" class=\"mkd-share-link\" href=\"#\" onclick=\"window.open(&#039;http:\/\/www.facebook.com\/sharer.php?u=https%3A%2F%2Fwww.icpartners.it%2Fen%2Fungheria-quanto-costa-assumere-un-dipendente%2F&#039;, &#039;sharer&#039;, &#039;toolbar=0,status=0,width=620,height=280&#039;);\">\n\t\t\t\t\t<img decoding=\"async\" itemprop=\"image\" src=\"https:\/\/www.icpartners.it\/wp-content\/uploads\/2024\/03\/ic_facebook_news.png\" alt=\"facebook\" \/>\n\t\t\t<\/a>\n<\/li><li class=\"mkd-twitter-share\">\n\t<a itemprop=\"url\" class=\"mkd-share-link\" href=\"#\" onclick=\"window.open(&#039;http:\/\/twitter.com\/home?status=Le+imprese+ungheresi+dal+1+luglio+scorso+hanno+un%E2%80%99arma+in+pi%C3%B9+per+mantenere+la+loro+competitivit%C3%A0%3A+%C3%A8+infatti+entrata+https:\/\/www.icpartners.it\/en\/ungheria-quanto-costa-assumere-un-dipendente\/&#039;, &#039;popupwindow&#039;, &#039;scrollbars=yes,width=800,height=400&#039;);\">\n\t\t\t\t\t<img decoding=\"async\" itemprop=\"image\" src=\"https:\/\/www.icpartners.it\/wp-content\/uploads\/2024\/03\/ic_twitter-x_news.png\" alt=\"twitter\" \/>\n\t\t\t<\/a>\n<\/li><li class=\"mkd-linkedin-share\">\n\t<a itemprop=\"url\" class=\"mkd-share-link\" href=\"#\" onclick=\"popUp=window.open(&#039;http:\/\/linkedin.com\/shareArticle?mini=true&amp;url=https%3A%2F%2Fwww.icpartners.it%2Fen%2Fungheria-quanto-costa-assumere-un-dipendente%2F&amp;title=Ungheria%3A+quanto+costa+assumere+un+dipendente%3F&#039;, &#039;popupwindow&#039;, &#039;scrollbars=yes,width=800,height=400&#039;);popUp.focus();return false;\">\n\t\t\t\t\t<img decoding=\"async\" itemprop=\"image\" src=\"https:\/\/www.icpartners.it\/wp-content\/uploads\/2024\/03\/ic_linkedin_news.png\" alt=\"linkedin\" \/>\n\t\t\t<\/a>\n<\/li>\t<\/ul>\n<\/div>    <\/div>\n        <\/div>\n    \n    <div class=\"mkd-read-more-holder\"><a itemprop=\"url\" href=\"https:\/\/www.icpartners.it\/en\/ungheria-quanto-costa-assumere-un-dipendente\/\" target=\"_self\" style=\"font-weight: 700\" class=\"mkd-btn mkd-btn-small mkd-btn-minimal mkd-btn-icon\"  >    <span class=\"mkd-btn-text\">Read More<\/span>    <span aria-hidden=\"true\" class=\"mkd-icon-font-elegant arrow_carrot-right\" ><\/span><\/a><\/div>\n    <\/div>\n    <\/div>\n<\/li>    <\/ul>\n<\/div>\n<div class=\"vc_empty_space\"   style=\"height: 32px\"><span class=\"vc_empty_space_inner\"><\/span><\/div><a itemprop=\"url\" href=\"http:\/\/www.icpartners.it\/en\/ungheria\/\" target=\"_self\"  class=\"mkd-btn mkd-btn-medium mkd-btn-outline\"  >\n    <span class=\"mkd-btn-text\">Indietro<\/span>\n    <\/a><\/div><\/div><\/div><div class=\"wpb_column vc_column_container vc_col-sm-3\"><div class=\"vc_column-inner vc_custom_1571683489480\"><div class=\"wpb_wrapper\"><div class=\"mkd-st mkd-content-aligment-left\">\n    <div class=\"mkd-st-inner\">\n        <div class=\"mkd-st-title-holder\">\n            <h4 class=\"mkd-st-title\">\n            <span>Ultime News<\/span>\n        <\/h4>\n    <\/div>\n\n    <div class=\"mkd-separator-holder clearfix  mkd-separator-left\">\n\t<div class=\"mkd-separator\" style=\"width: 40px;border-bottom-width: 2px;margin-top: 0px;margin-bottom: 30px\"><\/div>\n<\/div>\n\n    <div class=\"mkd-st-text-holder\" mkd-content-aligment-left>\n        <span class=\"mkd-st-text-text\"><\/span>\n    <\/div>\n<\/div>\n<\/div>\n<div class=\"mkd-blog-list-holder mkd-masonry  mkd-column-1\">\n    <ul class=\"mkd-blog-list\">\n                    <li class=\"mkd-blog-list-masonry-grid-sizer\"><\/li>\n            <li class=\"mkd-blog-list-masonry-grid-gutter\"><\/li>\n        <li class=\"mkd-blog-list-item mkd-blog-list-masonry-item\">\n    <div class=\"mkd-blog-list-item-inner\">\n        <div class=\"mkd-item-image clearfix\">\n\n            <a itemprop=\"url\" href=\"https:\/\/www.icpartners.it\/en\/ungheria-hub-dellautomotive-elettrico-europeo\/\">\n                <img loading=\"lazy\" decoding=\"async\" width=\"1200\" height=\"627\" src=\"https:\/\/www.icpartners.it\/wp-content\/uploads\/2024\/12\/Articoli-2024-34.png\" class=\"attachment-full size-full wp-post-image\" alt=\"\" srcset=\"https:\/\/www.icpartners.it\/wp-content\/uploads\/2024\/12\/Articoli-2024-34.png 1200w, https:\/\/www.icpartners.it\/wp-content\/uploads\/2024\/12\/Articoli-2024-34-300x157.png 300w, https:\/\/www.icpartners.it\/wp-content\/uploads\/2024\/12\/Articoli-2024-34-1024x535.png 1024w, https:\/\/www.icpartners.it\/wp-content\/uploads\/2024\/12\/Articoli-2024-34-296x155.png 296w, https:\/\/www.icpartners.it\/wp-content\/uploads\/2024\/12\/Articoli-2024-34-768x401.png 768w, https:\/\/www.icpartners.it\/wp-content\/uploads\/2024\/12\/Articoli-2024-34-18x9.png 18w\" sizes=\"auto, (max-width: 1200px) 100vw, 1200px\" \/>            <\/a>\n            <div class=\"mkd-post-info-category\"><a href=\"https:\/\/www.icpartners.it\/en\/category\/news\/\" rel=\"category tag\">News<\/a> <a href=\"https:\/\/www.icpartners.it\/en\/category\/ungheria\/\" rel=\"category tag\">HUNGARY<\/a><\/div>\n        <\/div>\n        <div class=\"mkd-item-text-holder\">\n            <h4 itemprop=\"name\" class=\"mkd-item-title entry-title\">\n            <a itemprop=\"url\" href=\"https:\/\/www.icpartners.it\/en\/ungheria-hub-dellautomotive-elettrico-europeo\/\">\n                Ungheria: Hub dell\u2019Automotive Elettrico Europeo            <\/a>\n        <\/h4>\n\n                    <p itemprop=\"description\" class=\"mkd-excerpt\">Chi avrebbe mai detto che l\u2019Ungheria, un Paese di soli 10 milioni di abitanti e senza un...<\/p>\n        \n                    <div class=\"mkd-item-info-section clearfix\">\n                <div itemprop=\"dateCreated\" class=\"mkd-post-info-date entry-date updated\">\n\n    \n        December 19, 2024\n        \n    <meta itemprop=\"interactionCount\" content=\"UserComments: 0\"\/>\n\n<\/div>    <div class =\"mkd-blog-share\">\n        <div class=\"mkd-social-share-holder mkd-list\">\n\t<ul>\n\t\t<li class=\"mkd-facebook-share\">\n\t<a itemprop=\"url\" class=\"mkd-share-link\" href=\"#\" onclick=\"window.open(&#039;http:\/\/www.facebook.com\/sharer.php?u=https%3A%2F%2Fwww.icpartners.it%2Fen%2Fungheria-hub-dellautomotive-elettrico-europeo%2F&#039;, &#039;sharer&#039;, &#039;toolbar=0,status=0,width=620,height=280&#039;);\">\n\t\t\t\t\t<img decoding=\"async\" itemprop=\"image\" src=\"https:\/\/www.icpartners.it\/wp-content\/uploads\/2024\/03\/ic_facebook_news.png\" alt=\"facebook\" \/>\n\t\t\t<\/a>\n<\/li><li class=\"mkd-twitter-share\">\n\t<a itemprop=\"url\" class=\"mkd-share-link\" href=\"#\" onclick=\"window.open(&#039;http:\/\/twitter.com\/home?status=Chi+avrebbe+mai+detto+che+l%E2%80%99Ungheria%2C+un+Paese+di+soli+10+milioni+di+abitanti+e+senza+una+radicata+tradizione+https:\/\/www.icpartners.it\/en\/ungheria-hub-dellautomotive-elettrico-europeo\/&#039;, &#039;popupwindow&#039;, &#039;scrollbars=yes,width=800,height=400&#039;);\">\n\t\t\t\t\t<img decoding=\"async\" itemprop=\"image\" src=\"https:\/\/www.icpartners.it\/wp-content\/uploads\/2024\/03\/ic_twitter-x_news.png\" alt=\"twitter\" \/>\n\t\t\t<\/a>\n<\/li><li class=\"mkd-linkedin-share\">\n\t<a itemprop=\"url\" class=\"mkd-share-link\" href=\"#\" onclick=\"popUp=window.open(&#039;http:\/\/linkedin.com\/shareArticle?mini=true&amp;url=https%3A%2F%2Fwww.icpartners.it%2Fen%2Fungheria-hub-dellautomotive-elettrico-europeo%2F&amp;title=Ungheria%3A+Hub+dell%E2%80%99Automotive+Elettrico+Europeo&#039;, &#039;popupwindow&#039;, &#039;scrollbars=yes,width=800,height=400&#039;);popUp.focus();return false;\">\n\t\t\t\t\t<img decoding=\"async\" itemprop=\"image\" src=\"https:\/\/www.icpartners.it\/wp-content\/uploads\/2024\/03\/ic_linkedin_news.png\" alt=\"linkedin\" \/>\n\t\t\t<\/a>\n<\/li>\t<\/ul>\n<\/div>    <\/div>\n            <\/div>\n        \n        <div class=\"mkd-read-more-holder\"><a itemprop=\"url\" href=\"https:\/\/www.icpartners.it\/en\/ungheria-hub-dellautomotive-elettrico-europeo\/\" target=\"_self\" style=\"font-weight: 700\" class=\"mkd-btn mkd-btn-small mkd-btn-minimal mkd-btn-icon\"  >    <span class=\"mkd-btn-text\">Read More<\/span>    <span aria-hidden=\"true\" class=\"mkd-icon-font-elegant arrow_carrot-right\" ><\/span><\/a><\/div>\n    <\/div>\n    <\/div>\n<\/li><li class=\"mkd-blog-list-item mkd-blog-list-masonry-item\">\n    <div class=\"mkd-blog-list-item-inner\">\n        <div class=\"mkd-item-image clearfix\">\n\n            <a itemprop=\"url\" href=\"https:\/\/www.icpartners.it\/en\/ungheria-cosa-accade-se-non-si-deposita-il-bilancio-desercizio\/\">\n                <img loading=\"lazy\" decoding=\"async\" width=\"1200\" height=\"627\" src=\"https:\/\/www.icpartners.it\/wp-content\/uploads\/2023\/03\/Articoli-2023-16.png\" class=\"attachment-full size-full wp-post-image\" alt=\"\" srcset=\"https:\/\/www.icpartners.it\/wp-content\/uploads\/2023\/03\/Articoli-2023-16.png 1200w, https:\/\/www.icpartners.it\/wp-content\/uploads\/2023\/03\/Articoli-2023-16-300x157.png 300w, https:\/\/www.icpartners.it\/wp-content\/uploads\/2023\/03\/Articoli-2023-16-1024x535.png 1024w, https:\/\/www.icpartners.it\/wp-content\/uploads\/2023\/03\/Articoli-2023-16-296x155.png 296w, https:\/\/www.icpartners.it\/wp-content\/uploads\/2023\/03\/Articoli-2023-16-768x401.png 768w, https:\/\/www.icpartners.it\/wp-content\/uploads\/2023\/03\/Articoli-2023-16-18x9.png 18w\" sizes=\"auto, (max-width: 1200px) 100vw, 1200px\" \/>            <\/a>\n            <div class=\"mkd-post-info-category\"><a href=\"https:\/\/www.icpartners.it\/en\/category\/news\/\" rel=\"category tag\">News<\/a> <a href=\"https:\/\/www.icpartners.it\/en\/category\/ungheria\/\" rel=\"category tag\">HUNGARY<\/a><\/div>\n        <\/div>\n        <div class=\"mkd-item-text-holder\">\n            <h4 itemprop=\"name\" class=\"mkd-item-title entry-title\">\n            <a itemprop=\"url\" href=\"https:\/\/www.icpartners.it\/en\/ungheria-cosa-accade-se-non-si-deposita-il-bilancio-desercizio\/\">\n                Ungheria: cosa accade se non si deposita il bilancio d&#8217;esercizio            <\/a>\n        <\/h4>\n\n                    <p itemprop=\"description\" class=\"mkd-excerpt\">Il deposito del bilancio annuale \u00e8 preceduto da un periodo di grande attivit\u00e0 per i prof...<\/p>\n        \n                    <div class=\"mkd-item-info-section clearfix\">\n                <div itemprop=\"dateCreated\" class=\"mkd-post-info-date entry-date updated\">\n\n    \n        March 8, 2023\n        \n    <meta itemprop=\"interactionCount\" content=\"UserComments: 0\"\/>\n\n<\/div>    <div class =\"mkd-blog-share\">\n        <div class=\"mkd-social-share-holder mkd-list\">\n\t<ul>\n\t\t<li class=\"mkd-facebook-share\">\n\t<a itemprop=\"url\" class=\"mkd-share-link\" href=\"#\" onclick=\"window.open(&#039;http:\/\/www.facebook.com\/sharer.php?u=https%3A%2F%2Fwww.icpartners.it%2Fen%2Fungheria-cosa-accade-se-non-si-deposita-il-bilancio-desercizio%2F&#039;, &#039;sharer&#039;, &#039;toolbar=0,status=0,width=620,height=280&#039;);\">\n\t\t\t\t\t<img decoding=\"async\" itemprop=\"image\" src=\"https:\/\/www.icpartners.it\/wp-content\/uploads\/2024\/03\/ic_facebook_news.png\" alt=\"facebook\" \/>\n\t\t\t<\/a>\n<\/li><li class=\"mkd-twitter-share\">\n\t<a itemprop=\"url\" class=\"mkd-share-link\" href=\"#\" onclick=\"window.open(&#039;http:\/\/twitter.com\/home?status=Il+deposito+del+bilancio+annuale+%C3%A8+preceduto+da+un+periodo+di+grande+attivit%C3%A0+per+i+professionisti+e+per+le+aziende%2C+https:\/\/www.icpartners.it\/en\/ungheria-cosa-accade-se-non-si-deposita-il-bilancio-desercizio\/&#039;, &#039;popupwindow&#039;, &#039;scrollbars=yes,width=800,height=400&#039;);\">\n\t\t\t\t\t<img decoding=\"async\" itemprop=\"image\" src=\"https:\/\/www.icpartners.it\/wp-content\/uploads\/2024\/03\/ic_twitter-x_news.png\" alt=\"twitter\" \/>\n\t\t\t<\/a>\n<\/li><li class=\"mkd-linkedin-share\">\n\t<a itemprop=\"url\" class=\"mkd-share-link\" href=\"#\" onclick=\"popUp=window.open(&#039;http:\/\/linkedin.com\/shareArticle?mini=true&amp;url=https%3A%2F%2Fwww.icpartners.it%2Fen%2Fungheria-cosa-accade-se-non-si-deposita-il-bilancio-desercizio%2F&amp;title=Ungheria%3A+cosa+accade+se+non+si+deposita+il+bilancio+d%26%238217%3Besercizio&#039;, &#039;popupwindow&#039;, &#039;scrollbars=yes,width=800,height=400&#039;);popUp.focus();return false;\">\n\t\t\t\t\t<img decoding=\"async\" itemprop=\"image\" src=\"https:\/\/www.icpartners.it\/wp-content\/uploads\/2024\/03\/ic_linkedin_news.png\" alt=\"linkedin\" \/>\n\t\t\t<\/a>\n<\/li>\t<\/ul>\n<\/div>    <\/div>\n            <\/div>\n        \n        <div class=\"mkd-read-more-holder\"><a itemprop=\"url\" href=\"https:\/\/www.icpartners.it\/en\/ungheria-cosa-accade-se-non-si-deposita-il-bilancio-desercizio\/\" target=\"_self\" style=\"font-weight: 700\" class=\"mkd-btn mkd-btn-small mkd-btn-minimal mkd-btn-icon\"  >    <span class=\"mkd-btn-text\">Read More<\/span>    <span aria-hidden=\"true\" class=\"mkd-icon-font-elegant arrow_carrot-right\" ><\/span><\/a><\/div>\n    <\/div>\n    <\/div>\n<\/li><li class=\"mkd-blog-list-item mkd-blog-list-masonry-item\">\n    <div class=\"mkd-blog-list-item-inner\">\n        <div class=\"mkd-item-image clearfix\">\n\n            <a itemprop=\"url\" href=\"https:\/\/www.icpartners.it\/en\/ungheria-modifiche-alla-normativa-sul-transfer-pricing\/\">\n                <img loading=\"lazy\" decoding=\"async\" width=\"1200\" height=\"627\" src=\"https:\/\/www.icpartners.it\/wp-content\/uploads\/2023\/02\/Articoli-2023-10-1.png\" class=\"attachment-full size-full wp-post-image\" alt=\"\" srcset=\"https:\/\/www.icpartners.it\/wp-content\/uploads\/2023\/02\/Articoli-2023-10-1.png 1200w, https:\/\/www.icpartners.it\/wp-content\/uploads\/2023\/02\/Articoli-2023-10-1-300x157.png 300w, https:\/\/www.icpartners.it\/wp-content\/uploads\/2023\/02\/Articoli-2023-10-1-1024x535.png 1024w, https:\/\/www.icpartners.it\/wp-content\/uploads\/2023\/02\/Articoli-2023-10-1-296x155.png 296w, https:\/\/www.icpartners.it\/wp-content\/uploads\/2023\/02\/Articoli-2023-10-1-768x401.png 768w, https:\/\/www.icpartners.it\/wp-content\/uploads\/2023\/02\/Articoli-2023-10-1-18x9.png 18w\" sizes=\"auto, (max-width: 1200px) 100vw, 1200px\" \/>            <\/a>\n            <div class=\"mkd-post-info-category\"><a href=\"https:\/\/www.icpartners.it\/en\/category\/news\/\" rel=\"category tag\">News<\/a> <a href=\"https:\/\/www.icpartners.it\/en\/category\/ungheria\/\" rel=\"category tag\">HUNGARY<\/a><\/div>\n        <\/div>\n        <div class=\"mkd-item-text-holder\">\n            <h4 itemprop=\"name\" class=\"mkd-item-title entry-title\">\n            <a itemprop=\"url\" href=\"https:\/\/www.icpartners.it\/en\/ungheria-modifiche-alla-normativa-sul-transfer-pricing\/\">\n                Ungheria: Modifiche alla normativa sul Transfer Pricing            <\/a>\n        <\/h4>\n\n                    <p itemprop=\"description\" class=\"mkd-excerpt\">Il 28 dicembre 2022 \u00e8 stato pubblicato il decreto del Ministero dell\u2019Economia 27\/2022, ...<\/p>\n        \n                    <div class=\"mkd-item-info-section clearfix\">\n                <div itemprop=\"dateCreated\" class=\"mkd-post-info-date entry-date updated\">\n\n    \n        February 10, 2023\n        \n    <meta itemprop=\"interactionCount\" content=\"UserComments: 0\"\/>\n\n<\/div>    <div class =\"mkd-blog-share\">\n        <div class=\"mkd-social-share-holder mkd-list\">\n\t<ul>\n\t\t<li class=\"mkd-facebook-share\">\n\t<a itemprop=\"url\" class=\"mkd-share-link\" href=\"#\" onclick=\"window.open(&#039;http:\/\/www.facebook.com\/sharer.php?u=https%3A%2F%2Fwww.icpartners.it%2Fen%2Fungheria-modifiche-alla-normativa-sul-transfer-pricing%2F&#039;, &#039;sharer&#039;, &#039;toolbar=0,status=0,width=620,height=280&#039;);\">\n\t\t\t\t\t<img decoding=\"async\" itemprop=\"image\" src=\"https:\/\/www.icpartners.it\/wp-content\/uploads\/2024\/03\/ic_facebook_news.png\" alt=\"facebook\" \/>\n\t\t\t<\/a>\n<\/li><li class=\"mkd-twitter-share\">\n\t<a itemprop=\"url\" class=\"mkd-share-link\" href=\"#\" onclick=\"window.open(&#039;http:\/\/twitter.com\/home?status=Il+28+dicembre+2022+%C3%A8+stato+pubblicato+il+decreto+del+Ministero+dell%E2%80%99Economia+27%2F2022%2C+che+ha+modificato+in+numerosi+https:\/\/www.icpartners.it\/en\/ungheria-modifiche-alla-normativa-sul-transfer-pricing\/&#039;, &#039;popupwindow&#039;, &#039;scrollbars=yes,width=800,height=400&#039;);\">\n\t\t\t\t\t<img decoding=\"async\" itemprop=\"image\" src=\"https:\/\/www.icpartners.it\/wp-content\/uploads\/2024\/03\/ic_twitter-x_news.png\" alt=\"twitter\" \/>\n\t\t\t<\/a>\n<\/li><li class=\"mkd-linkedin-share\">\n\t<a itemprop=\"url\" class=\"mkd-share-link\" href=\"#\" onclick=\"popUp=window.open(&#039;http:\/\/linkedin.com\/shareArticle?mini=true&amp;url=https%3A%2F%2Fwww.icpartners.it%2Fen%2Fungheria-modifiche-alla-normativa-sul-transfer-pricing%2F&amp;title=Ungheria%3A+Modifiche+alla+normativa+sul+Transfer+Pricing&#039;, &#039;popupwindow&#039;, &#039;scrollbars=yes,width=800,height=400&#039;);popUp.focus();return false;\">\n\t\t\t\t\t<img decoding=\"async\" itemprop=\"image\" src=\"https:\/\/www.icpartners.it\/wp-content\/uploads\/2024\/03\/ic_linkedin_news.png\" alt=\"linkedin\" \/>\n\t\t\t<\/a>\n<\/li>\t<\/ul>\n<\/div>    <\/div>\n            <\/div>\n        \n        <div class=\"mkd-read-more-holder\"><a itemprop=\"url\" href=\"https:\/\/www.icpartners.it\/en\/ungheria-modifiche-alla-normativa-sul-transfer-pricing\/\" target=\"_self\" style=\"font-weight: 700\" class=\"mkd-btn mkd-btn-small mkd-btn-minimal mkd-btn-icon\"  >    <span class=\"mkd-btn-text\">Read More<\/span>    <span aria-hidden=\"true\" class=\"mkd-icon-font-elegant arrow_carrot-right\" ><\/span><\/a><\/div>\n    <\/div>\n    <\/div>\n<\/li><li class=\"mkd-blog-list-item mkd-blog-list-masonry-item\">\n    <div class=\"mkd-blog-list-item-inner\">\n        <div class=\"mkd-item-image clearfix\">\n\n            <a itemprop=\"url\" href=\"https:\/\/www.icpartners.it\/en\/ungheria-cosa-cambia-con-la-legge-finanziaria-del-2023\/\">\n                <img loading=\"lazy\" decoding=\"async\" width=\"1200\" height=\"627\" src=\"https:\/\/www.icpartners.it\/wp-content\/uploads\/2023\/01\/Articoli-2023-3.png\" class=\"attachment-full size-full wp-post-image\" alt=\"\" srcset=\"https:\/\/www.icpartners.it\/wp-content\/uploads\/2023\/01\/Articoli-2023-3.png 1200w, https:\/\/www.icpartners.it\/wp-content\/uploads\/2023\/01\/Articoli-2023-3-300x157.png 300w, https:\/\/www.icpartners.it\/wp-content\/uploads\/2023\/01\/Articoli-2023-3-1024x535.png 1024w, https:\/\/www.icpartners.it\/wp-content\/uploads\/2023\/01\/Articoli-2023-3-296x155.png 296w, https:\/\/www.icpartners.it\/wp-content\/uploads\/2023\/01\/Articoli-2023-3-768x401.png 768w, https:\/\/www.icpartners.it\/wp-content\/uploads\/2023\/01\/Articoli-2023-3-18x9.png 18w\" sizes=\"auto, (max-width: 1200px) 100vw, 1200px\" \/>            <\/a>\n            <div class=\"mkd-post-info-category\"><a href=\"https:\/\/www.icpartners.it\/en\/category\/news\/\" rel=\"category tag\">News<\/a> <a href=\"https:\/\/www.icpartners.it\/en\/category\/ungheria\/\" rel=\"category tag\">HUNGARY<\/a><\/div>\n        <\/div>\n        <div class=\"mkd-item-text-holder\">\n            <h4 itemprop=\"name\" class=\"mkd-item-title entry-title\">\n            <a itemprop=\"url\" href=\"https:\/\/www.icpartners.it\/en\/ungheria-cosa-cambia-con-la-legge-finanziaria-del-2023\/\">\n                Ungheria: cosa cambia con la legge finanziaria del 2023            <\/a>\n        <\/h4>\n\n                    <p itemprop=\"description\" class=\"mkd-excerpt\">La legge finanziaria per il 2023 \u00e8 stata improntata alla continuit\u00e0 delle politiche fisc...<\/p>\n        \n                    <div class=\"mkd-item-info-section clearfix\">\n                <div itemprop=\"dateCreated\" class=\"mkd-post-info-date entry-date updated\">\n\n    \n        January 24, 2023\n        \n    <meta itemprop=\"interactionCount\" content=\"UserComments: 0\"\/>\n\n<\/div>    <div class =\"mkd-blog-share\">\n        <div class=\"mkd-social-share-holder mkd-list\">\n\t<ul>\n\t\t<li class=\"mkd-facebook-share\">\n\t<a itemprop=\"url\" class=\"mkd-share-link\" href=\"#\" onclick=\"window.open(&#039;http:\/\/www.facebook.com\/sharer.php?u=https%3A%2F%2Fwww.icpartners.it%2Fen%2Fungheria-cosa-cambia-con-la-legge-finanziaria-del-2023%2F&#039;, &#039;sharer&#039;, &#039;toolbar=0,status=0,width=620,height=280&#039;);\">\n\t\t\t\t\t<img decoding=\"async\" itemprop=\"image\" src=\"https:\/\/www.icpartners.it\/wp-content\/uploads\/2024\/03\/ic_facebook_news.png\" alt=\"facebook\" \/>\n\t\t\t<\/a>\n<\/li><li class=\"mkd-twitter-share\">\n\t<a itemprop=\"url\" class=\"mkd-share-link\" href=\"#\" onclick=\"window.open(&#039;http:\/\/twitter.com\/home?status=La+legge+finanziaria+per+il+2023+%C3%A8+stata+improntata+alla+continuit%C3%A0+delle+politiche+fiscali+finora+adottate+dal+https:\/\/www.icpartners.it\/en\/ungheria-cosa-cambia-con-la-legge-finanziaria-del-2023\/&#039;, &#039;popupwindow&#039;, &#039;scrollbars=yes,width=800,height=400&#039;);\">\n\t\t\t\t\t<img decoding=\"async\" itemprop=\"image\" src=\"https:\/\/www.icpartners.it\/wp-content\/uploads\/2024\/03\/ic_twitter-x_news.png\" alt=\"twitter\" \/>\n\t\t\t<\/a>\n<\/li><li class=\"mkd-linkedin-share\">\n\t<a itemprop=\"url\" class=\"mkd-share-link\" href=\"#\" onclick=\"popUp=window.open(&#039;http:\/\/linkedin.com\/shareArticle?mini=true&amp;url=https%3A%2F%2Fwww.icpartners.it%2Fen%2Fungheria-cosa-cambia-con-la-legge-finanziaria-del-2023%2F&amp;title=Ungheria%3A+cosa+cambia+con+la+legge+finanziaria+del+2023&#039;, &#039;popupwindow&#039;, &#039;scrollbars=yes,width=800,height=400&#039;);popUp.focus();return false;\">\n\t\t\t\t\t<img decoding=\"async\" itemprop=\"image\" src=\"https:\/\/www.icpartners.it\/wp-content\/uploads\/2024\/03\/ic_linkedin_news.png\" alt=\"linkedin\" \/>\n\t\t\t<\/a>\n<\/li>\t<\/ul>\n<\/div>    <\/div>\n            <\/div>\n        \n        <div class=\"mkd-read-more-holder\"><a itemprop=\"url\" href=\"https:\/\/www.icpartners.it\/en\/ungheria-cosa-cambia-con-la-legge-finanziaria-del-2023\/\" target=\"_self\" style=\"font-weight: 700\" class=\"mkd-btn mkd-btn-small mkd-btn-minimal mkd-btn-icon\"  >    <span class=\"mkd-btn-text\">Read More<\/span>    <span aria-hidden=\"true\" class=\"mkd-icon-font-elegant arrow_carrot-right\" ><\/span><\/a><\/div>\n    <\/div>\n    <\/div>\n<\/li>    <\/ul>\n<\/div>\n<div class=\"vc_empty_space\"   style=\"height: 32px\"><span class=\"vc_empty_space_inner\"><\/span><\/div><div data-mkd-parallax-speed=\"1\" class=\"vc_row wpb_row vc_inner vc_row-fluid mkd-section mkd-content-aligment-left\" style=\"\"><div class=\"mkd-full-section-inner\"><div class=\"wpb_column vc_column_container vc_col-sm-12\"><div class=\"vc_column-inner\"><div class=\"wpb_wrapper\"><div class=\"mkd-st mkd-content-aligment-left\">\n    <div class=\"mkd-st-inner\">\n        <div class=\"mkd-st-title-holder\">\n            <h4 class=\"mkd-st-title\">\n            <span>Next Events<\/span>\n        <\/h4>\n    <\/div>\n\n    <div class=\"mkd-separator-holder clearfix  mkd-separator-left\">\n\t<div class=\"mkd-separator\" style=\"width: 40px;border-bottom-width: 2px;margin-top: 0px;margin-bottom: 30px\"><\/div>\n<\/div>\n\n    <div class=\"mkd-st-text-holder\" mkd-content-aligment-left>\n        <span class=\"mkd-st-text-text\"><\/span>\n    <\/div>\n<\/div>\n<\/div>\n\t<div class=\"wpb_text_column wpb_content_element\" >\n\t\t<div class=\"wpb_wrapper\">\n\t\t\t<p style=\"text-align: center;\">\t\t<div class=\"em em-view-container\" id=\"em-view-46855178\" data-view=\"calendar\">\r\n\t\t\t<div class=\"em pixelbones em-calendar preview-modal responsive-dateclick-modal size-small this-month\" data-scope=\"all\" data-preview-tooltips-trigger=\"\" id=\"em-calendar-46855178\" data-view-id=\"46855178\" data-view-type=\"calendar\" data-month=\"04\" data-year=\"2026\" data-timezone=\"\">\n\t<section class=\"em-cal-nav em-cal-nav-normal\">\n\t\t\t<div class=\"month input\">\n\t\t\t\t\t<form action=\"\" method=\"get\" data-trp-original-action=\"\">\n\t\t\t\t<input type=\"month\" class=\"em-month-picker\" value=\"2026-04\" data-month-value=\"Apr 2026\">\n\t\t\t\t<span class=\"toggle\"><\/span>\n\t\t\t<input type=\"hidden\" name=\"trp-form-language\" value=\"en\"\/><\/form>\n\t\t\t<\/div>\n\t\t\t<div class=\"month-nav input\">\n\t\t<a class=\"em-calnav em-calnav-prev\" href=\"\/en\/wp-json\/wp\/v2\/pages\/10225?mo=3&#038;yr=2026\" data-disabled=\"0\" >\n\t\t\t<svg viewbox=\"0 0 15 15\" xmlns=\"http:\/\/www.w3.org\/2000\/svg\"><path d=\"M10 14L3 7.5L10 1\" stroke=\"#555\" stroke-linecap=\"square\"><\/path><\/svg>\n\t\t<\/a>\n\t\t\t\t\t<a href=\"\" class=\"em-calnav-today button button-secondary size-large size-medium is-today\" >\n\t\t\t\tToday\t\t\t<\/a>\n\t\t\t\t<a class=\"em-calnav em-calnav-next\" href=\"\/en\/wp-json\/wp\/v2\/pages\/10225?mo=5&#038;yr=2026\" data-disabled=\"0\" >\n\t\t\t<svg viewbox=\"0 0 15 15\" xmlns=\"http:\/\/www.w3.org\/2000\/svg\"><path d=\"M5 14L12 7.5L5 1\" stroke=\"#555\" stroke-linecap=\"square\"><\/path><\/svg>\n\t\t<\/a>\n\t<\/div>\n\t<\/section><section class=\"em-cal-head em-cal-week-days em-cal-days size-large\">\n\t\t\t<div class=\"em-cal-day em-cal-col-0\">Mon<\/div>\n\t\t\t\t<div class=\"em-cal-day em-cal-col-1\">Tue<\/div>\n\t\t\t\t<div class=\"em-cal-day em-cal-col-2\">Wed<\/div>\n\t\t\t\t<div class=\"em-cal-day em-cal-col-3\">Thu<\/div>\n\t\t\t\t<div class=\"em-cal-day em-cal-col-4\">Fri<\/div>\n\t\t\t\t<div class=\"em-cal-day em-cal-col-5\">Sat<\/div>\n\t\t\t\t<div class=\"em-cal-day em-cal-col-6\">Sun<\/div>\n\t\t<\/section>\n<section class=\"em-cal-head em-cal-week-days em-cal-days size-small size-medium\">\n\t\t\t<div class=\"em-cal-day em-cal-col-0\">M<\/div>\n\t\t\t\t<div class=\"em-cal-day em-cal-col-1\">T<\/div>\n\t\t\t\t<div class=\"em-cal-day em-cal-col-2\">W<\/div>\n\t\t\t\t<div class=\"em-cal-day em-cal-col-3\">T<\/div>\n\t\t\t\t<div class=\"em-cal-day em-cal-col-4\">F<\/div>\n\t\t\t\t<div class=\"em-cal-day em-cal-col-5\">S<\/div>\n\t\t\t\t<div class=\"em-cal-day em-cal-col-6\">S<\/div>\n\t\t<\/section><section class=\"em-cal-body em-cal-days event-style-pill even-aspect\">\n\t\t\t<div class=\"eventless-pre em-cal-day em-cal-col-1\">\n\t\t\t\t\t\t\t<div class=\"em-cal-day-date\">\n\t\t\t\t\t<span>30<\/span>\n\t\t\t\t<\/div>\n\t\t\t\t\t<\/div>\n\t\t\t\t<div class=\"eventless-pre em-cal-day em-cal-col-2\">\n\t\t\t\t\t\t\t<div class=\"em-cal-day-date\">\n\t\t\t\t\t<span>31<\/span>\n\t\t\t\t<\/div>\n\t\t\t\t\t<\/div>\n\t\t\t\t<div class=\"eventless em-cal-day em-cal-col-3\">\n\t\t\t\t\t\t\t<div class=\"em-cal-day-date\">\n\t\t\t\t\t<span>1<\/span>\n\t\t\t\t<\/div>\n\t\t\t\t\t<\/div>\n\t\t\t\t<div class=\"eventless em-cal-day em-cal-col-4\">\n\t\t\t\t\t\t\t<div class=\"em-cal-day-date\">\n\t\t\t\t\t<span>2<\/span>\n\t\t\t\t<\/div>\n\t\t\t\t\t<\/div>\n\t\t\t\t<div class=\"eventless em-cal-day em-cal-col-5\">\n\t\t\t\t\t\t\t<div class=\"em-cal-day-date\">\n\t\t\t\t\t<span>3<\/span>\n\t\t\t\t<\/div>\n\t\t\t\t\t<\/div>\n\t\t\t\t<div class=\"eventless em-cal-day em-cal-col-6\">\n\t\t\t\t\t\t\t<div class=\"em-cal-day-date\">\n\t\t\t\t\t<span>4<\/span>\n\t\t\t\t<\/div>\n\t\t\t\t\t<\/div>\n\t\t\t\t<div class=\"eventless em-cal-day em-cal-col-7\">\n\t\t\t\t\t\t\t<div class=\"em-cal-day-date\">\n\t\t\t\t\t<span>5<\/span>\n\t\t\t\t<\/div>\n\t\t\t\t\t<\/div>\n\t\t\t\t<div class=\"eventless em-cal-day em-cal-col-1\">\n\t\t\t\t\t\t\t<div class=\"em-cal-day-date\">\n\t\t\t\t\t<span>6<\/span>\n\t\t\t\t<\/div>\n\t\t\t\t\t<\/div>\n\t\t\t\t<div class=\"eventless em-cal-day em-cal-col-2\">\n\t\t\t\t\t\t\t<div class=\"em-cal-day-date\">\n\t\t\t\t\t<span>7<\/span>\n\t\t\t\t<\/div>\n\t\t\t\t\t<\/div>\n\t\t\t\t<div class=\"eventless em-cal-day em-cal-col-3\">\n\t\t\t\t\t\t\t<div class=\"em-cal-day-date\">\n\t\t\t\t\t<span>8<\/span>\n\t\t\t\t<\/div>\n\t\t\t\t\t<\/div>\n\t\t\t\t<div class=\"eventless em-cal-day em-cal-col-4\">\n\t\t\t\t\t\t\t<div class=\"em-cal-day-date\">\n\t\t\t\t\t<span>9<\/span>\n\t\t\t\t<\/div>\n\t\t\t\t\t<\/div>\n\t\t\t\t<div class=\"eventless em-cal-day em-cal-col-5\">\n\t\t\t\t\t\t\t<div class=\"em-cal-day-date\">\n\t\t\t\t\t<span>10<\/span>\n\t\t\t\t<\/div>\n\t\t\t\t\t<\/div>\n\t\t\t\t<div class=\"eventless em-cal-day em-cal-col-6\">\n\t\t\t\t\t\t\t<div class=\"em-cal-day-date\">\n\t\t\t\t\t<span>11<\/span>\n\t\t\t\t<\/div>\n\t\t\t\t\t<\/div>\n\t\t\t\t<div class=\"eventless em-cal-day em-cal-col-7\">\n\t\t\t\t\t\t\t<div class=\"em-cal-day-date\">\n\t\t\t\t\t<span>12<\/span>\n\t\t\t\t<\/div>\n\t\t\t\t\t<\/div>\n\t\t\t\t<div class=\"eventless em-cal-day em-cal-col-1\">\n\t\t\t\t\t\t\t<div class=\"em-cal-day-date\">\n\t\t\t\t\t<span>13<\/span>\n\t\t\t\t<\/div>\n\t\t\t\t\t<\/div>\n\t\t\t\t<div class=\"eventless em-cal-day em-cal-col-2\">\n\t\t\t\t\t\t\t<div class=\"em-cal-day-date\">\n\t\t\t\t\t<span>14<\/span>\n\t\t\t\t<\/div>\n\t\t\t\t\t<\/div>\n\t\t\t\t<div class=\"eventless em-cal-day em-cal-col-3\">\n\t\t\t\t\t\t\t<div class=\"em-cal-day-date\">\n\t\t\t\t\t<span>15<\/span>\n\t\t\t\t<\/div>\n\t\t\t\t\t<\/div>\n\t\t\t\t<div class=\"eventless em-cal-day em-cal-col-4\">\n\t\t\t\t\t\t\t<div class=\"em-cal-day-date\">\n\t\t\t\t\t<span>16<\/span>\n\t\t\t\t<\/div>\n\t\t\t\t\t<\/div>\n\t\t\t\t<div class=\"eventless em-cal-day em-cal-col-5\">\n\t\t\t\t\t\t\t<div class=\"em-cal-day-date\">\n\t\t\t\t\t<span>17<\/span>\n\t\t\t\t<\/div>\n\t\t\t\t\t<\/div>\n\t\t\t\t<div class=\"eventless em-cal-day em-cal-col-6\">\n\t\t\t\t\t\t\t<div class=\"em-cal-day-date\">\n\t\t\t\t\t<span>18<\/span>\n\t\t\t\t<\/div>\n\t\t\t\t\t<\/div>\n\t\t\t\t<div class=\"eventless em-cal-day em-cal-col-7\">\n\t\t\t\t\t\t\t<div class=\"em-cal-day-date\">\n\t\t\t\t\t<span>19<\/span>\n\t\t\t\t<\/div>\n\t\t\t\t\t<\/div>\n\t\t\t\t<div class=\"eventless em-cal-day em-cal-col-1\">\n\t\t\t\t\t\t\t<div class=\"em-cal-day-date\">\n\t\t\t\t\t<span>20<\/span>\n\t\t\t\t<\/div>\n\t\t\t\t\t<\/div>\n\t\t\t\t<div class=\"eventless em-cal-day em-cal-col-2\">\n\t\t\t\t\t\t\t<div class=\"em-cal-day-date\">\n\t\t\t\t\t<span>21<\/span>\n\t\t\t\t<\/div>\n\t\t\t\t\t<\/div>\n\t\t\t\t<div class=\"eventless em-cal-day em-cal-col-3\">\n\t\t\t\t\t\t\t<div class=\"em-cal-day-date\">\n\t\t\t\t\t<span>22<\/span>\n\t\t\t\t<\/div>\n\t\t\t\t\t<\/div>\n\t\t\t\t<div class=\"eventless em-cal-day em-cal-col-4\">\n\t\t\t\t\t\t\t<div class=\"em-cal-day-date\">\n\t\t\t\t\t<span>23<\/span>\n\t\t\t\t<\/div>\n\t\t\t\t\t<\/div>\n\t\t\t\t<div class=\"eventless em-cal-day em-cal-col-5\">\n\t\t\t\t\t\t\t<div class=\"em-cal-day-date\">\n\t\t\t\t\t<span>24<\/span>\n\t\t\t\t<\/div>\n\t\t\t\t\t<\/div>\n\t\t\t\t<div class=\"eventless em-cal-day em-cal-col-6\">\n\t\t\t\t\t\t\t<div class=\"em-cal-day-date\">\n\t\t\t\t\t<span>25<\/span>\n\t\t\t\t<\/div>\n\t\t\t\t\t<\/div>\n\t\t\t\t<div class=\"eventless em-cal-day em-cal-col-7\">\n\t\t\t\t\t\t\t<div class=\"em-cal-day-date\">\n\t\t\t\t\t<span>26<\/span>\n\t\t\t\t<\/div>\n\t\t\t\t\t<\/div>\n\t\t\t\t<div class=\"eventless em-cal-day em-cal-col-1\">\n\t\t\t\t\t\t\t<div class=\"em-cal-day-date\">\n\t\t\t\t\t<span>27<\/span>\n\t\t\t\t<\/div>\n\t\t\t\t\t<\/div>\n\t\t\t\t<div class=\"eventless-today em-cal-day em-cal-col-2\">\n\t\t\t\t\t\t\t<div class=\"em-cal-day-date\">\n\t\t\t\t\t<span>28<\/span>\n\t\t\t\t<\/div>\n\t\t\t\t\t<\/div>\n\t\t\t\t<div class=\"eventless em-cal-day em-cal-col-3\">\n\t\t\t\t\t\t\t<div class=\"em-cal-day-date\">\n\t\t\t\t\t<span>29<\/span>\n\t\t\t\t<\/div>\n\t\t\t\t\t<\/div>\n\t\t\t\t<div class=\"eventless em-cal-day em-cal-col-4\">\n\t\t\t\t\t\t\t<div class=\"em-cal-day-date\">\n\t\t\t\t\t<span>30<\/span>\n\t\t\t\t<\/div>\n\t\t\t\t\t<\/div>\n\t\t\t\t<div class=\"eventless-post em-cal-day em-cal-col-5\">\n\t\t\t\t\t\t\t<div class=\"em-cal-day-date\">\n\t\t\t\t\t<span>1<\/span>\n\t\t\t\t<\/div>\n\t\t\t\t\t<\/div>\n\t\t\t\t<div class=\"eventless-post em-cal-day em-cal-col-6\">\n\t\t\t\t\t\t\t<div class=\"em-cal-day-date\">\n\t\t\t\t\t<span>2<\/span>\n\t\t\t\t<\/div>\n\t\t\t\t\t<\/div>\n\t\t\t\t<div class=\"eventless-post em-cal-day em-cal-col-7\">\n\t\t\t\t\t\t\t<div class=\"em-cal-day-date\">\n\t\t\t\t\t<span>3<\/span>\n\t\t\t\t<\/div>\n\t\t\t\t\t<\/div>\n\t\t<\/section><section class=\"em-cal-events-content\" id=\"em-cal-events-content-46855178\">\n\t\t\t\t\t\t\t\t\t\t\t\t\t\t\t\t\t\t\t\t\t\t\t\t\t\t\t\t\t\t\t\t\t\t\t\t\t\t\t\t\t\t\t\t\t\t\t\t\t\t\t\t\t\t\t\t\t\t\t\t\t\t\t\t\t\t\t\t\t\t\t\t\t\t\t\t\t\t\t\t\t\t\t\t\t\t\t\t\t\t\t\t\t\t\t\t\t\t\t\t\t\t\t\t\t\t\t\t\t\t\t\t\t<\/section><\/div>\n<script>\n\t{\n\t\tlet el = document.getElementById('em-calendar-46855178').querySelector('.em-cal-body');\n\t\tlet width = el.firstElementChild.getBoundingClientRect().width;\n\t\tif (width > 0) {\n\t\t\tel.style.setProperty('--grid-auto-rows', 'minmax(' + width + 'px, auto)');\n\t\t}\n\t}\n<\/script>\t\t\t<div class=\"em-view-custom-data\" id=\"em-view-custom-data-46855178\">\r\n\t\t\t\t\t\t\t\t<form class=\"em-view-custom-data-search\" id=\"em-view-custom-data-search-46855178\" action=\"\">\r\n\t\t\t\t\t\t\t\t\t\t<input type=\"hidden\" name=\"css\" value=\"1\">\r\n\t\t\t\t\t\t\t\t\t\t<input type=\"hidden\" name=\"search_action\" value=\"search_events\">\r\n\t\t\t\t\t\t\t\t\t\t<input type=\"hidden\" name=\"search_advanced_text\" value=\"Show Advanced Search\">\r\n\t\t\t\t\t\t\t\t\t\t<input type=\"hidden\" name=\"search_text_show\" value=\"Show Advanced Search\">\r\n\t\t\t\t\t\t\t\t\t\t<input type=\"hidden\" name=\"search_text_hide\" value=\"Hide Advanced Search\">\r\n\t\t\t\t\t\t\t\t\t\t<input type=\"hidden\" name=\"search_button\" value=\"Search\">\r\n\t\t\t\t\t\t\t\t\t\t<input type=\"hidden\" name=\"saved_searches\" value=\"\">\r\n\t\t\t\t\t\t\t\t\t\t<input type=\"hidden\" name=\"search_advanced_style\" value=\"accordion\">\r\n\t\t\t\t\t\t\t\t\t\t<input type=\"hidden\" name=\"search_multiselect_style\" value=\"always-open\">\r\n\t\t\t\t\t\t\t\t\t\t<input type=\"hidden\" name=\"sorting\" value=\"\">\r\n\t\t\t\t\t\t\t\t\t\t<input type=\"hidden\" name=\"search_term_main\" value=\"1\">\r\n\t\t\t\t\t\t\t\t\t\t<input type=\"hidden\" name=\"search_term\" value=\"1\">\r\n\t\t\t\t\t\t\t\t\t\t<input type=\"hidden\" name=\"search_term_label\" value=\"Search\">\r\n\t\t\t\t\t\t\t\t\t\t<input type=\"hidden\" name=\"search_term_advanced\" value=\"1\">\r\n\t\t\t\t\t\t\t\t\t\t<input type=\"hidden\" name=\"search_term_label_advanced\" value=\"Search\">\r\n\t\t\t\t\t\t\t\t\t\t<input type=\"hidden\" name=\"search_geo\" value=\"1\">\r\n\t\t\t\t\t\t\t\t\t\t<input type=\"hidden\" name=\"geo_label\" value=\"Near...\">\r\n\t\t\t\t\t\t\t\t\t\t<input type=\"hidden\" name=\"search_geo_advanced\" value=\"1\">\r\n\t\t\t\t\t\t\t\t\t\t<input type=\"hidden\" name=\"geo_label_advanced\" value=\"Near...\">\r\n\t\t\t\t\t\t\t\t\t\t<input type=\"hidden\" name=\"search_geo_units\" value=\"1\">\r\n\t\t\t\t\t\t\t\t\t\t<input type=\"hidden\" name=\"geo_units_label\" value=\"Within\">\r\n\t\t\t\t\t\t\t\t\t\t<input type=\"hidden\" name=\"geo_distance_values\" value=\"5,10,25,50,100\">\r\n\t\t\t\t\t\t\t\t\t\t<input type=\"hidden\" name=\"search_scope\" value=\"1\">\r\n\t\t\t\t\t\t\t\t\t\t<input type=\"hidden\" name=\"scope_label\" value=\"Dates\">\r\n\t\t\t\t\t\t\t\t\t\t<input type=\"hidden\" name=\"scope_seperator\" value=\"and\">\r\n\t\t\t\t\t\t\t\t\t\t<input type=\"hidden\" name=\"scope_format\" value=\"M j\">\r\n\t\t\t\t\t\t\t\t\t\t<input type=\"hidden\" name=\"search_scope_advanced\" value=\"1\">\r\n\t\t\t\t\t\t\t\t\t\t<input type=\"hidden\" name=\"scope_label_advanced\" value=\"Dates\">\r\n\t\t\t\t\t\t\t\t\t\t<input type=\"hidden\" name=\"scope_seperator_advanced\" value=\"and\">\r\n\t\t\t\t\t\t\t\t\t\t<input type=\"hidden\" name=\"scope_format_advanced\" value=\"M j\">\r\n\t\t\t\t\t\t\t\t\t\t<input type=\"hidden\" name=\"search_eventful_main\" value=\"0\">\r\n\t\t\t\t\t\t\t\t\t\t<input type=\"hidden\" name=\"search_eventful\" value=\"0\">\r\n\t\t\t\t\t\t\t\t\t\t<input type=\"hidden\" name=\"search_eventful_locations_label\" value=\"Eventful Locations?\">\r\n\t\t\t\t\t\t\t\t\t\t<input type=\"hidden\" name=\"search_eventful_locations_tooltip\" value=\"Display only locations with upcoming events.\">\r\n\t\t\t\t\t\t\t\t\t\t<input type=\"hidden\" name=\"search_categories\" value=\"1\">\r\n\t\t\t\t\t\t\t\t\t\t<input type=\"hidden\" name=\"category_label\" value=\"Category\">\r\n\t\t\t\t\t\t\t\t\t\t<input type=\"hidden\" name=\"categories_label\" value=\"All Categories\">\r\n\t\t\t\t\t\t\t\t\t\t<input type=\"hidden\" name=\"categories_placeholder\" value=\"Search Categories...\">\r\n\t\t\t\t\t\t\t\t\t\t<input type=\"hidden\" name=\"categories_clear_text\" value=\"Clear Selected\">\r\n\t\t\t\t\t\t\t\t\t\t<input type=\"hidden\" name=\"categories_count_text\" value=\"%d Selected\">\r\n\t\t\t\t\t\t\t\t\t\t<input type=\"hidden\" name=\"categories_include\" value=\"\">\r\n\t\t\t\t\t\t\t\t\t\t<input type=\"hidden\" name=\"categories_exclude\" value=\"\">\r\n\t\t\t\t\t\t\t\t\t\t<input type=\"hidden\" name=\"search_tags\" value=\"0\">\r\n\t\t\t\t\t\t\t\t\t\t<input type=\"hidden\" name=\"tag_label\" value=\"Tags\">\r\n\t\t\t\t\t\t\t\t\t\t<input type=\"hidden\" name=\"tags_label\" value=\"All Tags\">\r\n\t\t\t\t\t\t\t\t\t\t<input type=\"hidden\" name=\"tags_placeholder\" value=\"Search Tags...\">\r\n\t\t\t\t\t\t\t\t\t\t<input type=\"hidden\" name=\"tags_clear_text\" value=\"Clear Selected\">\r\n\t\t\t\t\t\t\t\t\t\t<input type=\"hidden\" name=\"tags_count_text\" value=\"%d Selected\">\r\n\t\t\t\t\t\t\t\t\t\t<input type=\"hidden\" name=\"tags_include\" value=\"\">\r\n\t\t\t\t\t\t\t\t\t\t<input type=\"hidden\" name=\"tags_exclude\" value=\"\">\r\n\t\t\t\t\t\t\t\t\t\t<input type=\"hidden\" name=\"search_countries\" value=\"1\">\r\n\t\t\t\t\t\t\t\t\t\t<input type=\"hidden\" name=\"country_label\" value=\"Country\">\r\n\t\t\t\t\t\t\t\t\t\t<input type=\"hidden\" name=\"countries_label\" value=\"All Countries\">\r\n\t\t\t\t\t\t\t\t\t\t<input type=\"hidden\" name=\"search_regions\" value=\"1\">\r\n\t\t\t\t\t\t\t\t\t\t<input type=\"hidden\" name=\"region_label\" value=\"Region\">\r\n\t\t\t\t\t\t\t\t\t\t<input type=\"hidden\" name=\"search_states\" value=\"1\">\r\n\t\t\t\t\t\t\t\t\t\t<input type=\"hidden\" name=\"state_label\" value=\"State\/County\">\r\n\t\t\t\t\t\t\t\t\t\t<input type=\"hidden\" name=\"search_towns\" value=\"0\">\r\n\t\t\t\t\t\t\t\t\t\t<input type=\"hidden\" name=\"town_label\" value=\"City\/Town\">\r\n\t\t\t\t\t\t\t\t\t\t<input type=\"hidden\" name=\"show_main\" value=\"1\">\r\n\t\t\t\t\t\t\t\t\t\t<input type=\"hidden\" name=\"show_advanced\" value=\"1\">\r\n\t\t\t\t\t\t\t\t\t\t<input type=\"hidden\" name=\"advanced_mode\" value=\"modal\">\r\n\t\t\t\t\t\t\t\t\t\t<input type=\"hidden\" name=\"advanced_hidden\" value=\"1\">\r\n\t\t\t\t\t\t\t\t\t\t<input type=\"hidden\" name=\"advanced_trigger\" value=\"1\">\r\n\t\t\t\t\t\t\t\t\t\t<input type=\"hidden\" name=\"main_classes\" value=\"css-search,em-search-legacy,has-search-term,has-search-geo,has-search-main,has-advanced,advanced-hidden\">\r\n\t\t\t\t\t\t\t\t\t\t<input type=\"hidden\" name=\"css_classes_advanced\" value=\"\">\r\n\t\t\t\t\t\t\t\t\t\t<input type=\"hidden\" name=\"id\" value=\"46855178\">\r\n\t\t\t\t\t\t\t\t\t\t<input type=\"hidden\" name=\"scope\" value=\"all\">\r\n\t\t\t\t\t\t\t\t\t\t<input type=\"hidden\" name=\"calendar_size\" value=\"\">\r\n\t\t\t\t\t\t\t\t\t\t<input type=\"hidden\" name=\"has_advanced_trigger\" value=\"0\">\r\n\t\t\t\t\t\t\t\t\t<input type=\"hidden\" name=\"trp-form-language\" value=\"en\"\/><\/form>\r\n\t\t\t\t<form class=\"em-view-custom-data-calendar\" id=\"em-view-custom-data-calendar-46855178\" action=\"\">\r\n\t\t\t\t\t\t\t\t\t\t\t<input type=\"hidden\" name=\"id\" value=\"46855178\">\r\n\t\t\t\t\t\t\t\t\t\t\t<input type=\"hidden\" name=\"scope\" value=\"all\">\r\n\t\t\t\t\t\t\t\t\t\t\t<input type=\"hidden\" name=\"calendar_size\" value=\"\">\r\n\t\t\t\t\t\t\t\t\t\t\t<input type=\"hidden\" name=\"has_advanced_trigger\" value=\"0\">\r\n\t\t\t\t\t\t\t\t\t<input type=\"hidden\" name=\"trp-form-language\" value=\"en\"\/><\/form>\r\n\t\t\t<\/div>\r\n\t\t<\/div>\n\n\t\t<\/div>\n\t<\/div>\n<\/div><\/div><\/div><\/div><\/div><div class=\"vc_empty_space\"   style=\"height: 32px\"><span class=\"vc_empty_space_inner\"><\/span><\/div><\/div><\/div><\/div><\/div><\/div><div class=\"vc_row wpb_row vc_row-fluid mkd-section mkd-content-aligment-left\" style=\"\"><div class=\"clearfix mkd-full-section-inner\"><div class=\"wpb_column vc_column_container vc_col-sm-12\"><div class=\"vc_column-inner\"><div class=\"wpb_wrapper\"><div class=\"vc_empty_space\"   style=\"height: 32px\"><span class=\"vc_empty_space_inner\"><\/span><\/div><\/div><\/div><\/div><\/div><\/div>\n<\/div>","protected":false},"excerpt":{"rendered":"La legge finanziaria per il 2023 \u00e8 stata improntata alla continuit\u00e0 delle politiche fiscali finora adottate dal governo ungherese. La variazione che ha avuto maggiore impatto \u00e8 gi\u00e0 entrata in vigore la scorsa estate, quando il regime fiscale KATA \u00e8 stato di fatto abolito, riservandolo...","protected":false},"author":1,"featured_media":0,"parent":0,"menu_order":0,"comment_status":"closed","ping_status":"closed","template":"","meta":{"content-type":"","footnotes":""},"class_list":["post-10225","page","type-page","status-publish","hentry"],"_links":{"self":[{"href":"https:\/\/www.icpartners.it\/en\/wp-json\/wp\/v2\/pages\/10225","targetHints":{"allow":["GET"]}}],"collection":[{"href":"https:\/\/www.icpartners.it\/en\/wp-json\/wp\/v2\/pages"}],"about":[{"href":"https:\/\/www.icpartners.it\/en\/wp-json\/wp\/v2\/types\/page"}],"author":[{"embeddable":true,"href":"https:\/\/www.icpartners.it\/en\/wp-json\/wp\/v2\/users\/1"}],"replies":[{"embeddable":true,"href":"https:\/\/www.icpartners.it\/en\/wp-json\/wp\/v2\/comments?post=10225"}],"version-history":[{"count":1,"href":"https:\/\/www.icpartners.it\/en\/wp-json\/wp\/v2\/pages\/10225\/revisions"}],"predecessor-version":[{"id":10228,"href":"https:\/\/www.icpartners.it\/en\/wp-json\/wp\/v2\/pages\/10225\/revisions\/10228"}],"wp:attachment":[{"href":"https:\/\/www.icpartners.it\/en\/wp-json\/wp\/v2\/media?parent=10225"}],"curies":[{"name":"wp","href":"https:\/\/api.w.org\/{rel}","templated":true}]}}