{"id":9616,"date":"2019-11-05T18:46:11","date_gmt":"2019-11-05T18:46:11","guid":{"rendered":"http:\/\/www.icpartners.it\/?page_id=9616"},"modified":"2019-11-18T14:50:04","modified_gmt":"2019-11-18T14:50:04","slug":"italia_news","status":"publish","type":"page","link":"https:\/\/www.icpartners.it\/en\/italia_news\/","title":{"rendered":"News | Italia"},"content":{"rendered":"<div class=\"wpb-content-wrapper\"><div class=\"vc_row wpb_row vc_row-fluid mkd-section vc_custom_1568236821020 mkd-content-aligment-left\" style=\"\"><div class=\"clearfix mkd-full-section-inner\"><div class=\"wpb_column vc_column_container vc_col-sm-9\"><div class=\"vc_column-inner\"><div class=\"wpb_wrapper\">\n<div class=\"mkd-blog-list-holder mkd-boxes  mkd-column-3\">\n    <ul class=\"mkd-blog-list\">\n        <li class=\"mkd-blog-list-item clearfix\">\n    <div class=\"mkd-blog-list-item-inner\">\n        <div class=\"mkd-item-image\">\n            <a itemprop=\"url\" href=\"https:\/\/www.icpartners.it\/en\/emilia-romagna-fondo-perduto-per-progetti-di-internazionalizzazione\/\">\n                <img loading=\"lazy\" decoding=\"async\" width=\"1200\" height=\"627\" src=\"https:\/\/www.icpartners.it\/wp-content\/uploads\/2026\/02\/Articoli-2026-7.png\" class=\"attachment-full size-full wp-post-image\" alt=\"\" srcset=\"https:\/\/www.icpartners.it\/wp-content\/uploads\/2026\/02\/Articoli-2026-7.png 1200w, https:\/\/www.icpartners.it\/wp-content\/uploads\/2026\/02\/Articoli-2026-7-300x157.png 300w, https:\/\/www.icpartners.it\/wp-content\/uploads\/2026\/02\/Articoli-2026-7-1024x535.png 1024w, https:\/\/www.icpartners.it\/wp-content\/uploads\/2026\/02\/Articoli-2026-7-296x155.png 296w, https:\/\/www.icpartners.it\/wp-content\/uploads\/2026\/02\/Articoli-2026-7-768x401.png 768w, https:\/\/www.icpartners.it\/wp-content\/uploads\/2026\/02\/Articoli-2026-7-18x9.png 18w\" sizes=\"auto, (max-width: 1200px) 100vw, 1200px\" \/>            <\/a>\n        <\/div>\n        <div class=\"mkd-item-text-holder\" >\n        <h4 itemprop=\"name\" class=\"mkd-item-title entry-title\">\n        <a itemprop=\"url\" href=\"https:\/\/www.icpartners.it\/en\/emilia-romagna-fondo-perduto-per-progetti-di-internazionalizzazione\/\">\n            Emilia Romagna: Fondo perduto per progetti di Internazionalizzazione        <\/a>\n    <\/h4>\n\n            <p itemprop=\"description\" class=\"mkd-excerpt\">Per le imprese che puntano ad una crescita strutturata sui mercati esteri, la Regione Emil...<\/p>\n    \n            <div class=\"mkd-item-info-section clearfix\">\n            <div itemprop=\"dateCreated\" class=\"mkd-post-info-date entry-date updated\">\n\n    \n        February 6, 2026\n        \n    <meta itemprop=\"interactionCount\" content=\"UserComments: 0\"\/>\n\n<\/div><div class=\"mkd-post-info-category\"><a href=\"https:\/\/www.icpartners.it\/en\/category\/italia\/\" rel=\"category tag\">ITALY<\/a> <a href=\"https:\/\/www.icpartners.it\/en\/category\/news\/\" rel=\"category tag\">News<\/a><\/div>    <div class =\"mkd-blog-share\">\n        <div class=\"mkd-social-share-holder mkd-list\">\n\t<ul>\n\t\t<li class=\"mkd-facebook-share\">\n\t<a itemprop=\"url\" class=\"mkd-share-link\" href=\"#\" onclick=\"window.open(&#039;http:\/\/www.facebook.com\/sharer.php?u=https%3A%2F%2Fwww.icpartners.it%2Fen%2Femilia-romagna-fondo-perduto-per-progetti-di-internazionalizzazione%2F&#039;, &#039;sharer&#039;, &#039;toolbar=0,status=0,width=620,height=280&#039;);\">\n\t\t\t\t\t<img decoding=\"async\" itemprop=\"image\" src=\"https:\/\/www.icpartners.it\/wp-content\/uploads\/2024\/03\/ic_facebook_news.png\" alt=\"facebook\" \/>\n\t\t\t<\/a>\n<\/li><li class=\"mkd-twitter-share\">\n\t<a itemprop=\"url\" class=\"mkd-share-link\" href=\"#\" onclick=\"window.open(&#039;http:\/\/twitter.com\/home?status=Per+le+imprese+che+puntano+ad+una+crescita+strutturata+sui+mercati+esteri%2C+la+Regione+Emilia-Romagna+ha+attivato+una+https:\/\/www.icpartners.it\/en\/emilia-romagna-fondo-perduto-per-progetti-di-internazionalizzazione\/&#039;, &#039;popupwindow&#039;, &#039;scrollbars=yes,width=800,height=400&#039;);\">\n\t\t\t\t\t<img decoding=\"async\" itemprop=\"image\" src=\"https:\/\/www.icpartners.it\/wp-content\/uploads\/2024\/03\/ic_twitter-x_news.png\" alt=\"twitter\" \/>\n\t\t\t<\/a>\n<\/li><li class=\"mkd-linkedin-share\">\n\t<a itemprop=\"url\" class=\"mkd-share-link\" href=\"#\" onclick=\"popUp=window.open(&#039;http:\/\/linkedin.com\/shareArticle?mini=true&amp;url=https%3A%2F%2Fwww.icpartners.it%2Fen%2Femilia-romagna-fondo-perduto-per-progetti-di-internazionalizzazione%2F&amp;title=Emilia+Romagna%3A+Fondo+perduto+per+progetti+di+Internazionalizzazione&#039;, &#039;popupwindow&#039;, &#039;scrollbars=yes,width=800,height=400&#039;);popUp.focus();return false;\">\n\t\t\t\t\t<img decoding=\"async\" itemprop=\"image\" src=\"https:\/\/www.icpartners.it\/wp-content\/uploads\/2024\/03\/ic_linkedin_news.png\" alt=\"linkedin\" \/>\n\t\t\t<\/a>\n<\/li>\t<\/ul>\n<\/div>    <\/div>\n        <\/div>\n    \n    <div class=\"mkd-read-more-holder\"><a itemprop=\"url\" href=\"https:\/\/www.icpartners.it\/en\/emilia-romagna-fondo-perduto-per-progetti-di-internazionalizzazione\/\" target=\"_self\" style=\"font-weight: 700\" class=\"mkd-btn mkd-btn-small mkd-btn-minimal mkd-btn-icon\"  >    <span class=\"mkd-btn-text\">Read More<\/span>    <span aria-hidden=\"true\" class=\"mkd-icon-font-elegant arrow_carrot-right\" ><\/span><\/a><\/div>\n    <\/div>\n    <\/div>\n<\/li><li class=\"mkd-blog-list-item clearfix\">\n    <div class=\"mkd-blog-list-item-inner\">\n        <div class=\"mkd-item-image\">\n            <a itemprop=\"url\" href=\"https:\/\/www.icpartners.it\/en\/finanziamenti-agevolati-simest-fondo-394-guida-completa-2026\/\">\n                <img loading=\"lazy\" decoding=\"async\" width=\"1200\" height=\"627\" src=\"https:\/\/www.icpartners.it\/wp-content\/uploads\/2026\/02\/Articoli-2026-6.png\" class=\"attachment-full size-full wp-post-image\" alt=\"\" srcset=\"https:\/\/www.icpartners.it\/wp-content\/uploads\/2026\/02\/Articoli-2026-6.png 1200w, https:\/\/www.icpartners.it\/wp-content\/uploads\/2026\/02\/Articoli-2026-6-300x157.png 300w, https:\/\/www.icpartners.it\/wp-content\/uploads\/2026\/02\/Articoli-2026-6-1024x535.png 1024w, https:\/\/www.icpartners.it\/wp-content\/uploads\/2026\/02\/Articoli-2026-6-296x155.png 296w, https:\/\/www.icpartners.it\/wp-content\/uploads\/2026\/02\/Articoli-2026-6-768x401.png 768w, https:\/\/www.icpartners.it\/wp-content\/uploads\/2026\/02\/Articoli-2026-6-18x9.png 18w\" sizes=\"auto, (max-width: 1200px) 100vw, 1200px\" \/>            <\/a>\n        <\/div>\n        <div class=\"mkd-item-text-holder\" >\n        <h4 itemprop=\"name\" class=\"mkd-item-title entry-title\">\n        <a itemprop=\"url\" href=\"https:\/\/www.icpartners.it\/en\/finanziamenti-agevolati-simest-fondo-394-guida-completa-2026\/\">\n            Finanziamenti Agevolati SIMEST Fondo 394: Guida Completa 2026        <\/a>\n    <\/h4>\n\n            <p itemprop=\"description\" class=\"mkd-excerpt\">IC&amp;Partners, da anni al fianco delle imprese italiane nei percorsi di crescita interna...<\/p>\n    \n            <div class=\"mkd-item-info-section clearfix\">\n            <div itemprop=\"dateCreated\" class=\"mkd-post-info-date entry-date updated\">\n\n    \n        February 6, 2026\n        \n    <meta itemprop=\"interactionCount\" content=\"UserComments: 0\"\/>\n\n<\/div><div class=\"mkd-post-info-category\"><a href=\"https:\/\/www.icpartners.it\/en\/category\/italia\/\" rel=\"category tag\">ITALY<\/a> <a href=\"https:\/\/www.icpartners.it\/en\/category\/news\/\" rel=\"category tag\">News<\/a><\/div>    <div class =\"mkd-blog-share\">\n        <div class=\"mkd-social-share-holder mkd-list\">\n\t<ul>\n\t\t<li class=\"mkd-facebook-share\">\n\t<a itemprop=\"url\" class=\"mkd-share-link\" href=\"#\" onclick=\"window.open(&#039;http:\/\/www.facebook.com\/sharer.php?u=https%3A%2F%2Fwww.icpartners.it%2Fen%2Ffinanziamenti-agevolati-simest-fondo-394-guida-completa-2026%2F&#039;, &#039;sharer&#039;, &#039;toolbar=0,status=0,width=620,height=280&#039;);\">\n\t\t\t\t\t<img decoding=\"async\" itemprop=\"image\" src=\"https:\/\/www.icpartners.it\/wp-content\/uploads\/2024\/03\/ic_facebook_news.png\" alt=\"facebook\" \/>\n\t\t\t<\/a>\n<\/li><li class=\"mkd-twitter-share\">\n\t<a itemprop=\"url\" class=\"mkd-share-link\" href=\"#\" onclick=\"window.open(&#039;http:\/\/twitter.com\/home?status=IC%26amp%3BPartners%2C+da+anni+al+fianco+delle+imprese+italiane+nei+percorsi+di+crescita+internazionale%2C+%C3%A8+il+partner+https:\/\/www.icpartners.it\/en\/finanziamenti-agevolati-simest-fondo-394-guida-completa-2026\/&#039;, &#039;popupwindow&#039;, &#039;scrollbars=yes,width=800,height=400&#039;);\">\n\t\t\t\t\t<img decoding=\"async\" itemprop=\"image\" src=\"https:\/\/www.icpartners.it\/wp-content\/uploads\/2024\/03\/ic_twitter-x_news.png\" alt=\"twitter\" \/>\n\t\t\t<\/a>\n<\/li><li class=\"mkd-linkedin-share\">\n\t<a itemprop=\"url\" class=\"mkd-share-link\" href=\"#\" onclick=\"popUp=window.open(&#039;http:\/\/linkedin.com\/shareArticle?mini=true&amp;url=https%3A%2F%2Fwww.icpartners.it%2Fen%2Ffinanziamenti-agevolati-simest-fondo-394-guida-completa-2026%2F&amp;title=Finanziamenti+Agevolati+SIMEST+Fondo+394%3A+Guida+Completa+2026&#039;, &#039;popupwindow&#039;, &#039;scrollbars=yes,width=800,height=400&#039;);popUp.focus();return false;\">\n\t\t\t\t\t<img decoding=\"async\" itemprop=\"image\" src=\"https:\/\/www.icpartners.it\/wp-content\/uploads\/2024\/03\/ic_linkedin_news.png\" alt=\"linkedin\" \/>\n\t\t\t<\/a>\n<\/li>\t<\/ul>\n<\/div>    <\/div>\n        <\/div>\n    \n    <div class=\"mkd-read-more-holder\"><a itemprop=\"url\" href=\"https:\/\/www.icpartners.it\/en\/finanziamenti-agevolati-simest-fondo-394-guida-completa-2026\/\" target=\"_self\" style=\"font-weight: 700\" class=\"mkd-btn mkd-btn-small mkd-btn-minimal mkd-btn-icon\"  >    <span class=\"mkd-btn-text\">Read More<\/span>    <span aria-hidden=\"true\" class=\"mkd-icon-font-elegant arrow_carrot-right\" ><\/span><\/a><\/div>\n    <\/div>\n    <\/div>\n<\/li><li class=\"mkd-blog-list-item clearfix\">\n    <div class=\"mkd-blog-list-item-inner\">\n        <div class=\"mkd-item-image\">\n            <a itemprop=\"url\" href=\"https:\/\/www.icpartners.it\/en\/bando-internazionalizzazione-fvg-2026-fino-a-100-000-euro-a-fondo-perduto\/\">\n                <img loading=\"lazy\" decoding=\"async\" width=\"1200\" height=\"627\" src=\"https:\/\/www.icpartners.it\/wp-content\/uploads\/2026\/01\/Articoli-2026-8.png\" class=\"attachment-full size-full wp-post-image\" alt=\"\" srcset=\"https:\/\/www.icpartners.it\/wp-content\/uploads\/2026\/01\/Articoli-2026-8.png 1200w, https:\/\/www.icpartners.it\/wp-content\/uploads\/2026\/01\/Articoli-2026-8-300x157.png 300w, https:\/\/www.icpartners.it\/wp-content\/uploads\/2026\/01\/Articoli-2026-8-1024x535.png 1024w, https:\/\/www.icpartners.it\/wp-content\/uploads\/2026\/01\/Articoli-2026-8-296x155.png 296w, https:\/\/www.icpartners.it\/wp-content\/uploads\/2026\/01\/Articoli-2026-8-768x401.png 768w, https:\/\/www.icpartners.it\/wp-content\/uploads\/2026\/01\/Articoli-2026-8-18x9.png 18w\" sizes=\"auto, (max-width: 1200px) 100vw, 1200px\" \/>            <\/a>\n        <\/div>\n        <div class=\"mkd-item-text-holder\" >\n        <h4 itemprop=\"name\" class=\"mkd-item-title entry-title\">\n        <a itemprop=\"url\" href=\"https:\/\/www.icpartners.it\/en\/bando-internazionalizzazione-fvg-2026-fino-a-100-000-euro-a-fondo-perduto\/\">\n            Bando Internazionalizzazione FVG 2026: Fino a 100.000 euro a fondo perduto        <\/a>\n    <\/h4>\n\n            <p itemprop=\"description\" class=\"mkd-excerpt\">Contributi a fondo perduto fino al 50% per sostenere l&#8217;espansione globale delle impr...<\/p>\n    \n            <div class=\"mkd-item-info-section clearfix\">\n            <div itemprop=\"dateCreated\" class=\"mkd-post-info-date entry-date updated\">\n\n    \n        January 20, 2026\n        \n    <meta itemprop=\"interactionCount\" content=\"UserComments: 0\"\/>\n\n<\/div><div class=\"mkd-post-info-category\"><a href=\"https:\/\/www.icpartners.it\/en\/category\/italia\/\" rel=\"category tag\">ITALY<\/a> <a href=\"https:\/\/www.icpartners.it\/en\/category\/news\/\" rel=\"category tag\">News<\/a><\/div>    <div class =\"mkd-blog-share\">\n        <div class=\"mkd-social-share-holder mkd-list\">\n\t<ul>\n\t\t<li class=\"mkd-facebook-share\">\n\t<a itemprop=\"url\" class=\"mkd-share-link\" href=\"#\" onclick=\"window.open(&#039;http:\/\/www.facebook.com\/sharer.php?u=https%3A%2F%2Fwww.icpartners.it%2Fen%2Fbando-internazionalizzazione-fvg-2026-fino-a-100-000-euro-a-fondo-perduto%2F&#039;, &#039;sharer&#039;, &#039;toolbar=0,status=0,width=620,height=280&#039;);\">\n\t\t\t\t\t<img decoding=\"async\" itemprop=\"image\" src=\"https:\/\/www.icpartners.it\/wp-content\/uploads\/2024\/03\/ic_facebook_news.png\" alt=\"facebook\" \/>\n\t\t\t<\/a>\n<\/li><li class=\"mkd-twitter-share\">\n\t<a itemprop=\"url\" class=\"mkd-share-link\" href=\"#\" onclick=\"window.open(&#039;http:\/\/twitter.com\/home?status=Contributi+a+fondo+perduto+fino+al+50%25+per+sostenere+l%26%238217%3Bespansione+globale+delle+imprese+regionali.+La+Regione+https:\/\/www.icpartners.it\/en\/bando-internazionalizzazione-fvg-2026-fino-a-100-000-euro-a-fondo-perduto\/&#039;, &#039;popupwindow&#039;, &#039;scrollbars=yes,width=800,height=400&#039;);\">\n\t\t\t\t\t<img decoding=\"async\" itemprop=\"image\" src=\"https:\/\/www.icpartners.it\/wp-content\/uploads\/2024\/03\/ic_twitter-x_news.png\" alt=\"twitter\" \/>\n\t\t\t<\/a>\n<\/li><li class=\"mkd-linkedin-share\">\n\t<a itemprop=\"url\" class=\"mkd-share-link\" href=\"#\" onclick=\"popUp=window.open(&#039;http:\/\/linkedin.com\/shareArticle?mini=true&amp;url=https%3A%2F%2Fwww.icpartners.it%2Fen%2Fbando-internazionalizzazione-fvg-2026-fino-a-100-000-euro-a-fondo-perduto%2F&amp;title=Bando+Internazionalizzazione+FVG+2026%3A+Fino+a+100.000+euro+a+fondo+perduto&#039;, &#039;popupwindow&#039;, &#039;scrollbars=yes,width=800,height=400&#039;);popUp.focus();return false;\">\n\t\t\t\t\t<img decoding=\"async\" itemprop=\"image\" src=\"https:\/\/www.icpartners.it\/wp-content\/uploads\/2024\/03\/ic_linkedin_news.png\" alt=\"linkedin\" \/>\n\t\t\t<\/a>\n<\/li>\t<\/ul>\n<\/div>    <\/div>\n        <\/div>\n    \n    <div class=\"mkd-read-more-holder\"><a itemprop=\"url\" href=\"https:\/\/www.icpartners.it\/en\/bando-internazionalizzazione-fvg-2026-fino-a-100-000-euro-a-fondo-perduto\/\" target=\"_self\" style=\"font-weight: 700\" class=\"mkd-btn mkd-btn-small mkd-btn-minimal mkd-btn-icon\"  >    <span class=\"mkd-btn-text\">Read More<\/span>    <span aria-hidden=\"true\" class=\"mkd-icon-font-elegant arrow_carrot-right\" ><\/span><\/a><\/div>\n    <\/div>\n    <\/div>\n<\/li><li class=\"mkd-blog-list-item clearfix\">\n    <div class=\"mkd-blog-list-item-inner\">\n        <div class=\"mkd-item-image\">\n            <a itemprop=\"url\" href=\"https:\/\/www.icpartners.it\/en\/icpartners-e-world-halal-authority-siglano-un-protocollo-dintesa-strategico-per-linternazionalizzazione-delle-imprese-nel-mercato-halal\/\">\n                <img loading=\"lazy\" decoding=\"async\" width=\"1200\" height=\"627\" src=\"https:\/\/www.icpartners.it\/wp-content\/uploads\/2025\/12\/Articoli-2025-5.png\" class=\"attachment-full size-full wp-post-image\" alt=\"\" srcset=\"https:\/\/www.icpartners.it\/wp-content\/uploads\/2025\/12\/Articoli-2025-5.png 1200w, https:\/\/www.icpartners.it\/wp-content\/uploads\/2025\/12\/Articoli-2025-5-300x157.png 300w, https:\/\/www.icpartners.it\/wp-content\/uploads\/2025\/12\/Articoli-2025-5-1024x535.png 1024w, https:\/\/www.icpartners.it\/wp-content\/uploads\/2025\/12\/Articoli-2025-5-296x155.png 296w, https:\/\/www.icpartners.it\/wp-content\/uploads\/2025\/12\/Articoli-2025-5-768x401.png 768w, https:\/\/www.icpartners.it\/wp-content\/uploads\/2025\/12\/Articoli-2025-5-18x9.png 18w\" sizes=\"auto, (max-width: 1200px) 100vw, 1200px\" \/>            <\/a>\n        <\/div>\n        <div class=\"mkd-item-text-holder\" >\n        <h4 itemprop=\"name\" class=\"mkd-item-title entry-title\">\n        <a itemprop=\"url\" href=\"https:\/\/www.icpartners.it\/en\/icpartners-e-world-halal-authority-siglano-un-protocollo-dintesa-strategico-per-linternazionalizzazione-delle-imprese-nel-mercato-halal\/\">\n            IC&#038;Partners e World Halal Authority siglano un Protocollo d\u2019Intesa strategico per l\u2019internazionalizzazione delle imprese nel mercato Halal        <\/a>\n    <\/h4>\n\n            <p itemprop=\"description\" class=\"mkd-excerpt\">World Halal Authority (WHA), uno degli enti di certificazione Halal pi\u00f9 riconosciuti a li...<\/p>\n    \n            <div class=\"mkd-item-info-section clearfix\">\n            <div itemprop=\"dateCreated\" class=\"mkd-post-info-date entry-date updated\">\n\n    \n        December 8, 2025\n        \n    <meta itemprop=\"interactionCount\" content=\"UserComments: 0\"\/>\n\n<\/div><div class=\"mkd-post-info-category\"><a href=\"https:\/\/www.icpartners.it\/en\/category\/italia\/\" rel=\"category tag\">ITALY<\/a> <a href=\"https:\/\/www.icpartners.it\/en\/category\/news\/\" rel=\"category tag\">News<\/a><\/div>    <div class =\"mkd-blog-share\">\n        <div class=\"mkd-social-share-holder mkd-list\">\n\t<ul>\n\t\t<li class=\"mkd-facebook-share\">\n\t<a itemprop=\"url\" class=\"mkd-share-link\" href=\"#\" onclick=\"window.open(&#039;http:\/\/www.facebook.com\/sharer.php?u=https%3A%2F%2Fwww.icpartners.it%2Fen%2Ficpartners-e-world-halal-authority-siglano-un-protocollo-dintesa-strategico-per-linternazionalizzazione-delle-imprese-nel-mercato-halal%2F&#039;, &#039;sharer&#039;, &#039;toolbar=0,status=0,width=620,height=280&#039;);\">\n\t\t\t\t\t<img decoding=\"async\" itemprop=\"image\" src=\"https:\/\/www.icpartners.it\/wp-content\/uploads\/2024\/03\/ic_facebook_news.png\" alt=\"facebook\" \/>\n\t\t\t<\/a>\n<\/li><li class=\"mkd-twitter-share\">\n\t<a itemprop=\"url\" class=\"mkd-share-link\" href=\"#\" onclick=\"window.open(&#039;http:\/\/twitter.com\/home?status=World+Halal+Authority+%28WHA%29%2C+uno+degli+enti+di+certificazione+Halal+pi%C3%B9+riconosciuti+a+livello+globale%2C+e+https:\/\/www.icpartners.it\/en\/icpartners-e-world-halal-authority-siglano-un-protocollo-dintesa-strategico-per-linternazionalizzazione-delle-imprese-nel-mercato-halal\/&#039;, &#039;popupwindow&#039;, &#039;scrollbars=yes,width=800,height=400&#039;);\">\n\t\t\t\t\t<img decoding=\"async\" itemprop=\"image\" src=\"https:\/\/www.icpartners.it\/wp-content\/uploads\/2024\/03\/ic_twitter-x_news.png\" alt=\"twitter\" \/>\n\t\t\t<\/a>\n<\/li><li class=\"mkd-linkedin-share\">\n\t<a itemprop=\"url\" class=\"mkd-share-link\" href=\"#\" onclick=\"popUp=window.open(&#039;http:\/\/linkedin.com\/shareArticle?mini=true&amp;url=https%3A%2F%2Fwww.icpartners.it%2Fen%2Ficpartners-e-world-halal-authority-siglano-un-protocollo-dintesa-strategico-per-linternazionalizzazione-delle-imprese-nel-mercato-halal%2F&amp;title=IC%26%23038%3BPartners+e+World+Halal+Authority+siglano+un+Protocollo+d%E2%80%99Intesa+strategico+per+l%E2%80%99internazionalizzazione+delle+imprese+nel+mercato+Halal&#039;, &#039;popupwindow&#039;, &#039;scrollbars=yes,width=800,height=400&#039;);popUp.focus();return false;\">\n\t\t\t\t\t<img decoding=\"async\" itemprop=\"image\" src=\"https:\/\/www.icpartners.it\/wp-content\/uploads\/2024\/03\/ic_linkedin_news.png\" alt=\"linkedin\" \/>\n\t\t\t<\/a>\n<\/li>\t<\/ul>\n<\/div>    <\/div>\n        <\/div>\n    \n    <div class=\"mkd-read-more-holder\"><a itemprop=\"url\" href=\"https:\/\/www.icpartners.it\/en\/icpartners-e-world-halal-authority-siglano-un-protocollo-dintesa-strategico-per-linternazionalizzazione-delle-imprese-nel-mercato-halal\/\" target=\"_self\" style=\"font-weight: 700\" class=\"mkd-btn mkd-btn-small mkd-btn-minimal mkd-btn-icon\"  >    <span class=\"mkd-btn-text\">Read More<\/span>    <span aria-hidden=\"true\" class=\"mkd-icon-font-elegant arrow_carrot-right\" ><\/span><\/a><\/div>\n    <\/div>\n    <\/div>\n<\/li><li class=\"mkd-blog-list-item clearfix\">\n    <div class=\"mkd-blog-list-item-inner\">\n        <div class=\"mkd-item-image\">\n            <a itemprop=\"url\" href=\"https:\/\/www.icpartners.it\/en\/voucher-internazionalizzazione-pmi-2026-regione-lazio\/\">\n                <img loading=\"lazy\" decoding=\"async\" width=\"1200\" height=\"627\" src=\"https:\/\/www.icpartners.it\/wp-content\/uploads\/2025\/10\/Articoli-2025-4.png\" class=\"attachment-full size-full wp-post-image\" alt=\"\" srcset=\"https:\/\/www.icpartners.it\/wp-content\/uploads\/2025\/10\/Articoli-2025-4.png 1200w, https:\/\/www.icpartners.it\/wp-content\/uploads\/2025\/10\/Articoli-2025-4-300x157.png 300w, https:\/\/www.icpartners.it\/wp-content\/uploads\/2025\/10\/Articoli-2025-4-1024x535.png 1024w, https:\/\/www.icpartners.it\/wp-content\/uploads\/2025\/10\/Articoli-2025-4-296x155.png 296w, https:\/\/www.icpartners.it\/wp-content\/uploads\/2025\/10\/Articoli-2025-4-768x401.png 768w, https:\/\/www.icpartners.it\/wp-content\/uploads\/2025\/10\/Articoli-2025-4-18x9.png 18w\" sizes=\"auto, (max-width: 1200px) 100vw, 1200px\" \/>            <\/a>\n        <\/div>\n        <div class=\"mkd-item-text-holder\" >\n        <h4 itemprop=\"name\" class=\"mkd-item-title entry-title\">\n        <a itemprop=\"url\" href=\"https:\/\/www.icpartners.it\/en\/voucher-internazionalizzazione-pmi-2026-regione-lazio\/\">\n            Voucher Internazionalizzazione PMI 2026 Regione Lazio        <\/a>\n    <\/h4>\n\n            <p itemprop=\"description\" class=\"mkd-excerpt\">L&#8217;internazionalizzazione non \u00e8 pi\u00f9 un&#8217;opzione, ma una necessit\u00e0 strategica ...<\/p>\n    \n            <div class=\"mkd-item-info-section clearfix\">\n            <div itemprop=\"dateCreated\" class=\"mkd-post-info-date entry-date updated\">\n\n    \n        October 22, 2025\n        \n    <meta itemprop=\"interactionCount\" content=\"UserComments: 0\"\/>\n\n<\/div><div class=\"mkd-post-info-category\"><a href=\"https:\/\/www.icpartners.it\/en\/category\/italia\/\" rel=\"category tag\">ITALY<\/a> <a href=\"https:\/\/www.icpartners.it\/en\/category\/news\/\" rel=\"category tag\">News<\/a><\/div>    <div class =\"mkd-blog-share\">\n        <div class=\"mkd-social-share-holder mkd-list\">\n\t<ul>\n\t\t<li class=\"mkd-facebook-share\">\n\t<a itemprop=\"url\" class=\"mkd-share-link\" href=\"#\" onclick=\"window.open(&#039;http:\/\/www.facebook.com\/sharer.php?u=https%3A%2F%2Fwww.icpartners.it%2Fen%2Fvoucher-internazionalizzazione-pmi-2026-regione-lazio%2F&#039;, &#039;sharer&#039;, &#039;toolbar=0,status=0,width=620,height=280&#039;);\">\n\t\t\t\t\t<img decoding=\"async\" itemprop=\"image\" src=\"https:\/\/www.icpartners.it\/wp-content\/uploads\/2024\/03\/ic_facebook_news.png\" alt=\"facebook\" \/>\n\t\t\t<\/a>\n<\/li><li class=\"mkd-twitter-share\">\n\t<a itemprop=\"url\" class=\"mkd-share-link\" href=\"#\" onclick=\"window.open(&#039;http:\/\/twitter.com\/home?status=L%26%238217%3Binternazionalizzazione+non+%C3%A8+pi%C3%B9+un%26%238217%3Bopzione%2C+ma+una+necessit%C3%A0+strategica+per+le+Piccole+e+Medie+https:\/\/www.icpartners.it\/en\/voucher-internazionalizzazione-pmi-2026-regione-lazio\/&#039;, &#039;popupwindow&#039;, &#039;scrollbars=yes,width=800,height=400&#039;);\">\n\t\t\t\t\t<img decoding=\"async\" itemprop=\"image\" src=\"https:\/\/www.icpartners.it\/wp-content\/uploads\/2024\/03\/ic_twitter-x_news.png\" alt=\"twitter\" \/>\n\t\t\t<\/a>\n<\/li><li class=\"mkd-linkedin-share\">\n\t<a itemprop=\"url\" class=\"mkd-share-link\" href=\"#\" onclick=\"popUp=window.open(&#039;http:\/\/linkedin.com\/shareArticle?mini=true&amp;url=https%3A%2F%2Fwww.icpartners.it%2Fen%2Fvoucher-internazionalizzazione-pmi-2026-regione-lazio%2F&amp;title=Voucher+Internazionalizzazione+PMI+2026+Regione+Lazio&#039;, &#039;popupwindow&#039;, &#039;scrollbars=yes,width=800,height=400&#039;);popUp.focus();return false;\">\n\t\t\t\t\t<img decoding=\"async\" itemprop=\"image\" src=\"https:\/\/www.icpartners.it\/wp-content\/uploads\/2024\/03\/ic_linkedin_news.png\" alt=\"linkedin\" \/>\n\t\t\t<\/a>\n<\/li>\t<\/ul>\n<\/div>    <\/div>\n        <\/div>\n    \n    <div class=\"mkd-read-more-holder\"><a itemprop=\"url\" href=\"https:\/\/www.icpartners.it\/en\/voucher-internazionalizzazione-pmi-2026-regione-lazio\/\" target=\"_self\" style=\"font-weight: 700\" class=\"mkd-btn mkd-btn-small mkd-btn-minimal mkd-btn-icon\"  >    <span class=\"mkd-btn-text\">Read More<\/span>    <span aria-hidden=\"true\" class=\"mkd-icon-font-elegant arrow_carrot-right\" ><\/span><\/a><\/div>\n    <\/div>\n    <\/div>\n<\/li><li class=\"mkd-blog-list-item clearfix\">\n    <div class=\"mkd-blog-list-item-inner\">\n        <div class=\"mkd-item-image\">\n            <a itemprop=\"url\" href=\"https:\/\/www.icpartners.it\/en\/transfer-pricing-scadenze-in-arrivo\/\">\n                <img loading=\"lazy\" decoding=\"async\" width=\"1200\" height=\"627\" src=\"https:\/\/www.icpartners.it\/wp-content\/uploads\/2025\/09\/Articoli-2025-3.png\" class=\"attachment-full size-full wp-post-image\" alt=\"\" srcset=\"https:\/\/www.icpartners.it\/wp-content\/uploads\/2025\/09\/Articoli-2025-3.png 1200w, https:\/\/www.icpartners.it\/wp-content\/uploads\/2025\/09\/Articoli-2025-3-300x157.png 300w, https:\/\/www.icpartners.it\/wp-content\/uploads\/2025\/09\/Articoli-2025-3-1024x535.png 1024w, https:\/\/www.icpartners.it\/wp-content\/uploads\/2025\/09\/Articoli-2025-3-296x155.png 296w, https:\/\/www.icpartners.it\/wp-content\/uploads\/2025\/09\/Articoli-2025-3-768x401.png 768w, https:\/\/www.icpartners.it\/wp-content\/uploads\/2025\/09\/Articoli-2025-3-18x9.png 18w\" sizes=\"auto, (max-width: 1200px) 100vw, 1200px\" \/>            <\/a>\n        <\/div>\n        <div class=\"mkd-item-text-holder\" >\n        <h4 itemprop=\"name\" class=\"mkd-item-title entry-title\">\n        <a itemprop=\"url\" href=\"https:\/\/www.icpartners.it\/en\/transfer-pricing-scadenze-in-arrivo\/\">\n            Transfer Pricing: Deadlines Approaching        <\/a>\n    <\/h4>\n\n            <p itemprop=\"description\" class=\"mkd-excerpt\">Il conto alla rovescia \u00e8 iniziato. Il 31 ottobre si avvicina e con esso la scadenza per l...<\/p>\n    \n            <div class=\"mkd-item-info-section clearfix\">\n            <div itemprop=\"dateCreated\" class=\"mkd-post-info-date entry-date updated\">\n\n    \n        September 29, 2025\n        \n    <meta itemprop=\"interactionCount\" content=\"UserComments: 0\"\/>\n\n<\/div><div class=\"mkd-post-info-category\"><a href=\"https:\/\/www.icpartners.it\/en\/category\/italia\/\" rel=\"category tag\">ITALY<\/a> <a href=\"https:\/\/www.icpartners.it\/en\/category\/news\/\" rel=\"category tag\">News<\/a><\/div>    <div class =\"mkd-blog-share\">\n        <div class=\"mkd-social-share-holder mkd-list\">\n\t<ul>\n\t\t<li class=\"mkd-facebook-share\">\n\t<a itemprop=\"url\" class=\"mkd-share-link\" href=\"#\" onclick=\"window.open(&#039;http:\/\/www.facebook.com\/sharer.php?u=https%3A%2F%2Fwww.icpartners.it%2Fen%2Ftransfer-pricing-scadenze-in-arrivo%2F&#039;, &#039;sharer&#039;, &#039;toolbar=0,status=0,width=620,height=280&#039;);\">\n\t\t\t\t\t<img decoding=\"async\" itemprop=\"image\" src=\"https:\/\/www.icpartners.it\/wp-content\/uploads\/2024\/03\/ic_facebook_news.png\" alt=\"facebook\" \/>\n\t\t\t<\/a>\n<\/li><li class=\"mkd-twitter-share\">\n\t<a itemprop=\"url\" class=\"mkd-share-link\" href=\"#\" onclick=\"window.open(&#039;http:\/\/twitter.com\/home?status=Il+conto+alla+rovescia+%C3%A8+iniziato.+Il+31+ottobre+si+avvicina+e+con+esso+la+scadenza+per+la+presentazione+del+modello+https:\/\/www.icpartners.it\/en\/transfer-pricing-scadenze-in-arrivo\/&#039;, &#039;popupwindow&#039;, &#039;scrollbars=yes,width=800,height=400&#039;);\">\n\t\t\t\t\t<img decoding=\"async\" itemprop=\"image\" src=\"https:\/\/www.icpartners.it\/wp-content\/uploads\/2024\/03\/ic_twitter-x_news.png\" alt=\"twitter\" \/>\n\t\t\t<\/a>\n<\/li><li class=\"mkd-linkedin-share\">\n\t<a itemprop=\"url\" class=\"mkd-share-link\" href=\"#\" onclick=\"popUp=window.open(&#039;http:\/\/linkedin.com\/shareArticle?mini=true&amp;url=https%3A%2F%2Fwww.icpartners.it%2Fen%2Ftransfer-pricing-scadenze-in-arrivo%2F&amp;title=Transfer+Pricing%3A+Scadenze+in+arrivo&#039;, &#039;popupwindow&#039;, &#039;scrollbars=yes,width=800,height=400&#039;);popUp.focus();return false;\">\n\t\t\t\t\t<img decoding=\"async\" itemprop=\"image\" src=\"https:\/\/www.icpartners.it\/wp-content\/uploads\/2024\/03\/ic_linkedin_news.png\" alt=\"linkedin\" \/>\n\t\t\t<\/a>\n<\/li>\t<\/ul>\n<\/div>    <\/div>\n        <\/div>\n    \n    <div class=\"mkd-read-more-holder\"><a itemprop=\"url\" href=\"https:\/\/www.icpartners.it\/en\/transfer-pricing-scadenze-in-arrivo\/\" target=\"_self\" style=\"font-weight: 700\" class=\"mkd-btn mkd-btn-small mkd-btn-minimal mkd-btn-icon\"  >    <span class=\"mkd-btn-text\">Read More<\/span>    <span aria-hidden=\"true\" class=\"mkd-icon-font-elegant arrow_carrot-right\" ><\/span><\/a><\/div>\n    <\/div>\n    <\/div>\n<\/li><li class=\"mkd-blog-list-item clearfix\">\n    <div class=\"mkd-blog-list-item-inner\">\n        <div class=\"mkd-item-image\">\n            <a itemprop=\"url\" href=\"https:\/\/www.icpartners.it\/en\/la-nuova-normativa-cfc-semplifica-la-tua-fiscalita-estera-e-ottimizza-le-imposte\/\">\n                <img loading=\"lazy\" decoding=\"async\" width=\"1200\" height=\"627\" src=\"https:\/\/www.icpartners.it\/wp-content\/uploads\/2025\/06\/Articoli-2025-22.png\" class=\"attachment-full size-full wp-post-image\" alt=\"\" srcset=\"https:\/\/www.icpartners.it\/wp-content\/uploads\/2025\/06\/Articoli-2025-22.png 1200w, https:\/\/www.icpartners.it\/wp-content\/uploads\/2025\/06\/Articoli-2025-22-300x157.png 300w, https:\/\/www.icpartners.it\/wp-content\/uploads\/2025\/06\/Articoli-2025-22-1024x535.png 1024w, https:\/\/www.icpartners.it\/wp-content\/uploads\/2025\/06\/Articoli-2025-22-296x155.png 296w, https:\/\/www.icpartners.it\/wp-content\/uploads\/2025\/06\/Articoli-2025-22-768x401.png 768w, https:\/\/www.icpartners.it\/wp-content\/uploads\/2025\/06\/Articoli-2025-22-18x9.png 18w\" sizes=\"auto, (max-width: 1200px) 100vw, 1200px\" \/>            <\/a>\n        <\/div>\n        <div class=\"mkd-item-text-holder\" >\n        <h4 itemprop=\"name\" class=\"mkd-item-title entry-title\">\n        <a itemprop=\"url\" href=\"https:\/\/www.icpartners.it\/en\/la-nuova-normativa-cfc-semplifica-la-tua-fiscalita-estera-e-ottimizza-le-imposte\/\">\n            La Nuova Normativa CFC Semplifica la Tua Fiscalit\u00e0 Estera e Ottimizza le Imposte        <\/a>\n    <\/h4>\n\n            <p itemprop=\"description\" class=\"mkd-excerpt\">Con l&#8217;avvicinarsi delle scadenze per il deposito dei bilanci e l&#8217;annesso calco...<\/p>\n    \n            <div class=\"mkd-item-info-section clearfix\">\n            <div itemprop=\"dateCreated\" class=\"mkd-post-info-date entry-date updated\">\n\n    \n        June 24, 2025\n        \n    <meta itemprop=\"interactionCount\" content=\"UserComments: 0\"\/>\n\n<\/div><div class=\"mkd-post-info-category\"><a href=\"https:\/\/www.icpartners.it\/en\/category\/italia\/\" rel=\"category tag\">ITALY<\/a> <a href=\"https:\/\/www.icpartners.it\/en\/category\/news\/\" rel=\"category tag\">News<\/a><\/div>    <div class =\"mkd-blog-share\">\n        <div class=\"mkd-social-share-holder mkd-list\">\n\t<ul>\n\t\t<li class=\"mkd-facebook-share\">\n\t<a itemprop=\"url\" class=\"mkd-share-link\" href=\"#\" onclick=\"window.open(&#039;http:\/\/www.facebook.com\/sharer.php?u=https%3A%2F%2Fwww.icpartners.it%2Fen%2Fla-nuova-normativa-cfc-semplifica-la-tua-fiscalita-estera-e-ottimizza-le-imposte%2F&#039;, &#039;sharer&#039;, &#039;toolbar=0,status=0,width=620,height=280&#039;);\">\n\t\t\t\t\t<img decoding=\"async\" itemprop=\"image\" src=\"https:\/\/www.icpartners.it\/wp-content\/uploads\/2024\/03\/ic_facebook_news.png\" alt=\"facebook\" \/>\n\t\t\t<\/a>\n<\/li><li class=\"mkd-twitter-share\">\n\t<a itemprop=\"url\" class=\"mkd-share-link\" href=\"#\" onclick=\"window.open(&#039;http:\/\/twitter.com\/home?status=Con+l%26%238217%3Bavvicinarsi+delle+scadenze+per+il+deposito+dei+bilanci+e+l%26%238217%3Bannesso+calcolo+delle+imposte+https:\/\/www.icpartners.it\/en\/la-nuova-normativa-cfc-semplifica-la-tua-fiscalita-estera-e-ottimizza-le-imposte\/&#039;, &#039;popupwindow&#039;, &#039;scrollbars=yes,width=800,height=400&#039;);\">\n\t\t\t\t\t<img decoding=\"async\" itemprop=\"image\" src=\"https:\/\/www.icpartners.it\/wp-content\/uploads\/2024\/03\/ic_twitter-x_news.png\" alt=\"twitter\" \/>\n\t\t\t<\/a>\n<\/li><li class=\"mkd-linkedin-share\">\n\t<a itemprop=\"url\" class=\"mkd-share-link\" href=\"#\" onclick=\"popUp=window.open(&#039;http:\/\/linkedin.com\/shareArticle?mini=true&amp;url=https%3A%2F%2Fwww.icpartners.it%2Fen%2Fla-nuova-normativa-cfc-semplifica-la-tua-fiscalita-estera-e-ottimizza-le-imposte%2F&amp;title=La+Nuova+Normativa+CFC+Semplifica+la+Tua+Fiscalit%C3%A0+Estera+e+Ottimizza+le+Imposte&#039;, &#039;popupwindow&#039;, &#039;scrollbars=yes,width=800,height=400&#039;);popUp.focus();return false;\">\n\t\t\t\t\t<img decoding=\"async\" itemprop=\"image\" src=\"https:\/\/www.icpartners.it\/wp-content\/uploads\/2024\/03\/ic_linkedin_news.png\" alt=\"linkedin\" \/>\n\t\t\t<\/a>\n<\/li>\t<\/ul>\n<\/div>    <\/div>\n        <\/div>\n    \n    <div class=\"mkd-read-more-holder\"><a itemprop=\"url\" href=\"https:\/\/www.icpartners.it\/en\/la-nuova-normativa-cfc-semplifica-la-tua-fiscalita-estera-e-ottimizza-le-imposte\/\" target=\"_self\" style=\"font-weight: 700\" class=\"mkd-btn mkd-btn-small mkd-btn-minimal mkd-btn-icon\"  >    <span class=\"mkd-btn-text\">Read More<\/span>    <span aria-hidden=\"true\" class=\"mkd-icon-font-elegant arrow_carrot-right\" ><\/span><\/a><\/div>\n    <\/div>\n    <\/div>\n<\/li><li class=\"mkd-blog-list-item clearfix\">\n    <div class=\"mkd-blog-list-item-inner\">\n        <div class=\"mkd-item-image\">\n            <a itemprop=\"url\" href=\"https:\/\/www.icpartners.it\/en\/legno-e-arredo-fvg-contributi-a-fondo-perduto-per-progetti-di-internazionalizzazione\/\">\n                <img loading=\"lazy\" decoding=\"async\" width=\"1200\" height=\"627\" src=\"https:\/\/www.icpartners.it\/wp-content\/uploads\/2025\/06\/Articoli-2025-19.png\" class=\"attachment-full size-full wp-post-image\" alt=\"\" srcset=\"https:\/\/www.icpartners.it\/wp-content\/uploads\/2025\/06\/Articoli-2025-19.png 1200w, https:\/\/www.icpartners.it\/wp-content\/uploads\/2025\/06\/Articoli-2025-19-300x157.png 300w, https:\/\/www.icpartners.it\/wp-content\/uploads\/2025\/06\/Articoli-2025-19-1024x535.png 1024w, https:\/\/www.icpartners.it\/wp-content\/uploads\/2025\/06\/Articoli-2025-19-296x155.png 296w, https:\/\/www.icpartners.it\/wp-content\/uploads\/2025\/06\/Articoli-2025-19-768x401.png 768w, https:\/\/www.icpartners.it\/wp-content\/uploads\/2025\/06\/Articoli-2025-19-18x9.png 18w\" sizes=\"auto, (max-width: 1200px) 100vw, 1200px\" \/>            <\/a>\n        <\/div>\n        <div class=\"mkd-item-text-holder\" >\n        <h4 itemprop=\"name\" class=\"mkd-item-title entry-title\">\n        <a itemprop=\"url\" href=\"https:\/\/www.icpartners.it\/en\/legno-e-arredo-fvg-contributi-a-fondo-perduto-per-progetti-di-internazionalizzazione\/\">\n            Legno e Arredo FVG: Contributi a Fondo Perduto per progetti di Internazionalizzazione        <\/a>\n    <\/h4>\n\n            <p itemprop=\"description\" class=\"mkd-excerpt\">Il settore del legno arredo italiano \u00e8 un&#8217;eccellenza riconosciuta globalmente, e pe...<\/p>\n    \n            <div class=\"mkd-item-info-section clearfix\">\n            <div itemprop=\"dateCreated\" class=\"mkd-post-info-date entry-date updated\">\n\n    \n        June 19, 2025\n        \n    <meta itemprop=\"interactionCount\" content=\"UserComments: 0\"\/>\n\n<\/div><div class=\"mkd-post-info-category\"><a href=\"https:\/\/www.icpartners.it\/en\/category\/italia\/\" rel=\"category tag\">ITALY<\/a> <a href=\"https:\/\/www.icpartners.it\/en\/category\/news\/\" rel=\"category tag\">News<\/a><\/div>    <div class =\"mkd-blog-share\">\n        <div class=\"mkd-social-share-holder mkd-list\">\n\t<ul>\n\t\t<li class=\"mkd-facebook-share\">\n\t<a itemprop=\"url\" class=\"mkd-share-link\" href=\"#\" onclick=\"window.open(&#039;http:\/\/www.facebook.com\/sharer.php?u=https%3A%2F%2Fwww.icpartners.it%2Fen%2Flegno-e-arredo-fvg-contributi-a-fondo-perduto-per-progetti-di-internazionalizzazione%2F&#039;, &#039;sharer&#039;, &#039;toolbar=0,status=0,width=620,height=280&#039;);\">\n\t\t\t\t\t<img decoding=\"async\" itemprop=\"image\" src=\"https:\/\/www.icpartners.it\/wp-content\/uploads\/2024\/03\/ic_facebook_news.png\" alt=\"facebook\" \/>\n\t\t\t<\/a>\n<\/li><li class=\"mkd-twitter-share\">\n\t<a itemprop=\"url\" class=\"mkd-share-link\" href=\"#\" onclick=\"window.open(&#039;http:\/\/twitter.com\/home?status=Il+settore+del+legno+arredo+italiano+%C3%A8+un%26%238217%3Beccellenza+riconosciuta+globalmente%2C+e+per+supportare+le+imprese+in+https:\/\/www.icpartners.it\/en\/legno-e-arredo-fvg-contributi-a-fondo-perduto-per-progetti-di-internazionalizzazione\/&#039;, &#039;popupwindow&#039;, &#039;scrollbars=yes,width=800,height=400&#039;);\">\n\t\t\t\t\t<img decoding=\"async\" itemprop=\"image\" src=\"https:\/\/www.icpartners.it\/wp-content\/uploads\/2024\/03\/ic_twitter-x_news.png\" alt=\"twitter\" \/>\n\t\t\t<\/a>\n<\/li><li class=\"mkd-linkedin-share\">\n\t<a itemprop=\"url\" class=\"mkd-share-link\" href=\"#\" onclick=\"popUp=window.open(&#039;http:\/\/linkedin.com\/shareArticle?mini=true&amp;url=https%3A%2F%2Fwww.icpartners.it%2Fen%2Flegno-e-arredo-fvg-contributi-a-fondo-perduto-per-progetti-di-internazionalizzazione%2F&amp;title=Legno+e+Arredo+FVG%3A+Contributi+a+Fondo+Perduto+per+progetti+di+Internazionalizzazione&#039;, &#039;popupwindow&#039;, &#039;scrollbars=yes,width=800,height=400&#039;);popUp.focus();return false;\">\n\t\t\t\t\t<img decoding=\"async\" itemprop=\"image\" src=\"https:\/\/www.icpartners.it\/wp-content\/uploads\/2024\/03\/ic_linkedin_news.png\" alt=\"linkedin\" \/>\n\t\t\t<\/a>\n<\/li>\t<\/ul>\n<\/div>    <\/div>\n        <\/div>\n    \n    <div class=\"mkd-read-more-holder\"><a itemprop=\"url\" href=\"https:\/\/www.icpartners.it\/en\/legno-e-arredo-fvg-contributi-a-fondo-perduto-per-progetti-di-internazionalizzazione\/\" target=\"_self\" style=\"font-weight: 700\" class=\"mkd-btn mkd-btn-small mkd-btn-minimal mkd-btn-icon\"  >    <span class=\"mkd-btn-text\">Read More<\/span>    <span aria-hidden=\"true\" class=\"mkd-icon-font-elegant arrow_carrot-right\" ><\/span><\/a><\/div>\n    <\/div>\n    <\/div>\n<\/li><li class=\"mkd-blog-list-item clearfix\">\n    <div class=\"mkd-blog-list-item-inner\">\n        <div class=\"mkd-item-image\">\n            <a itemprop=\"url\" href=\"https:\/\/www.icpartners.it\/en\/dazi-usa-lexport-italiano-tra-riposizionamenti-e-nuove-rotte\/\">\n                <img loading=\"lazy\" decoding=\"async\" width=\"1200\" height=\"627\" src=\"https:\/\/www.icpartners.it\/wp-content\/uploads\/2025\/04\/Articoli-2025-9.png\" class=\"attachment-full size-full wp-post-image\" alt=\"\" srcset=\"https:\/\/www.icpartners.it\/wp-content\/uploads\/2025\/04\/Articoli-2025-9.png 1200w, https:\/\/www.icpartners.it\/wp-content\/uploads\/2025\/04\/Articoli-2025-9-300x157.png 300w, https:\/\/www.icpartners.it\/wp-content\/uploads\/2025\/04\/Articoli-2025-9-1024x535.png 1024w, https:\/\/www.icpartners.it\/wp-content\/uploads\/2025\/04\/Articoli-2025-9-296x155.png 296w, https:\/\/www.icpartners.it\/wp-content\/uploads\/2025\/04\/Articoli-2025-9-768x401.png 768w, https:\/\/www.icpartners.it\/wp-content\/uploads\/2025\/04\/Articoli-2025-9-18x9.png 18w\" sizes=\"auto, (max-width: 1200px) 100vw, 1200px\" \/>            <\/a>\n        <\/div>\n        <div class=\"mkd-item-text-holder\" >\n        <h4 itemprop=\"name\" class=\"mkd-item-title entry-title\">\n        <a itemprop=\"url\" href=\"https:\/\/www.icpartners.it\/en\/dazi-usa-lexport-italiano-tra-riposizionamenti-e-nuove-rotte\/\">\n            Dazi USA: l\u2019export italiano tra riposizionamenti e nuove rotte        <\/a>\n    <\/h4>\n\n            <p itemprop=\"description\" class=\"mkd-excerpt\">Con il ritorno dei dazi americani sul Made in Italy, le imprese italiane si trovano di fro...<\/p>\n    \n            <div class=\"mkd-item-info-section clearfix\">\n            <div itemprop=\"dateCreated\" class=\"mkd-post-info-date entry-date updated\">\n\n    \n        April 7, 2025\n        \n    <meta itemprop=\"interactionCount\" content=\"UserComments: 0\"\/>\n\n<\/div><div class=\"mkd-post-info-category\"><a href=\"https:\/\/www.icpartners.it\/en\/category\/italia\/\" rel=\"category tag\">ITALY<\/a> <a href=\"https:\/\/www.icpartners.it\/en\/category\/mondo\/\" rel=\"category tag\">Mondo<\/a> <a href=\"https:\/\/www.icpartners.it\/en\/category\/news\/\" rel=\"category tag\">News<\/a> <a href=\"https:\/\/www.icpartners.it\/en\/category\/stati-uniti\/\" rel=\"category tag\">USA<\/a><\/div>    <div class =\"mkd-blog-share\">\n        <div class=\"mkd-social-share-holder mkd-list\">\n\t<ul>\n\t\t<li class=\"mkd-facebook-share\">\n\t<a itemprop=\"url\" class=\"mkd-share-link\" href=\"#\" onclick=\"window.open(&#039;http:\/\/www.facebook.com\/sharer.php?u=https%3A%2F%2Fwww.icpartners.it%2Fen%2Fdazi-usa-lexport-italiano-tra-riposizionamenti-e-nuove-rotte%2F&#039;, &#039;sharer&#039;, &#039;toolbar=0,status=0,width=620,height=280&#039;);\">\n\t\t\t\t\t<img decoding=\"async\" itemprop=\"image\" src=\"https:\/\/www.icpartners.it\/wp-content\/uploads\/2024\/03\/ic_facebook_news.png\" alt=\"facebook\" \/>\n\t\t\t<\/a>\n<\/li><li class=\"mkd-twitter-share\">\n\t<a itemprop=\"url\" class=\"mkd-share-link\" href=\"#\" onclick=\"window.open(&#039;http:\/\/twitter.com\/home?status=Con+il+ritorno+dei+dazi+americani+sul+Made+in+Italy%2C+le+imprese+italiane+si+trovano+di+fronte+a+un+nuovo+scenario+https:\/\/www.icpartners.it\/en\/dazi-usa-lexport-italiano-tra-riposizionamenti-e-nuove-rotte\/&#039;, &#039;popupwindow&#039;, &#039;scrollbars=yes,width=800,height=400&#039;);\">\n\t\t\t\t\t<img decoding=\"async\" itemprop=\"image\" src=\"https:\/\/www.icpartners.it\/wp-content\/uploads\/2024\/03\/ic_twitter-x_news.png\" alt=\"twitter\" \/>\n\t\t\t<\/a>\n<\/li><li class=\"mkd-linkedin-share\">\n\t<a itemprop=\"url\" class=\"mkd-share-link\" href=\"#\" onclick=\"popUp=window.open(&#039;http:\/\/linkedin.com\/shareArticle?mini=true&amp;url=https%3A%2F%2Fwww.icpartners.it%2Fen%2Fdazi-usa-lexport-italiano-tra-riposizionamenti-e-nuove-rotte%2F&amp;title=Dazi+USA%3A+l%E2%80%99export+italiano+tra+riposizionamenti+e+nuove+rotte&#039;, &#039;popupwindow&#039;, &#039;scrollbars=yes,width=800,height=400&#039;);popUp.focus();return false;\">\n\t\t\t\t\t<img decoding=\"async\" itemprop=\"image\" src=\"https:\/\/www.icpartners.it\/wp-content\/uploads\/2024\/03\/ic_linkedin_news.png\" alt=\"linkedin\" \/>\n\t\t\t<\/a>\n<\/li>\t<\/ul>\n<\/div>    <\/div>\n        <\/div>\n    \n    <div class=\"mkd-read-more-holder\"><a itemprop=\"url\" href=\"https:\/\/www.icpartners.it\/en\/dazi-usa-lexport-italiano-tra-riposizionamenti-e-nuove-rotte\/\" target=\"_self\" style=\"font-weight: 700\" class=\"mkd-btn mkd-btn-small mkd-btn-minimal mkd-btn-icon\"  >    <span class=\"mkd-btn-text\">Read More<\/span>    <span aria-hidden=\"true\" class=\"mkd-icon-font-elegant arrow_carrot-right\" ><\/span><\/a><\/div>\n    <\/div>\n    <\/div>\n<\/li><li class=\"mkd-blog-list-item clearfix\">\n    <div class=\"mkd-blog-list-item-inner\">\n        <div class=\"mkd-item-image\">\n            <a itemprop=\"url\" href=\"https:\/\/www.icpartners.it\/en\/sostenibilita-ed-internazionalizzazione-cosa-cambia-per-la-tua-azienda\/\">\n                <img loading=\"lazy\" decoding=\"async\" width=\"1200\" height=\"627\" src=\"https:\/\/www.icpartners.it\/wp-content\/uploads\/2025\/03\/Articoli-2025-8.png\" class=\"attachment-full size-full wp-post-image\" alt=\"\" srcset=\"https:\/\/www.icpartners.it\/wp-content\/uploads\/2025\/03\/Articoli-2025-8.png 1200w, https:\/\/www.icpartners.it\/wp-content\/uploads\/2025\/03\/Articoli-2025-8-300x157.png 300w, https:\/\/www.icpartners.it\/wp-content\/uploads\/2025\/03\/Articoli-2025-8-1024x535.png 1024w, https:\/\/www.icpartners.it\/wp-content\/uploads\/2025\/03\/Articoli-2025-8-296x155.png 296w, https:\/\/www.icpartners.it\/wp-content\/uploads\/2025\/03\/Articoli-2025-8-768x401.png 768w, https:\/\/www.icpartners.it\/wp-content\/uploads\/2025\/03\/Articoli-2025-8-18x9.png 18w\" sizes=\"auto, (max-width: 1200px) 100vw, 1200px\" \/>            <\/a>\n        <\/div>\n        <div class=\"mkd-item-text-holder\" >\n        <h4 itemprop=\"name\" class=\"mkd-item-title entry-title\">\n        <a itemprop=\"url\" href=\"https:\/\/www.icpartners.it\/en\/sostenibilita-ed-internazionalizzazione-cosa-cambia-per-la-tua-azienda\/\">\n            Sostenibilit\u00e0 ed Internazionalizzazione: Cosa Cambia per la tua azienda?        <\/a>\n    <\/h4>\n\n            <p itemprop=\"description\" class=\"mkd-excerpt\">Il 27 febbraio la Commissione Europea ha introdotto importanti novit\u00e0 in materia ESG (Env...<\/p>\n    \n            <div class=\"mkd-item-info-section clearfix\">\n            <div itemprop=\"dateCreated\" class=\"mkd-post-info-date entry-date updated\">\n\n    \n        March 18, 2025\n        \n    <meta itemprop=\"interactionCount\" content=\"UserComments: 0\"\/>\n\n<\/div><div class=\"mkd-post-info-category\"><a href=\"https:\/\/www.icpartners.it\/en\/category\/italia\/\" rel=\"category tag\">ITALY<\/a><\/div>    <div class =\"mkd-blog-share\">\n        <div class=\"mkd-social-share-holder mkd-list\">\n\t<ul>\n\t\t<li class=\"mkd-facebook-share\">\n\t<a itemprop=\"url\" class=\"mkd-share-link\" href=\"#\" onclick=\"window.open(&#039;http:\/\/www.facebook.com\/sharer.php?u=https%3A%2F%2Fwww.icpartners.it%2Fen%2Fsostenibilita-ed-internazionalizzazione-cosa-cambia-per-la-tua-azienda%2F&#039;, &#039;sharer&#039;, &#039;toolbar=0,status=0,width=620,height=280&#039;);\">\n\t\t\t\t\t<img decoding=\"async\" itemprop=\"image\" src=\"https:\/\/www.icpartners.it\/wp-content\/uploads\/2024\/03\/ic_facebook_news.png\" alt=\"facebook\" \/>\n\t\t\t<\/a>\n<\/li><li class=\"mkd-twitter-share\">\n\t<a itemprop=\"url\" class=\"mkd-share-link\" href=\"#\" onclick=\"window.open(&#039;http:\/\/twitter.com\/home?status=Il+27+febbraio+la+Commissione+Europea+ha+introdotto+importanti+novit%C3%A0+in+materia+ESG+%28Environmental%2C+Social%2C+and+https:\/\/www.icpartners.it\/en\/sostenibilita-ed-internazionalizzazione-cosa-cambia-per-la-tua-azienda\/&#039;, &#039;popupwindow&#039;, &#039;scrollbars=yes,width=800,height=400&#039;);\">\n\t\t\t\t\t<img decoding=\"async\" itemprop=\"image\" src=\"https:\/\/www.icpartners.it\/wp-content\/uploads\/2024\/03\/ic_twitter-x_news.png\" alt=\"twitter\" \/>\n\t\t\t<\/a>\n<\/li><li class=\"mkd-linkedin-share\">\n\t<a itemprop=\"url\" class=\"mkd-share-link\" href=\"#\" onclick=\"popUp=window.open(&#039;http:\/\/linkedin.com\/shareArticle?mini=true&amp;url=https%3A%2F%2Fwww.icpartners.it%2Fen%2Fsostenibilita-ed-internazionalizzazione-cosa-cambia-per-la-tua-azienda%2F&amp;title=Sostenibilit%C3%A0+ed+Internazionalizzazione%3A+Cosa+Cambia+per+la+tua+azienda%3F&#039;, &#039;popupwindow&#039;, &#039;scrollbars=yes,width=800,height=400&#039;);popUp.focus();return false;\">\n\t\t\t\t\t<img decoding=\"async\" itemprop=\"image\" src=\"https:\/\/www.icpartners.it\/wp-content\/uploads\/2024\/03\/ic_linkedin_news.png\" alt=\"linkedin\" \/>\n\t\t\t<\/a>\n<\/li>\t<\/ul>\n<\/div>    <\/div>\n        <\/div>\n    \n    <div class=\"mkd-read-more-holder\"><a itemprop=\"url\" href=\"https:\/\/www.icpartners.it\/en\/sostenibilita-ed-internazionalizzazione-cosa-cambia-per-la-tua-azienda\/\" target=\"_self\" style=\"font-weight: 700\" class=\"mkd-btn mkd-btn-small mkd-btn-minimal mkd-btn-icon\"  >    <span class=\"mkd-btn-text\">Read More<\/span>    <span aria-hidden=\"true\" class=\"mkd-icon-font-elegant arrow_carrot-right\" ><\/span><\/a><\/div>\n    <\/div>\n    <\/div>\n<\/li><li class=\"mkd-blog-list-item clearfix\">\n    <div class=\"mkd-blog-list-item-inner\">\n        <div class=\"mkd-item-image\">\n            <a itemprop=\"url\" href=\"https:\/\/www.icpartners.it\/en\/vuoi-espandere-il-tuo-business-allestero-contributi-a-fondo-perduto-dallemilia-romagna\/\">\n                <img loading=\"lazy\" decoding=\"async\" width=\"1200\" height=\"627\" src=\"https:\/\/www.icpartners.it\/wp-content\/uploads\/2024\/12\/Articoli-2024-33.png\" class=\"attachment-full size-full wp-post-image\" alt=\"\" srcset=\"https:\/\/www.icpartners.it\/wp-content\/uploads\/2024\/12\/Articoli-2024-33.png 1200w, https:\/\/www.icpartners.it\/wp-content\/uploads\/2024\/12\/Articoli-2024-33-300x157.png 300w, https:\/\/www.icpartners.it\/wp-content\/uploads\/2024\/12\/Articoli-2024-33-1024x535.png 1024w, https:\/\/www.icpartners.it\/wp-content\/uploads\/2024\/12\/Articoli-2024-33-296x155.png 296w, https:\/\/www.icpartners.it\/wp-content\/uploads\/2024\/12\/Articoli-2024-33-768x401.png 768w, https:\/\/www.icpartners.it\/wp-content\/uploads\/2024\/12\/Articoli-2024-33-18x9.png 18w\" sizes=\"auto, (max-width: 1200px) 100vw, 1200px\" \/>            <\/a>\n        <\/div>\n        <div class=\"mkd-item-text-holder\" >\n        <h4 itemprop=\"name\" class=\"mkd-item-title entry-title\">\n        <a itemprop=\"url\" href=\"https:\/\/www.icpartners.it\/en\/vuoi-espandere-il-tuo-business-allestero-contributi-a-fondo-perduto-dallemilia-romagna\/\">\n            Vuoi Espandere il Tuo Business All&#8217;Estero? Contributi a fondo perduto dall&#8217;Emilia Romagna        <\/a>\n    <\/h4>\n\n            <p itemprop=\"description\" class=\"mkd-excerpt\">Sblocca il Potenziale della Tua Azienda: Contributi a Fondo Perduto fino al 70% per l&amp;#821...<\/p>\n    \n            <div class=\"mkd-item-info-section clearfix\">\n            <div itemprop=\"dateCreated\" class=\"mkd-post-info-date entry-date updated\">\n\n    \n        December 16, 2024\n        \n    <meta itemprop=\"interactionCount\" content=\"UserComments: 0\"\/>\n\n<\/div><div class=\"mkd-post-info-category\"><a href=\"https:\/\/www.icpartners.it\/en\/category\/italia\/\" rel=\"category tag\">ITALY<\/a> <a href=\"https:\/\/www.icpartners.it\/en\/category\/news\/\" rel=\"category tag\">News<\/a><\/div>    <div class =\"mkd-blog-share\">\n        <div class=\"mkd-social-share-holder mkd-list\">\n\t<ul>\n\t\t<li class=\"mkd-facebook-share\">\n\t<a itemprop=\"url\" class=\"mkd-share-link\" href=\"#\" onclick=\"window.open(&#039;http:\/\/www.facebook.com\/sharer.php?u=https%3A%2F%2Fwww.icpartners.it%2Fen%2Fvuoi-espandere-il-tuo-business-allestero-contributi-a-fondo-perduto-dallemilia-romagna%2F&#039;, &#039;sharer&#039;, &#039;toolbar=0,status=0,width=620,height=280&#039;);\">\n\t\t\t\t\t<img decoding=\"async\" itemprop=\"image\" src=\"https:\/\/www.icpartners.it\/wp-content\/uploads\/2024\/03\/ic_facebook_news.png\" alt=\"facebook\" \/>\n\t\t\t<\/a>\n<\/li><li class=\"mkd-twitter-share\">\n\t<a itemprop=\"url\" class=\"mkd-share-link\" href=\"#\" onclick=\"window.open(&#039;http:\/\/twitter.com\/home?status=Sblocca+il+Potenziale+della+Tua+Azienda%3A+Contributi+a+Fondo+Perduto+fino+al+70%25+per+l%26%238217%3BInternazionalizzazione%21+https:\/\/www.icpartners.it\/en\/vuoi-espandere-il-tuo-business-allestero-contributi-a-fondo-perduto-dallemilia-romagna\/&#039;, &#039;popupwindow&#039;, &#039;scrollbars=yes,width=800,height=400&#039;);\">\n\t\t\t\t\t<img decoding=\"async\" itemprop=\"image\" src=\"https:\/\/www.icpartners.it\/wp-content\/uploads\/2024\/03\/ic_twitter-x_news.png\" alt=\"twitter\" \/>\n\t\t\t<\/a>\n<\/li><li class=\"mkd-linkedin-share\">\n\t<a itemprop=\"url\" class=\"mkd-share-link\" href=\"#\" onclick=\"popUp=window.open(&#039;http:\/\/linkedin.com\/shareArticle?mini=true&amp;url=https%3A%2F%2Fwww.icpartners.it%2Fen%2Fvuoi-espandere-il-tuo-business-allestero-contributi-a-fondo-perduto-dallemilia-romagna%2F&amp;title=Vuoi+Espandere+il+Tuo+Business+All%26%238217%3BEstero%3F+Contributi+a+fondo+perduto+dall%26%238217%3BEmilia+Romagna&#039;, &#039;popupwindow&#039;, &#039;scrollbars=yes,width=800,height=400&#039;);popUp.focus();return false;\">\n\t\t\t\t\t<img decoding=\"async\" itemprop=\"image\" src=\"https:\/\/www.icpartners.it\/wp-content\/uploads\/2024\/03\/ic_linkedin_news.png\" alt=\"linkedin\" \/>\n\t\t\t<\/a>\n<\/li>\t<\/ul>\n<\/div>    <\/div>\n        <\/div>\n    \n    <div class=\"mkd-read-more-holder\"><a itemprop=\"url\" href=\"https:\/\/www.icpartners.it\/en\/vuoi-espandere-il-tuo-business-allestero-contributi-a-fondo-perduto-dallemilia-romagna\/\" target=\"_self\" style=\"font-weight: 700\" class=\"mkd-btn mkd-btn-small mkd-btn-minimal mkd-btn-icon\"  >    <span class=\"mkd-btn-text\">Read More<\/span>    <span aria-hidden=\"true\" class=\"mkd-icon-font-elegant arrow_carrot-right\" ><\/span><\/a><\/div>\n    <\/div>\n    <\/div>\n<\/li><li class=\"mkd-blog-list-item clearfix\">\n    <div class=\"mkd-blog-list-item-inner\">\n        <div class=\"mkd-item-image\">\n            <a itemprop=\"url\" href=\"https:\/\/www.icpartners.it\/en\/simest-potenziamento-mercati-africani-fino-al-20-a-fondo-perduto\/\">\n                <img loading=\"lazy\" decoding=\"async\" width=\"1200\" height=\"627\" src=\"https:\/\/www.icpartners.it\/wp-content\/uploads\/2024\/07\/Articoli-2024-18.png\" class=\"attachment-full size-full wp-post-image\" alt=\"\" srcset=\"https:\/\/www.icpartners.it\/wp-content\/uploads\/2024\/07\/Articoli-2024-18.png 1200w, https:\/\/www.icpartners.it\/wp-content\/uploads\/2024\/07\/Articoli-2024-18-300x157.png 300w, https:\/\/www.icpartners.it\/wp-content\/uploads\/2024\/07\/Articoli-2024-18-1024x535.png 1024w, https:\/\/www.icpartners.it\/wp-content\/uploads\/2024\/07\/Articoli-2024-18-296x155.png 296w, https:\/\/www.icpartners.it\/wp-content\/uploads\/2024\/07\/Articoli-2024-18-768x401.png 768w, https:\/\/www.icpartners.it\/wp-content\/uploads\/2024\/07\/Articoli-2024-18-18x9.png 18w\" sizes=\"auto, (max-width: 1200px) 100vw, 1200px\" \/>            <\/a>\n        <\/div>\n        <div class=\"mkd-item-text-holder\" >\n        <h4 itemprop=\"name\" class=\"mkd-item-title entry-title\">\n        <a itemprop=\"url\" href=\"https:\/\/www.icpartners.it\/en\/simest-potenziamento-mercati-africani-fino-al-20-a-fondo-perduto\/\">\n            Simest: Potenziamento Mercati Africani fino al 20% a fondo perduto        <\/a>\n    <\/h4>\n\n            <p itemprop=\"description\" class=\"mkd-excerpt\">...<\/p>\n    \n            <div class=\"mkd-item-info-section clearfix\">\n            <div itemprop=\"dateCreated\" class=\"mkd-post-info-date entry-date updated\">\n\n    \n        July 25, 2024\n        \n    <meta itemprop=\"interactionCount\" content=\"UserComments: 0\"\/>\n\n<\/div><div class=\"mkd-post-info-category\"><a href=\"https:\/\/www.icpartners.it\/en\/category\/italia\/\" rel=\"category tag\">ITALY<\/a> <a href=\"https:\/\/www.icpartners.it\/en\/category\/mondo\/\" rel=\"category tag\">Mondo<\/a> <a href=\"https:\/\/www.icpartners.it\/en\/category\/news\/\" rel=\"category tag\">News<\/a><\/div>    <div class =\"mkd-blog-share\">\n        <div class=\"mkd-social-share-holder mkd-list\">\n\t<ul>\n\t\t<li class=\"mkd-facebook-share\">\n\t<a itemprop=\"url\" class=\"mkd-share-link\" href=\"#\" onclick=\"window.open(&#039;http:\/\/www.facebook.com\/sharer.php?u=https%3A%2F%2Fwww.icpartners.it%2Fen%2Fsimest-potenziamento-mercati-africani-fino-al-20-a-fondo-perduto%2F&#039;, &#039;sharer&#039;, &#039;toolbar=0,status=0,width=620,height=280&#039;);\">\n\t\t\t\t\t<img decoding=\"async\" itemprop=\"image\" src=\"https:\/\/www.icpartners.it\/wp-content\/uploads\/2024\/03\/ic_facebook_news.png\" alt=\"facebook\" \/>\n\t\t\t<\/a>\n<\/li><li class=\"mkd-twitter-share\">\n\t<a itemprop=\"url\" class=\"mkd-share-link\" href=\"#\" onclick=\"window.open(&#039;http:\/\/twitter.com\/home?status=%C3%88+attiva%C2%A0da+oggi+25+luglio+ore+9%3A00+il+finanziamento+Simest+con+la+misura+dedicata+al+%E2%80%9CPotenziamento+dei+mercati+https:\/\/www.icpartners.it\/en\/simest-potenziamento-mercati-africani-fino-al-20-a-fondo-perduto\/&#039;, &#039;popupwindow&#039;, &#039;scrollbars=yes,width=800,height=400&#039;);\">\n\t\t\t\t\t<img decoding=\"async\" itemprop=\"image\" src=\"https:\/\/www.icpartners.it\/wp-content\/uploads\/2024\/03\/ic_twitter-x_news.png\" alt=\"twitter\" \/>\n\t\t\t<\/a>\n<\/li><li class=\"mkd-linkedin-share\">\n\t<a itemprop=\"url\" class=\"mkd-share-link\" href=\"#\" onclick=\"popUp=window.open(&#039;http:\/\/linkedin.com\/shareArticle?mini=true&amp;url=https%3A%2F%2Fwww.icpartners.it%2Fen%2Fsimest-potenziamento-mercati-africani-fino-al-20-a-fondo-perduto%2F&amp;title=Simest%3A+Potenziamento+Mercati+Africani+fino+al+20%25+a+fondo+perduto&#039;, &#039;popupwindow&#039;, &#039;scrollbars=yes,width=800,height=400&#039;);popUp.focus();return false;\">\n\t\t\t\t\t<img decoding=\"async\" itemprop=\"image\" src=\"https:\/\/www.icpartners.it\/wp-content\/uploads\/2024\/03\/ic_linkedin_news.png\" alt=\"linkedin\" \/>\n\t\t\t<\/a>\n<\/li>\t<\/ul>\n<\/div>    <\/div>\n        <\/div>\n    \n    <div class=\"mkd-read-more-holder\"><a itemprop=\"url\" href=\"https:\/\/www.icpartners.it\/en\/simest-potenziamento-mercati-africani-fino-al-20-a-fondo-perduto\/\" target=\"_self\" style=\"font-weight: 700\" class=\"mkd-btn mkd-btn-small mkd-btn-minimal mkd-btn-icon\"  >    <span class=\"mkd-btn-text\">Read More<\/span>    <span aria-hidden=\"true\" class=\"mkd-icon-font-elegant arrow_carrot-right\" ><\/span><\/a><\/div>\n    <\/div>\n    <\/div>\n<\/li><li class=\"mkd-blog-list-item clearfix\">\n    <div class=\"mkd-blog-list-item-inner\">\n        <div class=\"mkd-item-image\">\n            <a itemprop=\"url\" href=\"https:\/\/www.icpartners.it\/en\/emilia-romagna-50-a-fondo-perduto-con-il-bando-digital-export-2024-2025\/\">\n                <img loading=\"lazy\" decoding=\"async\" width=\"1200\" height=\"627\" src=\"https:\/\/www.icpartners.it\/wp-content\/uploads\/2024\/07\/Articoli-2024-20.png\" class=\"attachment-full size-full wp-post-image\" alt=\"\" srcset=\"https:\/\/www.icpartners.it\/wp-content\/uploads\/2024\/07\/Articoli-2024-20.png 1200w, https:\/\/www.icpartners.it\/wp-content\/uploads\/2024\/07\/Articoli-2024-20-300x157.png 300w, https:\/\/www.icpartners.it\/wp-content\/uploads\/2024\/07\/Articoli-2024-20-1024x535.png 1024w, https:\/\/www.icpartners.it\/wp-content\/uploads\/2024\/07\/Articoli-2024-20-296x155.png 296w, https:\/\/www.icpartners.it\/wp-content\/uploads\/2024\/07\/Articoli-2024-20-768x401.png 768w, https:\/\/www.icpartners.it\/wp-content\/uploads\/2024\/07\/Articoli-2024-20-18x9.png 18w\" sizes=\"auto, (max-width: 1200px) 100vw, 1200px\" \/>            <\/a>\n        <\/div>\n        <div class=\"mkd-item-text-holder\" >\n        <h4 itemprop=\"name\" class=\"mkd-item-title entry-title\">\n        <a itemprop=\"url\" href=\"https:\/\/www.icpartners.it\/en\/emilia-romagna-50-a-fondo-perduto-con-il-bando-digital-export-2024-2025\/\">\n            Emilia-Romagna: 50% a fondo perduto con il Bando Digital Export 2024-2025        <\/a>\n    <\/h4>\n\n            <p itemprop=\"description\" class=\"mkd-excerpt\">La Regione Emilia-Romagna, in collaborazione con Unioncamere Emilia-Romagna, ha pubblicato...<\/p>\n    \n            <div class=\"mkd-item-info-section clearfix\">\n            <div itemprop=\"dateCreated\" class=\"mkd-post-info-date entry-date updated\">\n\n    \n        July 25, 2024\n        \n    <meta itemprop=\"interactionCount\" content=\"UserComments: 0\"\/>\n\n<\/div><div class=\"mkd-post-info-category\"><a href=\"https:\/\/www.icpartners.it\/en\/category\/italia\/\" rel=\"category tag\">ITALY<\/a> <a href=\"https:\/\/www.icpartners.it\/en\/category\/news\/\" rel=\"category tag\">News<\/a><\/div>    <div class =\"mkd-blog-share\">\n        <div class=\"mkd-social-share-holder mkd-list\">\n\t<ul>\n\t\t<li class=\"mkd-facebook-share\">\n\t<a itemprop=\"url\" class=\"mkd-share-link\" href=\"#\" onclick=\"window.open(&#039;http:\/\/www.facebook.com\/sharer.php?u=https%3A%2F%2Fwww.icpartners.it%2Fen%2Femilia-romagna-50-a-fondo-perduto-con-il-bando-digital-export-2024-2025%2F&#039;, &#039;sharer&#039;, &#039;toolbar=0,status=0,width=620,height=280&#039;);\">\n\t\t\t\t\t<img decoding=\"async\" itemprop=\"image\" src=\"https:\/\/www.icpartners.it\/wp-content\/uploads\/2024\/03\/ic_facebook_news.png\" alt=\"facebook\" \/>\n\t\t\t<\/a>\n<\/li><li class=\"mkd-twitter-share\">\n\t<a itemprop=\"url\" class=\"mkd-share-link\" href=\"#\" onclick=\"window.open(&#039;http:\/\/twitter.com\/home?status=La+Regione+Emilia-Romagna%2C+in+collaborazione+con+Unioncamere+Emilia-Romagna%2C+ha+pubblicato+il%C2%A0Bando+Digital+Export+https:\/\/www.icpartners.it\/en\/emilia-romagna-50-a-fondo-perduto-con-il-bando-digital-export-2024-2025\/&#039;, &#039;popupwindow&#039;, &#039;scrollbars=yes,width=800,height=400&#039;);\">\n\t\t\t\t\t<img decoding=\"async\" itemprop=\"image\" src=\"https:\/\/www.icpartners.it\/wp-content\/uploads\/2024\/03\/ic_twitter-x_news.png\" alt=\"twitter\" \/>\n\t\t\t<\/a>\n<\/li><li class=\"mkd-linkedin-share\">\n\t<a itemprop=\"url\" class=\"mkd-share-link\" href=\"#\" onclick=\"popUp=window.open(&#039;http:\/\/linkedin.com\/shareArticle?mini=true&amp;url=https%3A%2F%2Fwww.icpartners.it%2Fen%2Femilia-romagna-50-a-fondo-perduto-con-il-bando-digital-export-2024-2025%2F&amp;title=Emilia-Romagna%3A+50%25+a+fondo+perduto+con+il+Bando+Digital+Export+2024-2025&#039;, &#039;popupwindow&#039;, &#039;scrollbars=yes,width=800,height=400&#039;);popUp.focus();return false;\">\n\t\t\t\t\t<img decoding=\"async\" itemprop=\"image\" src=\"https:\/\/www.icpartners.it\/wp-content\/uploads\/2024\/03\/ic_linkedin_news.png\" alt=\"linkedin\" \/>\n\t\t\t<\/a>\n<\/li>\t<\/ul>\n<\/div>    <\/div>\n        <\/div>\n    \n    <div class=\"mkd-read-more-holder\"><a itemprop=\"url\" href=\"https:\/\/www.icpartners.it\/en\/emilia-romagna-50-a-fondo-perduto-con-il-bando-digital-export-2024-2025\/\" target=\"_self\" style=\"font-weight: 700\" class=\"mkd-btn mkd-btn-small mkd-btn-minimal mkd-btn-icon\"  >    <span class=\"mkd-btn-text\">Read More<\/span>    <span aria-hidden=\"true\" class=\"mkd-icon-font-elegant arrow_carrot-right\" ><\/span><\/a><\/div>\n    <\/div>\n    <\/div>\n<\/li><li class=\"mkd-blog-list-item clearfix\">\n    <div class=\"mkd-blog-list-item-inner\">\n        <div class=\"mkd-item-image\">\n            <a itemprop=\"url\" href=\"https:\/\/www.icpartners.it\/en\/controlli-fiscali-sul-transfer-pricing-sei-in-regola\/\">\n                <img loading=\"lazy\" decoding=\"async\" width=\"1200\" height=\"627\" src=\"https:\/\/www.icpartners.it\/wp-content\/uploads\/2024\/06\/Articoli-2024-15.png\" class=\"attachment-full size-full wp-post-image\" alt=\"\" srcset=\"https:\/\/www.icpartners.it\/wp-content\/uploads\/2024\/06\/Articoli-2024-15.png 1200w, https:\/\/www.icpartners.it\/wp-content\/uploads\/2024\/06\/Articoli-2024-15-300x157.png 300w, https:\/\/www.icpartners.it\/wp-content\/uploads\/2024\/06\/Articoli-2024-15-1024x535.png 1024w, https:\/\/www.icpartners.it\/wp-content\/uploads\/2024\/06\/Articoli-2024-15-296x155.png 296w, https:\/\/www.icpartners.it\/wp-content\/uploads\/2024\/06\/Articoli-2024-15-768x401.png 768w, https:\/\/www.icpartners.it\/wp-content\/uploads\/2024\/06\/Articoli-2024-15-18x9.png 18w\" sizes=\"auto, (max-width: 1200px) 100vw, 1200px\" \/>            <\/a>\n        <\/div>\n        <div class=\"mkd-item-text-holder\" >\n        <h4 itemprop=\"name\" class=\"mkd-item-title entry-title\">\n        <a itemprop=\"url\" href=\"https:\/\/www.icpartners.it\/en\/controlli-fiscali-sul-transfer-pricing-sei-in-regola\/\">\n            Controlli Fiscali sul Transfer Pricing: sei in regola?        <\/a>\n    <\/h4>\n\n            <p itemprop=\"description\" class=\"mkd-excerpt\">Non farti cogliere impreparato! Lo sapevi che in caso di verifica l\u2019onere della prova sp...<\/p>\n    \n            <div class=\"mkd-item-info-section clearfix\">\n            <div itemprop=\"dateCreated\" class=\"mkd-post-info-date entry-date updated\">\n\n    \n        June 11, 2024\n        \n    <meta itemprop=\"interactionCount\" content=\"UserComments: 0\"\/>\n\n<\/div><div class=\"mkd-post-info-category\"><a href=\"https:\/\/www.icpartners.it\/en\/category\/italia\/\" rel=\"category tag\">ITALY<\/a> <a href=\"https:\/\/www.icpartners.it\/en\/category\/mondo\/\" rel=\"category tag\">Mondo<\/a> <a href=\"https:\/\/www.icpartners.it\/en\/category\/news\/\" rel=\"category tag\">News<\/a><\/div>    <div class =\"mkd-blog-share\">\n        <div class=\"mkd-social-share-holder mkd-list\">\n\t<ul>\n\t\t<li class=\"mkd-facebook-share\">\n\t<a itemprop=\"url\" class=\"mkd-share-link\" href=\"#\" onclick=\"window.open(&#039;http:\/\/www.facebook.com\/sharer.php?u=https%3A%2F%2Fwww.icpartners.it%2Fen%2Fcontrolli-fiscali-sul-transfer-pricing-sei-in-regola%2F&#039;, &#039;sharer&#039;, &#039;toolbar=0,status=0,width=620,height=280&#039;);\">\n\t\t\t\t\t<img decoding=\"async\" itemprop=\"image\" src=\"https:\/\/www.icpartners.it\/wp-content\/uploads\/2024\/03\/ic_facebook_news.png\" alt=\"facebook\" \/>\n\t\t\t<\/a>\n<\/li><li class=\"mkd-twitter-share\">\n\t<a itemprop=\"url\" class=\"mkd-share-link\" href=\"#\" onclick=\"window.open(&#039;http:\/\/twitter.com\/home?status=Non+farti+cogliere+impreparato%21+Lo+sapevi+che+in+caso+di+verifica+l%E2%80%99onere+della+prova+spetta+al+soggetto+verificato%3F+https:\/\/www.icpartners.it\/en\/controlli-fiscali-sul-transfer-pricing-sei-in-regola\/&#039;, &#039;popupwindow&#039;, &#039;scrollbars=yes,width=800,height=400&#039;);\">\n\t\t\t\t\t<img decoding=\"async\" itemprop=\"image\" src=\"https:\/\/www.icpartners.it\/wp-content\/uploads\/2024\/03\/ic_twitter-x_news.png\" alt=\"twitter\" \/>\n\t\t\t<\/a>\n<\/li><li class=\"mkd-linkedin-share\">\n\t<a itemprop=\"url\" class=\"mkd-share-link\" href=\"#\" onclick=\"popUp=window.open(&#039;http:\/\/linkedin.com\/shareArticle?mini=true&amp;url=https%3A%2F%2Fwww.icpartners.it%2Fen%2Fcontrolli-fiscali-sul-transfer-pricing-sei-in-regola%2F&amp;title=Controlli+Fiscali+sul+Transfer+Pricing%3A+sei+in+regola%3F&#039;, &#039;popupwindow&#039;, &#039;scrollbars=yes,width=800,height=400&#039;);popUp.focus();return false;\">\n\t\t\t\t\t<img decoding=\"async\" itemprop=\"image\" src=\"https:\/\/www.icpartners.it\/wp-content\/uploads\/2024\/03\/ic_linkedin_news.png\" alt=\"linkedin\" \/>\n\t\t\t<\/a>\n<\/li>\t<\/ul>\n<\/div>    <\/div>\n        <\/div>\n    \n    <div class=\"mkd-read-more-holder\"><a itemprop=\"url\" href=\"https:\/\/www.icpartners.it\/en\/controlli-fiscali-sul-transfer-pricing-sei-in-regola\/\" target=\"_self\" style=\"font-weight: 700\" class=\"mkd-btn mkd-btn-small mkd-btn-minimal mkd-btn-icon\"  >    <span class=\"mkd-btn-text\">Read More<\/span>    <span aria-hidden=\"true\" class=\"mkd-icon-font-elegant arrow_carrot-right\" ><\/span><\/a><\/div>\n    <\/div>\n    <\/div>\n<\/li><li class=\"mkd-blog-list-item clearfix\">\n    <div class=\"mkd-blog-list-item-inner\">\n        <div class=\"mkd-item-image\">\n            <a itemprop=\"url\" href=\"https:\/\/www.icpartners.it\/en\/riforma-tecnico-professionale-via-libera-alle-linee-guida-per-linternazionalizzazione\/\">\n                <img loading=\"lazy\" decoding=\"async\" width=\"1200\" height=\"627\" src=\"https:\/\/www.icpartners.it\/wp-content\/uploads\/2024\/05\/Articoli-2024-13.png\" class=\"attachment-full size-full wp-post-image\" alt=\"\" srcset=\"https:\/\/www.icpartners.it\/wp-content\/uploads\/2024\/05\/Articoli-2024-13.png 1200w, https:\/\/www.icpartners.it\/wp-content\/uploads\/2024\/05\/Articoli-2024-13-300x157.png 300w, https:\/\/www.icpartners.it\/wp-content\/uploads\/2024\/05\/Articoli-2024-13-1024x535.png 1024w, https:\/\/www.icpartners.it\/wp-content\/uploads\/2024\/05\/Articoli-2024-13-296x155.png 296w, https:\/\/www.icpartners.it\/wp-content\/uploads\/2024\/05\/Articoli-2024-13-768x401.png 768w, https:\/\/www.icpartners.it\/wp-content\/uploads\/2024\/05\/Articoli-2024-13-18x9.png 18w\" sizes=\"auto, (max-width: 1200px) 100vw, 1200px\" \/>            <\/a>\n        <\/div>\n        <div class=\"mkd-item-text-holder\" >\n        <h4 itemprop=\"name\" class=\"mkd-item-title entry-title\">\n        <a itemprop=\"url\" href=\"https:\/\/www.icpartners.it\/en\/riforma-tecnico-professionale-via-libera-alle-linee-guida-per-linternazionalizzazione\/\">\n            Riforma Tecnico-Professionale: Via libera alle Linee Guida per l&#8217;internazionalizzazione        <\/a>\n    <\/h4>\n\n            <p itemprop=\"description\" class=\"mkd-excerpt\">Il 13 febbraio 2024 sono state pubblicate sul sito del Ministero dell&#8217;Istruzione e d...<\/p>\n    \n            <div class=\"mkd-item-info-section clearfix\">\n            <div itemprop=\"dateCreated\" class=\"mkd-post-info-date entry-date updated\">\n\n    \n        May 21, 2024\n        \n    <meta itemprop=\"interactionCount\" content=\"UserComments: 0\"\/>\n\n<\/div><div class=\"mkd-post-info-category\"><a href=\"https:\/\/www.icpartners.it\/en\/category\/italia\/\" rel=\"category tag\">ITALY<\/a><\/div>    <div class =\"mkd-blog-share\">\n        <div class=\"mkd-social-share-holder mkd-list\">\n\t<ul>\n\t\t<li class=\"mkd-facebook-share\">\n\t<a itemprop=\"url\" class=\"mkd-share-link\" href=\"#\" onclick=\"window.open(&#039;http:\/\/www.facebook.com\/sharer.php?u=https%3A%2F%2Fwww.icpartners.it%2Fen%2Friforma-tecnico-professionale-via-libera-alle-linee-guida-per-linternazionalizzazione%2F&#039;, &#039;sharer&#039;, &#039;toolbar=0,status=0,width=620,height=280&#039;);\">\n\t\t\t\t\t<img decoding=\"async\" itemprop=\"image\" src=\"https:\/\/www.icpartners.it\/wp-content\/uploads\/2024\/03\/ic_facebook_news.png\" alt=\"facebook\" \/>\n\t\t\t<\/a>\n<\/li><li class=\"mkd-twitter-share\">\n\t<a itemprop=\"url\" class=\"mkd-share-link\" href=\"#\" onclick=\"window.open(&#039;http:\/\/twitter.com\/home?status=Il+13+febbraio+2024+sono+state+pubblicate+sul+sito+del+Ministero+dell%26%238217%3BIstruzione+e+del+Merito+le+Linee+guida+https:\/\/www.icpartners.it\/en\/riforma-tecnico-professionale-via-libera-alle-linee-guida-per-linternazionalizzazione\/&#039;, &#039;popupwindow&#039;, &#039;scrollbars=yes,width=800,height=400&#039;);\">\n\t\t\t\t\t<img decoding=\"async\" itemprop=\"image\" src=\"https:\/\/www.icpartners.it\/wp-content\/uploads\/2024\/03\/ic_twitter-x_news.png\" alt=\"twitter\" \/>\n\t\t\t<\/a>\n<\/li><li class=\"mkd-linkedin-share\">\n\t<a itemprop=\"url\" class=\"mkd-share-link\" href=\"#\" onclick=\"popUp=window.open(&#039;http:\/\/linkedin.com\/shareArticle?mini=true&amp;url=https%3A%2F%2Fwww.icpartners.it%2Fen%2Friforma-tecnico-professionale-via-libera-alle-linee-guida-per-linternazionalizzazione%2F&amp;title=Riforma+Tecnico-Professionale%3A+Via+libera+alle+Linee+Guida+per+l%26%238217%3Binternazionalizzazione&#039;, &#039;popupwindow&#039;, &#039;scrollbars=yes,width=800,height=400&#039;);popUp.focus();return false;\">\n\t\t\t\t\t<img decoding=\"async\" itemprop=\"image\" src=\"https:\/\/www.icpartners.it\/wp-content\/uploads\/2024\/03\/ic_linkedin_news.png\" alt=\"linkedin\" \/>\n\t\t\t<\/a>\n<\/li>\t<\/ul>\n<\/div>    <\/div>\n        <\/div>\n    \n    <div class=\"mkd-read-more-holder\"><a itemprop=\"url\" href=\"https:\/\/www.icpartners.it\/en\/riforma-tecnico-professionale-via-libera-alle-linee-guida-per-linternazionalizzazione\/\" target=\"_self\" style=\"font-weight: 700\" class=\"mkd-btn mkd-btn-small mkd-btn-minimal mkd-btn-icon\"  >    <span class=\"mkd-btn-text\">Read More<\/span>    <span aria-hidden=\"true\" class=\"mkd-icon-font-elegant arrow_carrot-right\" ><\/span><\/a><\/div>\n    <\/div>\n    <\/div>\n<\/li><li class=\"mkd-blog-list-item clearfix\">\n    <div class=\"mkd-blog-list-item-inner\">\n        <div class=\"mkd-item-image\">\n            <a itemprop=\"url\" href=\"https:\/\/www.icpartners.it\/en\/bonus-export-digitale-plus-contributi-a-fondo-perduto-per-acquisto-di-soluzioni-digitali-per-lexport\/\">\n                <img loading=\"lazy\" decoding=\"async\" width=\"1200\" height=\"627\" src=\"https:\/\/www.icpartners.it\/wp-content\/uploads\/2024\/02\/Articoli-2024-3.png\" class=\"attachment-full size-full wp-post-image\" alt=\"\" srcset=\"https:\/\/www.icpartners.it\/wp-content\/uploads\/2024\/02\/Articoli-2024-3.png 1200w, https:\/\/www.icpartners.it\/wp-content\/uploads\/2024\/02\/Articoli-2024-3-300x157.png 300w, https:\/\/www.icpartners.it\/wp-content\/uploads\/2024\/02\/Articoli-2024-3-1024x535.png 1024w, https:\/\/www.icpartners.it\/wp-content\/uploads\/2024\/02\/Articoli-2024-3-296x155.png 296w, https:\/\/www.icpartners.it\/wp-content\/uploads\/2024\/02\/Articoli-2024-3-768x401.png 768w, https:\/\/www.icpartners.it\/wp-content\/uploads\/2024\/02\/Articoli-2024-3-18x9.png 18w\" sizes=\"auto, (max-width: 1200px) 100vw, 1200px\" \/>            <\/a>\n        <\/div>\n        <div class=\"mkd-item-text-holder\" >\n        <h4 itemprop=\"name\" class=\"mkd-item-title entry-title\">\n        <a itemprop=\"url\" href=\"https:\/\/www.icpartners.it\/en\/bonus-export-digitale-plus-contributi-a-fondo-perduto-per-acquisto-di-soluzioni-digitali-per-lexport\/\">\n            Bonus Export Digitale Plus: Contributi a fondo perduto per acquisto di soluzioni digitali per l&#8217;export        <\/a>\n    <\/h4>\n\n            <p itemprop=\"description\" class=\"mkd-excerpt\">IC&amp;Partners al tuo fianco per internazionalizzare il tuo business Il Bonus Export Digi...<\/p>\n    \n            <div class=\"mkd-item-info-section clearfix\">\n            <div itemprop=\"dateCreated\" class=\"mkd-post-info-date entry-date updated\">\n\n    \n        February 13, 2024\n        \n    <meta itemprop=\"interactionCount\" content=\"UserComments: 0\"\/>\n\n<\/div><div class=\"mkd-post-info-category\"><a href=\"https:\/\/www.icpartners.it\/en\/category\/italia\/\" rel=\"category tag\">ITALY<\/a> <a href=\"https:\/\/www.icpartners.it\/en\/category\/news\/\" rel=\"category tag\">News<\/a><\/div>    <div class =\"mkd-blog-share\">\n        <div class=\"mkd-social-share-holder mkd-list\">\n\t<ul>\n\t\t<li class=\"mkd-facebook-share\">\n\t<a itemprop=\"url\" class=\"mkd-share-link\" href=\"#\" onclick=\"window.open(&#039;http:\/\/www.facebook.com\/sharer.php?u=https%3A%2F%2Fwww.icpartners.it%2Fen%2Fbonus-export-digitale-plus-contributi-a-fondo-perduto-per-acquisto-di-soluzioni-digitali-per-lexport%2F&#039;, &#039;sharer&#039;, &#039;toolbar=0,status=0,width=620,height=280&#039;);\">\n\t\t\t\t\t<img decoding=\"async\" itemprop=\"image\" src=\"https:\/\/www.icpartners.it\/wp-content\/uploads\/2024\/03\/ic_facebook_news.png\" alt=\"facebook\" \/>\n\t\t\t<\/a>\n<\/li><li class=\"mkd-twitter-share\">\n\t<a itemprop=\"url\" class=\"mkd-share-link\" href=\"#\" onclick=\"window.open(&#039;http:\/\/twitter.com\/home?status=IC%26amp%3BPartners+al+tuo+fianco+per+internazionalizzare+il+tuo+business+Il+Bonus+Export+Digitale+Plus%2C+https:\/\/www.icpartners.it\/en\/bonus-export-digitale-plus-contributi-a-fondo-perduto-per-acquisto-di-soluzioni-digitali-per-lexport\/&#039;, &#039;popupwindow&#039;, &#039;scrollbars=yes,width=800,height=400&#039;);\">\n\t\t\t\t\t<img decoding=\"async\" itemprop=\"image\" src=\"https:\/\/www.icpartners.it\/wp-content\/uploads\/2024\/03\/ic_twitter-x_news.png\" alt=\"twitter\" \/>\n\t\t\t<\/a>\n<\/li><li class=\"mkd-linkedin-share\">\n\t<a itemprop=\"url\" class=\"mkd-share-link\" href=\"#\" onclick=\"popUp=window.open(&#039;http:\/\/linkedin.com\/shareArticle?mini=true&amp;url=https%3A%2F%2Fwww.icpartners.it%2Fen%2Fbonus-export-digitale-plus-contributi-a-fondo-perduto-per-acquisto-di-soluzioni-digitali-per-lexport%2F&amp;title=Bonus+Export+Digitale+Plus%3A+Contributi+a+fondo+perduto+per+acquisto+di+soluzioni+digitali+per+l%26%238217%3Bexport&#039;, &#039;popupwindow&#039;, &#039;scrollbars=yes,width=800,height=400&#039;);popUp.focus();return false;\">\n\t\t\t\t\t<img decoding=\"async\" itemprop=\"image\" src=\"https:\/\/www.icpartners.it\/wp-content\/uploads\/2024\/03\/ic_linkedin_news.png\" alt=\"linkedin\" \/>\n\t\t\t<\/a>\n<\/li>\t<\/ul>\n<\/div>    <\/div>\n        <\/div>\n    \n    <div class=\"mkd-read-more-holder\"><a itemprop=\"url\" href=\"https:\/\/www.icpartners.it\/en\/bonus-export-digitale-plus-contributi-a-fondo-perduto-per-acquisto-di-soluzioni-digitali-per-lexport\/\" target=\"_self\" style=\"font-weight: 700\" class=\"mkd-btn mkd-btn-small mkd-btn-minimal mkd-btn-icon\"  >    <span class=\"mkd-btn-text\">Read More<\/span>    <span aria-hidden=\"true\" class=\"mkd-icon-font-elegant arrow_carrot-right\" ><\/span><\/a><\/div>\n    <\/div>\n    <\/div>\n<\/li><li class=\"mkd-blog-list-item clearfix\">\n    <div class=\"mkd-blog-list-item-inner\">\n        <div class=\"mkd-item-image\">\n            <a itemprop=\"url\" href=\"https:\/\/www.icpartners.it\/en\/nasce-bridge-to-world-la-rete-tra-icpartners-e-roncuccipartners\/\">\n                <img loading=\"lazy\" decoding=\"async\" width=\"1200\" height=\"627\" src=\"https:\/\/www.icpartners.it\/wp-content\/uploads\/2024\/02\/WhatsApp-Image-2024-01-31-at-23.41.03.png\" class=\"attachment-full size-full wp-post-image\" alt=\"\" srcset=\"https:\/\/www.icpartners.it\/wp-content\/uploads\/2024\/02\/WhatsApp-Image-2024-01-31-at-23.41.03.png 1200w, https:\/\/www.icpartners.it\/wp-content\/uploads\/2024\/02\/WhatsApp-Image-2024-01-31-at-23.41.03-300x157.png 300w, https:\/\/www.icpartners.it\/wp-content\/uploads\/2024\/02\/WhatsApp-Image-2024-01-31-at-23.41.03-1024x535.png 1024w, https:\/\/www.icpartners.it\/wp-content\/uploads\/2024\/02\/WhatsApp-Image-2024-01-31-at-23.41.03-296x155.png 296w, https:\/\/www.icpartners.it\/wp-content\/uploads\/2024\/02\/WhatsApp-Image-2024-01-31-at-23.41.03-768x401.png 768w, https:\/\/www.icpartners.it\/wp-content\/uploads\/2024\/02\/WhatsApp-Image-2024-01-31-at-23.41.03-18x9.png 18w\" sizes=\"auto, (max-width: 1200px) 100vw, 1200px\" \/>            <\/a>\n        <\/div>\n        <div class=\"mkd-item-text-holder\" >\n        <h4 itemprop=\"name\" class=\"mkd-item-title entry-title\">\n        <a itemprop=\"url\" href=\"https:\/\/www.icpartners.it\/en\/nasce-bridge-to-world-la-rete-tra-icpartners-e-roncuccipartners\/\">\n            Nasce \u201cBridge to World\u201d: la rete tra IC&#038;Partners e Roncucci&#038;Partners        <\/a>\n    <\/h4>\n\n            <p itemprop=\"description\" class=\"mkd-excerpt\">Le due societ\u00e0 collaborano per aiutare le imprese italiane a conquistare i mercati intern...<\/p>\n    \n            <div class=\"mkd-item-info-section clearfix\">\n            <div itemprop=\"dateCreated\" class=\"mkd-post-info-date entry-date updated\">\n\n    \n        February 6, 2024\n        \n    <meta itemprop=\"interactionCount\" content=\"UserComments: 0\"\/>\n\n<\/div><div class=\"mkd-post-info-category\"><a href=\"https:\/\/www.icpartners.it\/en\/category\/italia\/\" rel=\"category tag\">ITALY<\/a><\/div>    <div class =\"mkd-blog-share\">\n        <div class=\"mkd-social-share-holder mkd-list\">\n\t<ul>\n\t\t<li class=\"mkd-facebook-share\">\n\t<a itemprop=\"url\" class=\"mkd-share-link\" href=\"#\" onclick=\"window.open(&#039;http:\/\/www.facebook.com\/sharer.php?u=https%3A%2F%2Fwww.icpartners.it%2Fen%2Fnasce-bridge-to-world-la-rete-tra-icpartners-e-roncuccipartners%2F&#039;, &#039;sharer&#039;, &#039;toolbar=0,status=0,width=620,height=280&#039;);\">\n\t\t\t\t\t<img decoding=\"async\" itemprop=\"image\" src=\"https:\/\/www.icpartners.it\/wp-content\/uploads\/2024\/03\/ic_facebook_news.png\" alt=\"facebook\" \/>\n\t\t\t<\/a>\n<\/li><li class=\"mkd-twitter-share\">\n\t<a itemprop=\"url\" class=\"mkd-share-link\" href=\"#\" onclick=\"window.open(&#039;http:\/\/twitter.com\/home?status=Le+due+societ%C3%A0+collaborano+per+aiutare+le+imprese+italiane+a+conquistare+i+mercati+internazionali.+IC%26amp%3BPartners+e+https:\/\/www.icpartners.it\/en\/nasce-bridge-to-world-la-rete-tra-icpartners-e-roncuccipartners\/&#039;, &#039;popupwindow&#039;, &#039;scrollbars=yes,width=800,height=400&#039;);\">\n\t\t\t\t\t<img decoding=\"async\" itemprop=\"image\" src=\"https:\/\/www.icpartners.it\/wp-content\/uploads\/2024\/03\/ic_twitter-x_news.png\" alt=\"twitter\" \/>\n\t\t\t<\/a>\n<\/li><li class=\"mkd-linkedin-share\">\n\t<a itemprop=\"url\" class=\"mkd-share-link\" href=\"#\" onclick=\"popUp=window.open(&#039;http:\/\/linkedin.com\/shareArticle?mini=true&amp;url=https%3A%2F%2Fwww.icpartners.it%2Fen%2Fnasce-bridge-to-world-la-rete-tra-icpartners-e-roncuccipartners%2F&amp;title=Nasce+%E2%80%9CBridge+to+World%E2%80%9D%3A+la+rete+tra+IC%26%23038%3BPartners+e+Roncucci%26%23038%3BPartners&#039;, &#039;popupwindow&#039;, &#039;scrollbars=yes,width=800,height=400&#039;);popUp.focus();return false;\">\n\t\t\t\t\t<img decoding=\"async\" itemprop=\"image\" src=\"https:\/\/www.icpartners.it\/wp-content\/uploads\/2024\/03\/ic_linkedin_news.png\" alt=\"linkedin\" \/>\n\t\t\t<\/a>\n<\/li>\t<\/ul>\n<\/div>    <\/div>\n        <\/div>\n    \n    <div class=\"mkd-read-more-holder\"><a itemprop=\"url\" href=\"https:\/\/www.icpartners.it\/en\/nasce-bridge-to-world-la-rete-tra-icpartners-e-roncuccipartners\/\" target=\"_self\" style=\"font-weight: 700\" class=\"mkd-btn mkd-btn-small mkd-btn-minimal mkd-btn-icon\"  >    <span class=\"mkd-btn-text\">Read More<\/span>    <span aria-hidden=\"true\" class=\"mkd-icon-font-elegant arrow_carrot-right\" ><\/span><\/a><\/div>\n    <\/div>\n    <\/div>\n<\/li><li class=\"mkd-blog-list-item clearfix\">\n    <div class=\"mkd-blog-list-item-inner\">\n        <div class=\"mkd-item-image\">\n            <a itemprop=\"url\" href=\"https:\/\/www.icpartners.it\/en\/voucher-innovation-manager-2023-icpartners-e-accreditata-e-puo-aiutarti-a-trasformare-la-tua-impresa\/\">\n                <img loading=\"lazy\" decoding=\"async\" width=\"1200\" height=\"627\" src=\"https:\/\/www.icpartners.it\/wp-content\/uploads\/2023\/11\/Innovation-Manager-1.png\" class=\"attachment-full size-full wp-post-image\" alt=\"\" srcset=\"https:\/\/www.icpartners.it\/wp-content\/uploads\/2023\/11\/Innovation-Manager-1.png 1200w, https:\/\/www.icpartners.it\/wp-content\/uploads\/2023\/11\/Innovation-Manager-1-300x157.png 300w, https:\/\/www.icpartners.it\/wp-content\/uploads\/2023\/11\/Innovation-Manager-1-1024x535.png 1024w, https:\/\/www.icpartners.it\/wp-content\/uploads\/2023\/11\/Innovation-Manager-1-296x155.png 296w, https:\/\/www.icpartners.it\/wp-content\/uploads\/2023\/11\/Innovation-Manager-1-768x401.png 768w, https:\/\/www.icpartners.it\/wp-content\/uploads\/2023\/11\/Innovation-Manager-1-18x9.png 18w\" sizes=\"auto, (max-width: 1200px) 100vw, 1200px\" \/>            <\/a>\n        <\/div>\n        <div class=\"mkd-item-text-holder\" >\n        <h4 itemprop=\"name\" class=\"mkd-item-title entry-title\">\n        <a itemprop=\"url\" href=\"https:\/\/www.icpartners.it\/en\/voucher-innovation-manager-2023-icpartners-e-accreditata-e-puo-aiutarti-a-trasformare-la-tua-impresa\/\">\n            Voucher Innovation Manager 2023: IC&#038;Partners \u00e8 accreditata e pu\u00f2 aiutarti a trasformare la tua impresa        <\/a>\n    <\/h4>\n\n            <p itemprop=\"description\" class=\"mkd-excerpt\">Il Voucher Innovation Manager \u00e8 un incentivo a fondo perduto che le micro, piccole e medi...<\/p>\n    \n            <div class=\"mkd-item-info-section clearfix\">\n            <div itemprop=\"dateCreated\" class=\"mkd-post-info-date entry-date updated\">\n\n    \n        November 21, 2023\n        \n    <meta itemprop=\"interactionCount\" content=\"UserComments: 0\"\/>\n\n<\/div><div class=\"mkd-post-info-category\"><a href=\"https:\/\/www.icpartners.it\/en\/category\/italia\/\" rel=\"category tag\">ITALY<\/a> <a href=\"https:\/\/www.icpartners.it\/en\/category\/news\/\" rel=\"category tag\">News<\/a><\/div>    <div class =\"mkd-blog-share\">\n        <div class=\"mkd-social-share-holder mkd-list\">\n\t<ul>\n\t\t<li class=\"mkd-facebook-share\">\n\t<a itemprop=\"url\" class=\"mkd-share-link\" href=\"#\" onclick=\"window.open(&#039;http:\/\/www.facebook.com\/sharer.php?u=https%3A%2F%2Fwww.icpartners.it%2Fen%2Fvoucher-innovation-manager-2023-icpartners-e-accreditata-e-puo-aiutarti-a-trasformare-la-tua-impresa%2F&#039;, &#039;sharer&#039;, &#039;toolbar=0,status=0,width=620,height=280&#039;);\">\n\t\t\t\t\t<img decoding=\"async\" itemprop=\"image\" src=\"https:\/\/www.icpartners.it\/wp-content\/uploads\/2024\/03\/ic_facebook_news.png\" alt=\"facebook\" \/>\n\t\t\t<\/a>\n<\/li><li class=\"mkd-twitter-share\">\n\t<a itemprop=\"url\" class=\"mkd-share-link\" href=\"#\" onclick=\"window.open(&#039;http:\/\/twitter.com\/home?status=Il+Voucher+Innovation+Manager+%C3%A8+un+incentivo+a+fondo+perduto+che+le+micro%2C+piccole+e+medie+imprese+possono+https:\/\/www.icpartners.it\/en\/voucher-innovation-manager-2023-icpartners-e-accreditata-e-puo-aiutarti-a-trasformare-la-tua-impresa\/&#039;, &#039;popupwindow&#039;, &#039;scrollbars=yes,width=800,height=400&#039;);\">\n\t\t\t\t\t<img decoding=\"async\" itemprop=\"image\" src=\"https:\/\/www.icpartners.it\/wp-content\/uploads\/2024\/03\/ic_twitter-x_news.png\" alt=\"twitter\" \/>\n\t\t\t<\/a>\n<\/li><li class=\"mkd-linkedin-share\">\n\t<a itemprop=\"url\" class=\"mkd-share-link\" href=\"#\" onclick=\"popUp=window.open(&#039;http:\/\/linkedin.com\/shareArticle?mini=true&amp;url=https%3A%2F%2Fwww.icpartners.it%2Fen%2Fvoucher-innovation-manager-2023-icpartners-e-accreditata-e-puo-aiutarti-a-trasformare-la-tua-impresa%2F&amp;title=Voucher+Innovation+Manager+2023%3A+IC%26%23038%3BPartners+%C3%A8+accreditata+e+pu%C3%B2+aiutarti+a+trasformare+la+tua+impresa&#039;, &#039;popupwindow&#039;, &#039;scrollbars=yes,width=800,height=400&#039;);popUp.focus();return false;\">\n\t\t\t\t\t<img decoding=\"async\" itemprop=\"image\" src=\"https:\/\/www.icpartners.it\/wp-content\/uploads\/2024\/03\/ic_linkedin_news.png\" alt=\"linkedin\" \/>\n\t\t\t<\/a>\n<\/li>\t<\/ul>\n<\/div>    <\/div>\n        <\/div>\n    \n    <div class=\"mkd-read-more-holder\"><a itemprop=\"url\" href=\"https:\/\/www.icpartners.it\/en\/voucher-innovation-manager-2023-icpartners-e-accreditata-e-puo-aiutarti-a-trasformare-la-tua-impresa\/\" target=\"_self\" style=\"font-weight: 700\" class=\"mkd-btn mkd-btn-small mkd-btn-minimal mkd-btn-icon\"  >    <span class=\"mkd-btn-text\">Read More<\/span>    <span aria-hidden=\"true\" class=\"mkd-icon-font-elegant arrow_carrot-right\" ><\/span><\/a><\/div>\n    <\/div>\n    <\/div>\n<\/li><li class=\"mkd-blog-list-item clearfix\">\n    <div class=\"mkd-blog-list-item-inner\">\n        <div class=\"mkd-item-image\">\n            <a itemprop=\"url\" href=\"https:\/\/www.icpartners.it\/en\/simest-al-via-i-nuovi-finanziamenti-agevolati\/\">\n                <img loading=\"lazy\" decoding=\"async\" width=\"1200\" height=\"627\" src=\"https:\/\/www.icpartners.it\/wp-content\/uploads\/2023\/07\/SFONDO-EVENTBRITE-EXPORT-TALKS-2023-21.png\" class=\"attachment-full size-full wp-post-image\" alt=\"\" srcset=\"https:\/\/www.icpartners.it\/wp-content\/uploads\/2023\/07\/SFONDO-EVENTBRITE-EXPORT-TALKS-2023-21.png 1200w, https:\/\/www.icpartners.it\/wp-content\/uploads\/2023\/07\/SFONDO-EVENTBRITE-EXPORT-TALKS-2023-21-300x157.png 300w, https:\/\/www.icpartners.it\/wp-content\/uploads\/2023\/07\/SFONDO-EVENTBRITE-EXPORT-TALKS-2023-21-1024x535.png 1024w, https:\/\/www.icpartners.it\/wp-content\/uploads\/2023\/07\/SFONDO-EVENTBRITE-EXPORT-TALKS-2023-21-296x155.png 296w, https:\/\/www.icpartners.it\/wp-content\/uploads\/2023\/07\/SFONDO-EVENTBRITE-EXPORT-TALKS-2023-21-768x401.png 768w, https:\/\/www.icpartners.it\/wp-content\/uploads\/2023\/07\/SFONDO-EVENTBRITE-EXPORT-TALKS-2023-21-18x9.png 18w\" sizes=\"auto, (max-width: 1200px) 100vw, 1200px\" \/>            <\/a>\n        <\/div>\n        <div class=\"mkd-item-text-holder\" >\n        <h4 itemprop=\"name\" class=\"mkd-item-title entry-title\">\n        <a itemprop=\"url\" href=\"https:\/\/www.icpartners.it\/en\/simest-al-via-i-nuovi-finanziamenti-agevolati\/\">\n            Simest, al via i nuovi finanziamenti agevolati        <\/a>\n    <\/h4>\n\n            <p itemprop=\"description\" class=\"mkd-excerpt\">Dal 27 luglio, 6 linee di Finanziamento concepite per agevolare l\u2019espansione delle Impre...<\/p>\n    \n            <div class=\"mkd-item-info-section clearfix\">\n            <div itemprop=\"dateCreated\" class=\"mkd-post-info-date entry-date updated\">\n\n    \n        July 24, 2023\n        \n    <meta itemprop=\"interactionCount\" content=\"UserComments: 0\"\/>\n\n<\/div><div class=\"mkd-post-info-category\"><a href=\"https:\/\/www.icpartners.it\/en\/category\/italia\/\" rel=\"category tag\">ITALY<\/a> <a href=\"https:\/\/www.icpartners.it\/en\/category\/news\/\" rel=\"category tag\">News<\/a><\/div>    <div class =\"mkd-blog-share\">\n        <div class=\"mkd-social-share-holder mkd-list\">\n\t<ul>\n\t\t<li class=\"mkd-facebook-share\">\n\t<a itemprop=\"url\" class=\"mkd-share-link\" href=\"#\" onclick=\"window.open(&#039;http:\/\/www.facebook.com\/sharer.php?u=https%3A%2F%2Fwww.icpartners.it%2Fen%2Fsimest-al-via-i-nuovi-finanziamenti-agevolati%2F&#039;, &#039;sharer&#039;, &#039;toolbar=0,status=0,width=620,height=280&#039;);\">\n\t\t\t\t\t<img decoding=\"async\" itemprop=\"image\" src=\"https:\/\/www.icpartners.it\/wp-content\/uploads\/2024\/03\/ic_facebook_news.png\" alt=\"facebook\" \/>\n\t\t\t<\/a>\n<\/li><li class=\"mkd-twitter-share\">\n\t<a itemprop=\"url\" class=\"mkd-share-link\" href=\"#\" onclick=\"window.open(&#039;http:\/\/twitter.com\/home?status=Dal+27+luglio%2C+6+linee+di+Finanziamento+concepite+per+agevolare+l%E2%80%99espansione+delle+Imprese+nei+mercati+https:\/\/www.icpartners.it\/en\/simest-al-via-i-nuovi-finanziamenti-agevolati\/&#039;, &#039;popupwindow&#039;, &#039;scrollbars=yes,width=800,height=400&#039;);\">\n\t\t\t\t\t<img decoding=\"async\" itemprop=\"image\" src=\"https:\/\/www.icpartners.it\/wp-content\/uploads\/2024\/03\/ic_twitter-x_news.png\" alt=\"twitter\" \/>\n\t\t\t<\/a>\n<\/li><li class=\"mkd-linkedin-share\">\n\t<a itemprop=\"url\" class=\"mkd-share-link\" href=\"#\" onclick=\"popUp=window.open(&#039;http:\/\/linkedin.com\/shareArticle?mini=true&amp;url=https%3A%2F%2Fwww.icpartners.it%2Fen%2Fsimest-al-via-i-nuovi-finanziamenti-agevolati%2F&amp;title=Simest%2C+al+via+i+nuovi+finanziamenti+agevolati&#039;, &#039;popupwindow&#039;, &#039;scrollbars=yes,width=800,height=400&#039;);popUp.focus();return false;\">\n\t\t\t\t\t<img decoding=\"async\" itemprop=\"image\" src=\"https:\/\/www.icpartners.it\/wp-content\/uploads\/2024\/03\/ic_linkedin_news.png\" alt=\"linkedin\" \/>\n\t\t\t<\/a>\n<\/li>\t<\/ul>\n<\/div>    <\/div>\n        <\/div>\n    \n    <div class=\"mkd-read-more-holder\"><a itemprop=\"url\" href=\"https:\/\/www.icpartners.it\/en\/simest-al-via-i-nuovi-finanziamenti-agevolati\/\" target=\"_self\" style=\"font-weight: 700\" class=\"mkd-btn mkd-btn-small mkd-btn-minimal mkd-btn-icon\"  >    <span class=\"mkd-btn-text\">Read More<\/span>    <span aria-hidden=\"true\" class=\"mkd-icon-font-elegant arrow_carrot-right\" ><\/span><\/a><\/div>\n    <\/div>\n    <\/div>\n<\/li><li class=\"mkd-blog-list-item clearfix\">\n    <div class=\"mkd-blog-list-item-inner\">\n        <div class=\"mkd-item-image\">\n            <a itemprop=\"url\" href=\"https:\/\/www.icpartners.it\/en\/linternazionalizzazione-delle-imprese-nel-quadro-geopolitico-di-oggi\/\">\n                <img loading=\"lazy\" decoding=\"async\" width=\"1200\" height=\"627\" src=\"https:\/\/www.icpartners.it\/wp-content\/uploads\/2023\/03\/Articoli-2023-15.png\" class=\"attachment-full size-full wp-post-image\" alt=\"\" srcset=\"https:\/\/www.icpartners.it\/wp-content\/uploads\/2023\/03\/Articoli-2023-15.png 1200w, https:\/\/www.icpartners.it\/wp-content\/uploads\/2023\/03\/Articoli-2023-15-300x157.png 300w, https:\/\/www.icpartners.it\/wp-content\/uploads\/2023\/03\/Articoli-2023-15-1024x535.png 1024w, https:\/\/www.icpartners.it\/wp-content\/uploads\/2023\/03\/Articoli-2023-15-296x155.png 296w, https:\/\/www.icpartners.it\/wp-content\/uploads\/2023\/03\/Articoli-2023-15-768x401.png 768w, https:\/\/www.icpartners.it\/wp-content\/uploads\/2023\/03\/Articoli-2023-15-18x9.png 18w\" sizes=\"auto, (max-width: 1200px) 100vw, 1200px\" \/>            <\/a>\n        <\/div>\n        <div class=\"mkd-item-text-holder\" >\n        <h4 itemprop=\"name\" class=\"mkd-item-title entry-title\">\n        <a itemprop=\"url\" href=\"https:\/\/www.icpartners.it\/en\/linternazionalizzazione-delle-imprese-nel-quadro-geopolitico-di-oggi\/\">\n            L\u2019internazionalizzazione delle imprese nel quadro geopolitico di oggi        <\/a>\n    <\/h4>\n\n            <p itemprop=\"description\" class=\"mkd-excerpt\">Intervista a Roberto Corciulo Presidente di IC&amp;Partners rilasciata a Panorama Tra cris...<\/p>\n    \n            <div class=\"mkd-item-info-section clearfix\">\n            <div itemprop=\"dateCreated\" class=\"mkd-post-info-date entry-date updated\">\n\n    \n        March 3, 2023\n        \n    <meta itemprop=\"interactionCount\" content=\"UserComments: 0\"\/>\n\n<\/div><div class=\"mkd-post-info-category\"><a href=\"https:\/\/www.icpartners.it\/en\/category\/italia\/\" rel=\"category tag\">ITALY<\/a> <a href=\"https:\/\/www.icpartners.it\/en\/category\/news\/\" rel=\"category tag\">News<\/a><\/div>    <div class =\"mkd-blog-share\">\n        <div class=\"mkd-social-share-holder mkd-list\">\n\t<ul>\n\t\t<li class=\"mkd-facebook-share\">\n\t<a itemprop=\"url\" class=\"mkd-share-link\" href=\"#\" onclick=\"window.open(&#039;http:\/\/www.facebook.com\/sharer.php?u=https%3A%2F%2Fwww.icpartners.it%2Fen%2Flinternazionalizzazione-delle-imprese-nel-quadro-geopolitico-di-oggi%2F&#039;, &#039;sharer&#039;, &#039;toolbar=0,status=0,width=620,height=280&#039;);\">\n\t\t\t\t\t<img decoding=\"async\" itemprop=\"image\" src=\"https:\/\/www.icpartners.it\/wp-content\/uploads\/2024\/03\/ic_facebook_news.png\" alt=\"facebook\" \/>\n\t\t\t<\/a>\n<\/li><li class=\"mkd-twitter-share\">\n\t<a itemprop=\"url\" class=\"mkd-share-link\" href=\"#\" onclick=\"window.open(&#039;http:\/\/twitter.com\/home?status=Intervista+a+Roberto+Corciulo+Presidente+di+IC%26amp%3BPartners+rilasciata+a+Panorama+Tra+crisi%2C+sanzioni+e+nuove+https:\/\/www.icpartners.it\/en\/linternazionalizzazione-delle-imprese-nel-quadro-geopolitico-di-oggi\/&#039;, &#039;popupwindow&#039;, &#039;scrollbars=yes,width=800,height=400&#039;);\">\n\t\t\t\t\t<img decoding=\"async\" itemprop=\"image\" src=\"https:\/\/www.icpartners.it\/wp-content\/uploads\/2024\/03\/ic_twitter-x_news.png\" alt=\"twitter\" \/>\n\t\t\t<\/a>\n<\/li><li class=\"mkd-linkedin-share\">\n\t<a itemprop=\"url\" class=\"mkd-share-link\" href=\"#\" onclick=\"popUp=window.open(&#039;http:\/\/linkedin.com\/shareArticle?mini=true&amp;url=https%3A%2F%2Fwww.icpartners.it%2Fen%2Flinternazionalizzazione-delle-imprese-nel-quadro-geopolitico-di-oggi%2F&amp;title=L%E2%80%99internazionalizzazione+delle+imprese+nel+quadro+geopolitico+di+oggi&#039;, &#039;popupwindow&#039;, &#039;scrollbars=yes,width=800,height=400&#039;);popUp.focus();return false;\">\n\t\t\t\t\t<img decoding=\"async\" itemprop=\"image\" src=\"https:\/\/www.icpartners.it\/wp-content\/uploads\/2024\/03\/ic_linkedin_news.png\" alt=\"linkedin\" \/>\n\t\t\t<\/a>\n<\/li>\t<\/ul>\n<\/div>    <\/div>\n        <\/div>\n    \n    <div class=\"mkd-read-more-holder\"><a itemprop=\"url\" href=\"https:\/\/www.icpartners.it\/en\/linternazionalizzazione-delle-imprese-nel-quadro-geopolitico-di-oggi\/\" target=\"_self\" style=\"font-weight: 700\" class=\"mkd-btn mkd-btn-small mkd-btn-minimal mkd-btn-icon\"  >    <span class=\"mkd-btn-text\">Read More<\/span>    <span aria-hidden=\"true\" class=\"mkd-icon-font-elegant arrow_carrot-right\" ><\/span><\/a><\/div>\n    <\/div>\n    <\/div>\n<\/li><li class=\"mkd-blog-list-item clearfix\">\n    <div class=\"mkd-blog-list-item-inner\">\n        <div class=\"mkd-item-image\">\n            <a itemprop=\"url\" href=\"https:\/\/www.icpartners.it\/en\/icpartners-e-sata-consulting-siglano-partnership\/\">\n                <img loading=\"lazy\" decoding=\"async\" width=\"1200\" height=\"627\" src=\"https:\/\/www.icpartners.it\/wp-content\/uploads\/2023\/02\/Articoli-2023-13.png\" class=\"attachment-full size-full wp-post-image\" alt=\"\" srcset=\"https:\/\/www.icpartners.it\/wp-content\/uploads\/2023\/02\/Articoli-2023-13.png 1200w, https:\/\/www.icpartners.it\/wp-content\/uploads\/2023\/02\/Articoli-2023-13-300x157.png 300w, https:\/\/www.icpartners.it\/wp-content\/uploads\/2023\/02\/Articoli-2023-13-1024x535.png 1024w, https:\/\/www.icpartners.it\/wp-content\/uploads\/2023\/02\/Articoli-2023-13-296x155.png 296w, https:\/\/www.icpartners.it\/wp-content\/uploads\/2023\/02\/Articoli-2023-13-768x401.png 768w, https:\/\/www.icpartners.it\/wp-content\/uploads\/2023\/02\/Articoli-2023-13-18x9.png 18w\" sizes=\"auto, (max-width: 1200px) 100vw, 1200px\" \/>            <\/a>\n        <\/div>\n        <div class=\"mkd-item-text-holder\" >\n        <h4 itemprop=\"name\" class=\"mkd-item-title entry-title\">\n        <a itemprop=\"url\" href=\"https:\/\/www.icpartners.it\/en\/icpartners-e-sata-consulting-siglano-partnership\/\">\n            IC&#038;Partners e Sata Consulting siglano accordo di partnership        <\/a>\n    <\/h4>\n\n            <p itemprop=\"description\" class=\"mkd-excerpt\">Le societ\u00e0 di consulenza IC&amp;Partners e Sata Consulting siglano un accordo di partners...<\/p>\n    \n            <div class=\"mkd-item-info-section clearfix\">\n            <div itemprop=\"dateCreated\" class=\"mkd-post-info-date entry-date updated\">\n\n    \n        February 16, 2023\n        \n    <meta itemprop=\"interactionCount\" content=\"UserComments: 0\"\/>\n\n<\/div><div class=\"mkd-post-info-category\"><a href=\"https:\/\/www.icpartners.it\/en\/category\/italia\/\" rel=\"category tag\">ITALY<\/a><\/div>    <div class =\"mkd-blog-share\">\n        <div class=\"mkd-social-share-holder mkd-list\">\n\t<ul>\n\t\t<li class=\"mkd-facebook-share\">\n\t<a itemprop=\"url\" class=\"mkd-share-link\" href=\"#\" onclick=\"window.open(&#039;http:\/\/www.facebook.com\/sharer.php?u=https%3A%2F%2Fwww.icpartners.it%2Fen%2Ficpartners-e-sata-consulting-siglano-partnership%2F&#039;, &#039;sharer&#039;, &#039;toolbar=0,status=0,width=620,height=280&#039;);\">\n\t\t\t\t\t<img decoding=\"async\" itemprop=\"image\" src=\"https:\/\/www.icpartners.it\/wp-content\/uploads\/2024\/03\/ic_facebook_news.png\" alt=\"facebook\" \/>\n\t\t\t<\/a>\n<\/li><li class=\"mkd-twitter-share\">\n\t<a itemprop=\"url\" class=\"mkd-share-link\" href=\"#\" onclick=\"window.open(&#039;http:\/\/twitter.com\/home?status=Le+societ%C3%A0+di+consulenza+IC%26amp%3BPartners+e+Sata+Consulting+siglano+un+accordo+di+partnership+per+https:\/\/www.icpartners.it\/en\/icpartners-e-sata-consulting-siglano-partnership\/&#039;, &#039;popupwindow&#039;, &#039;scrollbars=yes,width=800,height=400&#039;);\">\n\t\t\t\t\t<img decoding=\"async\" itemprop=\"image\" src=\"https:\/\/www.icpartners.it\/wp-content\/uploads\/2024\/03\/ic_twitter-x_news.png\" alt=\"twitter\" \/>\n\t\t\t<\/a>\n<\/li><li class=\"mkd-linkedin-share\">\n\t<a itemprop=\"url\" class=\"mkd-share-link\" href=\"#\" onclick=\"popUp=window.open(&#039;http:\/\/linkedin.com\/shareArticle?mini=true&amp;url=https%3A%2F%2Fwww.icpartners.it%2Fen%2Ficpartners-e-sata-consulting-siglano-partnership%2F&amp;title=IC%26%23038%3BPartners+e+Sata+Consulting+siglano+accordo+di+partnership&#039;, &#039;popupwindow&#039;, &#039;scrollbars=yes,width=800,height=400&#039;);popUp.focus();return false;\">\n\t\t\t\t\t<img decoding=\"async\" itemprop=\"image\" src=\"https:\/\/www.icpartners.it\/wp-content\/uploads\/2024\/03\/ic_linkedin_news.png\" alt=\"linkedin\" \/>\n\t\t\t<\/a>\n<\/li>\t<\/ul>\n<\/div>    <\/div>\n        <\/div>\n    \n    <div class=\"mkd-read-more-holder\"><a itemprop=\"url\" href=\"https:\/\/www.icpartners.it\/en\/icpartners-e-sata-consulting-siglano-partnership\/\" target=\"_self\" style=\"font-weight: 700\" class=\"mkd-btn mkd-btn-small mkd-btn-minimal mkd-btn-icon\"  >    <span class=\"mkd-btn-text\">Read More<\/span>    <span aria-hidden=\"true\" class=\"mkd-icon-font-elegant arrow_carrot-right\" ><\/span><\/a><\/div>\n    <\/div>\n    <\/div>\n<\/li><li class=\"mkd-blog-list-item clearfix\">\n    <div class=\"mkd-blog-list-item-inner\">\n        <div class=\"mkd-item-image\">\n            <a itemprop=\"url\" href=\"https:\/\/www.icpartners.it\/en\/amicizie-pericolose-per-il-commercio-internazionale\/\">\n                <img loading=\"lazy\" decoding=\"async\" width=\"1200\" height=\"627\" src=\"https:\/\/www.icpartners.it\/wp-content\/uploads\/2023\/02\/Articoli-2023-5-2.png\" class=\"attachment-full size-full wp-post-image\" alt=\"\" srcset=\"https:\/\/www.icpartners.it\/wp-content\/uploads\/2023\/02\/Articoli-2023-5-2.png 1200w, https:\/\/www.icpartners.it\/wp-content\/uploads\/2023\/02\/Articoli-2023-5-2-300x157.png 300w, https:\/\/www.icpartners.it\/wp-content\/uploads\/2023\/02\/Articoli-2023-5-2-1024x535.png 1024w, https:\/\/www.icpartners.it\/wp-content\/uploads\/2023\/02\/Articoli-2023-5-2-296x155.png 296w, https:\/\/www.icpartners.it\/wp-content\/uploads\/2023\/02\/Articoli-2023-5-2-768x401.png 768w, https:\/\/www.icpartners.it\/wp-content\/uploads\/2023\/02\/Articoli-2023-5-2-18x9.png 18w\" sizes=\"auto, (max-width: 1200px) 100vw, 1200px\" \/>            <\/a>\n        <\/div>\n        <div class=\"mkd-item-text-holder\" >\n        <h4 itemprop=\"name\" class=\"mkd-item-title entry-title\">\n        <a itemprop=\"url\" href=\"https:\/\/www.icpartners.it\/en\/amicizie-pericolose-per-il-commercio-internazionale\/\">\n            &#8220;Amicizie pericolose&#8221; per il commercio internazionale        <\/a>\n    <\/h4>\n\n            <p itemprop=\"description\" class=\"mkd-excerpt\">Il World Economic Forum di Davos si \u00e8 chiuso pochi giorni fa con un avvertimento: le attu...<\/p>\n    \n            <div class=\"mkd-item-info-section clearfix\">\n            <div itemprop=\"dateCreated\" class=\"mkd-post-info-date entry-date updated\">\n\n    \n        February 2, 2023\n        \n    <meta itemprop=\"interactionCount\" content=\"UserComments: 0\"\/>\n\n<\/div><div class=\"mkd-post-info-category\"><a href=\"https:\/\/www.icpartners.it\/en\/category\/italia\/\" rel=\"category tag\">ITALY<\/a> <a href=\"https:\/\/www.icpartners.it\/en\/category\/mondo\/\" rel=\"category tag\">Mondo<\/a><\/div>    <div class =\"mkd-blog-share\">\n        <div class=\"mkd-social-share-holder mkd-list\">\n\t<ul>\n\t\t<li class=\"mkd-facebook-share\">\n\t<a itemprop=\"url\" class=\"mkd-share-link\" href=\"#\" onclick=\"window.open(&#039;http:\/\/www.facebook.com\/sharer.php?u=https%3A%2F%2Fwww.icpartners.it%2Fen%2Famicizie-pericolose-per-il-commercio-internazionale%2F&#039;, &#039;sharer&#039;, &#039;toolbar=0,status=0,width=620,height=280&#039;);\">\n\t\t\t\t\t<img decoding=\"async\" itemprop=\"image\" src=\"https:\/\/www.icpartners.it\/wp-content\/uploads\/2024\/03\/ic_facebook_news.png\" alt=\"facebook\" \/>\n\t\t\t<\/a>\n<\/li><li class=\"mkd-twitter-share\">\n\t<a itemprop=\"url\" class=\"mkd-share-link\" href=\"#\" onclick=\"window.open(&#039;http:\/\/twitter.com\/home?status=Il+World+Economic+Forum+di+Davos+si+%C3%A8+chiuso+pochi+giorni+fa+con+un+avvertimento%3A+le+attuali+tensioni+geopolitiche+https:\/\/www.icpartners.it\/en\/amicizie-pericolose-per-il-commercio-internazionale\/&#039;, &#039;popupwindow&#039;, &#039;scrollbars=yes,width=800,height=400&#039;);\">\n\t\t\t\t\t<img decoding=\"async\" itemprop=\"image\" src=\"https:\/\/www.icpartners.it\/wp-content\/uploads\/2024\/03\/ic_twitter-x_news.png\" alt=\"twitter\" \/>\n\t\t\t<\/a>\n<\/li><li class=\"mkd-linkedin-share\">\n\t<a itemprop=\"url\" class=\"mkd-share-link\" href=\"#\" onclick=\"popUp=window.open(&#039;http:\/\/linkedin.com\/shareArticle?mini=true&amp;url=https%3A%2F%2Fwww.icpartners.it%2Fen%2Famicizie-pericolose-per-il-commercio-internazionale%2F&amp;title=%26%238220%3BAmicizie+pericolose%26%238221%3B+per+il+commercio+internazionale&#039;, &#039;popupwindow&#039;, &#039;scrollbars=yes,width=800,height=400&#039;);popUp.focus();return false;\">\n\t\t\t\t\t<img decoding=\"async\" itemprop=\"image\" src=\"https:\/\/www.icpartners.it\/wp-content\/uploads\/2024\/03\/ic_linkedin_news.png\" alt=\"linkedin\" \/>\n\t\t\t<\/a>\n<\/li>\t<\/ul>\n<\/div>    <\/div>\n        <\/div>\n    \n    <div class=\"mkd-read-more-holder\"><a itemprop=\"url\" href=\"https:\/\/www.icpartners.it\/en\/amicizie-pericolose-per-il-commercio-internazionale\/\" target=\"_self\" style=\"font-weight: 700\" class=\"mkd-btn mkd-btn-small mkd-btn-minimal mkd-btn-icon\"  >    <span class=\"mkd-btn-text\">Read More<\/span>    <span aria-hidden=\"true\" class=\"mkd-icon-font-elegant arrow_carrot-right\" ><\/span><\/a><\/div>\n    <\/div>\n    <\/div>\n<\/li><li class=\"mkd-blog-list-item clearfix\">\n    <div class=\"mkd-blog-list-item-inner\">\n        <div class=\"mkd-item-image\">\n            <a itemprop=\"url\" href=\"https:\/\/www.icpartners.it\/en\/export-talks-live-di-approfondimento-dai-paesi-sui-paesi\/\">\n                <img loading=\"lazy\" decoding=\"async\" width=\"1200\" height=\"627\" src=\"https:\/\/www.icpartners.it\/wp-content\/uploads\/2023\/02\/Articoli-2023-5-1.png\" class=\"attachment-full size-full wp-post-image\" alt=\"Export Talks\" srcset=\"https:\/\/www.icpartners.it\/wp-content\/uploads\/2023\/02\/Articoli-2023-5-1.png 1200w, https:\/\/www.icpartners.it\/wp-content\/uploads\/2023\/02\/Articoli-2023-5-1-300x157.png 300w, https:\/\/www.icpartners.it\/wp-content\/uploads\/2023\/02\/Articoli-2023-5-1-1024x535.png 1024w, https:\/\/www.icpartners.it\/wp-content\/uploads\/2023\/02\/Articoli-2023-5-1-296x155.png 296w, https:\/\/www.icpartners.it\/wp-content\/uploads\/2023\/02\/Articoli-2023-5-1-768x401.png 768w, https:\/\/www.icpartners.it\/wp-content\/uploads\/2023\/02\/Articoli-2023-5-1-18x9.png 18w\" sizes=\"auto, (max-width: 1200px) 100vw, 1200px\" \/>            <\/a>\n        <\/div>\n        <div class=\"mkd-item-text-holder\" >\n        <h4 itemprop=\"name\" class=\"mkd-item-title entry-title\">\n        <a itemprop=\"url\" href=\"https:\/\/www.icpartners.it\/en\/export-talks-live-di-approfondimento-dai-paesi-sui-paesi\/\">\n            Export Talks: Live di approfondimento dai Paesi sui Paesi        <\/a>\n    <\/h4>\n\n            <p itemprop=\"description\" class=\"mkd-excerpt\">Export talks nasce nel 2020 ed \u00e8 un ciclo di seminari gratuiti pensati e realizzati da IC...<\/p>\n    \n            <div class=\"mkd-item-info-section clearfix\">\n            <div itemprop=\"dateCreated\" class=\"mkd-post-info-date entry-date updated\">\n\n    \n        February 1, 2023\n        \n    <meta itemprop=\"interactionCount\" content=\"UserComments: 0\"\/>\n\n<\/div><div class=\"mkd-post-info-category\"><a href=\"https:\/\/www.icpartners.it\/en\/category\/italia\/\" rel=\"category tag\">ITALY<\/a> <a href=\"https:\/\/www.icpartners.it\/en\/category\/mondo\/\" rel=\"category tag\">Mondo<\/a> <a href=\"https:\/\/www.icpartners.it\/en\/category\/news\/\" rel=\"category tag\">News<\/a><\/div>    <div class =\"mkd-blog-share\">\n        <div class=\"mkd-social-share-holder mkd-list\">\n\t<ul>\n\t\t<li class=\"mkd-facebook-share\">\n\t<a itemprop=\"url\" class=\"mkd-share-link\" href=\"#\" onclick=\"window.open(&#039;http:\/\/www.facebook.com\/sharer.php?u=https%3A%2F%2Fwww.icpartners.it%2Fen%2Fexport-talks-live-di-approfondimento-dai-paesi-sui-paesi%2F&#039;, &#039;sharer&#039;, &#039;toolbar=0,status=0,width=620,height=280&#039;);\">\n\t\t\t\t\t<img decoding=\"async\" itemprop=\"image\" src=\"https:\/\/www.icpartners.it\/wp-content\/uploads\/2024\/03\/ic_facebook_news.png\" alt=\"facebook\" \/>\n\t\t\t<\/a>\n<\/li><li class=\"mkd-twitter-share\">\n\t<a itemprop=\"url\" class=\"mkd-share-link\" href=\"#\" onclick=\"window.open(&#039;http:\/\/twitter.com\/home?status=Export+talks+nasce+nel+2020+ed+%C3%A8+un+ciclo+di+seminari+gratuiti+pensati+e+realizzati+da+IC%26amp%3BPartners%2C+la+pi%C3%B9+https:\/\/www.icpartners.it\/en\/export-talks-live-di-approfondimento-dai-paesi-sui-paesi\/&#039;, &#039;popupwindow&#039;, &#039;scrollbars=yes,width=800,height=400&#039;);\">\n\t\t\t\t\t<img decoding=\"async\" itemprop=\"image\" src=\"https:\/\/www.icpartners.it\/wp-content\/uploads\/2024\/03\/ic_twitter-x_news.png\" alt=\"twitter\" \/>\n\t\t\t<\/a>\n<\/li><li class=\"mkd-linkedin-share\">\n\t<a itemprop=\"url\" class=\"mkd-share-link\" href=\"#\" onclick=\"popUp=window.open(&#039;http:\/\/linkedin.com\/shareArticle?mini=true&amp;url=https%3A%2F%2Fwww.icpartners.it%2Fen%2Fexport-talks-live-di-approfondimento-dai-paesi-sui-paesi%2F&amp;title=Export+Talks%3A+Live+di+approfondimento+dai+Paesi+sui+Paesi&#039;, &#039;popupwindow&#039;, &#039;scrollbars=yes,width=800,height=400&#039;);popUp.focus();return false;\">\n\t\t\t\t\t<img decoding=\"async\" itemprop=\"image\" src=\"https:\/\/www.icpartners.it\/wp-content\/uploads\/2024\/03\/ic_linkedin_news.png\" alt=\"linkedin\" \/>\n\t\t\t<\/a>\n<\/li>\t<\/ul>\n<\/div>    <\/div>\n        <\/div>\n    \n    <div class=\"mkd-read-more-holder\"><a itemprop=\"url\" href=\"https:\/\/www.icpartners.it\/en\/export-talks-live-di-approfondimento-dai-paesi-sui-paesi\/\" target=\"_self\" style=\"font-weight: 700\" class=\"mkd-btn mkd-btn-small mkd-btn-minimal mkd-btn-icon\"  >    <span class=\"mkd-btn-text\">Read More<\/span>    <span aria-hidden=\"true\" class=\"mkd-icon-font-elegant arrow_carrot-right\" ><\/span><\/a><\/div>\n    <\/div>\n    <\/div>\n<\/li><li class=\"mkd-blog-list-item clearfix\">\n    <div class=\"mkd-blog-list-item-inner\">\n        <div class=\"mkd-item-image\">\n            <a itemprop=\"url\" href=\"https:\/\/www.icpartners.it\/en\/lombardia-incentivi-per-linternazionalizzazione-delle-imprese\/\">\n                <img loading=\"lazy\" decoding=\"async\" width=\"1200\" height=\"627\" src=\"https:\/\/www.icpartners.it\/wp-content\/uploads\/2023\/01\/Articoli-2023.png\" class=\"attachment-full size-full wp-post-image\" alt=\"\" srcset=\"https:\/\/www.icpartners.it\/wp-content\/uploads\/2023\/01\/Articoli-2023.png 1200w, https:\/\/www.icpartners.it\/wp-content\/uploads\/2023\/01\/Articoli-2023-300x157.png 300w, https:\/\/www.icpartners.it\/wp-content\/uploads\/2023\/01\/Articoli-2023-1024x535.png 1024w, https:\/\/www.icpartners.it\/wp-content\/uploads\/2023\/01\/Articoli-2023-296x155.png 296w, https:\/\/www.icpartners.it\/wp-content\/uploads\/2023\/01\/Articoli-2023-768x401.png 768w, https:\/\/www.icpartners.it\/wp-content\/uploads\/2023\/01\/Articoli-2023-18x9.png 18w\" sizes=\"auto, (max-width: 1200px) 100vw, 1200px\" \/>            <\/a>\n        <\/div>\n        <div class=\"mkd-item-text-holder\" >\n        <h4 itemprop=\"name\" class=\"mkd-item-title entry-title\">\n        <a itemprop=\"url\" href=\"https:\/\/www.icpartners.it\/en\/lombardia-incentivi-per-linternazionalizzazione-delle-imprese\/\">\n            Lombardia: Incentivi per l&#8217;Internazionalizzazione delle imprese        <\/a>\n    <\/h4>\n\n            <p itemprop=\"description\" class=\"mkd-excerpt\">La Regione Lombardia lancia il bando \u00a0\u201cLinea Internazionalizzazione 2021-2027. Progetti...<\/p>\n    \n            <div class=\"mkd-item-info-section clearfix\">\n            <div itemprop=\"dateCreated\" class=\"mkd-post-info-date entry-date updated\">\n\n    \n        January 10, 2023\n        \n    <meta itemprop=\"interactionCount\" content=\"UserComments: 0\"\/>\n\n<\/div><div class=\"mkd-post-info-category\"><a href=\"https:\/\/www.icpartners.it\/en\/category\/italia\/\" rel=\"category tag\">ITALY<\/a> <a href=\"https:\/\/www.icpartners.it\/en\/category\/mondo\/\" rel=\"category tag\">Mondo<\/a> <a href=\"https:\/\/www.icpartners.it\/en\/category\/news\/\" rel=\"category tag\">News<\/a><\/div>    <div class =\"mkd-blog-share\">\n        <div class=\"mkd-social-share-holder mkd-list\">\n\t<ul>\n\t\t<li class=\"mkd-facebook-share\">\n\t<a itemprop=\"url\" class=\"mkd-share-link\" href=\"#\" onclick=\"window.open(&#039;http:\/\/www.facebook.com\/sharer.php?u=https%3A%2F%2Fwww.icpartners.it%2Fen%2Flombardia-incentivi-per-linternazionalizzazione-delle-imprese%2F&#039;, &#039;sharer&#039;, &#039;toolbar=0,status=0,width=620,height=280&#039;);\">\n\t\t\t\t\t<img decoding=\"async\" itemprop=\"image\" src=\"https:\/\/www.icpartners.it\/wp-content\/uploads\/2024\/03\/ic_facebook_news.png\" alt=\"facebook\" \/>\n\t\t\t<\/a>\n<\/li><li class=\"mkd-twitter-share\">\n\t<a itemprop=\"url\" class=\"mkd-share-link\" href=\"#\" onclick=\"window.open(&#039;http:\/\/twitter.com\/home?status=La+Regione+Lombardia+lancia+il+bando+%C2%A0%E2%80%9CLinea+Internazionalizzazione+2021-2027.+Progetti+per+la+competitivit%C3%A0+sui+https:\/\/www.icpartners.it\/en\/lombardia-incentivi-per-linternazionalizzazione-delle-imprese\/&#039;, &#039;popupwindow&#039;, &#039;scrollbars=yes,width=800,height=400&#039;);\">\n\t\t\t\t\t<img decoding=\"async\" itemprop=\"image\" src=\"https:\/\/www.icpartners.it\/wp-content\/uploads\/2024\/03\/ic_twitter-x_news.png\" alt=\"twitter\" \/>\n\t\t\t<\/a>\n<\/li><li class=\"mkd-linkedin-share\">\n\t<a itemprop=\"url\" class=\"mkd-share-link\" href=\"#\" onclick=\"popUp=window.open(&#039;http:\/\/linkedin.com\/shareArticle?mini=true&amp;url=https%3A%2F%2Fwww.icpartners.it%2Fen%2Flombardia-incentivi-per-linternazionalizzazione-delle-imprese%2F&amp;title=Lombardia%3A+Incentivi+per+l%26%238217%3BInternazionalizzazione+delle+imprese&#039;, &#039;popupwindow&#039;, &#039;scrollbars=yes,width=800,height=400&#039;);popUp.focus();return false;\">\n\t\t\t\t\t<img decoding=\"async\" itemprop=\"image\" src=\"https:\/\/www.icpartners.it\/wp-content\/uploads\/2024\/03\/ic_linkedin_news.png\" alt=\"linkedin\" \/>\n\t\t\t<\/a>\n<\/li>\t<\/ul>\n<\/div>    <\/div>\n        <\/div>\n    \n    <div class=\"mkd-read-more-holder\"><a itemprop=\"url\" href=\"https:\/\/www.icpartners.it\/en\/lombardia-incentivi-per-linternazionalizzazione-delle-imprese\/\" target=\"_self\" style=\"font-weight: 700\" class=\"mkd-btn mkd-btn-small mkd-btn-minimal mkd-btn-icon\"  >    <span class=\"mkd-btn-text\">Read More<\/span>    <span aria-hidden=\"true\" class=\"mkd-icon-font-elegant arrow_carrot-right\" ><\/span><\/a><\/div>\n    <\/div>\n    <\/div>\n<\/li><li class=\"mkd-blog-list-item clearfix\">\n    <div class=\"mkd-blog-list-item-inner\">\n        <div class=\"mkd-item-image\">\n            <a itemprop=\"url\" href=\"https:\/\/www.icpartners.it\/en\/sanzioni-internazionali-tutelarsi-con-linternal-compliance-program\/\">\n                <img loading=\"lazy\" decoding=\"async\" width=\"1200\" height=\"627\" src=\"https:\/\/www.icpartners.it\/wp-content\/uploads\/2022\/10\/Articoli-2022-25.png\" class=\"attachment-full size-full wp-post-image\" alt=\"\" srcset=\"https:\/\/www.icpartners.it\/wp-content\/uploads\/2022\/10\/Articoli-2022-25.png 1200w, https:\/\/www.icpartners.it\/wp-content\/uploads\/2022\/10\/Articoli-2022-25-300x157.png 300w, https:\/\/www.icpartners.it\/wp-content\/uploads\/2022\/10\/Articoli-2022-25-1024x535.png 1024w, https:\/\/www.icpartners.it\/wp-content\/uploads\/2022\/10\/Articoli-2022-25-296x155.png 296w, https:\/\/www.icpartners.it\/wp-content\/uploads\/2022\/10\/Articoli-2022-25-768x401.png 768w, https:\/\/www.icpartners.it\/wp-content\/uploads\/2022\/10\/Articoli-2022-25-18x9.png 18w\" sizes=\"auto, (max-width: 1200px) 100vw, 1200px\" \/>            <\/a>\n        <\/div>\n        <div class=\"mkd-item-text-holder\" >\n        <h4 itemprop=\"name\" class=\"mkd-item-title entry-title\">\n        <a itemprop=\"url\" href=\"https:\/\/www.icpartners.it\/en\/sanzioni-internazionali-tutelarsi-con-linternal-compliance-program\/\">\n            Sanzioni Internazionali &#8211; Tutelarsi con l&#8217;Internal Compliance Program        <\/a>\n    <\/h4>\n\n            <p itemprop=\"description\" class=\"mkd-excerpt\">Si \u00e8 tenuto oggi 18\/10 l&#8217;export talks con Zeno Poggi Managing Partner di ZPC srl in...<\/p>\n    \n            <div class=\"mkd-item-info-section clearfix\">\n            <div itemprop=\"dateCreated\" class=\"mkd-post-info-date entry-date updated\">\n\n    \n        October 18, 2022\n        \n    <meta itemprop=\"interactionCount\" content=\"UserComments: 0\"\/>\n\n<\/div><div class=\"mkd-post-info-category\"><a href=\"https:\/\/www.icpartners.it\/en\/category\/italia\/\" rel=\"category tag\">ITALY<\/a> <a href=\"https:\/\/www.icpartners.it\/en\/category\/mondo\/\" rel=\"category tag\">Mondo<\/a> <a href=\"https:\/\/www.icpartners.it\/en\/category\/news\/\" rel=\"category tag\">News<\/a><\/div>    <div class =\"mkd-blog-share\">\n        <div class=\"mkd-social-share-holder mkd-list\">\n\t<ul>\n\t\t<li class=\"mkd-facebook-share\">\n\t<a itemprop=\"url\" class=\"mkd-share-link\" href=\"#\" onclick=\"window.open(&#039;http:\/\/www.facebook.com\/sharer.php?u=https%3A%2F%2Fwww.icpartners.it%2Fen%2Fsanzioni-internazionali-tutelarsi-con-linternal-compliance-program%2F&#039;, &#039;sharer&#039;, &#039;toolbar=0,status=0,width=620,height=280&#039;);\">\n\t\t\t\t\t<img decoding=\"async\" itemprop=\"image\" src=\"https:\/\/www.icpartners.it\/wp-content\/uploads\/2024\/03\/ic_facebook_news.png\" alt=\"facebook\" \/>\n\t\t\t<\/a>\n<\/li><li class=\"mkd-twitter-share\">\n\t<a itemprop=\"url\" class=\"mkd-share-link\" href=\"#\" onclick=\"window.open(&#039;http:\/\/twitter.com\/home?status=Si+%C3%A8+tenuto+oggi+18%2F10+l%26%238217%3Bexport+talks+con+Zeno+Poggi+Managing+Partner+di+ZPC+srl+in+cui+si+%C3%A8+trattata+https:\/\/www.icpartners.it\/en\/sanzioni-internazionali-tutelarsi-con-linternal-compliance-program\/&#039;, &#039;popupwindow&#039;, &#039;scrollbars=yes,width=800,height=400&#039;);\">\n\t\t\t\t\t<img decoding=\"async\" itemprop=\"image\" src=\"https:\/\/www.icpartners.it\/wp-content\/uploads\/2024\/03\/ic_twitter-x_news.png\" alt=\"twitter\" \/>\n\t\t\t<\/a>\n<\/li><li class=\"mkd-linkedin-share\">\n\t<a itemprop=\"url\" class=\"mkd-share-link\" href=\"#\" onclick=\"popUp=window.open(&#039;http:\/\/linkedin.com\/shareArticle?mini=true&amp;url=https%3A%2F%2Fwww.icpartners.it%2Fen%2Fsanzioni-internazionali-tutelarsi-con-linternal-compliance-program%2F&amp;title=Sanzioni+Internazionali+%26%238211%3B+Tutelarsi+con+l%26%238217%3BInternal+Compliance+Program&#039;, &#039;popupwindow&#039;, &#039;scrollbars=yes,width=800,height=400&#039;);popUp.focus();return false;\">\n\t\t\t\t\t<img decoding=\"async\" itemprop=\"image\" src=\"https:\/\/www.icpartners.it\/wp-content\/uploads\/2024\/03\/ic_linkedin_news.png\" alt=\"linkedin\" \/>\n\t\t\t<\/a>\n<\/li>\t<\/ul>\n<\/div>    <\/div>\n        <\/div>\n    \n    <div class=\"mkd-read-more-holder\"><a itemprop=\"url\" href=\"https:\/\/www.icpartners.it\/en\/sanzioni-internazionali-tutelarsi-con-linternal-compliance-program\/\" target=\"_self\" style=\"font-weight: 700\" class=\"mkd-btn mkd-btn-small mkd-btn-minimal mkd-btn-icon\"  >    <span class=\"mkd-btn-text\">Read More<\/span>    <span aria-hidden=\"true\" class=\"mkd-icon-font-elegant arrow_carrot-right\" ><\/span><\/a><\/div>\n    <\/div>\n    <\/div>\n<\/li><li class=\"mkd-blog-list-item clearfix\">\n    <div class=\"mkd-blog-list-item-inner\">\n        <div class=\"mkd-item-image\">\n            <a itemprop=\"url\" href=\"https:\/\/www.icpartners.it\/en\/le-dimensioni-non-contano\/\">\n                <img loading=\"lazy\" decoding=\"async\" width=\"1200\" height=\"627\" src=\"https:\/\/www.icpartners.it\/wp-content\/uploads\/2022\/04\/Articoli-2022-12.png\" class=\"attachment-full size-full wp-post-image\" alt=\"\" srcset=\"https:\/\/www.icpartners.it\/wp-content\/uploads\/2022\/04\/Articoli-2022-12.png 1200w, https:\/\/www.icpartners.it\/wp-content\/uploads\/2022\/04\/Articoli-2022-12-300x157.png 300w, https:\/\/www.icpartners.it\/wp-content\/uploads\/2022\/04\/Articoli-2022-12-1024x535.png 1024w, https:\/\/www.icpartners.it\/wp-content\/uploads\/2022\/04\/Articoli-2022-12-296x155.png 296w, https:\/\/www.icpartners.it\/wp-content\/uploads\/2022\/04\/Articoli-2022-12-768x401.png 768w, https:\/\/www.icpartners.it\/wp-content\/uploads\/2022\/04\/Articoli-2022-12-18x9.png 18w\" sizes=\"auto, (max-width: 1200px) 100vw, 1200px\" \/>            <\/a>\n        <\/div>\n        <div class=\"mkd-item-text-holder\" >\n        <h4 itemprop=\"name\" class=\"mkd-item-title entry-title\">\n        <a itemprop=\"url\" href=\"https:\/\/www.icpartners.it\/en\/le-dimensioni-non-contano\/\">\n            LE DIMENSIONI (NON) CONTANO        <\/a>\n    <\/h4>\n\n            <p itemprop=\"description\" class=\"mkd-excerpt\">Finita l&#8217;epoca del &#8220;piccolo \u00e8 bello&#8221;, le imprese italiane finalmente in...<\/p>\n    \n            <div class=\"mkd-item-info-section clearfix\">\n            <div itemprop=\"dateCreated\" class=\"mkd-post-info-date entry-date updated\">\n\n    \n        April 13, 2022\n        \n    <meta itemprop=\"interactionCount\" content=\"UserComments: 0\"\/>\n\n<\/div><div class=\"mkd-post-info-category\"><a href=\"https:\/\/www.icpartners.it\/en\/category\/italia\/\" rel=\"category tag\">ITALY<\/a> <a href=\"https:\/\/www.icpartners.it\/en\/category\/news\/\" rel=\"category tag\">News<\/a><\/div>    <div class =\"mkd-blog-share\">\n        <div class=\"mkd-social-share-holder mkd-list\">\n\t<ul>\n\t\t<li class=\"mkd-facebook-share\">\n\t<a itemprop=\"url\" class=\"mkd-share-link\" href=\"#\" onclick=\"window.open(&#039;http:\/\/www.facebook.com\/sharer.php?u=https%3A%2F%2Fwww.icpartners.it%2Fen%2Fle-dimensioni-non-contano%2F&#039;, &#039;sharer&#039;, &#039;toolbar=0,status=0,width=620,height=280&#039;);\">\n\t\t\t\t\t<img decoding=\"async\" itemprop=\"image\" src=\"https:\/\/www.icpartners.it\/wp-content\/uploads\/2024\/03\/ic_facebook_news.png\" alt=\"facebook\" \/>\n\t\t\t<\/a>\n<\/li><li class=\"mkd-twitter-share\">\n\t<a itemprop=\"url\" class=\"mkd-share-link\" href=\"#\" onclick=\"window.open(&#039;http:\/\/twitter.com\/home?status=Finita+l%26%238217%3Bepoca+del+%26%238220%3Bpiccolo+%C3%A8+bello%26%238221%3B%2C+le+imprese+italiane+finalmente+inseguono+la+crescita%2C+anche+https:\/\/www.icpartners.it\/en\/le-dimensioni-non-contano\/&#039;, &#039;popupwindow&#039;, &#039;scrollbars=yes,width=800,height=400&#039;);\">\n\t\t\t\t\t<img decoding=\"async\" itemprop=\"image\" src=\"https:\/\/www.icpartners.it\/wp-content\/uploads\/2024\/03\/ic_twitter-x_news.png\" alt=\"twitter\" \/>\n\t\t\t<\/a>\n<\/li><li class=\"mkd-linkedin-share\">\n\t<a itemprop=\"url\" class=\"mkd-share-link\" href=\"#\" onclick=\"popUp=window.open(&#039;http:\/\/linkedin.com\/shareArticle?mini=true&amp;url=https%3A%2F%2Fwww.icpartners.it%2Fen%2Fle-dimensioni-non-contano%2F&amp;title=LE+DIMENSIONI+%28NON%29+CONTANO&#039;, &#039;popupwindow&#039;, &#039;scrollbars=yes,width=800,height=400&#039;);popUp.focus();return false;\">\n\t\t\t\t\t<img decoding=\"async\" itemprop=\"image\" src=\"https:\/\/www.icpartners.it\/wp-content\/uploads\/2024\/03\/ic_linkedin_news.png\" alt=\"linkedin\" \/>\n\t\t\t<\/a>\n<\/li>\t<\/ul>\n<\/div>    <\/div>\n        <\/div>\n    \n    <div class=\"mkd-read-more-holder\"><a itemprop=\"url\" href=\"https:\/\/www.icpartners.it\/en\/le-dimensioni-non-contano\/\" target=\"_self\" style=\"font-weight: 700\" class=\"mkd-btn mkd-btn-small mkd-btn-minimal mkd-btn-icon\"  >    <span class=\"mkd-btn-text\">Read More<\/span>    <span aria-hidden=\"true\" class=\"mkd-icon-font-elegant arrow_carrot-right\" ><\/span><\/a><\/div>\n    <\/div>\n    <\/div>\n<\/li><li class=\"mkd-blog-list-item clearfix\">\n    <div class=\"mkd-blog-list-item-inner\">\n        <div class=\"mkd-item-image\">\n            <a itemprop=\"url\" href=\"https:\/\/www.icpartners.it\/en\/icpartners-al-connext\/\">\n                <img loading=\"lazy\" decoding=\"async\" width=\"1200\" height=\"627\" src=\"https:\/\/www.icpartners.it\/wp-content\/uploads\/2020\/02\/Articoli-2021-14.png\" class=\"attachment-full size-full wp-post-image\" alt=\"\" srcset=\"https:\/\/www.icpartners.it\/wp-content\/uploads\/2020\/02\/Articoli-2021-14.png 1200w, https:\/\/www.icpartners.it\/wp-content\/uploads\/2020\/02\/Articoli-2021-14-300x157.png 300w, https:\/\/www.icpartners.it\/wp-content\/uploads\/2020\/02\/Articoli-2021-14-1024x535.png 1024w, https:\/\/www.icpartners.it\/wp-content\/uploads\/2020\/02\/Articoli-2021-14-296x155.png 296w, https:\/\/www.icpartners.it\/wp-content\/uploads\/2020\/02\/Articoli-2021-14-768x401.png 768w, https:\/\/www.icpartners.it\/wp-content\/uploads\/2020\/02\/Articoli-2021-14-16x8.png 16w\" sizes=\"auto, (max-width: 1200px) 100vw, 1200px\" \/>            <\/a>\n        <\/div>\n        <div class=\"mkd-item-text-holder\" >\n        <h4 itemprop=\"name\" class=\"mkd-item-title entry-title\">\n        <a itemprop=\"url\" href=\"https:\/\/www.icpartners.it\/en\/icpartners-al-connext\/\">\n            IC&#038;Partners al Connext        <\/a>\n    <\/h4>\n\n            <p itemprop=\"description\" class=\"mkd-excerpt\">Connext \u00e8 l&#8217;incontro nazionale di partenariato industriale di Confindustria, organi...<\/p>\n    \n            <div class=\"mkd-item-info-section clearfix\">\n            <div itemprop=\"dateCreated\" class=\"mkd-post-info-date entry-date updated\">\n\n    \n        November 13, 2021\n        \n    <meta itemprop=\"interactionCount\" content=\"UserComments: 0\"\/>\n\n<\/div><div class=\"mkd-post-info-category\"><a href=\"https:\/\/www.icpartners.it\/en\/category\/italia\/\" rel=\"category tag\">ITALY<\/a> <a href=\"https:\/\/www.icpartners.it\/en\/category\/news\/\" rel=\"category tag\">News<\/a><\/div>    <div class =\"mkd-blog-share\">\n        <div class=\"mkd-social-share-holder mkd-list\">\n\t<ul>\n\t\t<li class=\"mkd-facebook-share\">\n\t<a itemprop=\"url\" class=\"mkd-share-link\" href=\"#\" onclick=\"window.open(&#039;http:\/\/www.facebook.com\/sharer.php?u=https%3A%2F%2Fwww.icpartners.it%2Fen%2Ficpartners-al-connext%2F&#039;, &#039;sharer&#039;, &#039;toolbar=0,status=0,width=620,height=280&#039;);\">\n\t\t\t\t\t<img decoding=\"async\" itemprop=\"image\" src=\"https:\/\/www.icpartners.it\/wp-content\/uploads\/2024\/03\/ic_facebook_news.png\" alt=\"facebook\" \/>\n\t\t\t<\/a>\n<\/li><li class=\"mkd-twitter-share\">\n\t<a itemprop=\"url\" class=\"mkd-share-link\" href=\"#\" onclick=\"window.open(&#039;http:\/\/twitter.com\/home?status=Connext+%C3%A8+l%26%238217%3Bincontro+nazionale+di+partenariato+industriale+di+Confindustria%2C+organizzato+per+rafforzare+https:\/\/www.icpartners.it\/en\/icpartners-al-connext\/&#039;, &#039;popupwindow&#039;, &#039;scrollbars=yes,width=800,height=400&#039;);\">\n\t\t\t\t\t<img decoding=\"async\" itemprop=\"image\" src=\"https:\/\/www.icpartners.it\/wp-content\/uploads\/2024\/03\/ic_twitter-x_news.png\" alt=\"twitter\" \/>\n\t\t\t<\/a>\n<\/li><li class=\"mkd-linkedin-share\">\n\t<a itemprop=\"url\" class=\"mkd-share-link\" href=\"#\" onclick=\"popUp=window.open(&#039;http:\/\/linkedin.com\/shareArticle?mini=true&amp;url=https%3A%2F%2Fwww.icpartners.it%2Fen%2Ficpartners-al-connext%2F&amp;title=IC%26%23038%3BPartners+al+Connext&#039;, &#039;popupwindow&#039;, &#039;scrollbars=yes,width=800,height=400&#039;);popUp.focus();return false;\">\n\t\t\t\t\t<img decoding=\"async\" itemprop=\"image\" src=\"https:\/\/www.icpartners.it\/wp-content\/uploads\/2024\/03\/ic_linkedin_news.png\" alt=\"linkedin\" \/>\n\t\t\t<\/a>\n<\/li>\t<\/ul>\n<\/div>    <\/div>\n        <\/div>\n    \n    <div class=\"mkd-read-more-holder\"><a itemprop=\"url\" href=\"https:\/\/www.icpartners.it\/en\/icpartners-al-connext\/\" target=\"_self\" style=\"font-weight: 700\" class=\"mkd-btn mkd-btn-small mkd-btn-minimal mkd-btn-icon\"  >    <span class=\"mkd-btn-text\">Read More<\/span>    <span aria-hidden=\"true\" class=\"mkd-icon-font-elegant arrow_carrot-right\" ><\/span><\/a><\/div>\n    <\/div>\n    <\/div>\n<\/li><li class=\"mkd-blog-list-item clearfix\">\n    <div class=\"mkd-blog-list-item-inner\">\n        <div class=\"mkd-item-image\">\n            <a itemprop=\"url\" href=\"https:\/\/www.icpartners.it\/en\/guida-agli-strumenti-simest-e-alle-relative-novita-fondo-perduto-assenza-di-garanzie-innalzamento-plafond\/\">\n                <img loading=\"lazy\" decoding=\"async\" width=\"1200\" height=\"627\" src=\"https:\/\/www.icpartners.it\/wp-content\/uploads\/2020\/07\/Articoli-2020-26.png\" class=\"attachment-full size-full wp-post-image\" alt=\"Fondo perduto SIMEST\" \/>            <\/a>\n        <\/div>\n        <div class=\"mkd-item-text-holder\" >\n        <h4 itemprop=\"name\" class=\"mkd-item-title entry-title\">\n        <a itemprop=\"url\" href=\"https:\/\/www.icpartners.it\/en\/guida-agli-strumenti-simest-e-alle-relative-novita-fondo-perduto-assenza-di-garanzie-innalzamento-plafond\/\">\n            Guida agli strumenti SIMEST e alle relative novit\u00e0        <\/a>\n    <\/h4>\n\n            <p itemprop=\"description\" class=\"mkd-excerpt\">In questo periodo di grande fermento sui finanziamenti attivi e le novit\u00e0 in arrivo vogli...<\/p>\n    \n            <div class=\"mkd-item-info-section clearfix\">\n            <div itemprop=\"dateCreated\" class=\"mkd-post-info-date entry-date updated\">\n\n    \n        October 1, 2021\n        \n    <meta itemprop=\"interactionCount\" content=\"UserComments: 0\"\/>\n\n<\/div><div class=\"mkd-post-info-category\"><a href=\"https:\/\/www.icpartners.it\/en\/category\/italia\/\" rel=\"category tag\">ITALY<\/a> <a href=\"https:\/\/www.icpartners.it\/en\/category\/news\/\" rel=\"category tag\">News<\/a><\/div>    <div class =\"mkd-blog-share\">\n        <div class=\"mkd-social-share-holder mkd-list\">\n\t<ul>\n\t\t<li class=\"mkd-facebook-share\">\n\t<a itemprop=\"url\" class=\"mkd-share-link\" href=\"#\" onclick=\"window.open(&#039;http:\/\/www.facebook.com\/sharer.php?u=https%3A%2F%2Fwww.icpartners.it%2Fen%2Fguida-agli-strumenti-simest-e-alle-relative-novita-fondo-perduto-assenza-di-garanzie-innalzamento-plafond%2F&#039;, &#039;sharer&#039;, &#039;toolbar=0,status=0,width=620,height=280&#039;);\">\n\t\t\t\t\t<img decoding=\"async\" itemprop=\"image\" src=\"https:\/\/www.icpartners.it\/wp-content\/uploads\/2024\/03\/ic_facebook_news.png\" alt=\"facebook\" \/>\n\t\t\t<\/a>\n<\/li><li class=\"mkd-twitter-share\">\n\t<a itemprop=\"url\" class=\"mkd-share-link\" href=\"#\" onclick=\"window.open(&#039;http:\/\/twitter.com\/home?status=In+questo+periodo+di+grande+fermento+sui+finanziamenti+attivi+e+le+novit%C3%A0+in+arrivo+vogliamo+renderne+agevole+ai+https:\/\/www.icpartners.it\/en\/guida-agli-strumenti-simest-e-alle-relative-novita-fondo-perduto-assenza-di-garanzie-innalzamento-plafond\/&#039;, &#039;popupwindow&#039;, &#039;scrollbars=yes,width=800,height=400&#039;);\">\n\t\t\t\t\t<img decoding=\"async\" itemprop=\"image\" src=\"https:\/\/www.icpartners.it\/wp-content\/uploads\/2024\/03\/ic_twitter-x_news.png\" alt=\"twitter\" \/>\n\t\t\t<\/a>\n<\/li><li class=\"mkd-linkedin-share\">\n\t<a itemprop=\"url\" class=\"mkd-share-link\" href=\"#\" onclick=\"popUp=window.open(&#039;http:\/\/linkedin.com\/shareArticle?mini=true&amp;url=https%3A%2F%2Fwww.icpartners.it%2Fen%2Fguida-agli-strumenti-simest-e-alle-relative-novita-fondo-perduto-assenza-di-garanzie-innalzamento-plafond%2F&amp;title=Guida+agli+strumenti+SIMEST+e+alle+relative+novit%C3%A0&#039;, &#039;popupwindow&#039;, &#039;scrollbars=yes,width=800,height=400&#039;);popUp.focus();return false;\">\n\t\t\t\t\t<img decoding=\"async\" itemprop=\"image\" src=\"https:\/\/www.icpartners.it\/wp-content\/uploads\/2024\/03\/ic_linkedin_news.png\" alt=\"linkedin\" \/>\n\t\t\t<\/a>\n<\/li>\t<\/ul>\n<\/div>    <\/div>\n        <\/div>\n    \n    <div class=\"mkd-read-more-holder\"><a itemprop=\"url\" href=\"https:\/\/www.icpartners.it\/en\/guida-agli-strumenti-simest-e-alle-relative-novita-fondo-perduto-assenza-di-garanzie-innalzamento-plafond\/\" target=\"_self\" style=\"font-weight: 700\" class=\"mkd-btn mkd-btn-small mkd-btn-minimal mkd-btn-icon\"  >    <span class=\"mkd-btn-text\">Read More<\/span>    <span aria-hidden=\"true\" class=\"mkd-icon-font-elegant arrow_carrot-right\" ><\/span><\/a><\/div>\n    <\/div>\n    <\/div>\n<\/li><li class=\"mkd-blog-list-item clearfix\">\n    <div class=\"mkd-blog-list-item-inner\">\n        <div class=\"mkd-item-image\">\n            <a itemprop=\"url\" href=\"https:\/\/www.icpartners.it\/en\/filiere-ed-internazionalizzazione-il-futuro-che-verra\/\">\n                <img loading=\"lazy\" decoding=\"async\" width=\"1200\" height=\"627\" src=\"https:\/\/www.icpartners.it\/wp-content\/uploads\/2021\/07\/Articolo-Filiere-ed-Internazionalizzazione.png\" class=\"attachment-full size-full wp-post-image\" alt=\"\" srcset=\"https:\/\/www.icpartners.it\/wp-content\/uploads\/2021\/07\/Articolo-Filiere-ed-Internazionalizzazione.png 1200w, https:\/\/www.icpartners.it\/wp-content\/uploads\/2021\/07\/Articolo-Filiere-ed-Internazionalizzazione-300x157.png 300w, https:\/\/www.icpartners.it\/wp-content\/uploads\/2021\/07\/Articolo-Filiere-ed-Internazionalizzazione-1024x535.png 1024w, https:\/\/www.icpartners.it\/wp-content\/uploads\/2021\/07\/Articolo-Filiere-ed-Internazionalizzazione-296x155.png 296w, https:\/\/www.icpartners.it\/wp-content\/uploads\/2021\/07\/Articolo-Filiere-ed-Internazionalizzazione-768x401.png 768w, https:\/\/www.icpartners.it\/wp-content\/uploads\/2021\/07\/Articolo-Filiere-ed-Internazionalizzazione-16x8.png 16w\" sizes=\"auto, (max-width: 1200px) 100vw, 1200px\" \/>            <\/a>\n        <\/div>\n        <div class=\"mkd-item-text-holder\" >\n        <h4 itemprop=\"name\" class=\"mkd-item-title entry-title\">\n        <a itemprop=\"url\" href=\"https:\/\/www.icpartners.it\/en\/filiere-ed-internazionalizzazione-il-futuro-che-verra\/\">\n            Filiere ed Internazionalizzazione il futuro che verr\u00e0        <\/a>\n    <\/h4>\n\n            <p itemprop=\"description\" class=\"mkd-excerpt\">Il presente documento \u00e8 stato estratto dalla guida INNOVARE E COMPETERE Contributi dei Co...<\/p>\n    \n            <div class=\"mkd-item-info-section clearfix\">\n            <div itemprop=\"dateCreated\" class=\"mkd-post-info-date entry-date updated\">\n\n    \n        July 21, 2021\n        \n    <meta itemprop=\"interactionCount\" content=\"UserComments: 0\"\/>\n\n<\/div><div class=\"mkd-post-info-category\"><a href=\"https:\/\/www.icpartners.it\/en\/category\/italia\/\" rel=\"category tag\">ITALY<\/a> <a href=\"https:\/\/www.icpartners.it\/en\/category\/news\/\" rel=\"category tag\">News<\/a><\/div>    <div class =\"mkd-blog-share\">\n        <div class=\"mkd-social-share-holder mkd-list\">\n\t<ul>\n\t\t<li class=\"mkd-facebook-share\">\n\t<a itemprop=\"url\" class=\"mkd-share-link\" href=\"#\" onclick=\"window.open(&#039;http:\/\/www.facebook.com\/sharer.php?u=https%3A%2F%2Fwww.icpartners.it%2Fen%2Ffiliere-ed-internazionalizzazione-il-futuro-che-verra%2F&#039;, &#039;sharer&#039;, &#039;toolbar=0,status=0,width=620,height=280&#039;);\">\n\t\t\t\t\t<img decoding=\"async\" itemprop=\"image\" src=\"https:\/\/www.icpartners.it\/wp-content\/uploads\/2024\/03\/ic_facebook_news.png\" alt=\"facebook\" \/>\n\t\t\t<\/a>\n<\/li><li class=\"mkd-twitter-share\">\n\t<a itemprop=\"url\" class=\"mkd-share-link\" href=\"#\" onclick=\"window.open(&#039;http:\/\/twitter.com\/home?status=Il+presente+documento+%C3%A8+stato+estratto+dalla+guida+INNOVARE+E+COMPETERE+Contributi+dei+Consulenti+di+Management+https:\/\/www.icpartners.it\/en\/filiere-ed-internazionalizzazione-il-futuro-che-verra\/&#039;, &#039;popupwindow&#039;, &#039;scrollbars=yes,width=800,height=400&#039;);\">\n\t\t\t\t\t<img decoding=\"async\" itemprop=\"image\" src=\"https:\/\/www.icpartners.it\/wp-content\/uploads\/2024\/03\/ic_twitter-x_news.png\" alt=\"twitter\" \/>\n\t\t\t<\/a>\n<\/li><li class=\"mkd-linkedin-share\">\n\t<a itemprop=\"url\" class=\"mkd-share-link\" href=\"#\" onclick=\"popUp=window.open(&#039;http:\/\/linkedin.com\/shareArticle?mini=true&amp;url=https%3A%2F%2Fwww.icpartners.it%2Fen%2Ffiliere-ed-internazionalizzazione-il-futuro-che-verra%2F&amp;title=Filiere+ed+Internazionalizzazione+il+futuro+che+verr%C3%A0&#039;, &#039;popupwindow&#039;, &#039;scrollbars=yes,width=800,height=400&#039;);popUp.focus();return false;\">\n\t\t\t\t\t<img decoding=\"async\" itemprop=\"image\" src=\"https:\/\/www.icpartners.it\/wp-content\/uploads\/2024\/03\/ic_linkedin_news.png\" alt=\"linkedin\" \/>\n\t\t\t<\/a>\n<\/li>\t<\/ul>\n<\/div>    <\/div>\n        <\/div>\n    \n    <div class=\"mkd-read-more-holder\"><a itemprop=\"url\" href=\"https:\/\/www.icpartners.it\/en\/filiere-ed-internazionalizzazione-il-futuro-che-verra\/\" target=\"_self\" style=\"font-weight: 700\" class=\"mkd-btn mkd-btn-small mkd-btn-minimal mkd-btn-icon\"  >    <span class=\"mkd-btn-text\">Read More<\/span>    <span aria-hidden=\"true\" class=\"mkd-icon-font-elegant arrow_carrot-right\" ><\/span><\/a><\/div>\n    <\/div>\n    <\/div>\n<\/li><li class=\"mkd-blog-list-item clearfix\">\n    <div class=\"mkd-blog-list-item-inner\">\n        <div class=\"mkd-item-image\">\n            <a itemprop=\"url\" href=\"https:\/\/www.icpartners.it\/en\/voucher-internazionalizzazione-invitalia-accreditati-come-societa-tem-e-dtem\/\">\n                <img loading=\"lazy\" decoding=\"async\" width=\"1200\" height=\"627\" src=\"https:\/\/www.icpartners.it\/wp-content\/uploads\/2021\/05\/Articoli-2020-43.png\" class=\"attachment-full size-full wp-post-image\" alt=\"\" srcset=\"https:\/\/www.icpartners.it\/wp-content\/uploads\/2021\/05\/Articoli-2020-43.png 1200w, https:\/\/www.icpartners.it\/wp-content\/uploads\/2021\/05\/Articoli-2020-43-300x157.png 300w, https:\/\/www.icpartners.it\/wp-content\/uploads\/2021\/05\/Articoli-2020-43-1024x535.png 1024w, https:\/\/www.icpartners.it\/wp-content\/uploads\/2021\/05\/Articoli-2020-43-296x155.png 296w, https:\/\/www.icpartners.it\/wp-content\/uploads\/2021\/05\/Articoli-2020-43-768x401.png 768w, https:\/\/www.icpartners.it\/wp-content\/uploads\/2021\/05\/Articoli-2020-43-16x8.png 16w\" sizes=\"auto, (max-width: 1200px) 100vw, 1200px\" \/>            <\/a>\n        <\/div>\n        <div class=\"mkd-item-text-holder\" >\n        <h4 itemprop=\"name\" class=\"mkd-item-title entry-title\">\n        <a itemprop=\"url\" href=\"https:\/\/www.icpartners.it\/en\/voucher-internazionalizzazione-invitalia-accreditati-come-societa-tem-e-dtem\/\">\n            Voucher Internazionalizzazione INVITALIA: Accreditati come societ\u00e0 TEM e DTEM        <\/a>\n    <\/h4>\n\n            <p itemprop=\"description\" class=\"mkd-excerpt\">Siamo felici di annunciarvi che siamo nella lista delle societ\u00e0 accreditate da INVITALIA ...<\/p>\n    \n            <div class=\"mkd-item-info-section clearfix\">\n            <div itemprop=\"dateCreated\" class=\"mkd-post-info-date entry-date updated\">\n\n    \n        May 27, 2021\n        \n    <meta itemprop=\"interactionCount\" content=\"UserComments: 0\"\/>\n\n<\/div><div class=\"mkd-post-info-category\"><a href=\"https:\/\/www.icpartners.it\/en\/category\/italia\/\" rel=\"category tag\">ITALY<\/a> <a href=\"https:\/\/www.icpartners.it\/en\/category\/news\/\" rel=\"category tag\">News<\/a><\/div>    <div class =\"mkd-blog-share\">\n        <div class=\"mkd-social-share-holder mkd-list\">\n\t<ul>\n\t\t<li class=\"mkd-facebook-share\">\n\t<a itemprop=\"url\" class=\"mkd-share-link\" href=\"#\" onclick=\"window.open(&#039;http:\/\/www.facebook.com\/sharer.php?u=https%3A%2F%2Fwww.icpartners.it%2Fen%2Fvoucher-internazionalizzazione-invitalia-accreditati-come-societa-tem-e-dtem%2F&#039;, &#039;sharer&#039;, &#039;toolbar=0,status=0,width=620,height=280&#039;);\">\n\t\t\t\t\t<img decoding=\"async\" itemprop=\"image\" src=\"https:\/\/www.icpartners.it\/wp-content\/uploads\/2024\/03\/ic_facebook_news.png\" alt=\"facebook\" \/>\n\t\t\t<\/a>\n<\/li><li class=\"mkd-twitter-share\">\n\t<a itemprop=\"url\" class=\"mkd-share-link\" href=\"#\" onclick=\"window.open(&#039;http:\/\/twitter.com\/home?status=Siamo+felici+di+annunciarvi+che+siamo+nella+lista+delle+societ%C3%A0+accreditate+da+INVITALIA+per+erogare+servizi+TEM+e+https:\/\/www.icpartners.it\/en\/voucher-internazionalizzazione-invitalia-accreditati-come-societa-tem-e-dtem\/&#039;, &#039;popupwindow&#039;, &#039;scrollbars=yes,width=800,height=400&#039;);\">\n\t\t\t\t\t<img decoding=\"async\" itemprop=\"image\" src=\"https:\/\/www.icpartners.it\/wp-content\/uploads\/2024\/03\/ic_twitter-x_news.png\" alt=\"twitter\" \/>\n\t\t\t<\/a>\n<\/li><li class=\"mkd-linkedin-share\">\n\t<a itemprop=\"url\" class=\"mkd-share-link\" href=\"#\" onclick=\"popUp=window.open(&#039;http:\/\/linkedin.com\/shareArticle?mini=true&amp;url=https%3A%2F%2Fwww.icpartners.it%2Fen%2Fvoucher-internazionalizzazione-invitalia-accreditati-come-societa-tem-e-dtem%2F&amp;title=Voucher+Internazionalizzazione+INVITALIA%3A+Accreditati+come+societ%C3%A0+TEM+e+DTEM&#039;, &#039;popupwindow&#039;, &#039;scrollbars=yes,width=800,height=400&#039;);popUp.focus();return false;\">\n\t\t\t\t\t<img decoding=\"async\" itemprop=\"image\" src=\"https:\/\/www.icpartners.it\/wp-content\/uploads\/2024\/03\/ic_linkedin_news.png\" alt=\"linkedin\" \/>\n\t\t\t<\/a>\n<\/li>\t<\/ul>\n<\/div>    <\/div>\n        <\/div>\n    \n    <div class=\"mkd-read-more-holder\"><a itemprop=\"url\" href=\"https:\/\/www.icpartners.it\/en\/voucher-internazionalizzazione-invitalia-accreditati-come-societa-tem-e-dtem\/\" target=\"_self\" style=\"font-weight: 700\" class=\"mkd-btn mkd-btn-small mkd-btn-minimal mkd-btn-icon\"  >    <span class=\"mkd-btn-text\">Read More<\/span>    <span aria-hidden=\"true\" class=\"mkd-icon-font-elegant arrow_carrot-right\" ><\/span><\/a><\/div>\n    <\/div>\n    <\/div>\n<\/li><li class=\"mkd-blog-list-item clearfix\">\n    <div class=\"mkd-blog-list-item-inner\">\n        <div class=\"mkd-item-image\">\n            <a itemprop=\"url\" href=\"https:\/\/www.icpartners.it\/en\/decreto-sostegni-bis-incentivi-alle-esportazioni-per-ora-niente-risorse-al-fondo-perduto\/\">\n                <img loading=\"lazy\" decoding=\"async\" width=\"1200\" height=\"627\" src=\"https:\/\/www.icpartners.it\/wp-content\/uploads\/2021\/05\/Articoli-2020-42.png\" class=\"attachment-full size-full wp-post-image\" alt=\"decreto sostegni bis\" srcset=\"https:\/\/www.icpartners.it\/wp-content\/uploads\/2021\/05\/Articoli-2020-42.png 1200w, https:\/\/www.icpartners.it\/wp-content\/uploads\/2021\/05\/Articoli-2020-42-300x157.png 300w, https:\/\/www.icpartners.it\/wp-content\/uploads\/2021\/05\/Articoli-2020-42-1024x535.png 1024w, https:\/\/www.icpartners.it\/wp-content\/uploads\/2021\/05\/Articoli-2020-42-296x155.png 296w, https:\/\/www.icpartners.it\/wp-content\/uploads\/2021\/05\/Articoli-2020-42-768x401.png 768w, https:\/\/www.icpartners.it\/wp-content\/uploads\/2021\/05\/Articoli-2020-42-16x8.png 16w\" sizes=\"auto, (max-width: 1200px) 100vw, 1200px\" \/>            <\/a>\n        <\/div>\n        <div class=\"mkd-item-text-holder\" >\n        <h4 itemprop=\"name\" class=\"mkd-item-title entry-title\">\n        <a itemprop=\"url\" href=\"https:\/\/www.icpartners.it\/en\/decreto-sostegni-bis-incentivi-alle-esportazioni-per-ora-niente-risorse-al-fondo-perduto\/\">\n            DECRETO SOSTEGNI BIS &#8211; Incentivi alle esportazioni, per ora niente risorse al fondo perduto        <\/a>\n    <\/h4>\n\n            <p itemprop=\"description\" class=\"mkd-excerpt\">La relazione di accompagnamento alla bozza del decreto SOSTEGNI BIS sembrerebbe non lascia...<\/p>\n    \n            <div class=\"mkd-item-info-section clearfix\">\n            <div itemprop=\"dateCreated\" class=\"mkd-post-info-date entry-date updated\">\n\n    \n        May 6, 2021\n        \n    <meta itemprop=\"interactionCount\" content=\"UserComments: 0\"\/>\n\n<\/div><div class=\"mkd-post-info-category\"><a href=\"https:\/\/www.icpartners.it\/en\/category\/italia\/\" rel=\"category tag\">ITALY<\/a> <a href=\"https:\/\/www.icpartners.it\/en\/category\/news\/\" rel=\"category tag\">News<\/a><\/div>    <div class =\"mkd-blog-share\">\n        <div class=\"mkd-social-share-holder mkd-list\">\n\t<ul>\n\t\t<li class=\"mkd-facebook-share\">\n\t<a itemprop=\"url\" class=\"mkd-share-link\" href=\"#\" onclick=\"window.open(&#039;http:\/\/www.facebook.com\/sharer.php?u=https%3A%2F%2Fwww.icpartners.it%2Fen%2Fdecreto-sostegni-bis-incentivi-alle-esportazioni-per-ora-niente-risorse-al-fondo-perduto%2F&#039;, &#039;sharer&#039;, &#039;toolbar=0,status=0,width=620,height=280&#039;);\">\n\t\t\t\t\t<img decoding=\"async\" itemprop=\"image\" src=\"https:\/\/www.icpartners.it\/wp-content\/uploads\/2024\/03\/ic_facebook_news.png\" alt=\"facebook\" \/>\n\t\t\t<\/a>\n<\/li><li class=\"mkd-twitter-share\">\n\t<a itemprop=\"url\" class=\"mkd-share-link\" href=\"#\" onclick=\"window.open(&#039;http:\/\/twitter.com\/home?status=La+relazione+di+accompagnamento+alla+bozza+del+decreto+SOSTEGNI+BIS+sembrerebbe+non+lasciare+dubbi+per+ci%C3%B2+che+https:\/\/www.icpartners.it\/en\/decreto-sostegni-bis-incentivi-alle-esportazioni-per-ora-niente-risorse-al-fondo-perduto\/&#039;, &#039;popupwindow&#039;, &#039;scrollbars=yes,width=800,height=400&#039;);\">\n\t\t\t\t\t<img decoding=\"async\" itemprop=\"image\" src=\"https:\/\/www.icpartners.it\/wp-content\/uploads\/2024\/03\/ic_twitter-x_news.png\" alt=\"twitter\" \/>\n\t\t\t<\/a>\n<\/li><li class=\"mkd-linkedin-share\">\n\t<a itemprop=\"url\" class=\"mkd-share-link\" href=\"#\" onclick=\"popUp=window.open(&#039;http:\/\/linkedin.com\/shareArticle?mini=true&amp;url=https%3A%2F%2Fwww.icpartners.it%2Fen%2Fdecreto-sostegni-bis-incentivi-alle-esportazioni-per-ora-niente-risorse-al-fondo-perduto%2F&amp;title=DECRETO+SOSTEGNI+BIS+%26%238211%3B+Incentivi+alle+esportazioni%2C+per+ora+niente+risorse+al+fondo+perduto&#039;, &#039;popupwindow&#039;, &#039;scrollbars=yes,width=800,height=400&#039;);popUp.focus();return false;\">\n\t\t\t\t\t<img decoding=\"async\" itemprop=\"image\" src=\"https:\/\/www.icpartners.it\/wp-content\/uploads\/2024\/03\/ic_linkedin_news.png\" alt=\"linkedin\" \/>\n\t\t\t<\/a>\n<\/li>\t<\/ul>\n<\/div>    <\/div>\n        <\/div>\n    \n    <div class=\"mkd-read-more-holder\"><a itemprop=\"url\" href=\"https:\/\/www.icpartners.it\/en\/decreto-sostegni-bis-incentivi-alle-esportazioni-per-ora-niente-risorse-al-fondo-perduto\/\" target=\"_self\" style=\"font-weight: 700\" class=\"mkd-btn mkd-btn-small mkd-btn-minimal mkd-btn-icon\"  >    <span class=\"mkd-btn-text\">Read More<\/span>    <span aria-hidden=\"true\" class=\"mkd-icon-font-elegant arrow_carrot-right\" ><\/span><\/a><\/div>\n    <\/div>\n    <\/div>\n<\/li><li class=\"mkd-blog-list-item clearfix\">\n    <div class=\"mkd-blog-list-item-inner\">\n        <div class=\"mkd-item-image\">\n            <a itemprop=\"url\" href=\"https:\/\/www.icpartners.it\/en\/icpartners-spa-e-parfintech-srl-annunciano-una-partnership-interregionale\/\">\n                <img loading=\"lazy\" decoding=\"async\" width=\"1200\" height=\"627\" src=\"https:\/\/www.icpartners.it\/wp-content\/uploads\/2021\/04\/Accordo.jpg\" class=\"attachment-full size-full wp-post-image\" alt=\"\" srcset=\"https:\/\/www.icpartners.it\/wp-content\/uploads\/2021\/04\/Accordo.jpg 1200w, https:\/\/www.icpartners.it\/wp-content\/uploads\/2021\/04\/Accordo-300x157.jpg 300w, https:\/\/www.icpartners.it\/wp-content\/uploads\/2021\/04\/Accordo-1024x535.jpg 1024w, https:\/\/www.icpartners.it\/wp-content\/uploads\/2021\/04\/Accordo-296x155.jpg 296w, https:\/\/www.icpartners.it\/wp-content\/uploads\/2021\/04\/Accordo-768x401.jpg 768w, https:\/\/www.icpartners.it\/wp-content\/uploads\/2021\/04\/Accordo-16x8.jpg 16w\" sizes=\"auto, (max-width: 1200px) 100vw, 1200px\" \/>            <\/a>\n        <\/div>\n        <div class=\"mkd-item-text-holder\" >\n        <h4 itemprop=\"name\" class=\"mkd-item-title entry-title\">\n        <a itemprop=\"url\" href=\"https:\/\/www.icpartners.it\/en\/icpartners-spa-e-parfintech-srl-annunciano-una-partnership-interregionale\/\">\n            IC&#038;Partners SpA e Parfintech Srl annunciano una partnership interregionale        <\/a>\n    <\/h4>\n\n            <p itemprop=\"description\" class=\"mkd-excerpt\">Udine.\u00a0Creativit\u00e0, innovazione e passione, tecnologia e competenze: IC&amp;Partners, la ...<\/p>\n    \n            <div class=\"mkd-item-info-section clearfix\">\n            <div itemprop=\"dateCreated\" class=\"mkd-post-info-date entry-date updated\">\n\n    \n        April 14, 2021\n        \n    <meta itemprop=\"interactionCount\" content=\"UserComments: 0\"\/>\n\n<\/div><div class=\"mkd-post-info-category\"><a href=\"https:\/\/www.icpartners.it\/en\/category\/italia\/\" rel=\"category tag\">ITALY<\/a> <a href=\"https:\/\/www.icpartners.it\/en\/category\/news\/\" rel=\"category tag\">News<\/a><\/div>    <div class =\"mkd-blog-share\">\n        <div class=\"mkd-social-share-holder mkd-list\">\n\t<ul>\n\t\t<li class=\"mkd-facebook-share\">\n\t<a itemprop=\"url\" class=\"mkd-share-link\" href=\"#\" onclick=\"window.open(&#039;http:\/\/www.facebook.com\/sharer.php?u=https%3A%2F%2Fwww.icpartners.it%2Fen%2Ficpartners-spa-e-parfintech-srl-annunciano-una-partnership-interregionale%2F&#039;, &#039;sharer&#039;, &#039;toolbar=0,status=0,width=620,height=280&#039;);\">\n\t\t\t\t\t<img decoding=\"async\" itemprop=\"image\" src=\"https:\/\/www.icpartners.it\/wp-content\/uploads\/2024\/03\/ic_facebook_news.png\" alt=\"facebook\" \/>\n\t\t\t<\/a>\n<\/li><li class=\"mkd-twitter-share\">\n\t<a itemprop=\"url\" class=\"mkd-share-link\" href=\"#\" onclick=\"window.open(&#039;http:\/\/twitter.com\/home?status=Udine.%C2%A0Creativit%C3%A0%2C+innovazione+e+passione%2C+tecnologia+e+competenze%3A+IC%26amp%3BPartners%2C+la+pi%C3%B9+grande+piattaforma+di+https:\/\/www.icpartners.it\/en\/icpartners-spa-e-parfintech-srl-annunciano-una-partnership-interregionale\/&#039;, &#039;popupwindow&#039;, &#039;scrollbars=yes,width=800,height=400&#039;);\">\n\t\t\t\t\t<img decoding=\"async\" itemprop=\"image\" src=\"https:\/\/www.icpartners.it\/wp-content\/uploads\/2024\/03\/ic_twitter-x_news.png\" alt=\"twitter\" \/>\n\t\t\t<\/a>\n<\/li><li class=\"mkd-linkedin-share\">\n\t<a itemprop=\"url\" class=\"mkd-share-link\" href=\"#\" onclick=\"popUp=window.open(&#039;http:\/\/linkedin.com\/shareArticle?mini=true&amp;url=https%3A%2F%2Fwww.icpartners.it%2Fen%2Ficpartners-spa-e-parfintech-srl-annunciano-una-partnership-interregionale%2F&amp;title=IC%26%23038%3BPartners+SpA+e+Parfintech+Srl+annunciano+una+partnership+interregionale&#039;, &#039;popupwindow&#039;, &#039;scrollbars=yes,width=800,height=400&#039;);popUp.focus();return false;\">\n\t\t\t\t\t<img decoding=\"async\" itemprop=\"image\" src=\"https:\/\/www.icpartners.it\/wp-content\/uploads\/2024\/03\/ic_linkedin_news.png\" alt=\"linkedin\" \/>\n\t\t\t<\/a>\n<\/li>\t<\/ul>\n<\/div>    <\/div>\n        <\/div>\n    \n    <div class=\"mkd-read-more-holder\"><a itemprop=\"url\" href=\"https:\/\/www.icpartners.it\/en\/icpartners-spa-e-parfintech-srl-annunciano-una-partnership-interregionale\/\" target=\"_self\" style=\"font-weight: 700\" class=\"mkd-btn mkd-btn-small mkd-btn-minimal mkd-btn-icon\"  >    <span class=\"mkd-btn-text\">Read More<\/span>    <span aria-hidden=\"true\" class=\"mkd-icon-font-elegant arrow_carrot-right\" ><\/span><\/a><\/div>\n    <\/div>\n    <\/div>\n<\/li><li class=\"mkd-blog-list-item clearfix\">\n    <div class=\"mkd-blog-list-item-inner\">\n        <div class=\"mkd-item-image\">\n            <a itemprop=\"url\" href=\"https:\/\/www.icpartners.it\/en\/export-alla-ricerca-della-global-value-chain\/\">\n                <img loading=\"lazy\" decoding=\"async\" width=\"1200\" height=\"627\" src=\"https:\/\/www.icpartners.it\/wp-content\/uploads\/2021\/04\/Articoli-2020-41.png\" class=\"attachment-full size-full wp-post-image\" alt=\"Catena del valore globale\" srcset=\"https:\/\/www.icpartners.it\/wp-content\/uploads\/2021\/04\/Articoli-2020-41.png 1200w, https:\/\/www.icpartners.it\/wp-content\/uploads\/2021\/04\/Articoli-2020-41-300x157.png 300w, https:\/\/www.icpartners.it\/wp-content\/uploads\/2021\/04\/Articoli-2020-41-1024x535.png 1024w, https:\/\/www.icpartners.it\/wp-content\/uploads\/2021\/04\/Articoli-2020-41-296x155.png 296w, https:\/\/www.icpartners.it\/wp-content\/uploads\/2021\/04\/Articoli-2020-41-768x401.png 768w, https:\/\/www.icpartners.it\/wp-content\/uploads\/2021\/04\/Articoli-2020-41-16x8.png 16w\" sizes=\"auto, (max-width: 1200px) 100vw, 1200px\" \/>            <\/a>\n        <\/div>\n        <div class=\"mkd-item-text-holder\" >\n        <h4 itemprop=\"name\" class=\"mkd-item-title entry-title\">\n        <a itemprop=\"url\" href=\"https:\/\/www.icpartners.it\/en\/export-alla-ricerca-della-global-value-chain\/\">\n            EXPORT, ALLA RICERCA DELLA GLOBAL VALUE CHAIN        <\/a>\n    <\/h4>\n\n            <p itemprop=\"description\" class=\"mkd-excerpt\">Da un lato analizzare i mercati e il posizionamento delle nostre imprese, per aiutarle a r...<\/p>\n    \n            <div class=\"mkd-item-info-section clearfix\">\n            <div itemprop=\"dateCreated\" class=\"mkd-post-info-date entry-date updated\">\n\n    \n        April 7, 2021\n        \n    <meta itemprop=\"interactionCount\" content=\"UserComments: 0\"\/>\n\n<\/div><div class=\"mkd-post-info-category\"><a href=\"https:\/\/www.icpartners.it\/en\/category\/italia\/\" rel=\"category tag\">ITALY<\/a> <a href=\"https:\/\/www.icpartners.it\/en\/category\/mondo\/\" rel=\"category tag\">Mondo<\/a> <a href=\"https:\/\/www.icpartners.it\/en\/category\/news\/\" rel=\"category tag\">News<\/a><\/div>    <div class =\"mkd-blog-share\">\n        <div class=\"mkd-social-share-holder mkd-list\">\n\t<ul>\n\t\t<li class=\"mkd-facebook-share\">\n\t<a itemprop=\"url\" class=\"mkd-share-link\" href=\"#\" onclick=\"window.open(&#039;http:\/\/www.facebook.com\/sharer.php?u=https%3A%2F%2Fwww.icpartners.it%2Fen%2Fexport-alla-ricerca-della-global-value-chain%2F&#039;, &#039;sharer&#039;, &#039;toolbar=0,status=0,width=620,height=280&#039;);\">\n\t\t\t\t\t<img decoding=\"async\" itemprop=\"image\" src=\"https:\/\/www.icpartners.it\/wp-content\/uploads\/2024\/03\/ic_facebook_news.png\" alt=\"facebook\" \/>\n\t\t\t<\/a>\n<\/li><li class=\"mkd-twitter-share\">\n\t<a itemprop=\"url\" class=\"mkd-share-link\" href=\"#\" onclick=\"window.open(&#039;http:\/\/twitter.com\/home?status=Da+un+lato+analizzare+i+mercati+e+il+posizionamento+delle+nostre+imprese%2C+per+aiutarle+a+rafforzarsi.+Dall%E2%80%99altro+https:\/\/www.icpartners.it\/en\/export-alla-ricerca-della-global-value-chain\/&#039;, &#039;popupwindow&#039;, &#039;scrollbars=yes,width=800,height=400&#039;);\">\n\t\t\t\t\t<img decoding=\"async\" itemprop=\"image\" src=\"https:\/\/www.icpartners.it\/wp-content\/uploads\/2024\/03\/ic_twitter-x_news.png\" alt=\"twitter\" \/>\n\t\t\t<\/a>\n<\/li><li class=\"mkd-linkedin-share\">\n\t<a itemprop=\"url\" class=\"mkd-share-link\" href=\"#\" onclick=\"popUp=window.open(&#039;http:\/\/linkedin.com\/shareArticle?mini=true&amp;url=https%3A%2F%2Fwww.icpartners.it%2Fen%2Fexport-alla-ricerca-della-global-value-chain%2F&amp;title=EXPORT%2C+ALLA+RICERCA+DELLA+GLOBAL+VALUE+CHAIN&#039;, &#039;popupwindow&#039;, &#039;scrollbars=yes,width=800,height=400&#039;);popUp.focus();return false;\">\n\t\t\t\t\t<img decoding=\"async\" itemprop=\"image\" src=\"https:\/\/www.icpartners.it\/wp-content\/uploads\/2024\/03\/ic_linkedin_news.png\" alt=\"linkedin\" \/>\n\t\t\t<\/a>\n<\/li>\t<\/ul>\n<\/div>    <\/div>\n        <\/div>\n    \n    <div class=\"mkd-read-more-holder\"><a itemprop=\"url\" href=\"https:\/\/www.icpartners.it\/en\/export-alla-ricerca-della-global-value-chain\/\" target=\"_self\" style=\"font-weight: 700\" class=\"mkd-btn mkd-btn-small mkd-btn-minimal mkd-btn-icon\"  >    <span class=\"mkd-btn-text\">Read More<\/span>    <span aria-hidden=\"true\" class=\"mkd-icon-font-elegant arrow_carrot-right\" ><\/span><\/a><\/div>\n    <\/div>\n    <\/div>\n<\/li><li class=\"mkd-blog-list-item clearfix\">\n    <div class=\"mkd-blog-list-item-inner\">\n        <div class=\"mkd-item-image\">\n            <a itemprop=\"url\" href=\"https:\/\/www.icpartners.it\/en\/finanziamenti-simest-2021-il-3-giugno-riapre-il-fondo-394-81\/\">\n                <img loading=\"lazy\" decoding=\"async\" width=\"1200\" height=\"627\" src=\"https:\/\/www.icpartners.it\/wp-content\/uploads\/2021\/04\/Articoli-2020-40.png\" class=\"attachment-full size-full wp-post-image\" alt=\"Finanziamenti SIMEST 2021: il 3 giugno riapre il Fondo 394\/81\" srcset=\"https:\/\/www.icpartners.it\/wp-content\/uploads\/2021\/04\/Articoli-2020-40.png 1200w, https:\/\/www.icpartners.it\/wp-content\/uploads\/2021\/04\/Articoli-2020-40-300x157.png 300w, https:\/\/www.icpartners.it\/wp-content\/uploads\/2021\/04\/Articoli-2020-40-1024x535.png 1024w, https:\/\/www.icpartners.it\/wp-content\/uploads\/2021\/04\/Articoli-2020-40-296x155.png 296w, https:\/\/www.icpartners.it\/wp-content\/uploads\/2021\/04\/Articoli-2020-40-768x401.png 768w, https:\/\/www.icpartners.it\/wp-content\/uploads\/2021\/04\/Articoli-2020-40-16x8.png 16w\" sizes=\"auto, (max-width: 1200px) 100vw, 1200px\" \/>            <\/a>\n        <\/div>\n        <div class=\"mkd-item-text-holder\" >\n        <h4 itemprop=\"name\" class=\"mkd-item-title entry-title\">\n        <a itemprop=\"url\" href=\"https:\/\/www.icpartners.it\/en\/finanziamenti-simest-2021-il-3-giugno-riapre-il-fondo-394-81\/\">\n            Finanziamenti SIMEST 2021: il 3 giugno riapre il Fondo 394\/81        <\/a>\n    <\/h4>\n\n            <p itemprop=\"description\" class=\"mkd-excerpt\">Ottime notizie per i Finanziamenti SIMEST 2021. Dal 3 giugno riapre lo sportello per prese...<\/p>\n    \n            <div class=\"mkd-item-info-section clearfix\">\n            <div itemprop=\"dateCreated\" class=\"mkd-post-info-date entry-date updated\">\n\n    \n        April 6, 2021\n        \n    <meta itemprop=\"interactionCount\" content=\"UserComments: 0\"\/>\n\n<\/div><div class=\"mkd-post-info-category\"><a href=\"https:\/\/www.icpartners.it\/en\/category\/italia\/\" rel=\"category tag\">ITALY<\/a> <a href=\"https:\/\/www.icpartners.it\/en\/category\/news\/\" rel=\"category tag\">News<\/a><\/div>    <div class =\"mkd-blog-share\">\n        <div class=\"mkd-social-share-holder mkd-list\">\n\t<ul>\n\t\t<li class=\"mkd-facebook-share\">\n\t<a itemprop=\"url\" class=\"mkd-share-link\" href=\"#\" onclick=\"window.open(&#039;http:\/\/www.facebook.com\/sharer.php?u=https%3A%2F%2Fwww.icpartners.it%2Fen%2Ffinanziamenti-simest-2021-il-3-giugno-riapre-il-fondo-394-81%2F&#039;, &#039;sharer&#039;, &#039;toolbar=0,status=0,width=620,height=280&#039;);\">\n\t\t\t\t\t<img decoding=\"async\" itemprop=\"image\" src=\"https:\/\/www.icpartners.it\/wp-content\/uploads\/2024\/03\/ic_facebook_news.png\" alt=\"facebook\" \/>\n\t\t\t<\/a>\n<\/li><li class=\"mkd-twitter-share\">\n\t<a itemprop=\"url\" class=\"mkd-share-link\" href=\"#\" onclick=\"window.open(&#039;http:\/\/twitter.com\/home?status=Ottime+notizie+per+i+Finanziamenti+SIMEST+2021.+Dal+3+giugno+riapre+lo+sportello+per+presentare+domanda+a+valere+sul+https:\/\/www.icpartners.it\/en\/finanziamenti-simest-2021-il-3-giugno-riapre-il-fondo-394-81\/&#039;, &#039;popupwindow&#039;, &#039;scrollbars=yes,width=800,height=400&#039;);\">\n\t\t\t\t\t<img decoding=\"async\" itemprop=\"image\" src=\"https:\/\/www.icpartners.it\/wp-content\/uploads\/2024\/03\/ic_twitter-x_news.png\" alt=\"twitter\" \/>\n\t\t\t<\/a>\n<\/li><li class=\"mkd-linkedin-share\">\n\t<a itemprop=\"url\" class=\"mkd-share-link\" href=\"#\" onclick=\"popUp=window.open(&#039;http:\/\/linkedin.com\/shareArticle?mini=true&amp;url=https%3A%2F%2Fwww.icpartners.it%2Fen%2Ffinanziamenti-simest-2021-il-3-giugno-riapre-il-fondo-394-81%2F&amp;title=Finanziamenti+SIMEST+2021%3A+il+3+giugno+riapre+il+Fondo+394%2F81&#039;, &#039;popupwindow&#039;, &#039;scrollbars=yes,width=800,height=400&#039;);popUp.focus();return false;\">\n\t\t\t\t\t<img decoding=\"async\" itemprop=\"image\" src=\"https:\/\/www.icpartners.it\/wp-content\/uploads\/2024\/03\/ic_linkedin_news.png\" alt=\"linkedin\" \/>\n\t\t\t<\/a>\n<\/li>\t<\/ul>\n<\/div>    <\/div>\n        <\/div>\n    \n    <div class=\"mkd-read-more-holder\"><a itemprop=\"url\" href=\"https:\/\/www.icpartners.it\/en\/finanziamenti-simest-2021-il-3-giugno-riapre-il-fondo-394-81\/\" target=\"_self\" style=\"font-weight: 700\" class=\"mkd-btn mkd-btn-small mkd-btn-minimal mkd-btn-icon\"  >    <span class=\"mkd-btn-text\">Read More<\/span>    <span aria-hidden=\"true\" class=\"mkd-icon-font-elegant arrow_carrot-right\" ><\/span><\/a><\/div>\n    <\/div>\n    <\/div>\n<\/li><li class=\"mkd-blog-list-item clearfix\">\n    <div class=\"mkd-blog-list-item-inner\">\n        <div class=\"mkd-item-image\">\n            <a itemprop=\"url\" href=\"https:\/\/www.icpartners.it\/en\/voucher-internazionalizzazione-2021-dal-9-marzo-contributi-a-fondo-perduto-per-le-piccole-imprese\/\">\n                <img loading=\"lazy\" decoding=\"async\" width=\"1200\" height=\"627\" src=\"https:\/\/www.icpartners.it\/wp-content\/uploads\/2021\/02\/Articoli-2021-3.png\" class=\"attachment-full size-full wp-post-image\" alt=\"Voucher internazionalizzazione Invitalia 2021\" srcset=\"https:\/\/www.icpartners.it\/wp-content\/uploads\/2021\/02\/Articoli-2021-3.png 1200w, https:\/\/www.icpartners.it\/wp-content\/uploads\/2021\/02\/Articoli-2021-3-300x157.png 300w, https:\/\/www.icpartners.it\/wp-content\/uploads\/2021\/02\/Articoli-2021-3-1024x535.png 1024w, https:\/\/www.icpartners.it\/wp-content\/uploads\/2021\/02\/Articoli-2021-3-296x155.png 296w, https:\/\/www.icpartners.it\/wp-content\/uploads\/2021\/02\/Articoli-2021-3-768x401.png 768w, https:\/\/www.icpartners.it\/wp-content\/uploads\/2021\/02\/Articoli-2021-3-16x8.png 16w\" sizes=\"auto, (max-width: 1200px) 100vw, 1200px\" \/>            <\/a>\n        <\/div>\n        <div class=\"mkd-item-text-holder\" >\n        <h4 itemprop=\"name\" class=\"mkd-item-title entry-title\">\n        <a itemprop=\"url\" href=\"https:\/\/www.icpartners.it\/en\/voucher-internazionalizzazione-2021-dal-9-marzo-contributi-a-fondo-perduto-per-le-piccole-imprese\/\">\n            Voucher internazionalizzazione 2021: dal 9 marzo contributi a fondo perduto per le piccole imprese        <\/a>\n    <\/h4>\n\n            <p itemprop=\"description\" class=\"mkd-excerpt\">Cos&#8217;\u00e8 Dal 9 Marzo al 22 Marzo le micro e piccole imprese (MPI) che vogliono espande...<\/p>\n    \n            <div class=\"mkd-item-info-section clearfix\">\n            <div itemprop=\"dateCreated\" class=\"mkd-post-info-date entry-date updated\">\n\n    \n        February 22, 2021\n        \n    <meta itemprop=\"interactionCount\" content=\"UserComments: 0\"\/>\n\n<\/div><div class=\"mkd-post-info-category\"><a href=\"https:\/\/www.icpartners.it\/en\/category\/italia\/\" rel=\"category tag\">ITALY<\/a> <a href=\"https:\/\/www.icpartners.it\/en\/category\/mondo\/\" rel=\"category tag\">Mondo<\/a> <a href=\"https:\/\/www.icpartners.it\/en\/category\/news\/\" rel=\"category tag\">News<\/a><\/div>    <div class =\"mkd-blog-share\">\n        <div class=\"mkd-social-share-holder mkd-list\">\n\t<ul>\n\t\t<li class=\"mkd-facebook-share\">\n\t<a itemprop=\"url\" class=\"mkd-share-link\" href=\"#\" onclick=\"window.open(&#039;http:\/\/www.facebook.com\/sharer.php?u=https%3A%2F%2Fwww.icpartners.it%2Fen%2Fvoucher-internazionalizzazione-2021-dal-9-marzo-contributi-a-fondo-perduto-per-le-piccole-imprese%2F&#039;, &#039;sharer&#039;, &#039;toolbar=0,status=0,width=620,height=280&#039;);\">\n\t\t\t\t\t<img decoding=\"async\" itemprop=\"image\" src=\"https:\/\/www.icpartners.it\/wp-content\/uploads\/2024\/03\/ic_facebook_news.png\" alt=\"facebook\" \/>\n\t\t\t<\/a>\n<\/li><li class=\"mkd-twitter-share\">\n\t<a itemprop=\"url\" class=\"mkd-share-link\" href=\"#\" onclick=\"window.open(&#039;http:\/\/twitter.com\/home?status=Cos%26%238217%3B%C3%A8+Dal+9+Marzo+al+22+Marzo+le+micro+e+piccole+imprese+%28MPI%29+che+vogliono+espandersi+o+consolidarsi+sui+https:\/\/www.icpartners.it\/en\/voucher-internazionalizzazione-2021-dal-9-marzo-contributi-a-fondo-perduto-per-le-piccole-imprese\/&#039;, &#039;popupwindow&#039;, &#039;scrollbars=yes,width=800,height=400&#039;);\">\n\t\t\t\t\t<img decoding=\"async\" itemprop=\"image\" src=\"https:\/\/www.icpartners.it\/wp-content\/uploads\/2024\/03\/ic_twitter-x_news.png\" alt=\"twitter\" \/>\n\t\t\t<\/a>\n<\/li><li class=\"mkd-linkedin-share\">\n\t<a itemprop=\"url\" class=\"mkd-share-link\" href=\"#\" onclick=\"popUp=window.open(&#039;http:\/\/linkedin.com\/shareArticle?mini=true&amp;url=https%3A%2F%2Fwww.icpartners.it%2Fen%2Fvoucher-internazionalizzazione-2021-dal-9-marzo-contributi-a-fondo-perduto-per-le-piccole-imprese%2F&amp;title=Voucher+internazionalizzazione+2021%3A+dal+9+marzo+contributi+a+fondo+perduto+per+le+piccole+imprese&#039;, &#039;popupwindow&#039;, &#039;scrollbars=yes,width=800,height=400&#039;);popUp.focus();return false;\">\n\t\t\t\t\t<img decoding=\"async\" itemprop=\"image\" src=\"https:\/\/www.icpartners.it\/wp-content\/uploads\/2024\/03\/ic_linkedin_news.png\" alt=\"linkedin\" \/>\n\t\t\t<\/a>\n<\/li>\t<\/ul>\n<\/div>    <\/div>\n        <\/div>\n    \n    <div class=\"mkd-read-more-holder\"><a itemprop=\"url\" href=\"https:\/\/www.icpartners.it\/en\/voucher-internazionalizzazione-2021-dal-9-marzo-contributi-a-fondo-perduto-per-le-piccole-imprese\/\" target=\"_self\" style=\"font-weight: 700\" class=\"mkd-btn mkd-btn-small mkd-btn-minimal mkd-btn-icon\"  >    <span class=\"mkd-btn-text\">Read More<\/span>    <span aria-hidden=\"true\" class=\"mkd-icon-font-elegant arrow_carrot-right\" ><\/span><\/a><\/div>\n    <\/div>\n    <\/div>\n<\/li><li class=\"mkd-blog-list-item clearfix\">\n    <div class=\"mkd-blog-list-item-inner\">\n        <div class=\"mkd-item-image\">\n            <a itemprop=\"url\" href=\"https:\/\/www.icpartners.it\/en\/icpartners-spa-debutta-nella-piattaforma-trace-di-banca-sella-per-orientare-le-imprese-nellimport-export\/\">\n                <img loading=\"lazy\" decoding=\"async\" width=\"1200\" height=\"627\" src=\"https:\/\/www.icpartners.it\/wp-content\/uploads\/2021\/02\/Bozza-immagine-Trace-ICP.png\" class=\"attachment-full size-full wp-post-image\" alt=\"Accordo Trace Banca Sella e IC&amp;Partners\" srcset=\"https:\/\/www.icpartners.it\/wp-content\/uploads\/2021\/02\/Bozza-immagine-Trace-ICP.png 1200w, https:\/\/www.icpartners.it\/wp-content\/uploads\/2021\/02\/Bozza-immagine-Trace-ICP-300x157.png 300w, https:\/\/www.icpartners.it\/wp-content\/uploads\/2021\/02\/Bozza-immagine-Trace-ICP-1024x535.png 1024w, https:\/\/www.icpartners.it\/wp-content\/uploads\/2021\/02\/Bozza-immagine-Trace-ICP-296x155.png 296w, https:\/\/www.icpartners.it\/wp-content\/uploads\/2021\/02\/Bozza-immagine-Trace-ICP-768x401.png 768w, https:\/\/www.icpartners.it\/wp-content\/uploads\/2021\/02\/Bozza-immagine-Trace-ICP-16x8.png 16w\" sizes=\"auto, (max-width: 1200px) 100vw, 1200px\" \/>            <\/a>\n        <\/div>\n        <div class=\"mkd-item-text-holder\" >\n        <h4 itemprop=\"name\" class=\"mkd-item-title entry-title\">\n        <a itemprop=\"url\" href=\"https:\/\/www.icpartners.it\/en\/icpartners-spa-debutta-nella-piattaforma-trace-di-banca-sella-per-orientare-le-imprese-nellimport-export\/\">\n            IC&#038;Partners SpA debutta nella piattaforma TRACE di Banca Sella per orientare le imprese nell\u2019import\/export        <\/a>\n    <\/h4>\n\n            <p itemprop=\"description\" class=\"mkd-excerpt\">IC&amp;Partners SpA e Banca Sella, tramite la piattaforma Trace, siglano un accordo di par...<\/p>\n    \n            <div class=\"mkd-item-info-section clearfix\">\n            <div itemprop=\"dateCreated\" class=\"mkd-post-info-date entry-date updated\">\n\n    \n        February 4, 2021\n        \n    <meta itemprop=\"interactionCount\" content=\"UserComments: 0\"\/>\n\n<\/div><div class=\"mkd-post-info-category\"><a href=\"https:\/\/www.icpartners.it\/en\/category\/bosnia-ed-erzegovina\/\" rel=\"category tag\">Bosnia and Herzegovina<\/a> <a href=\"https:\/\/www.icpartners.it\/en\/category\/bulgaria\/\" rel=\"category tag\">Bulgaria<\/a> <a href=\"https:\/\/www.icpartners.it\/en\/category\/cina\/\" rel=\"category tag\">CHINA<\/a> <a href=\"https:\/\/www.icpartners.it\/en\/category\/italia\/\" rel=\"category tag\">ITALY<\/a> <a href=\"https:\/\/www.icpartners.it\/en\/category\/news\/\" rel=\"category tag\">News<\/a> <a href=\"https:\/\/www.icpartners.it\/en\/category\/polonia\/\" rel=\"category tag\">POLAND<\/a> <a href=\"https:\/\/www.icpartners.it\/en\/category\/romania\/\" rel=\"category tag\">Romania<\/a> <a href=\"https:\/\/www.icpartners.it\/en\/category\/russia\/\" rel=\"category tag\">Russian Federation<\/a> <a href=\"https:\/\/www.icpartners.it\/en\/category\/serbia\/\" rel=\"category tag\">Serbia<\/a> <a href=\"https:\/\/www.icpartners.it\/en\/category\/ucraina\/\" rel=\"category tag\">UKRAINE<\/a> <a href=\"https:\/\/www.icpartners.it\/en\/category\/ungheria\/\" rel=\"category tag\">HUNGARY<\/a><\/div>    <div class =\"mkd-blog-share\">\n        <div class=\"mkd-social-share-holder mkd-list\">\n\t<ul>\n\t\t<li class=\"mkd-facebook-share\">\n\t<a itemprop=\"url\" class=\"mkd-share-link\" href=\"#\" onclick=\"window.open(&#039;http:\/\/www.facebook.com\/sharer.php?u=https%3A%2F%2Fwww.icpartners.it%2Fen%2Ficpartners-spa-debutta-nella-piattaforma-trace-di-banca-sella-per-orientare-le-imprese-nellimport-export%2F&#039;, &#039;sharer&#039;, &#039;toolbar=0,status=0,width=620,height=280&#039;);\">\n\t\t\t\t\t<img decoding=\"async\" itemprop=\"image\" src=\"https:\/\/www.icpartners.it\/wp-content\/uploads\/2024\/03\/ic_facebook_news.png\" alt=\"facebook\" \/>\n\t\t\t<\/a>\n<\/li><li class=\"mkd-twitter-share\">\n\t<a itemprop=\"url\" class=\"mkd-share-link\" href=\"#\" onclick=\"window.open(&#039;http:\/\/twitter.com\/home?status=IC%26amp%3BPartners+SpA+e+Banca+Sella%2C+tramite+la+piattaforma+Trace%2C+siglano+un+accordo+di+partnership+per+supportare+le+https:\/\/www.icpartners.it\/en\/icpartners-spa-debutta-nella-piattaforma-trace-di-banca-sella-per-orientare-le-imprese-nellimport-export\/&#039;, &#039;popupwindow&#039;, &#039;scrollbars=yes,width=800,height=400&#039;);\">\n\t\t\t\t\t<img decoding=\"async\" itemprop=\"image\" src=\"https:\/\/www.icpartners.it\/wp-content\/uploads\/2024\/03\/ic_twitter-x_news.png\" alt=\"twitter\" \/>\n\t\t\t<\/a>\n<\/li><li class=\"mkd-linkedin-share\">\n\t<a itemprop=\"url\" class=\"mkd-share-link\" href=\"#\" onclick=\"popUp=window.open(&#039;http:\/\/linkedin.com\/shareArticle?mini=true&amp;url=https%3A%2F%2Fwww.icpartners.it%2Fen%2Ficpartners-spa-debutta-nella-piattaforma-trace-di-banca-sella-per-orientare-le-imprese-nellimport-export%2F&amp;title=IC%26%23038%3BPartners+SpA+debutta+nella+piattaforma+TRACE+di+Banca+Sella+per+orientare+le+imprese+nell%E2%80%99import%2Fexport&#039;, &#039;popupwindow&#039;, &#039;scrollbars=yes,width=800,height=400&#039;);popUp.focus();return false;\">\n\t\t\t\t\t<img decoding=\"async\" itemprop=\"image\" src=\"https:\/\/www.icpartners.it\/wp-content\/uploads\/2024\/03\/ic_linkedin_news.png\" alt=\"linkedin\" \/>\n\t\t\t<\/a>\n<\/li>\t<\/ul>\n<\/div>    <\/div>\n        <\/div>\n    \n    <div class=\"mkd-read-more-holder\"><a itemprop=\"url\" href=\"https:\/\/www.icpartners.it\/en\/icpartners-spa-debutta-nella-piattaforma-trace-di-banca-sella-per-orientare-le-imprese-nellimport-export\/\" target=\"_self\" style=\"font-weight: 700\" class=\"mkd-btn mkd-btn-small mkd-btn-minimal mkd-btn-icon\"  >    <span class=\"mkd-btn-text\">Read More<\/span>    <span aria-hidden=\"true\" class=\"mkd-icon-font-elegant arrow_carrot-right\" ><\/span><\/a><\/div>\n    <\/div>\n    <\/div>\n<\/li><li class=\"mkd-blog-list-item clearfix\">\n    <div class=\"mkd-blog-list-item-inner\">\n        <div class=\"mkd-item-image\">\n            <a itemprop=\"url\" href=\"https:\/\/www.icpartners.it\/en\/dac6-cose-e-quali-adempimenti-attuare\/\">\n                <img loading=\"lazy\" decoding=\"async\" width=\"1200\" height=\"627\" src=\"https:\/\/www.icpartners.it\/wp-content\/uploads\/2021\/02\/Articoli-2021-2.png\" class=\"attachment-full size-full wp-post-image\" alt=\"DAC6\" srcset=\"https:\/\/www.icpartners.it\/wp-content\/uploads\/2021\/02\/Articoli-2021-2.png 1200w, https:\/\/www.icpartners.it\/wp-content\/uploads\/2021\/02\/Articoli-2021-2-300x157.png 300w, https:\/\/www.icpartners.it\/wp-content\/uploads\/2021\/02\/Articoli-2021-2-1024x535.png 1024w, https:\/\/www.icpartners.it\/wp-content\/uploads\/2021\/02\/Articoli-2021-2-296x155.png 296w, https:\/\/www.icpartners.it\/wp-content\/uploads\/2021\/02\/Articoli-2021-2-768x401.png 768w, https:\/\/www.icpartners.it\/wp-content\/uploads\/2021\/02\/Articoli-2021-2-16x8.png 16w\" sizes=\"auto, (max-width: 1200px) 100vw, 1200px\" \/>            <\/a>\n        <\/div>\n        <div class=\"mkd-item-text-holder\" >\n        <h4 itemprop=\"name\" class=\"mkd-item-title entry-title\">\n        <a itemprop=\"url\" href=\"https:\/\/www.icpartners.it\/en\/dac6-cose-e-quali-adempimenti-attuare\/\">\n            DAC6: cos&#8217;\u00e8 e quali adempimenti attuare        <\/a>\n    <\/h4>\n\n            <p itemprop=\"description\" class=\"mkd-excerpt\">COS&#8217;E&#8217; IL DAC6 Il DAC6 prevede l&#8217;obbligo di comunicazione alle autorit\u00e0...<\/p>\n    \n            <div class=\"mkd-item-info-section clearfix\">\n            <div itemprop=\"dateCreated\" class=\"mkd-post-info-date entry-date updated\">\n\n    \n        February 2, 2021\n        \n    <meta itemprop=\"interactionCount\" content=\"UserComments: 0\"\/>\n\n<\/div><div class=\"mkd-post-info-category\"><a href=\"https:\/\/www.icpartners.it\/en\/category\/italia\/\" rel=\"category tag\">ITALY<\/a> <a href=\"https:\/\/www.icpartners.it\/en\/category\/news\/\" rel=\"category tag\">News<\/a><\/div>    <div class =\"mkd-blog-share\">\n        <div class=\"mkd-social-share-holder mkd-list\">\n\t<ul>\n\t\t<li class=\"mkd-facebook-share\">\n\t<a itemprop=\"url\" class=\"mkd-share-link\" href=\"#\" onclick=\"window.open(&#039;http:\/\/www.facebook.com\/sharer.php?u=https%3A%2F%2Fwww.icpartners.it%2Fen%2Fdac6-cose-e-quali-adempimenti-attuare%2F&#039;, &#039;sharer&#039;, &#039;toolbar=0,status=0,width=620,height=280&#039;);\">\n\t\t\t\t\t<img decoding=\"async\" itemprop=\"image\" src=\"https:\/\/www.icpartners.it\/wp-content\/uploads\/2024\/03\/ic_facebook_news.png\" alt=\"facebook\" \/>\n\t\t\t<\/a>\n<\/li><li class=\"mkd-twitter-share\">\n\t<a itemprop=\"url\" class=\"mkd-share-link\" href=\"#\" onclick=\"window.open(&#039;http:\/\/twitter.com\/home?status=COS%26%238217%3BE%26%238217%3B+IL+DAC6+Il+DAC6+prevede+l%26%238217%3Bobbligo+di+comunicazione+alle+autorit%C3%A0+fiscali+di+quei+https:\/\/www.icpartners.it\/en\/dac6-cose-e-quali-adempimenti-attuare\/&#039;, &#039;popupwindow&#039;, &#039;scrollbars=yes,width=800,height=400&#039;);\">\n\t\t\t\t\t<img decoding=\"async\" itemprop=\"image\" src=\"https:\/\/www.icpartners.it\/wp-content\/uploads\/2024\/03\/ic_twitter-x_news.png\" alt=\"twitter\" \/>\n\t\t\t<\/a>\n<\/li><li class=\"mkd-linkedin-share\">\n\t<a itemprop=\"url\" class=\"mkd-share-link\" href=\"#\" onclick=\"popUp=window.open(&#039;http:\/\/linkedin.com\/shareArticle?mini=true&amp;url=https%3A%2F%2Fwww.icpartners.it%2Fen%2Fdac6-cose-e-quali-adempimenti-attuare%2F&amp;title=DAC6%3A+cos%26%238217%3B%C3%A8+e+quali+adempimenti+attuare&#039;, &#039;popupwindow&#039;, &#039;scrollbars=yes,width=800,height=400&#039;);popUp.focus();return false;\">\n\t\t\t\t\t<img decoding=\"async\" itemprop=\"image\" src=\"https:\/\/www.icpartners.it\/wp-content\/uploads\/2024\/03\/ic_linkedin_news.png\" alt=\"linkedin\" \/>\n\t\t\t<\/a>\n<\/li>\t<\/ul>\n<\/div>    <\/div>\n        <\/div>\n    \n    <div class=\"mkd-read-more-holder\"><a itemprop=\"url\" href=\"https:\/\/www.icpartners.it\/en\/dac6-cose-e-quali-adempimenti-attuare\/\" target=\"_self\" style=\"font-weight: 700\" class=\"mkd-btn mkd-btn-small mkd-btn-minimal mkd-btn-icon\"  >    <span class=\"mkd-btn-text\">Read More<\/span>    <span aria-hidden=\"true\" class=\"mkd-icon-font-elegant arrow_carrot-right\" ><\/span><\/a><\/div>\n    <\/div>\n    <\/div>\n<\/li><li class=\"mkd-blog-list-item clearfix\">\n    <div class=\"mkd-blog-list-item-inner\">\n        <div class=\"mkd-item-image\">\n            <a itemprop=\"url\" href=\"https:\/\/www.icpartners.it\/en\/comprehensive-agreement-on-investment-cai-firmato-accordo-ue-cina\/\">\n                <img loading=\"lazy\" decoding=\"async\" width=\"1200\" height=\"627\" src=\"https:\/\/www.icpartners.it\/wp-content\/uploads\/2021\/01\/Articoli-2021.jpg\" class=\"attachment-full size-full wp-post-image\" alt=\"CAI\" srcset=\"https:\/\/www.icpartners.it\/wp-content\/uploads\/2021\/01\/Articoli-2021.jpg 1200w, https:\/\/www.icpartners.it\/wp-content\/uploads\/2021\/01\/Articoli-2021-300x157.jpg 300w, https:\/\/www.icpartners.it\/wp-content\/uploads\/2021\/01\/Articoli-2021-1024x535.jpg 1024w, https:\/\/www.icpartners.it\/wp-content\/uploads\/2021\/01\/Articoli-2021-296x155.jpg 296w, https:\/\/www.icpartners.it\/wp-content\/uploads\/2021\/01\/Articoli-2021-768x401.jpg 768w, https:\/\/www.icpartners.it\/wp-content\/uploads\/2021\/01\/Articoli-2021-16x8.jpg 16w\" sizes=\"auto, (max-width: 1200px) 100vw, 1200px\" \/>            <\/a>\n        <\/div>\n        <div class=\"mkd-item-text-holder\" >\n        <h4 itemprop=\"name\" class=\"mkd-item-title entry-title\">\n        <a itemprop=\"url\" href=\"https:\/\/www.icpartners.it\/en\/comprehensive-agreement-on-investment-cai-firmato-accordo-ue-cina\/\">\n            Comprehensive Agreement on Investment (CAI): Firmato l&#8217;accordo UE-CINA        <\/a>\n    <\/h4>\n\n            <p itemprop=\"description\" class=\"mkd-excerpt\">Dopo sette anni di trattative, il 30 dicembre 2020, proprio allo scadere dell\u2019anno che r...<\/p>\n    \n            <div class=\"mkd-item-info-section clearfix\">\n            <div itemprop=\"dateCreated\" class=\"mkd-post-info-date entry-date updated\">\n\n    \n        January 14, 2021\n        \n    <meta itemprop=\"interactionCount\" content=\"UserComments: 0\"\/>\n\n<\/div><div class=\"mkd-post-info-category\"><a href=\"https:\/\/www.icpartners.it\/en\/category\/cina\/\" rel=\"category tag\">CHINA<\/a> <a href=\"https:\/\/www.icpartners.it\/en\/category\/italia\/\" rel=\"category tag\">ITALY<\/a> <a href=\"https:\/\/www.icpartners.it\/en\/category\/news\/\" rel=\"category tag\">News<\/a><\/div>    <div class =\"mkd-blog-share\">\n        <div class=\"mkd-social-share-holder mkd-list\">\n\t<ul>\n\t\t<li class=\"mkd-facebook-share\">\n\t<a itemprop=\"url\" class=\"mkd-share-link\" href=\"#\" onclick=\"window.open(&#039;http:\/\/www.facebook.com\/sharer.php?u=https%3A%2F%2Fwww.icpartners.it%2Fen%2Fcomprehensive-agreement-on-investment-cai-firmato-accordo-ue-cina%2F&#039;, &#039;sharer&#039;, &#039;toolbar=0,status=0,width=620,height=280&#039;);\">\n\t\t\t\t\t<img decoding=\"async\" itemprop=\"image\" src=\"https:\/\/www.icpartners.it\/wp-content\/uploads\/2024\/03\/ic_facebook_news.png\" alt=\"facebook\" \/>\n\t\t\t<\/a>\n<\/li><li class=\"mkd-twitter-share\">\n\t<a itemprop=\"url\" class=\"mkd-share-link\" href=\"#\" onclick=\"window.open(&#039;http:\/\/twitter.com\/home?status=Dopo+sette+anni+di+trattative%2C+il+30+dicembre+2020%2C+proprio+allo+scadere+dell%E2%80%99anno+che+ricorderemo+per+la+pandemia+https:\/\/www.icpartners.it\/en\/comprehensive-agreement-on-investment-cai-firmato-accordo-ue-cina\/&#039;, &#039;popupwindow&#039;, &#039;scrollbars=yes,width=800,height=400&#039;);\">\n\t\t\t\t\t<img decoding=\"async\" itemprop=\"image\" src=\"https:\/\/www.icpartners.it\/wp-content\/uploads\/2024\/03\/ic_twitter-x_news.png\" alt=\"twitter\" \/>\n\t\t\t<\/a>\n<\/li><li class=\"mkd-linkedin-share\">\n\t<a itemprop=\"url\" class=\"mkd-share-link\" href=\"#\" onclick=\"popUp=window.open(&#039;http:\/\/linkedin.com\/shareArticle?mini=true&amp;url=https%3A%2F%2Fwww.icpartners.it%2Fen%2Fcomprehensive-agreement-on-investment-cai-firmato-accordo-ue-cina%2F&amp;title=Comprehensive+Agreement+on+Investment+%28CAI%29%3A+Firmato+l%26%238217%3Baccordo+UE-CINA&#039;, &#039;popupwindow&#039;, &#039;scrollbars=yes,width=800,height=400&#039;);popUp.focus();return false;\">\n\t\t\t\t\t<img decoding=\"async\" itemprop=\"image\" src=\"https:\/\/www.icpartners.it\/wp-content\/uploads\/2024\/03\/ic_linkedin_news.png\" alt=\"linkedin\" \/>\n\t\t\t<\/a>\n<\/li>\t<\/ul>\n<\/div>    <\/div>\n        <\/div>\n    \n    <div class=\"mkd-read-more-holder\"><a itemprop=\"url\" href=\"https:\/\/www.icpartners.it\/en\/comprehensive-agreement-on-investment-cai-firmato-accordo-ue-cina\/\" target=\"_self\" style=\"font-weight: 700\" class=\"mkd-btn mkd-btn-small mkd-btn-minimal mkd-btn-icon\"  >    <span class=\"mkd-btn-text\">Read More<\/span>    <span aria-hidden=\"true\" class=\"mkd-icon-font-elegant arrow_carrot-right\" ><\/span><\/a><\/div>\n    <\/div>\n    <\/div>\n<\/li><li class=\"mkd-blog-list-item clearfix\">\n    <div class=\"mkd-blog-list-item-inner\">\n        <div class=\"mkd-item-image\">\n            <a itemprop=\"url\" href=\"https:\/\/www.icpartners.it\/en\/le-pmi-vanno-allestero-viaggiando-in-comitiva\/\">\n                <img loading=\"lazy\" decoding=\"async\" width=\"1200\" height=\"627\" src=\"https:\/\/www.icpartners.it\/wp-content\/uploads\/2021\/01\/Articoli-2021.png\" class=\"attachment-full size-full wp-post-image\" alt=\"Economy mag\" srcset=\"https:\/\/www.icpartners.it\/wp-content\/uploads\/2021\/01\/Articoli-2021.png 1200w, https:\/\/www.icpartners.it\/wp-content\/uploads\/2021\/01\/Articoli-2021-300x157.png 300w, https:\/\/www.icpartners.it\/wp-content\/uploads\/2021\/01\/Articoli-2021-1024x535.png 1024w, https:\/\/www.icpartners.it\/wp-content\/uploads\/2021\/01\/Articoli-2021-296x155.png 296w, https:\/\/www.icpartners.it\/wp-content\/uploads\/2021\/01\/Articoli-2021-768x401.png 768w, https:\/\/www.icpartners.it\/wp-content\/uploads\/2021\/01\/Articoli-2021-16x8.png 16w\" sizes=\"auto, (max-width: 1200px) 100vw, 1200px\" \/>            <\/a>\n        <\/div>\n        <div class=\"mkd-item-text-holder\" >\n        <h4 itemprop=\"name\" class=\"mkd-item-title entry-title\">\n        <a itemprop=\"url\" href=\"https:\/\/www.icpartners.it\/en\/le-pmi-vanno-allestero-viaggiando-in-comitiva\/\">\n            LE PMI VANNO ALL\u2019ESTERO VIAGGIANDO IN COMITIVA        <\/a>\n    <\/h4>\n\n            <p itemprop=\"description\" class=\"mkd-excerpt\">Il 95% delle 197mila aziende esportatrici italiane ha un massimo di 10 dipendenti. Ecco pe...<\/p>\n    \n            <div class=\"mkd-item-info-section clearfix\">\n            <div itemprop=\"dateCreated\" class=\"mkd-post-info-date entry-date updated\">\n\n    \n        January 11, 2021\n        \n    <meta itemprop=\"interactionCount\" content=\"UserComments: 0\"\/>\n\n<\/div><div class=\"mkd-post-info-category\"><a href=\"https:\/\/www.icpartners.it\/en\/category\/italia\/\" rel=\"category tag\">ITALY<\/a> <a href=\"https:\/\/www.icpartners.it\/en\/category\/mondo\/\" rel=\"category tag\">Mondo<\/a> <a href=\"https:\/\/www.icpartners.it\/en\/category\/news\/\" rel=\"category tag\">News<\/a><\/div>    <div class =\"mkd-blog-share\">\n        <div class=\"mkd-social-share-holder mkd-list\">\n\t<ul>\n\t\t<li class=\"mkd-facebook-share\">\n\t<a itemprop=\"url\" class=\"mkd-share-link\" href=\"#\" onclick=\"window.open(&#039;http:\/\/www.facebook.com\/sharer.php?u=https%3A%2F%2Fwww.icpartners.it%2Fen%2Fle-pmi-vanno-allestero-viaggiando-in-comitiva%2F&#039;, &#039;sharer&#039;, &#039;toolbar=0,status=0,width=620,height=280&#039;);\">\n\t\t\t\t\t<img decoding=\"async\" itemprop=\"image\" src=\"https:\/\/www.icpartners.it\/wp-content\/uploads\/2024\/03\/ic_facebook_news.png\" alt=\"facebook\" \/>\n\t\t\t<\/a>\n<\/li><li class=\"mkd-twitter-share\">\n\t<a itemprop=\"url\" class=\"mkd-share-link\" href=\"#\" onclick=\"window.open(&#039;http:\/\/twitter.com\/home?status=Il+95%25+delle+197mila+aziende+esportatrici+italiane+ha+un+massimo+di+10+dipendenti.+Ecco+perch%C3%A9+occorre+fare+sistema+https:\/\/www.icpartners.it\/en\/le-pmi-vanno-allestero-viaggiando-in-comitiva\/&#039;, &#039;popupwindow&#039;, &#039;scrollbars=yes,width=800,height=400&#039;);\">\n\t\t\t\t\t<img decoding=\"async\" itemprop=\"image\" src=\"https:\/\/www.icpartners.it\/wp-content\/uploads\/2024\/03\/ic_twitter-x_news.png\" alt=\"twitter\" \/>\n\t\t\t<\/a>\n<\/li><li class=\"mkd-linkedin-share\">\n\t<a itemprop=\"url\" class=\"mkd-share-link\" href=\"#\" onclick=\"popUp=window.open(&#039;http:\/\/linkedin.com\/shareArticle?mini=true&amp;url=https%3A%2F%2Fwww.icpartners.it%2Fen%2Fle-pmi-vanno-allestero-viaggiando-in-comitiva%2F&amp;title=LE+PMI+VANNO+ALL%E2%80%99ESTERO+VIAGGIANDO+IN+COMITIVA&#039;, &#039;popupwindow&#039;, &#039;scrollbars=yes,width=800,height=400&#039;);popUp.focus();return false;\">\n\t\t\t\t\t<img decoding=\"async\" itemprop=\"image\" src=\"https:\/\/www.icpartners.it\/wp-content\/uploads\/2024\/03\/ic_linkedin_news.png\" alt=\"linkedin\" \/>\n\t\t\t<\/a>\n<\/li>\t<\/ul>\n<\/div>    <\/div>\n        <\/div>\n    \n    <div class=\"mkd-read-more-holder\"><a itemprop=\"url\" href=\"https:\/\/www.icpartners.it\/en\/le-pmi-vanno-allestero-viaggiando-in-comitiva\/\" target=\"_self\" style=\"font-weight: 700\" class=\"mkd-btn mkd-btn-small mkd-btn-minimal mkd-btn-icon\"  >    <span class=\"mkd-btn-text\">Read More<\/span>    <span aria-hidden=\"true\" class=\"mkd-icon-font-elegant arrow_carrot-right\" ><\/span><\/a><\/div>\n    <\/div>\n    <\/div>\n<\/li><li class=\"mkd-blog-list-item clearfix\">\n    <div class=\"mkd-blog-list-item-inner\">\n        <div class=\"mkd-item-image\">\n            <a itemprop=\"url\" href=\"https:\/\/www.icpartners.it\/en\/ulivi-dal-mondo-il-mondo-riforesta-il-salento\/\">\n                <img loading=\"lazy\" decoding=\"async\" width=\"1200\" height=\"627\" src=\"https:\/\/www.icpartners.it\/wp-content\/uploads\/2020\/12\/CS-Ulivi-dal-Mondo.png\" class=\"attachment-full size-full wp-post-image\" alt=\"\" srcset=\"https:\/\/www.icpartners.it\/wp-content\/uploads\/2020\/12\/CS-Ulivi-dal-Mondo.png 1200w, https:\/\/www.icpartners.it\/wp-content\/uploads\/2020\/12\/CS-Ulivi-dal-Mondo-300x157.png 300w, https:\/\/www.icpartners.it\/wp-content\/uploads\/2020\/12\/CS-Ulivi-dal-Mondo-1024x535.png 1024w, https:\/\/www.icpartners.it\/wp-content\/uploads\/2020\/12\/CS-Ulivi-dal-Mondo-296x155.png 296w, https:\/\/www.icpartners.it\/wp-content\/uploads\/2020\/12\/CS-Ulivi-dal-Mondo-768x401.png 768w, https:\/\/www.icpartners.it\/wp-content\/uploads\/2020\/12\/CS-Ulivi-dal-Mondo-16x8.png 16w\" sizes=\"auto, (max-width: 1200px) 100vw, 1200px\" \/>            <\/a>\n        <\/div>\n        <div class=\"mkd-item-text-holder\" >\n        <h4 itemprop=\"name\" class=\"mkd-item-title entry-title\">\n        <a itemprop=\"url\" href=\"https:\/\/www.icpartners.it\/en\/ulivi-dal-mondo-il-mondo-riforesta-il-salento\/\">\n            \u201cULIVI DAL MONDO\u201d \u2013 Il mondo riforesta il Salento        <\/a>\n    <\/h4>\n\n            <p itemprop=\"description\" class=\"mkd-excerpt\">CAMPAGNA DI SENSIBILIZZAZIONE ALL\u2019ADOZIONE DI ULIVI PER FAVORIRE LA RIFORESTAZIONE DEL S...<\/p>\n    \n            <div class=\"mkd-item-info-section clearfix\">\n            <div itemprop=\"dateCreated\" class=\"mkd-post-info-date entry-date updated\">\n\n    \n        December 13, 2020\n        \n    <meta itemprop=\"interactionCount\" content=\"UserComments: 0\"\/>\n\n<\/div><div class=\"mkd-post-info-category\"><a href=\"https:\/\/www.icpartners.it\/en\/category\/italia\/\" rel=\"category tag\">ITALY<\/a> <a href=\"https:\/\/www.icpartners.it\/en\/category\/mondo\/\" rel=\"category tag\">Mondo<\/a> <a href=\"https:\/\/www.icpartners.it\/en\/category\/news\/\" rel=\"category tag\">News<\/a><\/div>    <div class =\"mkd-blog-share\">\n        <div class=\"mkd-social-share-holder mkd-list\">\n\t<ul>\n\t\t<li class=\"mkd-facebook-share\">\n\t<a itemprop=\"url\" class=\"mkd-share-link\" href=\"#\" onclick=\"window.open(&#039;http:\/\/www.facebook.com\/sharer.php?u=https%3A%2F%2Fwww.icpartners.it%2Fen%2Fulivi-dal-mondo-il-mondo-riforesta-il-salento%2F&#039;, &#039;sharer&#039;, &#039;toolbar=0,status=0,width=620,height=280&#039;);\">\n\t\t\t\t\t<img decoding=\"async\" itemprop=\"image\" src=\"https:\/\/www.icpartners.it\/wp-content\/uploads\/2024\/03\/ic_facebook_news.png\" alt=\"facebook\" \/>\n\t\t\t<\/a>\n<\/li><li class=\"mkd-twitter-share\">\n\t<a itemprop=\"url\" class=\"mkd-share-link\" href=\"#\" onclick=\"window.open(&#039;http:\/\/twitter.com\/home?status=CAMPAGNA+DI+SENSIBILIZZAZIONE+ALL%E2%80%99ADOZIONE+DI+ULIVI+PER+FAVORIRE+LA+RIFORESTAZIONE+DEL+SALENTO+Se+siete+stati+in+https:\/\/www.icpartners.it\/en\/ulivi-dal-mondo-il-mondo-riforesta-il-salento\/&#039;, &#039;popupwindow&#039;, &#039;scrollbars=yes,width=800,height=400&#039;);\">\n\t\t\t\t\t<img decoding=\"async\" itemprop=\"image\" src=\"https:\/\/www.icpartners.it\/wp-content\/uploads\/2024\/03\/ic_twitter-x_news.png\" alt=\"twitter\" \/>\n\t\t\t<\/a>\n<\/li><li class=\"mkd-linkedin-share\">\n\t<a itemprop=\"url\" class=\"mkd-share-link\" href=\"#\" onclick=\"popUp=window.open(&#039;http:\/\/linkedin.com\/shareArticle?mini=true&amp;url=https%3A%2F%2Fwww.icpartners.it%2Fen%2Fulivi-dal-mondo-il-mondo-riforesta-il-salento%2F&amp;title=%E2%80%9CULIVI+DAL+MONDO%E2%80%9D+%E2%80%93+Il+mondo+riforesta+il+Salento&#039;, &#039;popupwindow&#039;, &#039;scrollbars=yes,width=800,height=400&#039;);popUp.focus();return false;\">\n\t\t\t\t\t<img decoding=\"async\" itemprop=\"image\" src=\"https:\/\/www.icpartners.it\/wp-content\/uploads\/2024\/03\/ic_linkedin_news.png\" alt=\"linkedin\" \/>\n\t\t\t<\/a>\n<\/li>\t<\/ul>\n<\/div>    <\/div>\n        <\/div>\n    \n    <div class=\"mkd-read-more-holder\"><a itemprop=\"url\" href=\"https:\/\/www.icpartners.it\/en\/ulivi-dal-mondo-il-mondo-riforesta-il-salento\/\" target=\"_self\" style=\"font-weight: 700\" class=\"mkd-btn mkd-btn-small mkd-btn-minimal mkd-btn-icon\"  >    <span class=\"mkd-btn-text\">Read More<\/span>    <span aria-hidden=\"true\" class=\"mkd-icon-font-elegant arrow_carrot-right\" ><\/span><\/a><\/div>\n    <\/div>\n    <\/div>\n<\/li><li class=\"mkd-blog-list-item clearfix\">\n    <div class=\"mkd-blog-list-item-inner\">\n        <div class=\"mkd-item-image\">\n            <a itemprop=\"url\" href=\"https:\/\/www.icpartners.it\/en\/nasce-negotium-mundi\/\">\n                <img loading=\"lazy\" decoding=\"async\" width=\"1200\" height=\"627\" src=\"https:\/\/www.icpartners.it\/wp-content\/uploads\/2020\/11\/Articoli-2020-36.png\" class=\"attachment-full size-full wp-post-image\" alt=\"Negotium Mundi\" srcset=\"https:\/\/www.icpartners.it\/wp-content\/uploads\/2020\/11\/Articoli-2020-36.png 1200w, https:\/\/www.icpartners.it\/wp-content\/uploads\/2020\/11\/Articoli-2020-36-300x157.png 300w, https:\/\/www.icpartners.it\/wp-content\/uploads\/2020\/11\/Articoli-2020-36-1024x535.png 1024w, https:\/\/www.icpartners.it\/wp-content\/uploads\/2020\/11\/Articoli-2020-36-296x155.png 296w, https:\/\/www.icpartners.it\/wp-content\/uploads\/2020\/11\/Articoli-2020-36-768x401.png 768w, https:\/\/www.icpartners.it\/wp-content\/uploads\/2020\/11\/Articoli-2020-36-16x8.png 16w\" sizes=\"auto, (max-width: 1200px) 100vw, 1200px\" \/>            <\/a>\n        <\/div>\n        <div class=\"mkd-item-text-holder\" >\n        <h4 itemprop=\"name\" class=\"mkd-item-title entry-title\">\n        <a itemprop=\"url\" href=\"https:\/\/www.icpartners.it\/en\/nasce-negotium-mundi\/\">\n            Nasce Negotium Mundi        <\/a>\n    <\/h4>\n\n            <p itemprop=\"description\" class=\"mkd-excerpt\">Negotium Mundi \u00e8 una associazione internazionale; nata in Italia ma i cui membri si sento...<\/p>\n    \n            <div class=\"mkd-item-info-section clearfix\">\n            <div itemprop=\"dateCreated\" class=\"mkd-post-info-date entry-date updated\">\n\n    \n        November 10, 2020\n        \n    <meta itemprop=\"interactionCount\" content=\"UserComments: 0\"\/>\n\n<\/div><div class=\"mkd-post-info-category\"><a href=\"https:\/\/www.icpartners.it\/en\/category\/italia\/\" rel=\"category tag\">ITALY<\/a> <a href=\"https:\/\/www.icpartners.it\/en\/category\/news\/\" rel=\"category tag\">News<\/a><\/div>    <div class =\"mkd-blog-share\">\n        <div class=\"mkd-social-share-holder mkd-list\">\n\t<ul>\n\t\t<li class=\"mkd-facebook-share\">\n\t<a itemprop=\"url\" class=\"mkd-share-link\" href=\"#\" onclick=\"window.open(&#039;http:\/\/www.facebook.com\/sharer.php?u=https%3A%2F%2Fwww.icpartners.it%2Fen%2Fnasce-negotium-mundi%2F&#039;, &#039;sharer&#039;, &#039;toolbar=0,status=0,width=620,height=280&#039;);\">\n\t\t\t\t\t<img decoding=\"async\" itemprop=\"image\" src=\"https:\/\/www.icpartners.it\/wp-content\/uploads\/2024\/03\/ic_facebook_news.png\" alt=\"facebook\" \/>\n\t\t\t<\/a>\n<\/li><li class=\"mkd-twitter-share\">\n\t<a itemprop=\"url\" class=\"mkd-share-link\" href=\"#\" onclick=\"window.open(&#039;http:\/\/twitter.com\/home?status=Negotium+Mundi+%C3%A8+una+associazione+internazionale%3B+nata+in+Italia+ma+i+cui+membri+si+sentono+cittadini+del+mondo+nel+https:\/\/www.icpartners.it\/en\/nasce-negotium-mundi\/&#039;, &#039;popupwindow&#039;, &#039;scrollbars=yes,width=800,height=400&#039;);\">\n\t\t\t\t\t<img decoding=\"async\" itemprop=\"image\" src=\"https:\/\/www.icpartners.it\/wp-content\/uploads\/2024\/03\/ic_twitter-x_news.png\" alt=\"twitter\" \/>\n\t\t\t<\/a>\n<\/li><li class=\"mkd-linkedin-share\">\n\t<a itemprop=\"url\" class=\"mkd-share-link\" href=\"#\" onclick=\"popUp=window.open(&#039;http:\/\/linkedin.com\/shareArticle?mini=true&amp;url=https%3A%2F%2Fwww.icpartners.it%2Fen%2Fnasce-negotium-mundi%2F&amp;title=Nasce+Negotium+Mundi&#039;, &#039;popupwindow&#039;, &#039;scrollbars=yes,width=800,height=400&#039;);popUp.focus();return false;\">\n\t\t\t\t\t<img decoding=\"async\" itemprop=\"image\" src=\"https:\/\/www.icpartners.it\/wp-content\/uploads\/2024\/03\/ic_linkedin_news.png\" alt=\"linkedin\" \/>\n\t\t\t<\/a>\n<\/li>\t<\/ul>\n<\/div>    <\/div>\n        <\/div>\n    \n    <div class=\"mkd-read-more-holder\"><a itemprop=\"url\" href=\"https:\/\/www.icpartners.it\/en\/nasce-negotium-mundi\/\" target=\"_self\" style=\"font-weight: 700\" class=\"mkd-btn mkd-btn-small mkd-btn-minimal mkd-btn-icon\"  >    <span class=\"mkd-btn-text\">Read More<\/span>    <span aria-hidden=\"true\" class=\"mkd-icon-font-elegant arrow_carrot-right\" ><\/span><\/a><\/div>\n    <\/div>\n    <\/div>\n<\/li><li class=\"mkd-blog-list-item clearfix\">\n    <div class=\"mkd-blog-list-item-inner\">\n        <div class=\"mkd-item-image\">\n            <a itemprop=\"url\" href=\"https:\/\/www.icpartners.it\/en\/a-colazione-con-lucio-maria-brunozzi-2\/\">\n                <img loading=\"lazy\" decoding=\"async\" width=\"1200\" height=\"627\" src=\"https:\/\/www.icpartners.it\/wp-content\/uploads\/2020\/03\/Articoli-2020-14.png\" class=\"attachment-full size-full wp-post-image\" alt=\"A colazione con\" \/>            <\/a>\n        <\/div>\n        <div class=\"mkd-item-text-holder\" >\n        <h4 itemprop=\"name\" class=\"mkd-item-title entry-title\">\n        <a itemprop=\"url\" href=\"https:\/\/www.icpartners.it\/en\/a-colazione-con-lucio-maria-brunozzi-2\/\">\n            A Colazione con&#8230;.. Lucio Maria Brunozzi        <\/a>\n    <\/h4>\n\n            <p itemprop=\"description\" class=\"mkd-excerpt\">&nbsp; MISURE ANTIDUMPING UE E\u00a0 HARD BREXIT I) L\u2019export italiano verso il Regno Unito n...<\/p>\n    \n            <div class=\"mkd-item-info-section clearfix\">\n            <div itemprop=\"dateCreated\" class=\"mkd-post-info-date entry-date updated\">\n\n    \n        November 6, 2020\n        \n    <meta itemprop=\"interactionCount\" content=\"UserComments: 0\"\/>\n\n<\/div><div class=\"mkd-post-info-category\"><a href=\"https:\/\/www.icpartners.it\/en\/category\/italia\/\" rel=\"category tag\">ITALY<\/a> <a href=\"https:\/\/www.icpartners.it\/en\/category\/news\/\" rel=\"category tag\">News<\/a><\/div>    <div class =\"mkd-blog-share\">\n        <div class=\"mkd-social-share-holder mkd-list\">\n\t<ul>\n\t\t<li class=\"mkd-facebook-share\">\n\t<a itemprop=\"url\" class=\"mkd-share-link\" href=\"#\" onclick=\"window.open(&#039;http:\/\/www.facebook.com\/sharer.php?u=https%3A%2F%2Fwww.icpartners.it%2Fen%2Fa-colazione-con-lucio-maria-brunozzi-2%2F&#039;, &#039;sharer&#039;, &#039;toolbar=0,status=0,width=620,height=280&#039;);\">\n\t\t\t\t\t<img decoding=\"async\" itemprop=\"image\" src=\"https:\/\/www.icpartners.it\/wp-content\/uploads\/2024\/03\/ic_facebook_news.png\" alt=\"facebook\" \/>\n\t\t\t<\/a>\n<\/li><li class=\"mkd-twitter-share\">\n\t<a itemprop=\"url\" class=\"mkd-share-link\" href=\"#\" onclick=\"window.open(&#039;http:\/\/twitter.com\/home?status=%26nbsp%3B+MISURE+ANTIDUMPING+UE+E%C2%A0+HARD+BREXIT+I%29+L%E2%80%99export+italiano+verso+il+Regno+Unito+nel+2019+%C3%A8+stato+di+circa+25+https:\/\/www.icpartners.it\/en\/a-colazione-con-lucio-maria-brunozzi-2\/&#039;, &#039;popupwindow&#039;, &#039;scrollbars=yes,width=800,height=400&#039;);\">\n\t\t\t\t\t<img decoding=\"async\" itemprop=\"image\" src=\"https:\/\/www.icpartners.it\/wp-content\/uploads\/2024\/03\/ic_twitter-x_news.png\" alt=\"twitter\" \/>\n\t\t\t<\/a>\n<\/li><li class=\"mkd-linkedin-share\">\n\t<a itemprop=\"url\" class=\"mkd-share-link\" href=\"#\" onclick=\"popUp=window.open(&#039;http:\/\/linkedin.com\/shareArticle?mini=true&amp;url=https%3A%2F%2Fwww.icpartners.it%2Fen%2Fa-colazione-con-lucio-maria-brunozzi-2%2F&amp;title=A+Colazione+con%26%238230%3B..+Lucio+Maria+Brunozzi&#039;, &#039;popupwindow&#039;, &#039;scrollbars=yes,width=800,height=400&#039;);popUp.focus();return false;\">\n\t\t\t\t\t<img decoding=\"async\" itemprop=\"image\" src=\"https:\/\/www.icpartners.it\/wp-content\/uploads\/2024\/03\/ic_linkedin_news.png\" alt=\"linkedin\" \/>\n\t\t\t<\/a>\n<\/li>\t<\/ul>\n<\/div>    <\/div>\n        <\/div>\n    \n    <div class=\"mkd-read-more-holder\"><a itemprop=\"url\" href=\"https:\/\/www.icpartners.it\/en\/a-colazione-con-lucio-maria-brunozzi-2\/\" target=\"_self\" style=\"font-weight: 700\" class=\"mkd-btn mkd-btn-small mkd-btn-minimal mkd-btn-icon\"  >    <span class=\"mkd-btn-text\">Read More<\/span>    <span aria-hidden=\"true\" class=\"mkd-icon-font-elegant arrow_carrot-right\" ><\/span><\/a><\/div>\n    <\/div>\n    <\/div>\n<\/li><li class=\"mkd-blog-list-item clearfix\">\n    <div class=\"mkd-blog-list-item-inner\">\n        <div class=\"mkd-item-image\">\n            <a itemprop=\"url\" href=\"https:\/\/www.icpartners.it\/en\/finanziamenti-simest-temporanea-sospensione-dei-fondi\/\">\n                <img loading=\"lazy\" decoding=\"async\" width=\"1200\" height=\"627\" src=\"https:\/\/www.icpartners.it\/wp-content\/uploads\/2020\/10\/Simest_fondi.png\" class=\"attachment-full size-full wp-post-image\" alt=\"\" srcset=\"https:\/\/www.icpartners.it\/wp-content\/uploads\/2020\/10\/Simest_fondi.png 1200w, https:\/\/www.icpartners.it\/wp-content\/uploads\/2020\/10\/Simest_fondi-300x157.png 300w, https:\/\/www.icpartners.it\/wp-content\/uploads\/2020\/10\/Simest_fondi-1024x535.png 1024w, https:\/\/www.icpartners.it\/wp-content\/uploads\/2020\/10\/Simest_fondi-768x401.png 768w, https:\/\/www.icpartners.it\/wp-content\/uploads\/2020\/10\/Simest_fondi-16x8.png 16w\" sizes=\"auto, (max-width: 1200px) 100vw, 1200px\" \/>            <\/a>\n        <\/div>\n        <div class=\"mkd-item-text-holder\" >\n        <h4 itemprop=\"name\" class=\"mkd-item-title entry-title\">\n        <a itemprop=\"url\" href=\"https:\/\/www.icpartners.it\/en\/finanziamenti-simest-temporanea-sospensione-dei-fondi\/\">\n            Finanziamenti SIMEST: Temporanea sospensione dei fondi        <\/a>\n    <\/h4>\n\n            <p itemprop=\"description\" class=\"mkd-excerpt\">Simest annuncia la temporanea sospensione della ricezione di nuove domande per i finanziam...<\/p>\n    \n            <div class=\"mkd-item-info-section clearfix\">\n            <div itemprop=\"dateCreated\" class=\"mkd-post-info-date entry-date updated\">\n\n    \n        October 22, 2020\n        \n    <meta itemprop=\"interactionCount\" content=\"UserComments: 0\"\/>\n\n<\/div><div class=\"mkd-post-info-category\"><a href=\"https:\/\/www.icpartners.it\/en\/category\/italia\/\" rel=\"category tag\">ITALY<\/a> <a href=\"https:\/\/www.icpartners.it\/en\/category\/mondo\/\" rel=\"category tag\">Mondo<\/a> <a href=\"https:\/\/www.icpartners.it\/en\/category\/news\/\" rel=\"category tag\">News<\/a><\/div>    <div class =\"mkd-blog-share\">\n        <div class=\"mkd-social-share-holder mkd-list\">\n\t<ul>\n\t\t<li class=\"mkd-facebook-share\">\n\t<a itemprop=\"url\" class=\"mkd-share-link\" href=\"#\" onclick=\"window.open(&#039;http:\/\/www.facebook.com\/sharer.php?u=https%3A%2F%2Fwww.icpartners.it%2Fen%2Ffinanziamenti-simest-temporanea-sospensione-dei-fondi%2F&#039;, &#039;sharer&#039;, &#039;toolbar=0,status=0,width=620,height=280&#039;);\">\n\t\t\t\t\t<img decoding=\"async\" itemprop=\"image\" src=\"https:\/\/www.icpartners.it\/wp-content\/uploads\/2024\/03\/ic_facebook_news.png\" alt=\"facebook\" \/>\n\t\t\t<\/a>\n<\/li><li class=\"mkd-twitter-share\">\n\t<a itemprop=\"url\" class=\"mkd-share-link\" href=\"#\" onclick=\"window.open(&#039;http:\/\/twitter.com\/home?status=Simest+annuncia+la+temporanea+sospensione+della+ricezione+di+nuove+domande+per+i+finanziamenti+%E2%80%93+in+atto+dalle+14.00+https:\/\/www.icpartners.it\/en\/finanziamenti-simest-temporanea-sospensione-dei-fondi\/&#039;, &#039;popupwindow&#039;, &#039;scrollbars=yes,width=800,height=400&#039;);\">\n\t\t\t\t\t<img decoding=\"async\" itemprop=\"image\" src=\"https:\/\/www.icpartners.it\/wp-content\/uploads\/2024\/03\/ic_twitter-x_news.png\" alt=\"twitter\" \/>\n\t\t\t<\/a>\n<\/li><li class=\"mkd-linkedin-share\">\n\t<a itemprop=\"url\" class=\"mkd-share-link\" href=\"#\" onclick=\"popUp=window.open(&#039;http:\/\/linkedin.com\/shareArticle?mini=true&amp;url=https%3A%2F%2Fwww.icpartners.it%2Fen%2Ffinanziamenti-simest-temporanea-sospensione-dei-fondi%2F&amp;title=Finanziamenti+SIMEST%3A+Temporanea+sospensione+dei+fondi&#039;, &#039;popupwindow&#039;, &#039;scrollbars=yes,width=800,height=400&#039;);popUp.focus();return false;\">\n\t\t\t\t\t<img decoding=\"async\" itemprop=\"image\" src=\"https:\/\/www.icpartners.it\/wp-content\/uploads\/2024\/03\/ic_linkedin_news.png\" alt=\"linkedin\" \/>\n\t\t\t<\/a>\n<\/li>\t<\/ul>\n<\/div>    <\/div>\n        <\/div>\n    \n    <div class=\"mkd-read-more-holder\"><a itemprop=\"url\" href=\"https:\/\/www.icpartners.it\/en\/finanziamenti-simest-temporanea-sospensione-dei-fondi\/\" target=\"_self\" style=\"font-weight: 700\" class=\"mkd-btn mkd-btn-small mkd-btn-minimal mkd-btn-icon\"  >    <span class=\"mkd-btn-text\">Read More<\/span>    <span aria-hidden=\"true\" class=\"mkd-icon-font-elegant arrow_carrot-right\" ><\/span><\/a><\/div>\n    <\/div>\n    <\/div>\n<\/li><li class=\"mkd-blog-list-item clearfix\">\n    <div class=\"mkd-blog-list-item-inner\">\n        <div class=\"mkd-item-image\">\n            <a itemprop=\"url\" href=\"https:\/\/www.icpartners.it\/en\/a-colazione-con-lucio-maria-brunozzi\/\">\n                <img loading=\"lazy\" decoding=\"async\" width=\"1200\" height=\"627\" src=\"https:\/\/www.icpartners.it\/wp-content\/uploads\/2020\/03\/Articoli-2020-14.png\" class=\"attachment-full size-full wp-post-image\" alt=\"A colazione con\" \/>            <\/a>\n        <\/div>\n        <div class=\"mkd-item-text-holder\" >\n        <h4 itemprop=\"name\" class=\"mkd-item-title entry-title\">\n        <a itemprop=\"url\" href=\"https:\/\/www.icpartners.it\/en\/a-colazione-con-lucio-maria-brunozzi\/\">\n            A Colazione con&#8230;..Lucio Maria Brunozzi        <\/a>\n    <\/h4>\n\n            <p itemprop=\"description\" class=\"mkd-excerpt\">Pandemia 2020 da coronavirus: chi paga i danni?Parte 1\/2 Articolo pubblicato sul n. 129 di...<\/p>\n    \n            <div class=\"mkd-item-info-section clearfix\">\n            <div itemprop=\"dateCreated\" class=\"mkd-post-info-date entry-date updated\">\n\n    \n        September 4, 2020\n        \n    <meta itemprop=\"interactionCount\" content=\"UserComments: 0\"\/>\n\n<\/div><div class=\"mkd-post-info-category\"><a href=\"https:\/\/www.icpartners.it\/en\/category\/italia\/\" rel=\"category tag\">ITALY<\/a><\/div>    <div class =\"mkd-blog-share\">\n        <div class=\"mkd-social-share-holder mkd-list\">\n\t<ul>\n\t\t<li class=\"mkd-facebook-share\">\n\t<a itemprop=\"url\" class=\"mkd-share-link\" href=\"#\" onclick=\"window.open(&#039;http:\/\/www.facebook.com\/sharer.php?u=https%3A%2F%2Fwww.icpartners.it%2Fen%2Fa-colazione-con-lucio-maria-brunozzi%2F&#039;, &#039;sharer&#039;, &#039;toolbar=0,status=0,width=620,height=280&#039;);\">\n\t\t\t\t\t<img decoding=\"async\" itemprop=\"image\" src=\"https:\/\/www.icpartners.it\/wp-content\/uploads\/2024\/03\/ic_facebook_news.png\" alt=\"facebook\" \/>\n\t\t\t<\/a>\n<\/li><li class=\"mkd-twitter-share\">\n\t<a itemprop=\"url\" class=\"mkd-share-link\" href=\"#\" onclick=\"window.open(&#039;http:\/\/twitter.com\/home?status=Pandemia+2020+da+coronavirus%3A+chi+paga+i+danni%3FParte+1%2F2+Articolo+pubblicato+sul+n.+129+di+Caosmanagement+I+%29+Sullo+https:\/\/www.icpartners.it\/en\/a-colazione-con-lucio-maria-brunozzi\/&#039;, &#039;popupwindow&#039;, &#039;scrollbars=yes,width=800,height=400&#039;);\">\n\t\t\t\t\t<img decoding=\"async\" itemprop=\"image\" src=\"https:\/\/www.icpartners.it\/wp-content\/uploads\/2024\/03\/ic_twitter-x_news.png\" alt=\"twitter\" \/>\n\t\t\t<\/a>\n<\/li><li class=\"mkd-linkedin-share\">\n\t<a itemprop=\"url\" class=\"mkd-share-link\" href=\"#\" onclick=\"popUp=window.open(&#039;http:\/\/linkedin.com\/shareArticle?mini=true&amp;url=https%3A%2F%2Fwww.icpartners.it%2Fen%2Fa-colazione-con-lucio-maria-brunozzi%2F&amp;title=A+Colazione+con%26%238230%3B..Lucio+Maria+Brunozzi&#039;, &#039;popupwindow&#039;, &#039;scrollbars=yes,width=800,height=400&#039;);popUp.focus();return false;\">\n\t\t\t\t\t<img decoding=\"async\" itemprop=\"image\" src=\"https:\/\/www.icpartners.it\/wp-content\/uploads\/2024\/03\/ic_linkedin_news.png\" alt=\"linkedin\" \/>\n\t\t\t<\/a>\n<\/li>\t<\/ul>\n<\/div>    <\/div>\n        <\/div>\n    \n    <div class=\"mkd-read-more-holder\"><a itemprop=\"url\" href=\"https:\/\/www.icpartners.it\/en\/a-colazione-con-lucio-maria-brunozzi\/\" target=\"_self\" style=\"font-weight: 700\" class=\"mkd-btn mkd-btn-small mkd-btn-minimal mkd-btn-icon\"  >    <span class=\"mkd-btn-text\">Read More<\/span>    <span aria-hidden=\"true\" class=\"mkd-icon-font-elegant arrow_carrot-right\" ><\/span><\/a><\/div>\n    <\/div>\n    <\/div>\n<\/li><li class=\"mkd-blog-list-item clearfix\">\n    <div class=\"mkd-blog-list-item-inner\">\n        <div class=\"mkd-item-image\">\n            <a itemprop=\"url\" href=\"https:\/\/www.icpartners.it\/en\/estensione-ai-paesi-dellunione-europea-operativita-del-fondo-394-81-di-simest\/\">\n                <img loading=\"lazy\" decoding=\"async\" width=\"1200\" height=\"627\" src=\"https:\/\/www.icpartners.it\/wp-content\/uploads\/2020\/07\/Articoli-2020-29.png\" class=\"attachment-full size-full wp-post-image\" alt=\"Simest\" \/>            <\/a>\n        <\/div>\n        <div class=\"mkd-item-text-holder\" >\n        <h4 itemprop=\"name\" class=\"mkd-item-title entry-title\">\n        <a itemprop=\"url\" href=\"https:\/\/www.icpartners.it\/en\/estensione-ai-paesi-dellunione-europea-operativita-del-fondo-394-81-di-simest\/\">\n            Estensione ai Paesi dell\u2019Unione Europea dell\u2019operativit\u00e0 del fondo 394\/81 di SIMEST        <\/a>\n    <\/h4>\n\n            <p itemprop=\"description\" class=\"mkd-excerpt\">Pubblicate il 28 Luglio in gazzetta ufficiale le novit\u00e0 riguardanti gli strumenti SIMEST ...<\/p>\n    \n            <div class=\"mkd-item-info-section clearfix\">\n            <div itemprop=\"dateCreated\" class=\"mkd-post-info-date entry-date updated\">\n\n    \n        August 5, 2020\n        \n    <meta itemprop=\"interactionCount\" content=\"UserComments: 0\"\/>\n\n<\/div><div class=\"mkd-post-info-category\"><a href=\"https:\/\/www.icpartners.it\/en\/category\/italia\/\" rel=\"category tag\">ITALY<\/a> <a href=\"https:\/\/www.icpartners.it\/en\/category\/news\/\" rel=\"category tag\">News<\/a><\/div>    <div class =\"mkd-blog-share\">\n        <div class=\"mkd-social-share-holder mkd-list\">\n\t<ul>\n\t\t<li class=\"mkd-facebook-share\">\n\t<a itemprop=\"url\" class=\"mkd-share-link\" href=\"#\" onclick=\"window.open(&#039;http:\/\/www.facebook.com\/sharer.php?u=https%3A%2F%2Fwww.icpartners.it%2Fen%2Festensione-ai-paesi-dellunione-europea-operativita-del-fondo-394-81-di-simest%2F&#039;, &#039;sharer&#039;, &#039;toolbar=0,status=0,width=620,height=280&#039;);\">\n\t\t\t\t\t<img decoding=\"async\" itemprop=\"image\" src=\"https:\/\/www.icpartners.it\/wp-content\/uploads\/2024\/03\/ic_facebook_news.png\" alt=\"facebook\" \/>\n\t\t\t<\/a>\n<\/li><li class=\"mkd-twitter-share\">\n\t<a itemprop=\"url\" class=\"mkd-share-link\" href=\"#\" onclick=\"window.open(&#039;http:\/\/twitter.com\/home?status=Pubblicate+il+28+Luglio+in+gazzetta+ufficiale+le+novit%C3%A0+riguardanti+gli+strumenti+SIMEST+che+entreranno+in+vigore+https:\/\/www.icpartners.it\/en\/estensione-ai-paesi-dellunione-europea-operativita-del-fondo-394-81-di-simest\/&#039;, &#039;popupwindow&#039;, &#039;scrollbars=yes,width=800,height=400&#039;);\">\n\t\t\t\t\t<img decoding=\"async\" itemprop=\"image\" src=\"https:\/\/www.icpartners.it\/wp-content\/uploads\/2024\/03\/ic_twitter-x_news.png\" alt=\"twitter\" \/>\n\t\t\t<\/a>\n<\/li><li class=\"mkd-linkedin-share\">\n\t<a itemprop=\"url\" class=\"mkd-share-link\" href=\"#\" onclick=\"popUp=window.open(&#039;http:\/\/linkedin.com\/shareArticle?mini=true&amp;url=https%3A%2F%2Fwww.icpartners.it%2Fen%2Festensione-ai-paesi-dellunione-europea-operativita-del-fondo-394-81-di-simest%2F&amp;title=Estensione+ai+Paesi+dell%E2%80%99Unione+Europea+dell%E2%80%99operativit%C3%A0+del+fondo+394%2F81+di+SIMEST&#039;, &#039;popupwindow&#039;, &#039;scrollbars=yes,width=800,height=400&#039;);popUp.focus();return false;\">\n\t\t\t\t\t<img decoding=\"async\" itemprop=\"image\" src=\"https:\/\/www.icpartners.it\/wp-content\/uploads\/2024\/03\/ic_linkedin_news.png\" alt=\"linkedin\" \/>\n\t\t\t<\/a>\n<\/li>\t<\/ul>\n<\/div>    <\/div>\n        <\/div>\n    \n    <div class=\"mkd-read-more-holder\"><a itemprop=\"url\" href=\"https:\/\/www.icpartners.it\/en\/estensione-ai-paesi-dellunione-europea-operativita-del-fondo-394-81-di-simest\/\" target=\"_self\" style=\"font-weight: 700\" class=\"mkd-btn mkd-btn-small mkd-btn-minimal mkd-btn-icon\"  >    <span class=\"mkd-btn-text\">Read More<\/span>    <span aria-hidden=\"true\" class=\"mkd-icon-font-elegant arrow_carrot-right\" ><\/span><\/a><\/div>\n    <\/div>\n    <\/div>\n<\/li><li class=\"mkd-blog-list-item clearfix\">\n    <div class=\"mkd-blog-list-item-inner\">\n        <div class=\"mkd-item-image\">\n            <a itemprop=\"url\" href=\"https:\/\/www.icpartners.it\/en\/incentivi-simest-da-oggi-fino-al-40-a-fondo-perduto-a-breve-altre-misure-di-potenziamento\/\">\n                <img loading=\"lazy\" decoding=\"async\" width=\"1200\" height=\"627\" src=\"https:\/\/www.icpartners.it\/wp-content\/uploads\/2020\/06\/Articoli-2020-23.png\" class=\"attachment-full size-full wp-post-image\" alt=\"Simest contributi a fondo perduto\" \/>            <\/a>\n        <\/div>\n        <div class=\"mkd-item-text-holder\" >\n        <h4 itemprop=\"name\" class=\"mkd-item-title entry-title\">\n        <a itemprop=\"url\" href=\"https:\/\/www.icpartners.it\/en\/incentivi-simest-da-oggi-fino-al-40-a-fondo-perduto-a-breve-altre-misure-di-potenziamento\/\">\n            Incentivi SIMEST: da oggi fino al 40% a fondo perduto. A breve altre misure di potenziamento        <\/a>\n    <\/h4>\n\n            <p itemprop=\"description\" class=\"mkd-excerpt\">Di seguito il Comunicato Stampa emesso da SIMEST SpA a favore delle nuove misure. Per sape...<\/p>\n    \n            <div class=\"mkd-item-info-section clearfix\">\n            <div itemprop=\"dateCreated\" class=\"mkd-post-info-date entry-date updated\">\n\n    \n        June 16, 2020\n        \n    <meta itemprop=\"interactionCount\" content=\"UserComments: 0\"\/>\n\n<\/div><div class=\"mkd-post-info-category\"><a href=\"https:\/\/www.icpartners.it\/en\/category\/italia\/\" rel=\"category tag\">ITALY<\/a> <a href=\"https:\/\/www.icpartners.it\/en\/category\/news\/\" rel=\"category tag\">News<\/a><\/div>    <div class =\"mkd-blog-share\">\n        <div class=\"mkd-social-share-holder mkd-list\">\n\t<ul>\n\t\t<li class=\"mkd-facebook-share\">\n\t<a itemprop=\"url\" class=\"mkd-share-link\" href=\"#\" onclick=\"window.open(&#039;http:\/\/www.facebook.com\/sharer.php?u=https%3A%2F%2Fwww.icpartners.it%2Fen%2Fincentivi-simest-da-oggi-fino-al-40-a-fondo-perduto-a-breve-altre-misure-di-potenziamento%2F&#039;, &#039;sharer&#039;, &#039;toolbar=0,status=0,width=620,height=280&#039;);\">\n\t\t\t\t\t<img decoding=\"async\" itemprop=\"image\" src=\"https:\/\/www.icpartners.it\/wp-content\/uploads\/2024\/03\/ic_facebook_news.png\" alt=\"facebook\" \/>\n\t\t\t<\/a>\n<\/li><li class=\"mkd-twitter-share\">\n\t<a itemprop=\"url\" class=\"mkd-share-link\" href=\"#\" onclick=\"window.open(&#039;http:\/\/twitter.com\/home?status=Di+seguito+il+Comunicato+Stampa+emesso+da+SIMEST+SpA+a+favore+delle+nuove+misure.+Per+saperne+di+pi%C3%B9+prenota+Export+https:\/\/www.icpartners.it\/en\/incentivi-simest-da-oggi-fino-al-40-a-fondo-perduto-a-breve-altre-misure-di-potenziamento\/&#039;, &#039;popupwindow&#039;, &#039;scrollbars=yes,width=800,height=400&#039;);\">\n\t\t\t\t\t<img decoding=\"async\" itemprop=\"image\" src=\"https:\/\/www.icpartners.it\/wp-content\/uploads\/2024\/03\/ic_twitter-x_news.png\" alt=\"twitter\" \/>\n\t\t\t<\/a>\n<\/li><li class=\"mkd-linkedin-share\">\n\t<a itemprop=\"url\" class=\"mkd-share-link\" href=\"#\" onclick=\"popUp=window.open(&#039;http:\/\/linkedin.com\/shareArticle?mini=true&amp;url=https%3A%2F%2Fwww.icpartners.it%2Fen%2Fincentivi-simest-da-oggi-fino-al-40-a-fondo-perduto-a-breve-altre-misure-di-potenziamento%2F&amp;title=Incentivi+SIMEST%3A+da+oggi+fino+al+40%25+a+fondo+perduto.+A+breve+altre+misure+di+potenziamento&#039;, &#039;popupwindow&#039;, &#039;scrollbars=yes,width=800,height=400&#039;);popUp.focus();return false;\">\n\t\t\t\t\t<img decoding=\"async\" itemprop=\"image\" src=\"https:\/\/www.icpartners.it\/wp-content\/uploads\/2024\/03\/ic_linkedin_news.png\" alt=\"linkedin\" \/>\n\t\t\t<\/a>\n<\/li>\t<\/ul>\n<\/div>    <\/div>\n        <\/div>\n    \n    <div class=\"mkd-read-more-holder\"><a itemprop=\"url\" href=\"https:\/\/www.icpartners.it\/en\/incentivi-simest-da-oggi-fino-al-40-a-fondo-perduto-a-breve-altre-misure-di-potenziamento\/\" target=\"_self\" style=\"font-weight: 700\" class=\"mkd-btn mkd-btn-small mkd-btn-minimal mkd-btn-icon\"  >    <span class=\"mkd-btn-text\">Read More<\/span>    <span aria-hidden=\"true\" class=\"mkd-icon-font-elegant arrow_carrot-right\" ><\/span><\/a><\/div>\n    <\/div>\n    <\/div>\n<\/li><li class=\"mkd-blog-list-item clearfix\">\n    <div class=\"mkd-blog-list-item-inner\">\n        <div class=\"mkd-item-image\">\n            <a itemprop=\"url\" href=\"https:\/\/www.icpartners.it\/en\/simest-fondo-394-via-le-garanzie-per-tutto-il-2020\/\">\n                <img loading=\"lazy\" decoding=\"async\" width=\"1200\" height=\"627\" src=\"https:\/\/www.icpartners.it\/wp-content\/uploads\/2020\/05\/Articoli-2020-21.png\" class=\"attachment-full size-full wp-post-image\" alt=\"Simest\" \/>            <\/a>\n        <\/div>\n        <div class=\"mkd-item-text-holder\" >\n        <h4 itemprop=\"name\" class=\"mkd-item-title entry-title\">\n        <a itemprop=\"url\" href=\"https:\/\/www.icpartners.it\/en\/simest-fondo-394-via-le-garanzie-per-tutto-il-2020\/\">\n            SIMEST Fondo 394: via le garanzie per tutto il 2020        <\/a>\n    <\/h4>\n\n            <p itemprop=\"description\" class=\"mkd-excerpt\">Da oggi tutte le imprese che si rivolgono a SIMEST per ottenere un Finanziamento agevolato...<\/p>\n    \n            <div class=\"mkd-item-info-section clearfix\">\n            <div itemprop=\"dateCreated\" class=\"mkd-post-info-date entry-date updated\">\n\n    \n        May 27, 2020\n        \n    <meta itemprop=\"interactionCount\" content=\"UserComments: 0\"\/>\n\n<\/div><div class=\"mkd-post-info-category\"><a href=\"https:\/\/www.icpartners.it\/en\/category\/italia\/\" rel=\"category tag\">ITALY<\/a> <a href=\"https:\/\/www.icpartners.it\/en\/category\/news\/\" rel=\"category tag\">News<\/a><\/div>    <div class =\"mkd-blog-share\">\n        <div class=\"mkd-social-share-holder mkd-list\">\n\t<ul>\n\t\t<li class=\"mkd-facebook-share\">\n\t<a itemprop=\"url\" class=\"mkd-share-link\" href=\"#\" onclick=\"window.open(&#039;http:\/\/www.facebook.com\/sharer.php?u=https%3A%2F%2Fwww.icpartners.it%2Fen%2Fsimest-fondo-394-via-le-garanzie-per-tutto-il-2020%2F&#039;, &#039;sharer&#039;, &#039;toolbar=0,status=0,width=620,height=280&#039;);\">\n\t\t\t\t\t<img decoding=\"async\" itemprop=\"image\" src=\"https:\/\/www.icpartners.it\/wp-content\/uploads\/2024\/03\/ic_facebook_news.png\" alt=\"facebook\" \/>\n\t\t\t<\/a>\n<\/li><li class=\"mkd-twitter-share\">\n\t<a itemprop=\"url\" class=\"mkd-share-link\" href=\"#\" onclick=\"window.open(&#039;http:\/\/twitter.com\/home?status=Da+oggi+tutte+le+imprese+che+si+rivolgono+a+SIMEST+per+ottenere+un+Finanziamento+agevolato+per+https:\/\/www.icpartners.it\/en\/simest-fondo-394-via-le-garanzie-per-tutto-il-2020\/&#039;, &#039;popupwindow&#039;, &#039;scrollbars=yes,width=800,height=400&#039;);\">\n\t\t\t\t\t<img decoding=\"async\" itemprop=\"image\" src=\"https:\/\/www.icpartners.it\/wp-content\/uploads\/2024\/03\/ic_twitter-x_news.png\" alt=\"twitter\" \/>\n\t\t\t<\/a>\n<\/li><li class=\"mkd-linkedin-share\">\n\t<a itemprop=\"url\" class=\"mkd-share-link\" href=\"#\" onclick=\"popUp=window.open(&#039;http:\/\/linkedin.com\/shareArticle?mini=true&amp;url=https%3A%2F%2Fwww.icpartners.it%2Fen%2Fsimest-fondo-394-via-le-garanzie-per-tutto-il-2020%2F&amp;title=SIMEST+Fondo+394%3A+via+le+garanzie+per+tutto+il+2020&#039;, &#039;popupwindow&#039;, &#039;scrollbars=yes,width=800,height=400&#039;);popUp.focus();return false;\">\n\t\t\t\t\t<img decoding=\"async\" itemprop=\"image\" src=\"https:\/\/www.icpartners.it\/wp-content\/uploads\/2024\/03\/ic_linkedin_news.png\" alt=\"linkedin\" \/>\n\t\t\t<\/a>\n<\/li>\t<\/ul>\n<\/div>    <\/div>\n        <\/div>\n    \n    <div class=\"mkd-read-more-holder\"><a itemprop=\"url\" href=\"https:\/\/www.icpartners.it\/en\/simest-fondo-394-via-le-garanzie-per-tutto-il-2020\/\" target=\"_self\" style=\"font-weight: 700\" class=\"mkd-btn mkd-btn-small mkd-btn-minimal mkd-btn-icon\"  >    <span class=\"mkd-btn-text\">Read More<\/span>    <span aria-hidden=\"true\" class=\"mkd-icon-font-elegant arrow_carrot-right\" ><\/span><\/a><\/div>\n    <\/div>\n    <\/div>\n<\/li><li class=\"mkd-blog-list-item clearfix\">\n    <div class=\"mkd-blog-list-item-inner\">\n        <div class=\"mkd-item-image\">\n            <a itemprop=\"url\" href=\"https:\/\/www.icpartners.it\/en\/proroga-fino-al-15-giugno-del-divieto-temporaneo-per-i-viaggi-non-essenziali-in-entrata-nellarea-schengen-per-i-cittadini-di-paesi-terzi\/\">\n                <img loading=\"lazy\" decoding=\"async\" width=\"1200\" height=\"627\" src=\"https:\/\/www.icpartners.it\/wp-content\/uploads\/2020\/05\/Articoli-2021-9.png\" class=\"attachment-full size-full wp-post-image\" alt=\"\" srcset=\"https:\/\/www.icpartners.it\/wp-content\/uploads\/2020\/05\/Articoli-2021-9.png 1200w, https:\/\/www.icpartners.it\/wp-content\/uploads\/2020\/05\/Articoli-2021-9-300x157.png 300w, https:\/\/www.icpartners.it\/wp-content\/uploads\/2020\/05\/Articoli-2021-9-1024x535.png 1024w, https:\/\/www.icpartners.it\/wp-content\/uploads\/2020\/05\/Articoli-2021-9-296x155.png 296w, https:\/\/www.icpartners.it\/wp-content\/uploads\/2020\/05\/Articoli-2021-9-768x401.png 768w, https:\/\/www.icpartners.it\/wp-content\/uploads\/2020\/05\/Articoli-2021-9-16x8.png 16w\" sizes=\"auto, (max-width: 1200px) 100vw, 1200px\" \/>            <\/a>\n        <\/div>\n        <div class=\"mkd-item-text-holder\" >\n        <h4 itemprop=\"name\" class=\"mkd-item-title entry-title\">\n        <a itemprop=\"url\" href=\"https:\/\/www.icpartners.it\/en\/proroga-fino-al-15-giugno-del-divieto-temporaneo-per-i-viaggi-non-essenziali-in-entrata-nellarea-schengen-per-i-cittadini-di-paesi-terzi\/\">\n            Proroga fino al 15 giugno del divieto temporaneo per i viaggi non essenziali in entrata nell\u2019area Schengen per i cittadini di Paesi terzi        <\/a>\n    <\/h4>\n\n            <p itemprop=\"description\" class=\"mkd-excerpt\">Nella giornata di ieri 8 maggio la Commissione europea ha pubblicato la comunicazione (vis...<\/p>\n    \n            <div class=\"mkd-item-info-section clearfix\">\n            <div itemprop=\"dateCreated\" class=\"mkd-post-info-date entry-date updated\">\n\n    \n        May 9, 2020\n        \n    <meta itemprop=\"interactionCount\" content=\"UserComments: 0\"\/>\n\n<\/div><div class=\"mkd-post-info-category\"><a href=\"https:\/\/www.icpartners.it\/en\/category\/italia\/\" rel=\"category tag\">ITALY<\/a> <a href=\"https:\/\/www.icpartners.it\/en\/category\/news\/\" rel=\"category tag\">News<\/a><\/div>    <div class =\"mkd-blog-share\">\n        <div class=\"mkd-social-share-holder mkd-list\">\n\t<ul>\n\t\t<li class=\"mkd-facebook-share\">\n\t<a itemprop=\"url\" class=\"mkd-share-link\" href=\"#\" onclick=\"window.open(&#039;http:\/\/www.facebook.com\/sharer.php?u=https%3A%2F%2Fwww.icpartners.it%2Fen%2Fproroga-fino-al-15-giugno-del-divieto-temporaneo-per-i-viaggi-non-essenziali-in-entrata-nellarea-schengen-per-i-cittadini-di-paesi-terzi%2F&#039;, &#039;sharer&#039;, &#039;toolbar=0,status=0,width=620,height=280&#039;);\">\n\t\t\t\t\t<img decoding=\"async\" itemprop=\"image\" src=\"https:\/\/www.icpartners.it\/wp-content\/uploads\/2024\/03\/ic_facebook_news.png\" alt=\"facebook\" \/>\n\t\t\t<\/a>\n<\/li><li class=\"mkd-twitter-share\">\n\t<a itemprop=\"url\" class=\"mkd-share-link\" href=\"#\" onclick=\"window.open(&#039;http:\/\/twitter.com\/home?status=Nella+giornata+di+ieri+8+maggio+la+Commissione+europea+ha+pubblicato+la+comunicazione+%28visionalibile+cliccando+qui%29+https:\/\/www.icpartners.it\/en\/proroga-fino-al-15-giugno-del-divieto-temporaneo-per-i-viaggi-non-essenziali-in-entrata-nellarea-schengen-per-i-cittadini-di-paesi-terzi\/&#039;, &#039;popupwindow&#039;, &#039;scrollbars=yes,width=800,height=400&#039;);\">\n\t\t\t\t\t<img decoding=\"async\" itemprop=\"image\" src=\"https:\/\/www.icpartners.it\/wp-content\/uploads\/2024\/03\/ic_twitter-x_news.png\" alt=\"twitter\" \/>\n\t\t\t<\/a>\n<\/li><li class=\"mkd-linkedin-share\">\n\t<a itemprop=\"url\" class=\"mkd-share-link\" href=\"#\" onclick=\"popUp=window.open(&#039;http:\/\/linkedin.com\/shareArticle?mini=true&amp;url=https%3A%2F%2Fwww.icpartners.it%2Fen%2Fproroga-fino-al-15-giugno-del-divieto-temporaneo-per-i-viaggi-non-essenziali-in-entrata-nellarea-schengen-per-i-cittadini-di-paesi-terzi%2F&amp;title=Proroga+fino+al+15+giugno+del+divieto+temporaneo+per+i+viaggi+non+essenziali+in+entrata+nell%E2%80%99area+Schengen+per+i+cittadini+di+Paesi+terzi&#039;, &#039;popupwindow&#039;, &#039;scrollbars=yes,width=800,height=400&#039;);popUp.focus();return false;\">\n\t\t\t\t\t<img decoding=\"async\" itemprop=\"image\" src=\"https:\/\/www.icpartners.it\/wp-content\/uploads\/2024\/03\/ic_linkedin_news.png\" alt=\"linkedin\" \/>\n\t\t\t<\/a>\n<\/li>\t<\/ul>\n<\/div>    <\/div>\n        <\/div>\n    \n    <div class=\"mkd-read-more-holder\"><a itemprop=\"url\" href=\"https:\/\/www.icpartners.it\/en\/proroga-fino-al-15-giugno-del-divieto-temporaneo-per-i-viaggi-non-essenziali-in-entrata-nellarea-schengen-per-i-cittadini-di-paesi-terzi\/\" target=\"_self\" style=\"font-weight: 700\" class=\"mkd-btn mkd-btn-small mkd-btn-minimal mkd-btn-icon\"  >    <span class=\"mkd-btn-text\">Read More<\/span>    <span aria-hidden=\"true\" class=\"mkd-icon-font-elegant arrow_carrot-right\" ><\/span><\/a><\/div>\n    <\/div>\n    <\/div>\n<\/li><li class=\"mkd-blog-list-item clearfix\">\n    <div class=\"mkd-blog-list-item-inner\">\n        <div class=\"mkd-item-image\">\n            <a itemprop=\"url\" href=\"https:\/\/www.icpartners.it\/en\/a-colazione-con-federico-diomeda-2\/\">\n                <img loading=\"lazy\" decoding=\"async\" width=\"1200\" height=\"627\" src=\"https:\/\/www.icpartners.it\/wp-content\/uploads\/2020\/03\/Articoli-2020-14.png\" class=\"attachment-full size-full wp-post-image\" alt=\"A colazione con\" \/>            <\/a>\n        <\/div>\n        <div class=\"mkd-item-text-holder\" >\n        <h4 itemprop=\"name\" class=\"mkd-item-title entry-title\">\n        <a itemprop=\"url\" href=\"https:\/\/www.icpartners.it\/en\/a-colazione-con-federico-diomeda-2\/\">\n            A Colazione con&#8230;.. Federico Diomeda        <\/a>\n    <\/h4>\n\n            <p itemprop=\"description\" class=\"mkd-excerpt\">Nel giorno della liberazione d\u2019Italia mi sono svegliato immaginando (come il famoso sogn...<\/p>\n    \n            <div class=\"mkd-item-info-section clearfix\">\n            <div itemprop=\"dateCreated\" class=\"mkd-post-info-date entry-date updated\">\n\n    \n        May 9, 2020\n        \n    <meta itemprop=\"interactionCount\" content=\"UserComments: 0\"\/>\n\n<\/div><div class=\"mkd-post-info-category\"><a href=\"https:\/\/www.icpartners.it\/en\/category\/italia\/\" rel=\"category tag\">ITALY<\/a> <a href=\"https:\/\/www.icpartners.it\/en\/category\/news\/\" rel=\"category tag\">News<\/a><\/div>    <div class =\"mkd-blog-share\">\n        <div class=\"mkd-social-share-holder mkd-list\">\n\t<ul>\n\t\t<li class=\"mkd-facebook-share\">\n\t<a itemprop=\"url\" class=\"mkd-share-link\" href=\"#\" onclick=\"window.open(&#039;http:\/\/www.facebook.com\/sharer.php?u=https%3A%2F%2Fwww.icpartners.it%2Fen%2Fa-colazione-con-federico-diomeda-2%2F&#039;, &#039;sharer&#039;, &#039;toolbar=0,status=0,width=620,height=280&#039;);\">\n\t\t\t\t\t<img decoding=\"async\" itemprop=\"image\" src=\"https:\/\/www.icpartners.it\/wp-content\/uploads\/2024\/03\/ic_facebook_news.png\" alt=\"facebook\" \/>\n\t\t\t<\/a>\n<\/li><li class=\"mkd-twitter-share\">\n\t<a itemprop=\"url\" class=\"mkd-share-link\" href=\"#\" onclick=\"window.open(&#039;http:\/\/twitter.com\/home?status=Nel+giorno+della+liberazione+d%E2%80%99Italia+mi+sono+svegliato+immaginando+%28come+il+famoso+sogno+di+Martin+Luther+King%29+che+https:\/\/www.icpartners.it\/en\/a-colazione-con-federico-diomeda-2\/&#039;, &#039;popupwindow&#039;, &#039;scrollbars=yes,width=800,height=400&#039;);\">\n\t\t\t\t\t<img decoding=\"async\" itemprop=\"image\" src=\"https:\/\/www.icpartners.it\/wp-content\/uploads\/2024\/03\/ic_twitter-x_news.png\" alt=\"twitter\" \/>\n\t\t\t<\/a>\n<\/li><li class=\"mkd-linkedin-share\">\n\t<a itemprop=\"url\" class=\"mkd-share-link\" href=\"#\" onclick=\"popUp=window.open(&#039;http:\/\/linkedin.com\/shareArticle?mini=true&amp;url=https%3A%2F%2Fwww.icpartners.it%2Fen%2Fa-colazione-con-federico-diomeda-2%2F&amp;title=A+Colazione+con%26%238230%3B..+Federico+Diomeda&#039;, &#039;popupwindow&#039;, &#039;scrollbars=yes,width=800,height=400&#039;);popUp.focus();return false;\">\n\t\t\t\t\t<img decoding=\"async\" itemprop=\"image\" src=\"https:\/\/www.icpartners.it\/wp-content\/uploads\/2024\/03\/ic_linkedin_news.png\" alt=\"linkedin\" \/>\n\t\t\t<\/a>\n<\/li>\t<\/ul>\n<\/div>    <\/div>\n        <\/div>\n    \n    <div class=\"mkd-read-more-holder\"><a itemprop=\"url\" href=\"https:\/\/www.icpartners.it\/en\/a-colazione-con-federico-diomeda-2\/\" target=\"_self\" style=\"font-weight: 700\" class=\"mkd-btn mkd-btn-small mkd-btn-minimal mkd-btn-icon\"  >    <span class=\"mkd-btn-text\">Read More<\/span>    <span aria-hidden=\"true\" class=\"mkd-icon-font-elegant arrow_carrot-right\" ><\/span><\/a><\/div>\n    <\/div>\n    <\/div>\n<\/li><li class=\"mkd-blog-list-item clearfix\">\n    <div class=\"mkd-blog-list-item-inner\">\n        <div class=\"mkd-item-image\">\n            <a itemprop=\"url\" href=\"https:\/\/www.icpartners.it\/en\/i-consulenti-di-management-del-fvg-e-il-coronavirus\/\">\n                <img loading=\"lazy\" decoding=\"async\" width=\"1200\" height=\"627\" src=\"https:\/\/www.icpartners.it\/wp-content\/uploads\/2020\/04\/Articoli-2020-19.png\" class=\"attachment-full size-full wp-post-image\" alt=\"ok\" \/>            <\/a>\n        <\/div>\n        <div class=\"mkd-item-text-holder\" >\n        <h4 itemprop=\"name\" class=\"mkd-item-title entry-title\">\n        <a itemprop=\"url\" href=\"https:\/\/www.icpartners.it\/en\/i-consulenti-di-management-del-fvg-e-il-coronavirus\/\">\n            I Consulenti di Management del FVG e il Coronavirus        <\/a>\n    <\/h4>\n\n            <p itemprop=\"description\" class=\"mkd-excerpt\">Alessandro Braida, Cultore della materia presso il Dipartimento di Scienze Statistiche ed ...<\/p>\n    \n            <div class=\"mkd-item-info-section clearfix\">\n            <div itemprop=\"dateCreated\" class=\"mkd-post-info-date entry-date updated\">\n\n    \n        April 27, 2020\n        \n    <meta itemprop=\"interactionCount\" content=\"UserComments: 0\"\/>\n\n<\/div><div class=\"mkd-post-info-category\"><a href=\"https:\/\/www.icpartners.it\/en\/category\/italia\/\" rel=\"category tag\">ITALY<\/a> <a href=\"https:\/\/www.icpartners.it\/en\/category\/news\/\" rel=\"category tag\">News<\/a><\/div>    <div class =\"mkd-blog-share\">\n        <div class=\"mkd-social-share-holder mkd-list\">\n\t<ul>\n\t\t<li class=\"mkd-facebook-share\">\n\t<a itemprop=\"url\" class=\"mkd-share-link\" href=\"#\" onclick=\"window.open(&#039;http:\/\/www.facebook.com\/sharer.php?u=https%3A%2F%2Fwww.icpartners.it%2Fen%2Fi-consulenti-di-management-del-fvg-e-il-coronavirus%2F&#039;, &#039;sharer&#039;, &#039;toolbar=0,status=0,width=620,height=280&#039;);\">\n\t\t\t\t\t<img decoding=\"async\" itemprop=\"image\" src=\"https:\/\/www.icpartners.it\/wp-content\/uploads\/2024\/03\/ic_facebook_news.png\" alt=\"facebook\" \/>\n\t\t\t<\/a>\n<\/li><li class=\"mkd-twitter-share\">\n\t<a itemprop=\"url\" class=\"mkd-share-link\" href=\"#\" onclick=\"window.open(&#039;http:\/\/twitter.com\/home?status=Alessandro+Braida%2C+Cultore+della+materia+presso+il+Dipartimento+di+Scienze+Statistiche+ed+Economiche+dell%E2%80%99Universit%C3%A0+https:\/\/www.icpartners.it\/en\/i-consulenti-di-management-del-fvg-e-il-coronavirus\/&#039;, &#039;popupwindow&#039;, &#039;scrollbars=yes,width=800,height=400&#039;);\">\n\t\t\t\t\t<img decoding=\"async\" itemprop=\"image\" src=\"https:\/\/www.icpartners.it\/wp-content\/uploads\/2024\/03\/ic_twitter-x_news.png\" alt=\"twitter\" \/>\n\t\t\t<\/a>\n<\/li><li class=\"mkd-linkedin-share\">\n\t<a itemprop=\"url\" class=\"mkd-share-link\" href=\"#\" onclick=\"popUp=window.open(&#039;http:\/\/linkedin.com\/shareArticle?mini=true&amp;url=https%3A%2F%2Fwww.icpartners.it%2Fen%2Fi-consulenti-di-management-del-fvg-e-il-coronavirus%2F&amp;title=I+Consulenti+di+Management+del+FVG+e+il+Coronavirus&#039;, &#039;popupwindow&#039;, &#039;scrollbars=yes,width=800,height=400&#039;);popUp.focus();return false;\">\n\t\t\t\t\t<img decoding=\"async\" itemprop=\"image\" src=\"https:\/\/www.icpartners.it\/wp-content\/uploads\/2024\/03\/ic_linkedin_news.png\" alt=\"linkedin\" \/>\n\t\t\t<\/a>\n<\/li>\t<\/ul>\n<\/div>    <\/div>\n        <\/div>\n    \n    <div class=\"mkd-read-more-holder\"><a itemprop=\"url\" href=\"https:\/\/www.icpartners.it\/en\/i-consulenti-di-management-del-fvg-e-il-coronavirus\/\" target=\"_self\" style=\"font-weight: 700\" class=\"mkd-btn mkd-btn-small mkd-btn-minimal mkd-btn-icon\"  >    <span class=\"mkd-btn-text\">Read More<\/span>    <span aria-hidden=\"true\" class=\"mkd-icon-font-elegant arrow_carrot-right\" ><\/span><\/a><\/div>\n    <\/div>\n    <\/div>\n<\/li><li class=\"mkd-blog-list-item clearfix\">\n    <div class=\"mkd-blog-list-item-inner\">\n        <div class=\"mkd-item-image\">\n            <a itemprop=\"url\" href=\"https:\/\/www.icpartners.it\/en\/decreto-liquidita-il-quadro-dei-principali-incentivi-per-la-finanza-anti-covid19-a-disposizione-delle-imprese-italiane\/\">\n                <img loading=\"lazy\" decoding=\"async\" width=\"1200\" height=\"627\" src=\"https:\/\/www.icpartners.it\/wp-content\/uploads\/2020\/04\/Articoli-2020-18.png\" class=\"attachment-full size-full wp-post-image\" alt=\"decreto liquidit\u00e0\" \/>            <\/a>\n        <\/div>\n        <div class=\"mkd-item-text-holder\" >\n        <h4 itemprop=\"name\" class=\"mkd-item-title entry-title\">\n        <a itemprop=\"url\" href=\"https:\/\/www.icpartners.it\/en\/decreto-liquidita-il-quadro-dei-principali-incentivi-per-la-finanza-anti-covid19-a-disposizione-delle-imprese-italiane\/\">\n            Decreto Liquidit\u00e0 &#8211; Il quadro dei principali incentivi per la finanza anti COVID19 a disposizione delle imprese italiane        <\/a>\n    <\/h4>\n\n            <p itemprop=\"description\" class=\"mkd-excerpt\">Il Decreto \u201cliquidit\u00e0\u201d n\u00b0 23 del 8 Aprile prevede una serie di interventi in tema di...<\/p>\n    \n            <div class=\"mkd-item-info-section clearfix\">\n            <div itemprop=\"dateCreated\" class=\"mkd-post-info-date entry-date updated\">\n\n    \n        April 21, 2020\n        \n    <meta itemprop=\"interactionCount\" content=\"UserComments: 0\"\/>\n\n<\/div><div class=\"mkd-post-info-category\"><a href=\"https:\/\/www.icpartners.it\/en\/category\/italia\/\" rel=\"category tag\">ITALY<\/a> <a href=\"https:\/\/www.icpartners.it\/en\/category\/news\/\" rel=\"category tag\">News<\/a><\/div>    <div class =\"mkd-blog-share\">\n        <div class=\"mkd-social-share-holder mkd-list\">\n\t<ul>\n\t\t<li class=\"mkd-facebook-share\">\n\t<a itemprop=\"url\" class=\"mkd-share-link\" href=\"#\" onclick=\"window.open(&#039;http:\/\/www.facebook.com\/sharer.php?u=https%3A%2F%2Fwww.icpartners.it%2Fen%2Fdecreto-liquidita-il-quadro-dei-principali-incentivi-per-la-finanza-anti-covid19-a-disposizione-delle-imprese-italiane%2F&#039;, &#039;sharer&#039;, &#039;toolbar=0,status=0,width=620,height=280&#039;);\">\n\t\t\t\t\t<img decoding=\"async\" itemprop=\"image\" src=\"https:\/\/www.icpartners.it\/wp-content\/uploads\/2024\/03\/ic_facebook_news.png\" alt=\"facebook\" \/>\n\t\t\t<\/a>\n<\/li><li class=\"mkd-twitter-share\">\n\t<a itemprop=\"url\" class=\"mkd-share-link\" href=\"#\" onclick=\"window.open(&#039;http:\/\/twitter.com\/home?status=Il+Decreto+%E2%80%9Cliquidit%C3%A0%E2%80%9D+n%C2%B0+23+del+8+Aprile+prevede+una+serie+di+interventi+in+tema+di+liquidit%C3%A0%2C+da+erogare+a+favore+https:\/\/www.icpartners.it\/en\/decreto-liquidita-il-quadro-dei-principali-incentivi-per-la-finanza-anti-covid19-a-disposizione-delle-imprese-italiane\/&#039;, &#039;popupwindow&#039;, &#039;scrollbars=yes,width=800,height=400&#039;);\">\n\t\t\t\t\t<img decoding=\"async\" itemprop=\"image\" src=\"https:\/\/www.icpartners.it\/wp-content\/uploads\/2024\/03\/ic_twitter-x_news.png\" alt=\"twitter\" \/>\n\t\t\t<\/a>\n<\/li><li class=\"mkd-linkedin-share\">\n\t<a itemprop=\"url\" class=\"mkd-share-link\" href=\"#\" onclick=\"popUp=window.open(&#039;http:\/\/linkedin.com\/shareArticle?mini=true&amp;url=https%3A%2F%2Fwww.icpartners.it%2Fen%2Fdecreto-liquidita-il-quadro-dei-principali-incentivi-per-la-finanza-anti-covid19-a-disposizione-delle-imprese-italiane%2F&amp;title=Decreto+Liquidit%C3%A0+%26%238211%3B+Il+quadro+dei+principali+incentivi+per+la+finanza+anti+COVID19+a+disposizione+delle+imprese+italiane&#039;, &#039;popupwindow&#039;, &#039;scrollbars=yes,width=800,height=400&#039;);popUp.focus();return false;\">\n\t\t\t\t\t<img decoding=\"async\" itemprop=\"image\" src=\"https:\/\/www.icpartners.it\/wp-content\/uploads\/2024\/03\/ic_linkedin_news.png\" alt=\"linkedin\" \/>\n\t\t\t<\/a>\n<\/li>\t<\/ul>\n<\/div>    <\/div>\n        <\/div>\n    \n    <div class=\"mkd-read-more-holder\"><a itemprop=\"url\" href=\"https:\/\/www.icpartners.it\/en\/decreto-liquidita-il-quadro-dei-principali-incentivi-per-la-finanza-anti-covid19-a-disposizione-delle-imprese-italiane\/\" target=\"_self\" style=\"font-weight: 700\" class=\"mkd-btn mkd-btn-small mkd-btn-minimal mkd-btn-icon\"  >    <span class=\"mkd-btn-text\">Read More<\/span>    <span aria-hidden=\"true\" class=\"mkd-icon-font-elegant arrow_carrot-right\" ><\/span><\/a><\/div>\n    <\/div>\n    <\/div>\n<\/li><li class=\"mkd-blog-list-item clearfix\">\n    <div class=\"mkd-blog-list-item-inner\">\n        <div class=\"mkd-item-image\">\n            <a itemprop=\"url\" href=\"https:\/\/www.icpartners.it\/en\/a-colazione-con-stefano-comola\/\">\n                <img loading=\"lazy\" decoding=\"async\" width=\"1200\" height=\"627\" src=\"https:\/\/www.icpartners.it\/wp-content\/uploads\/2020\/03\/Articoli-2020-14.png\" class=\"attachment-full size-full wp-post-image\" alt=\"A colazione con\" \/>            <\/a>\n        <\/div>\n        <div class=\"mkd-item-text-holder\" >\n        <h4 itemprop=\"name\" class=\"mkd-item-title entry-title\">\n        <a itemprop=\"url\" href=\"https:\/\/www.icpartners.it\/en\/a-colazione-con-stefano-comola\/\">\n            A Colazione con&#8230;. Stefano Comola        <\/a>\n    <\/h4>\n\n            <p itemprop=\"description\" class=\"mkd-excerpt\">Qualche settimana fa ho telefonato ad un mio amico a cui ogni tanto ricorro per schiarirmi...<\/p>\n    \n            <div class=\"mkd-item-info-section clearfix\">\n            <div itemprop=\"dateCreated\" class=\"mkd-post-info-date entry-date updated\">\n\n    \n        April 16, 2020\n        \n    <meta itemprop=\"interactionCount\" content=\"UserComments: 0\"\/>\n\n<\/div><div class=\"mkd-post-info-category\"><a href=\"https:\/\/www.icpartners.it\/en\/category\/italia\/\" rel=\"category tag\">ITALY<\/a><\/div>    <div class =\"mkd-blog-share\">\n        <div class=\"mkd-social-share-holder mkd-list\">\n\t<ul>\n\t\t<li class=\"mkd-facebook-share\">\n\t<a itemprop=\"url\" class=\"mkd-share-link\" href=\"#\" onclick=\"window.open(&#039;http:\/\/www.facebook.com\/sharer.php?u=https%3A%2F%2Fwww.icpartners.it%2Fen%2Fa-colazione-con-stefano-comola%2F&#039;, &#039;sharer&#039;, &#039;toolbar=0,status=0,width=620,height=280&#039;);\">\n\t\t\t\t\t<img decoding=\"async\" itemprop=\"image\" src=\"https:\/\/www.icpartners.it\/wp-content\/uploads\/2024\/03\/ic_facebook_news.png\" alt=\"facebook\" \/>\n\t\t\t<\/a>\n<\/li><li class=\"mkd-twitter-share\">\n\t<a itemprop=\"url\" class=\"mkd-share-link\" href=\"#\" onclick=\"window.open(&#039;http:\/\/twitter.com\/home?status=Qualche+settimana+fa+ho+telefonato+ad+un+mio+amico+a+cui+ogni+tanto+ricorro+per+schiarirmi+le+idee.+E%E2%80%99+un+vecchio+https:\/\/www.icpartners.it\/en\/a-colazione-con-stefano-comola\/&#039;, &#039;popupwindow&#039;, &#039;scrollbars=yes,width=800,height=400&#039;);\">\n\t\t\t\t\t<img decoding=\"async\" itemprop=\"image\" src=\"https:\/\/www.icpartners.it\/wp-content\/uploads\/2024\/03\/ic_twitter-x_news.png\" alt=\"twitter\" \/>\n\t\t\t<\/a>\n<\/li><li class=\"mkd-linkedin-share\">\n\t<a itemprop=\"url\" class=\"mkd-share-link\" href=\"#\" onclick=\"popUp=window.open(&#039;http:\/\/linkedin.com\/shareArticle?mini=true&amp;url=https%3A%2F%2Fwww.icpartners.it%2Fen%2Fa-colazione-con-stefano-comola%2F&amp;title=A+Colazione+con%26%238230%3B.+Stefano+Comola&#039;, &#039;popupwindow&#039;, &#039;scrollbars=yes,width=800,height=400&#039;);popUp.focus();return false;\">\n\t\t\t\t\t<img decoding=\"async\" itemprop=\"image\" src=\"https:\/\/www.icpartners.it\/wp-content\/uploads\/2024\/03\/ic_linkedin_news.png\" alt=\"linkedin\" \/>\n\t\t\t<\/a>\n<\/li>\t<\/ul>\n<\/div>    <\/div>\n        <\/div>\n    \n    <div class=\"mkd-read-more-holder\"><a itemprop=\"url\" href=\"https:\/\/www.icpartners.it\/en\/a-colazione-con-stefano-comola\/\" target=\"_self\" style=\"font-weight: 700\" class=\"mkd-btn mkd-btn-small mkd-btn-minimal mkd-btn-icon\"  >    <span class=\"mkd-btn-text\">Read More<\/span>    <span aria-hidden=\"true\" class=\"mkd-icon-font-elegant arrow_carrot-right\" ><\/span><\/a><\/div>\n    <\/div>\n    <\/div>\n<\/li><li class=\"mkd-blog-list-item clearfix\">\n    <div class=\"mkd-blog-list-item-inner\">\n        <div class=\"mkd-item-image\">\n            <a itemprop=\"url\" href=\"https:\/\/www.icpartners.it\/en\/a-colazione-con-luca-savino\/\">\n                <img loading=\"lazy\" decoding=\"async\" width=\"1200\" height=\"627\" src=\"https:\/\/www.icpartners.it\/wp-content\/uploads\/2020\/03\/Articoli-2020-14.png\" class=\"attachment-full size-full wp-post-image\" alt=\"A colazione con\" \/>            <\/a>\n        <\/div>\n        <div class=\"mkd-item-text-holder\" >\n        <h4 itemprop=\"name\" class=\"mkd-item-title entry-title\">\n        <a itemprop=\"url\" href=\"https:\/\/www.icpartners.it\/en\/a-colazione-con-luca-savino\/\">\n            A Colazione con&#8230;. Luca Savino        <\/a>\n    <\/h4>\n\n            <p itemprop=\"description\" class=\"mkd-excerpt\">Ogni qualvolta Roberto mi&nbsp; chiede di dire qualcosa in qualche contesto, accetto con e...<\/p>\n    \n            <div class=\"mkd-item-info-section clearfix\">\n            <div itemprop=\"dateCreated\" class=\"mkd-post-info-date entry-date updated\">\n\n    \n        April 9, 2020\n        \n    <meta itemprop=\"interactionCount\" content=\"UserComments: 0\"\/>\n\n<\/div><div class=\"mkd-post-info-category\"><a href=\"https:\/\/www.icpartners.it\/en\/category\/italia\/\" rel=\"category tag\">ITALY<\/a><\/div>    <div class =\"mkd-blog-share\">\n        <div class=\"mkd-social-share-holder mkd-list\">\n\t<ul>\n\t\t<li class=\"mkd-facebook-share\">\n\t<a itemprop=\"url\" class=\"mkd-share-link\" href=\"#\" onclick=\"window.open(&#039;http:\/\/www.facebook.com\/sharer.php?u=https%3A%2F%2Fwww.icpartners.it%2Fen%2Fa-colazione-con-luca-savino%2F&#039;, &#039;sharer&#039;, &#039;toolbar=0,status=0,width=620,height=280&#039;);\">\n\t\t\t\t\t<img decoding=\"async\" itemprop=\"image\" src=\"https:\/\/www.icpartners.it\/wp-content\/uploads\/2024\/03\/ic_facebook_news.png\" alt=\"facebook\" \/>\n\t\t\t<\/a>\n<\/li><li class=\"mkd-twitter-share\">\n\t<a itemprop=\"url\" class=\"mkd-share-link\" href=\"#\" onclick=\"window.open(&#039;http:\/\/twitter.com\/home?status=Ogni+qualvolta+Roberto+mi%26nbsp%3B+chiede+di+dire+qualcosa+in+qualche+contesto%2C+accetto+con+entusiasmo+e+ne+sono+https:\/\/www.icpartners.it\/en\/a-colazione-con-luca-savino\/&#039;, &#039;popupwindow&#039;, &#039;scrollbars=yes,width=800,height=400&#039;);\">\n\t\t\t\t\t<img decoding=\"async\" itemprop=\"image\" src=\"https:\/\/www.icpartners.it\/wp-content\/uploads\/2024\/03\/ic_twitter-x_news.png\" alt=\"twitter\" \/>\n\t\t\t<\/a>\n<\/li><li class=\"mkd-linkedin-share\">\n\t<a itemprop=\"url\" class=\"mkd-share-link\" href=\"#\" onclick=\"popUp=window.open(&#039;http:\/\/linkedin.com\/shareArticle?mini=true&amp;url=https%3A%2F%2Fwww.icpartners.it%2Fen%2Fa-colazione-con-luca-savino%2F&amp;title=A+Colazione+con%26%238230%3B.+Luca+Savino&#039;, &#039;popupwindow&#039;, &#039;scrollbars=yes,width=800,height=400&#039;);popUp.focus();return false;\">\n\t\t\t\t\t<img decoding=\"async\" itemprop=\"image\" src=\"https:\/\/www.icpartners.it\/wp-content\/uploads\/2024\/03\/ic_linkedin_news.png\" alt=\"linkedin\" \/>\n\t\t\t<\/a>\n<\/li>\t<\/ul>\n<\/div>    <\/div>\n        <\/div>\n    \n    <div class=\"mkd-read-more-holder\"><a itemprop=\"url\" href=\"https:\/\/www.icpartners.it\/en\/a-colazione-con-luca-savino\/\" target=\"_self\" style=\"font-weight: 700\" class=\"mkd-btn mkd-btn-small mkd-btn-minimal mkd-btn-icon\"  >    <span class=\"mkd-btn-text\">Read More<\/span>    <span aria-hidden=\"true\" class=\"mkd-icon-font-elegant arrow_carrot-right\" ><\/span><\/a><\/div>\n    <\/div>\n    <\/div>\n<\/li><li class=\"mkd-blog-list-item clearfix\">\n    <div class=\"mkd-blog-list-item-inner\">\n        <div class=\"mkd-item-image\">\n            <a itemprop=\"url\" href=\"https:\/\/www.icpartners.it\/en\/a-colazione-con-antonello-vedovato\/\">\n                <img loading=\"lazy\" decoding=\"async\" width=\"1200\" height=\"627\" src=\"https:\/\/www.icpartners.it\/wp-content\/uploads\/2020\/03\/Articoli-2020-14.png\" class=\"attachment-full size-full wp-post-image\" alt=\"A colazione con\" \/>            <\/a>\n        <\/div>\n        <div class=\"mkd-item-text-holder\" >\n        <h4 itemprop=\"name\" class=\"mkd-item-title entry-title\">\n        <a itemprop=\"url\" href=\"https:\/\/www.icpartners.it\/en\/a-colazione-con-antonello-vedovato\/\">\n            A Colazione con&#8230;. Antonello Vedovato        <\/a>\n    <\/h4>\n\n            <p itemprop=\"description\" class=\"mkd-excerpt\">Prima di tutto, grazie Roberto e grazie IC&amp;Partners. Mi occupo da trent\u2019anni di form...<\/p>\n    \n            <div class=\"mkd-item-info-section clearfix\">\n            <div itemprop=\"dateCreated\" class=\"mkd-post-info-date entry-date updated\">\n\n    \n        April 3, 2020\n        \n    <meta itemprop=\"interactionCount\" content=\"UserComments: 0\"\/>\n\n<\/div><div class=\"mkd-post-info-category\"><a href=\"https:\/\/www.icpartners.it\/en\/category\/italia\/\" rel=\"category tag\">ITALY<\/a> <a href=\"https:\/\/www.icpartners.it\/en\/category\/news\/\" rel=\"category tag\">News<\/a><\/div>    <div class =\"mkd-blog-share\">\n        <div class=\"mkd-social-share-holder mkd-list\">\n\t<ul>\n\t\t<li class=\"mkd-facebook-share\">\n\t<a itemprop=\"url\" class=\"mkd-share-link\" href=\"#\" onclick=\"window.open(&#039;http:\/\/www.facebook.com\/sharer.php?u=https%3A%2F%2Fwww.icpartners.it%2Fen%2Fa-colazione-con-antonello-vedovato%2F&#039;, &#039;sharer&#039;, &#039;toolbar=0,status=0,width=620,height=280&#039;);\">\n\t\t\t\t\t<img decoding=\"async\" itemprop=\"image\" src=\"https:\/\/www.icpartners.it\/wp-content\/uploads\/2024\/03\/ic_facebook_news.png\" alt=\"facebook\" \/>\n\t\t\t<\/a>\n<\/li><li class=\"mkd-twitter-share\">\n\t<a itemprop=\"url\" class=\"mkd-share-link\" href=\"#\" onclick=\"window.open(&#039;http:\/\/twitter.com\/home?status=Prima+di+tutto%2C+grazie+Roberto+e+grazie+IC%26amp%3BPartners.+Mi+occupo+da+trent%E2%80%99anni+di+formazione+ed+educazione+con+https:\/\/www.icpartners.it\/en\/a-colazione-con-antonello-vedovato\/&#039;, &#039;popupwindow&#039;, &#039;scrollbars=yes,width=800,height=400&#039;);\">\n\t\t\t\t\t<img decoding=\"async\" itemprop=\"image\" src=\"https:\/\/www.icpartners.it\/wp-content\/uploads\/2024\/03\/ic_twitter-x_news.png\" alt=\"twitter\" \/>\n\t\t\t<\/a>\n<\/li><li class=\"mkd-linkedin-share\">\n\t<a itemprop=\"url\" class=\"mkd-share-link\" href=\"#\" onclick=\"popUp=window.open(&#039;http:\/\/linkedin.com\/shareArticle?mini=true&amp;url=https%3A%2F%2Fwww.icpartners.it%2Fen%2Fa-colazione-con-antonello-vedovato%2F&amp;title=A+Colazione+con%26%238230%3B.+Antonello+Vedovato&#039;, &#039;popupwindow&#039;, &#039;scrollbars=yes,width=800,height=400&#039;);popUp.focus();return false;\">\n\t\t\t\t\t<img decoding=\"async\" itemprop=\"image\" src=\"https:\/\/www.icpartners.it\/wp-content\/uploads\/2024\/03\/ic_linkedin_news.png\" alt=\"linkedin\" \/>\n\t\t\t<\/a>\n<\/li>\t<\/ul>\n<\/div>    <\/div>\n        <\/div>\n    \n    <div class=\"mkd-read-more-holder\"><a itemprop=\"url\" href=\"https:\/\/www.icpartners.it\/en\/a-colazione-con-antonello-vedovato\/\" target=\"_self\" style=\"font-weight: 700\" class=\"mkd-btn mkd-btn-small mkd-btn-minimal mkd-btn-icon\"  >    <span class=\"mkd-btn-text\">Read More<\/span>    <span aria-hidden=\"true\" class=\"mkd-icon-font-elegant arrow_carrot-right\" ><\/span><\/a><\/div>\n    <\/div>\n    <\/div>\n<\/li><li class=\"mkd-blog-list-item clearfix\">\n    <div class=\"mkd-blog-list-item-inner\">\n        <div class=\"mkd-item-image\">\n            <a itemprop=\"url\" href=\"https:\/\/www.icpartners.it\/en\/a-colazione-con-federico-diomeda\/\">\n                <img loading=\"lazy\" decoding=\"async\" width=\"1200\" height=\"627\" src=\"https:\/\/www.icpartners.it\/wp-content\/uploads\/2020\/03\/Articoli-2020-14.png\" class=\"attachment-full size-full wp-post-image\" alt=\"A colazione con\" \/>            <\/a>\n        <\/div>\n        <div class=\"mkd-item-text-holder\" >\n        <h4 itemprop=\"name\" class=\"mkd-item-title entry-title\">\n        <a itemprop=\"url\" href=\"https:\/\/www.icpartners.it\/en\/a-colazione-con-federico-diomeda\/\">\n            A colazione con&#8230;. Federico Diomeda        <\/a>\n    <\/h4>\n\n            <p itemprop=\"description\" class=\"mkd-excerpt\">Lasciamo agli economisti le visioni &#8220;macro&#8221; &#8211; vi sono ottimi commenti co...<\/p>\n    \n            <div class=\"mkd-item-info-section clearfix\">\n            <div itemprop=\"dateCreated\" class=\"mkd-post-info-date entry-date updated\">\n\n    \n        March 27, 2020\n        \n    <meta itemprop=\"interactionCount\" content=\"UserComments: 0\"\/>\n\n<\/div><div class=\"mkd-post-info-category\"><a href=\"https:\/\/www.icpartners.it\/en\/category\/italia\/\" rel=\"category tag\">ITALY<\/a> <a href=\"https:\/\/www.icpartners.it\/en\/category\/news\/\" rel=\"category tag\">News<\/a><\/div>    <div class =\"mkd-blog-share\">\n        <div class=\"mkd-social-share-holder mkd-list\">\n\t<ul>\n\t\t<li class=\"mkd-facebook-share\">\n\t<a itemprop=\"url\" class=\"mkd-share-link\" href=\"#\" onclick=\"window.open(&#039;http:\/\/www.facebook.com\/sharer.php?u=https%3A%2F%2Fwww.icpartners.it%2Fen%2Fa-colazione-con-federico-diomeda%2F&#039;, &#039;sharer&#039;, &#039;toolbar=0,status=0,width=620,height=280&#039;);\">\n\t\t\t\t\t<img decoding=\"async\" itemprop=\"image\" src=\"https:\/\/www.icpartners.it\/wp-content\/uploads\/2024\/03\/ic_facebook_news.png\" alt=\"facebook\" \/>\n\t\t\t<\/a>\n<\/li><li class=\"mkd-twitter-share\">\n\t<a itemprop=\"url\" class=\"mkd-share-link\" href=\"#\" onclick=\"window.open(&#039;http:\/\/twitter.com\/home?status=Lasciamo+agli+economisti+le+visioni+%26%238220%3Bmacro%26%238221%3B+%26%238211%3B+vi+sono+ottimi+commenti+come+per+esempio+quelli+di+https:\/\/www.icpartners.it\/en\/a-colazione-con-federico-diomeda\/&#039;, &#039;popupwindow&#039;, &#039;scrollbars=yes,width=800,height=400&#039;);\">\n\t\t\t\t\t<img decoding=\"async\" itemprop=\"image\" src=\"https:\/\/www.icpartners.it\/wp-content\/uploads\/2024\/03\/ic_twitter-x_news.png\" alt=\"twitter\" \/>\n\t\t\t<\/a>\n<\/li><li class=\"mkd-linkedin-share\">\n\t<a itemprop=\"url\" class=\"mkd-share-link\" href=\"#\" onclick=\"popUp=window.open(&#039;http:\/\/linkedin.com\/shareArticle?mini=true&amp;url=https%3A%2F%2Fwww.icpartners.it%2Fen%2Fa-colazione-con-federico-diomeda%2F&amp;title=A+colazione+con%26%238230%3B.+Federico+Diomeda&#039;, &#039;popupwindow&#039;, &#039;scrollbars=yes,width=800,height=400&#039;);popUp.focus();return false;\">\n\t\t\t\t\t<img decoding=\"async\" itemprop=\"image\" src=\"https:\/\/www.icpartners.it\/wp-content\/uploads\/2024\/03\/ic_linkedin_news.png\" alt=\"linkedin\" \/>\n\t\t\t<\/a>\n<\/li>\t<\/ul>\n<\/div>    <\/div>\n        <\/div>\n    \n    <div class=\"mkd-read-more-holder\"><a itemprop=\"url\" href=\"https:\/\/www.icpartners.it\/en\/a-colazione-con-federico-diomeda\/\" target=\"_self\" style=\"font-weight: 700\" class=\"mkd-btn mkd-btn-small mkd-btn-minimal mkd-btn-icon\"  >    <span class=\"mkd-btn-text\">Read More<\/span>    <span aria-hidden=\"true\" class=\"mkd-icon-font-elegant arrow_carrot-right\" ><\/span><\/a><\/div>\n    <\/div>\n    <\/div>\n<\/li><li class=\"mkd-blog-list-item clearfix\">\n    <div class=\"mkd-blog-list-item-inner\">\n        <div class=\"mkd-item-image\">\n            <a itemprop=\"url\" href=\"https:\/\/www.icpartners.it\/en\/icpatners-spa-e-webidoo-spa-insieme-per-lo-sviluppo-digitale-delle-imprese\/\">\n                <img loading=\"lazy\" decoding=\"async\" width=\"1200\" height=\"627\" src=\"https:\/\/www.icpartners.it\/wp-content\/uploads\/2020\/03\/Articoli-2020-17.png\" class=\"attachment-full size-full wp-post-image\" alt=\"webidoo\" \/>            <\/a>\n        <\/div>\n        <div class=\"mkd-item-text-holder\" >\n        <h4 itemprop=\"name\" class=\"mkd-item-title entry-title\">\n        <a itemprop=\"url\" href=\"https:\/\/www.icpartners.it\/en\/icpatners-spa-e-webidoo-spa-insieme-per-lo-sviluppo-digitale-delle-imprese\/\">\n            IC&#038;Partners SpA e Webidoo SpA insieme per lo sviluppo digitale delle imprese        <\/a>\n    <\/h4>\n\n            <p itemprop=\"description\" class=\"mkd-excerpt\">Le societ\u00e0 di consulenza IC&amp;Partners SpA e Webidoo SpA siglano un accordo di partners...<\/p>\n    \n            <div class=\"mkd-item-info-section clearfix\">\n            <div itemprop=\"dateCreated\" class=\"mkd-post-info-date entry-date updated\">\n\n    \n        March 25, 2020\n        \n    <meta itemprop=\"interactionCount\" content=\"UserComments: 0\"\/>\n\n<\/div><div class=\"mkd-post-info-category\"><a href=\"https:\/\/www.icpartners.it\/en\/category\/italia\/\" rel=\"category tag\">ITALY<\/a><\/div>    <div class =\"mkd-blog-share\">\n        <div class=\"mkd-social-share-holder mkd-list\">\n\t<ul>\n\t\t<li class=\"mkd-facebook-share\">\n\t<a itemprop=\"url\" class=\"mkd-share-link\" href=\"#\" onclick=\"window.open(&#039;http:\/\/www.facebook.com\/sharer.php?u=https%3A%2F%2Fwww.icpartners.it%2Fen%2Ficpatners-spa-e-webidoo-spa-insieme-per-lo-sviluppo-digitale-delle-imprese%2F&#039;, &#039;sharer&#039;, &#039;toolbar=0,status=0,width=620,height=280&#039;);\">\n\t\t\t\t\t<img decoding=\"async\" itemprop=\"image\" src=\"https:\/\/www.icpartners.it\/wp-content\/uploads\/2024\/03\/ic_facebook_news.png\" alt=\"facebook\" \/>\n\t\t\t<\/a>\n<\/li><li class=\"mkd-twitter-share\">\n\t<a itemprop=\"url\" class=\"mkd-share-link\" href=\"#\" onclick=\"window.open(&#039;http:\/\/twitter.com\/home?status=Le+societ%C3%A0+di+consulenza+IC%26amp%3BPartners+SpA+e+Webidoo+SpA+siglano+un+accordo+di+partnership+per+le+attivit%C3%A0+di+https:\/\/www.icpartners.it\/en\/icpatners-spa-e-webidoo-spa-insieme-per-lo-sviluppo-digitale-delle-imprese\/&#039;, &#039;popupwindow&#039;, &#039;scrollbars=yes,width=800,height=400&#039;);\">\n\t\t\t\t\t<img decoding=\"async\" itemprop=\"image\" src=\"https:\/\/www.icpartners.it\/wp-content\/uploads\/2024\/03\/ic_twitter-x_news.png\" alt=\"twitter\" \/>\n\t\t\t<\/a>\n<\/li><li class=\"mkd-linkedin-share\">\n\t<a itemprop=\"url\" class=\"mkd-share-link\" href=\"#\" onclick=\"popUp=window.open(&#039;http:\/\/linkedin.com\/shareArticle?mini=true&amp;url=https%3A%2F%2Fwww.icpartners.it%2Fen%2Ficpatners-spa-e-webidoo-spa-insieme-per-lo-sviluppo-digitale-delle-imprese%2F&amp;title=IC%26%23038%3BPartners+SpA+e+Webidoo+SpA+insieme+per+lo+sviluppo+digitale+delle+imprese&#039;, &#039;popupwindow&#039;, &#039;scrollbars=yes,width=800,height=400&#039;);popUp.focus();return false;\">\n\t\t\t\t\t<img decoding=\"async\" itemprop=\"image\" src=\"https:\/\/www.icpartners.it\/wp-content\/uploads\/2024\/03\/ic_linkedin_news.png\" alt=\"linkedin\" \/>\n\t\t\t<\/a>\n<\/li>\t<\/ul>\n<\/div>    <\/div>\n        <\/div>\n    \n    <div class=\"mkd-read-more-holder\"><a itemprop=\"url\" href=\"https:\/\/www.icpartners.it\/en\/icpatners-spa-e-webidoo-spa-insieme-per-lo-sviluppo-digitale-delle-imprese\/\" target=\"_self\" style=\"font-weight: 700\" class=\"mkd-btn mkd-btn-small mkd-btn-minimal mkd-btn-icon\"  >    <span class=\"mkd-btn-text\">Read More<\/span>    <span aria-hidden=\"true\" class=\"mkd-icon-font-elegant arrow_carrot-right\" ><\/span><\/a><\/div>\n    <\/div>\n    <\/div>\n<\/li><li class=\"mkd-blog-list-item clearfix\">\n    <div class=\"mkd-blog-list-item-inner\">\n        <div class=\"mkd-item-image\">\n            <a itemprop=\"url\" href=\"https:\/\/www.icpartners.it\/en\/cura-italia-le-novita-per-i-datori-di-lavoro\/\">\n                <img loading=\"lazy\" decoding=\"async\" width=\"1200\" height=\"627\" src=\"https:\/\/www.icpartners.it\/wp-content\/uploads\/2020\/03\/Articoli-2020-16.png\" class=\"attachment-full size-full wp-post-image\" alt=\"cura italia 2\" \/>            <\/a>\n        <\/div>\n        <div class=\"mkd-item-text-holder\" >\n        <h4 itemprop=\"name\" class=\"mkd-item-title entry-title\">\n        <a itemprop=\"url\" href=\"https:\/\/www.icpartners.it\/en\/cura-italia-le-novita-per-i-datori-di-lavoro\/\">\n            Cura Italia, le novit\u00e0 per i datori di lavoro        <\/a>\n    <\/h4>\n\n            <p itemprop=\"description\" class=\"mkd-excerpt\">Il nuovo Decreto \u201cCura Italia\u201d riguarda le misure ritenute urgenti per il mese di marz...<\/p>\n    \n            <div class=\"mkd-item-info-section clearfix\">\n            <div itemprop=\"dateCreated\" class=\"mkd-post-info-date entry-date updated\">\n\n    \n        March 24, 2020\n        \n    <meta itemprop=\"interactionCount\" content=\"UserComments: 0\"\/>\n\n<\/div><div class=\"mkd-post-info-category\"><a href=\"https:\/\/www.icpartners.it\/en\/category\/italia\/\" rel=\"category tag\">ITALY<\/a> <a href=\"https:\/\/www.icpartners.it\/en\/category\/news\/\" rel=\"category tag\">News<\/a><\/div>    <div class =\"mkd-blog-share\">\n        <div class=\"mkd-social-share-holder mkd-list\">\n\t<ul>\n\t\t<li class=\"mkd-facebook-share\">\n\t<a itemprop=\"url\" class=\"mkd-share-link\" href=\"#\" onclick=\"window.open(&#039;http:\/\/www.facebook.com\/sharer.php?u=https%3A%2F%2Fwww.icpartners.it%2Fen%2Fcura-italia-le-novita-per-i-datori-di-lavoro%2F&#039;, &#039;sharer&#039;, &#039;toolbar=0,status=0,width=620,height=280&#039;);\">\n\t\t\t\t\t<img decoding=\"async\" itemprop=\"image\" src=\"https:\/\/www.icpartners.it\/wp-content\/uploads\/2024\/03\/ic_facebook_news.png\" alt=\"facebook\" \/>\n\t\t\t<\/a>\n<\/li><li class=\"mkd-twitter-share\">\n\t<a itemprop=\"url\" class=\"mkd-share-link\" href=\"#\" onclick=\"window.open(&#039;http:\/\/twitter.com\/home?status=Il+nuovo+Decreto+%E2%80%9CCura+Italia%E2%80%9D+riguarda+le+misure+ritenute+urgenti+per+il+mese+di+marzo.+Ha+una+dotazione+di+25+https:\/\/www.icpartners.it\/en\/cura-italia-le-novita-per-i-datori-di-lavoro\/&#039;, &#039;popupwindow&#039;, &#039;scrollbars=yes,width=800,height=400&#039;);\">\n\t\t\t\t\t<img decoding=\"async\" itemprop=\"image\" src=\"https:\/\/www.icpartners.it\/wp-content\/uploads\/2024\/03\/ic_twitter-x_news.png\" alt=\"twitter\" \/>\n\t\t\t<\/a>\n<\/li><li class=\"mkd-linkedin-share\">\n\t<a itemprop=\"url\" class=\"mkd-share-link\" href=\"#\" onclick=\"popUp=window.open(&#039;http:\/\/linkedin.com\/shareArticle?mini=true&amp;url=https%3A%2F%2Fwww.icpartners.it%2Fen%2Fcura-italia-le-novita-per-i-datori-di-lavoro%2F&amp;title=Cura+Italia%2C+le+novit%C3%A0+per+i+datori+di+lavoro&#039;, &#039;popupwindow&#039;, &#039;scrollbars=yes,width=800,height=400&#039;);popUp.focus();return false;\">\n\t\t\t\t\t<img decoding=\"async\" itemprop=\"image\" src=\"https:\/\/www.icpartners.it\/wp-content\/uploads\/2024\/03\/ic_linkedin_news.png\" alt=\"linkedin\" \/>\n\t\t\t<\/a>\n<\/li>\t<\/ul>\n<\/div>    <\/div>\n        <\/div>\n    \n    <div class=\"mkd-read-more-holder\"><a itemprop=\"url\" href=\"https:\/\/www.icpartners.it\/en\/cura-italia-le-novita-per-i-datori-di-lavoro\/\" target=\"_self\" style=\"font-weight: 700\" class=\"mkd-btn mkd-btn-small mkd-btn-minimal mkd-btn-icon\"  >    <span class=\"mkd-btn-text\">Read More<\/span>    <span aria-hidden=\"true\" class=\"mkd-icon-font-elegant arrow_carrot-right\" ><\/span><\/a><\/div>\n    <\/div>\n    <\/div>\n<\/li><li class=\"mkd-blog-list-item clearfix\">\n    <div class=\"mkd-blog-list-item-inner\">\n        <div class=\"mkd-item-image\">\n            <a itemprop=\"url\" href=\"https:\/\/www.icpartners.it\/en\/produzione-importazione-ed-utilizzo-di-mascherine-di-protezione\/\">\n                <img loading=\"lazy\" decoding=\"async\" width=\"1200\" height=\"627\" src=\"https:\/\/www.icpartners.it\/wp-content\/uploads\/2020\/03\/Articoli-2020-55.png\" class=\"attachment-full size-full wp-post-image\" alt=\"\" srcset=\"https:\/\/www.icpartners.it\/wp-content\/uploads\/2020\/03\/Articoli-2020-55.png 1200w, https:\/\/www.icpartners.it\/wp-content\/uploads\/2020\/03\/Articoli-2020-55-300x157.png 300w, https:\/\/www.icpartners.it\/wp-content\/uploads\/2020\/03\/Articoli-2020-55-1024x535.png 1024w, https:\/\/www.icpartners.it\/wp-content\/uploads\/2020\/03\/Articoli-2020-55-296x155.png 296w, https:\/\/www.icpartners.it\/wp-content\/uploads\/2020\/03\/Articoli-2020-55-768x401.png 768w, https:\/\/www.icpartners.it\/wp-content\/uploads\/2020\/03\/Articoli-2020-55-16x8.png 16w\" sizes=\"auto, (max-width: 1200px) 100vw, 1200px\" \/>            <\/a>\n        <\/div>\n        <div class=\"mkd-item-text-holder\" >\n        <h4 itemprop=\"name\" class=\"mkd-item-title entry-title\">\n        <a itemprop=\"url\" href=\"https:\/\/www.icpartners.it\/en\/produzione-importazione-ed-utilizzo-di-mascherine-di-protezione\/\">\n            Produzione, importazione ed utilizzo di mascherine di protezione        <\/a>\n    <\/h4>\n\n            <p itemprop=\"description\" class=\"mkd-excerpt\">Con la pubblicazione del nuovo decreto Cura Italia, Misure di potenziamento del Servizio s...<\/p>\n    \n            <div class=\"mkd-item-info-section clearfix\">\n            <div itemprop=\"dateCreated\" class=\"mkd-post-info-date entry-date updated\">\n\n    \n        March 20, 2020\n        \n    <meta itemprop=\"interactionCount\" content=\"UserComments: 0\"\/>\n\n<\/div><div class=\"mkd-post-info-category\"><a href=\"https:\/\/www.icpartners.it\/en\/category\/italia\/\" rel=\"category tag\">ITALY<\/a><\/div>    <div class =\"mkd-blog-share\">\n        <div class=\"mkd-social-share-holder mkd-list\">\n\t<ul>\n\t\t<li class=\"mkd-facebook-share\">\n\t<a itemprop=\"url\" class=\"mkd-share-link\" href=\"#\" onclick=\"window.open(&#039;http:\/\/www.facebook.com\/sharer.php?u=https%3A%2F%2Fwww.icpartners.it%2Fen%2Fproduzione-importazione-ed-utilizzo-di-mascherine-di-protezione%2F&#039;, &#039;sharer&#039;, &#039;toolbar=0,status=0,width=620,height=280&#039;);\">\n\t\t\t\t\t<img decoding=\"async\" itemprop=\"image\" src=\"https:\/\/www.icpartners.it\/wp-content\/uploads\/2024\/03\/ic_facebook_news.png\" alt=\"facebook\" \/>\n\t\t\t<\/a>\n<\/li><li class=\"mkd-twitter-share\">\n\t<a itemprop=\"url\" class=\"mkd-share-link\" href=\"#\" onclick=\"window.open(&#039;http:\/\/twitter.com\/home?status=Con+la+pubblicazione+del+nuovo+decreto+Cura+Italia%2C+Misure+di+potenziamento+del+Servizio+sanitario+nazionale+e+di+https:\/\/www.icpartners.it\/en\/produzione-importazione-ed-utilizzo-di-mascherine-di-protezione\/&#039;, &#039;popupwindow&#039;, &#039;scrollbars=yes,width=800,height=400&#039;);\">\n\t\t\t\t\t<img decoding=\"async\" itemprop=\"image\" src=\"https:\/\/www.icpartners.it\/wp-content\/uploads\/2024\/03\/ic_twitter-x_news.png\" alt=\"twitter\" \/>\n\t\t\t<\/a>\n<\/li><li class=\"mkd-linkedin-share\">\n\t<a itemprop=\"url\" class=\"mkd-share-link\" href=\"#\" onclick=\"popUp=window.open(&#039;http:\/\/linkedin.com\/shareArticle?mini=true&amp;url=https%3A%2F%2Fwww.icpartners.it%2Fen%2Fproduzione-importazione-ed-utilizzo-di-mascherine-di-protezione%2F&amp;title=Produzione%2C+importazione+ed+utilizzo+di+mascherine+di+protezione&#039;, &#039;popupwindow&#039;, &#039;scrollbars=yes,width=800,height=400&#039;);popUp.focus();return false;\">\n\t\t\t\t\t<img decoding=\"async\" itemprop=\"image\" src=\"https:\/\/www.icpartners.it\/wp-content\/uploads\/2024\/03\/ic_linkedin_news.png\" alt=\"linkedin\" \/>\n\t\t\t<\/a>\n<\/li>\t<\/ul>\n<\/div>    <\/div>\n        <\/div>\n    \n    <div class=\"mkd-read-more-holder\"><a itemprop=\"url\" href=\"https:\/\/www.icpartners.it\/en\/produzione-importazione-ed-utilizzo-di-mascherine-di-protezione\/\" target=\"_self\" style=\"font-weight: 700\" class=\"mkd-btn mkd-btn-small mkd-btn-minimal mkd-btn-icon\"  >    <span class=\"mkd-btn-text\">Read More<\/span>    <span aria-hidden=\"true\" class=\"mkd-icon-font-elegant arrow_carrot-right\" ><\/span><\/a><\/div>\n    <\/div>\n    <\/div>\n<\/li><li class=\"mkd-blog-list-item clearfix\">\n    <div class=\"mkd-blog-list-item-inner\">\n        <div class=\"mkd-item-image\">\n            <a itemprop=\"url\" href=\"https:\/\/www.icpartners.it\/en\/a-colazione-con-prof-luciano-mauro\/\">\n                <img loading=\"lazy\" decoding=\"async\" width=\"1200\" height=\"627\" src=\"https:\/\/www.icpartners.it\/wp-content\/uploads\/2020\/03\/Articoli-2020-14.png\" class=\"attachment-full size-full wp-post-image\" alt=\"A colazione con\" \/>            <\/a>\n        <\/div>\n        <div class=\"mkd-item-text-holder\" >\n        <h4 itemprop=\"name\" class=\"mkd-item-title entry-title\">\n        <a itemprop=\"url\" href=\"https:\/\/www.icpartners.it\/en\/a-colazione-con-prof-luciano-mauro\/\">\n            A colazione con&#8230;. Prof. Luciano Mauro        <\/a>\n    <\/h4>\n\n            <p itemprop=\"description\" class=\"mkd-excerpt\">Il mio amico Roberto mi ha chiesto 30 righe sulla situazione. Io sono un economista grande...<\/p>\n    \n            <div class=\"mkd-item-info-section clearfix\">\n            <div itemprop=\"dateCreated\" class=\"mkd-post-info-date entry-date updated\">\n\n    \n        March 20, 2020\n        \n    <meta itemprop=\"interactionCount\" content=\"UserComments: 0\"\/>\n\n<\/div><div class=\"mkd-post-info-category\"><a href=\"https:\/\/www.icpartners.it\/en\/category\/italia\/\" rel=\"category tag\">ITALY<\/a> <a href=\"https:\/\/www.icpartners.it\/en\/category\/news\/\" rel=\"category tag\">News<\/a><\/div>    <div class =\"mkd-blog-share\">\n        <div class=\"mkd-social-share-holder mkd-list\">\n\t<ul>\n\t\t<li class=\"mkd-facebook-share\">\n\t<a itemprop=\"url\" class=\"mkd-share-link\" href=\"#\" onclick=\"window.open(&#039;http:\/\/www.facebook.com\/sharer.php?u=https%3A%2F%2Fwww.icpartners.it%2Fen%2Fa-colazione-con-prof-luciano-mauro%2F&#039;, &#039;sharer&#039;, &#039;toolbar=0,status=0,width=620,height=280&#039;);\">\n\t\t\t\t\t<img decoding=\"async\" itemprop=\"image\" src=\"https:\/\/www.icpartners.it\/wp-content\/uploads\/2024\/03\/ic_facebook_news.png\" alt=\"facebook\" \/>\n\t\t\t<\/a>\n<\/li><li class=\"mkd-twitter-share\">\n\t<a itemprop=\"url\" class=\"mkd-share-link\" href=\"#\" onclick=\"window.open(&#039;http:\/\/twitter.com\/home?status=Il+mio+amico+Roberto+mi+ha+chiesto+30+righe+sulla+situazione.+Io+sono+un+economista+grande+non+un+grande+economista%3A+https:\/\/www.icpartners.it\/en\/a-colazione-con-prof-luciano-mauro\/&#039;, &#039;popupwindow&#039;, &#039;scrollbars=yes,width=800,height=400&#039;);\">\n\t\t\t\t\t<img decoding=\"async\" itemprop=\"image\" src=\"https:\/\/www.icpartners.it\/wp-content\/uploads\/2024\/03\/ic_twitter-x_news.png\" alt=\"twitter\" \/>\n\t\t\t<\/a>\n<\/li><li class=\"mkd-linkedin-share\">\n\t<a itemprop=\"url\" class=\"mkd-share-link\" href=\"#\" onclick=\"popUp=window.open(&#039;http:\/\/linkedin.com\/shareArticle?mini=true&amp;url=https%3A%2F%2Fwww.icpartners.it%2Fen%2Fa-colazione-con-prof-luciano-mauro%2F&amp;title=A+colazione+con%26%238230%3B.+Prof.+Luciano+Mauro&#039;, &#039;popupwindow&#039;, &#039;scrollbars=yes,width=800,height=400&#039;);popUp.focus();return false;\">\n\t\t\t\t\t<img decoding=\"async\" itemprop=\"image\" src=\"https:\/\/www.icpartners.it\/wp-content\/uploads\/2024\/03\/ic_linkedin_news.png\" alt=\"linkedin\" \/>\n\t\t\t<\/a>\n<\/li>\t<\/ul>\n<\/div>    <\/div>\n        <\/div>\n    \n    <div class=\"mkd-read-more-holder\"><a itemprop=\"url\" href=\"https:\/\/www.icpartners.it\/en\/a-colazione-con-prof-luciano-mauro\/\" target=\"_self\" style=\"font-weight: 700\" class=\"mkd-btn mkd-btn-small mkd-btn-minimal mkd-btn-icon\"  >    <span class=\"mkd-btn-text\">Read More<\/span>    <span aria-hidden=\"true\" class=\"mkd-icon-font-elegant arrow_carrot-right\" ><\/span><\/a><\/div>\n    <\/div>\n    <\/div>\n<\/li><li class=\"mkd-blog-list-item clearfix\">\n    <div class=\"mkd-blog-list-item-inner\">\n        <div class=\"mkd-item-image\">\n            <a itemprop=\"url\" href=\"https:\/\/www.icpartners.it\/en\/le-principali-novita-del-dl-18-del-17-03-2020\/\">\n                <img loading=\"lazy\" decoding=\"async\" width=\"1200\" height=\"627\" src=\"https:\/\/www.icpartners.it\/wp-content\/uploads\/2020\/03\/Articoli-2020-13.png\" class=\"attachment-full size-full wp-post-image\" alt=\"gu\" \/>            <\/a>\n        <\/div>\n        <div class=\"mkd-item-text-holder\" >\n        <h4 itemprop=\"name\" class=\"mkd-item-title entry-title\">\n        <a itemprop=\"url\" href=\"https:\/\/www.icpartners.it\/en\/le-principali-novita-del-dl-18-del-17-03-2020\/\">\n            Covid-19: le principali novit\u00e0 del DL 18 del 17\/03\/2020        <\/a>\n    <\/h4>\n\n            <p itemprop=\"description\" class=\"mkd-excerpt\">DECRETO LEGGE N. 18 del 17 MARZO 2020 Il nuovo Decreto \u201cCura Italia\u201d riguarda le misur...<\/p>\n    \n            <div class=\"mkd-item-info-section clearfix\">\n            <div itemprop=\"dateCreated\" class=\"mkd-post-info-date entry-date updated\">\n\n    \n        March 19, 2020\n        \n    <meta itemprop=\"interactionCount\" content=\"UserComments: 0\"\/>\n\n<\/div><div class=\"mkd-post-info-category\"><a href=\"https:\/\/www.icpartners.it\/en\/category\/italia\/\" rel=\"category tag\">ITALY<\/a> <a href=\"https:\/\/www.icpartners.it\/en\/category\/news\/\" rel=\"category tag\">News<\/a><\/div>    <div class =\"mkd-blog-share\">\n        <div class=\"mkd-social-share-holder mkd-list\">\n\t<ul>\n\t\t<li class=\"mkd-facebook-share\">\n\t<a itemprop=\"url\" class=\"mkd-share-link\" href=\"#\" onclick=\"window.open(&#039;http:\/\/www.facebook.com\/sharer.php?u=https%3A%2F%2Fwww.icpartners.it%2Fen%2Fle-principali-novita-del-dl-18-del-17-03-2020%2F&#039;, &#039;sharer&#039;, &#039;toolbar=0,status=0,width=620,height=280&#039;);\">\n\t\t\t\t\t<img decoding=\"async\" itemprop=\"image\" src=\"https:\/\/www.icpartners.it\/wp-content\/uploads\/2024\/03\/ic_facebook_news.png\" alt=\"facebook\" \/>\n\t\t\t<\/a>\n<\/li><li class=\"mkd-twitter-share\">\n\t<a itemprop=\"url\" class=\"mkd-share-link\" href=\"#\" onclick=\"window.open(&#039;http:\/\/twitter.com\/home?status=DECRETO+LEGGE+N.+18+del+17+MARZO+2020+Il+nuovo+Decreto+%E2%80%9CCura+Italia%E2%80%9D+riguarda+le+misure+ritenute+urgenti+per+il+mese+https:\/\/www.icpartners.it\/en\/le-principali-novita-del-dl-18-del-17-03-2020\/&#039;, &#039;popupwindow&#039;, &#039;scrollbars=yes,width=800,height=400&#039;);\">\n\t\t\t\t\t<img decoding=\"async\" itemprop=\"image\" src=\"https:\/\/www.icpartners.it\/wp-content\/uploads\/2024\/03\/ic_twitter-x_news.png\" alt=\"twitter\" \/>\n\t\t\t<\/a>\n<\/li><li class=\"mkd-linkedin-share\">\n\t<a itemprop=\"url\" class=\"mkd-share-link\" href=\"#\" onclick=\"popUp=window.open(&#039;http:\/\/linkedin.com\/shareArticle?mini=true&amp;url=https%3A%2F%2Fwww.icpartners.it%2Fen%2Fle-principali-novita-del-dl-18-del-17-03-2020%2F&amp;title=Covid-19%3A+le+principali+novit%C3%A0+del+DL+18+del+17%2F03%2F2020&#039;, &#039;popupwindow&#039;, &#039;scrollbars=yes,width=800,height=400&#039;);popUp.focus();return false;\">\n\t\t\t\t\t<img decoding=\"async\" itemprop=\"image\" src=\"https:\/\/www.icpartners.it\/wp-content\/uploads\/2024\/03\/ic_linkedin_news.png\" alt=\"linkedin\" \/>\n\t\t\t<\/a>\n<\/li>\t<\/ul>\n<\/div>    <\/div>\n        <\/div>\n    \n    <div class=\"mkd-read-more-holder\"><a itemprop=\"url\" href=\"https:\/\/www.icpartners.it\/en\/le-principali-novita-del-dl-18-del-17-03-2020\/\" target=\"_self\" style=\"font-weight: 700\" class=\"mkd-btn mkd-btn-small mkd-btn-minimal mkd-btn-icon\"  >    <span class=\"mkd-btn-text\">Read More<\/span>    <span aria-hidden=\"true\" class=\"mkd-icon-font-elegant arrow_carrot-right\" ><\/span><\/a><\/div>\n    <\/div>\n    <\/div>\n<\/li><li class=\"mkd-blog-list-item clearfix\">\n    <div class=\"mkd-blog-list-item-inner\">\n        <div class=\"mkd-item-image\">\n            <a itemprop=\"url\" href=\"https:\/\/www.icpartners.it\/en\/icpartners-crea-la-task-force-coronavirus\/\">\n                <img loading=\"lazy\" decoding=\"async\" width=\"1200\" height=\"627\" src=\"https:\/\/www.icpartners.it\/wp-content\/uploads\/2020\/03\/Copertina-Per-SIto.png\" class=\"attachment-full size-full wp-post-image\" alt=\"coronavirus\" \/>            <\/a>\n        <\/div>\n        <div class=\"mkd-item-text-holder\" >\n        <h4 itemprop=\"name\" class=\"mkd-item-title entry-title\">\n        <a itemprop=\"url\" href=\"https:\/\/www.icpartners.it\/en\/icpartners-crea-la-task-force-coronavirus\/\">\n            Esportare nonostante il Virus: il modo per non fermarsi c&#8217;\u00e8. Nasce la Task Force Coronavirus        <\/a>\n    <\/h4>\n\n            <p itemprop=\"description\" class=\"mkd-excerpt\">Udine,\u00a05 marzo 2020\u00a0\u2013 Siamo davanti ad una crisi sanitaria senza precedenti. Una pande...<\/p>\n    \n            <div class=\"mkd-item-info-section clearfix\">\n            <div itemprop=\"dateCreated\" class=\"mkd-post-info-date entry-date updated\">\n\n    \n        March 5, 2020\n        \n    <meta itemprop=\"interactionCount\" content=\"UserComments: 0\"\/>\n\n<\/div><div class=\"mkd-post-info-category\"><a href=\"https:\/\/www.icpartners.it\/en\/category\/italia\/\" rel=\"category tag\">ITALY<\/a> <a href=\"https:\/\/www.icpartners.it\/en\/category\/news\/\" rel=\"category tag\">News<\/a><\/div>    <div class =\"mkd-blog-share\">\n        <div class=\"mkd-social-share-holder mkd-list\">\n\t<ul>\n\t\t<li class=\"mkd-facebook-share\">\n\t<a itemprop=\"url\" class=\"mkd-share-link\" href=\"#\" onclick=\"window.open(&#039;http:\/\/www.facebook.com\/sharer.php?u=https%3A%2F%2Fwww.icpartners.it%2Fen%2Ficpartners-crea-la-task-force-coronavirus%2F&#039;, &#039;sharer&#039;, &#039;toolbar=0,status=0,width=620,height=280&#039;);\">\n\t\t\t\t\t<img decoding=\"async\" itemprop=\"image\" src=\"https:\/\/www.icpartners.it\/wp-content\/uploads\/2024\/03\/ic_facebook_news.png\" alt=\"facebook\" \/>\n\t\t\t<\/a>\n<\/li><li class=\"mkd-twitter-share\">\n\t<a itemprop=\"url\" class=\"mkd-share-link\" href=\"#\" onclick=\"window.open(&#039;http:\/\/twitter.com\/home?status=Udine%2C%C2%A05+marzo+2020%C2%A0%E2%80%93+Siamo+davanti+ad+una+crisi+sanitaria+senza+precedenti.+Una+pandemia+che+avr%C3%A0+conseguenze+sul+https:\/\/www.icpartners.it\/en\/icpartners-crea-la-task-force-coronavirus\/&#039;, &#039;popupwindow&#039;, &#039;scrollbars=yes,width=800,height=400&#039;);\">\n\t\t\t\t\t<img decoding=\"async\" itemprop=\"image\" src=\"https:\/\/www.icpartners.it\/wp-content\/uploads\/2024\/03\/ic_twitter-x_news.png\" alt=\"twitter\" \/>\n\t\t\t<\/a>\n<\/li><li class=\"mkd-linkedin-share\">\n\t<a itemprop=\"url\" class=\"mkd-share-link\" href=\"#\" onclick=\"popUp=window.open(&#039;http:\/\/linkedin.com\/shareArticle?mini=true&amp;url=https%3A%2F%2Fwww.icpartners.it%2Fen%2Ficpartners-crea-la-task-force-coronavirus%2F&amp;title=Esportare+nonostante+il+Virus%3A+il+modo+per+non+fermarsi+c%26%238217%3B%C3%A8.+Nasce+la+Task+Force+Coronavirus&#039;, &#039;popupwindow&#039;, &#039;scrollbars=yes,width=800,height=400&#039;);popUp.focus();return false;\">\n\t\t\t\t\t<img decoding=\"async\" itemprop=\"image\" src=\"https:\/\/www.icpartners.it\/wp-content\/uploads\/2024\/03\/ic_linkedin_news.png\" alt=\"linkedin\" \/>\n\t\t\t<\/a>\n<\/li>\t<\/ul>\n<\/div>    <\/div>\n        <\/div>\n    \n    <div class=\"mkd-read-more-holder\"><a itemprop=\"url\" href=\"https:\/\/www.icpartners.it\/en\/icpartners-crea-la-task-force-coronavirus\/\" target=\"_self\" style=\"font-weight: 700\" class=\"mkd-btn mkd-btn-small mkd-btn-minimal mkd-btn-icon\"  >    <span class=\"mkd-btn-text\">Read More<\/span>    <span aria-hidden=\"true\" class=\"mkd-icon-font-elegant arrow_carrot-right\" ><\/span><\/a><\/div>\n    <\/div>\n    <\/div>\n<\/li><li class=\"mkd-blog-list-item clearfix\">\n    <div class=\"mkd-blog-list-item-inner\">\n        <div class=\"mkd-item-image\">\n            <a itemprop=\"url\" href=\"https:\/\/www.icpartners.it\/en\/puglia-aiuti-alle-imprese-per-programmi-di-internazionalizzazione\/\">\n                <img loading=\"lazy\" decoding=\"async\" width=\"1200\" height=\"627\" src=\"https:\/\/www.icpartners.it\/wp-content\/uploads\/2020\/02\/Articoli-2020-12.png\" class=\"attachment-full size-full wp-post-image\" alt=\"PUGLIA CONTRIBUTI\" \/>            <\/a>\n        <\/div>\n        <div class=\"mkd-item-text-holder\" >\n        <h4 itemprop=\"name\" class=\"mkd-item-title entry-title\">\n        <a itemprop=\"url\" href=\"https:\/\/www.icpartners.it\/en\/puglia-aiuti-alle-imprese-per-programmi-di-internazionalizzazione\/\">\n            Puglia, aiuti alle imprese per programmi di internazionalizzazione        <\/a>\n    <\/h4>\n\n            <p itemprop=\"description\" class=\"mkd-excerpt\">La Regione Puglia ha nei giorni scorsi emesso un bando a supporto dei progetti di internaz...<\/p>\n    \n            <div class=\"mkd-item-info-section clearfix\">\n            <div itemprop=\"dateCreated\" class=\"mkd-post-info-date entry-date updated\">\n\n    \n        February 19, 2020\n        \n    <meta itemprop=\"interactionCount\" content=\"UserComments: 0\"\/>\n\n<\/div><div class=\"mkd-post-info-category\"><a href=\"https:\/\/www.icpartners.it\/en\/category\/italia\/\" rel=\"category tag\">ITALY<\/a> <a href=\"https:\/\/www.icpartners.it\/en\/category\/news\/\" rel=\"category tag\">News<\/a><\/div>    <div class =\"mkd-blog-share\">\n        <div class=\"mkd-social-share-holder mkd-list\">\n\t<ul>\n\t\t<li class=\"mkd-facebook-share\">\n\t<a itemprop=\"url\" class=\"mkd-share-link\" href=\"#\" onclick=\"window.open(&#039;http:\/\/www.facebook.com\/sharer.php?u=https%3A%2F%2Fwww.icpartners.it%2Fen%2Fpuglia-aiuti-alle-imprese-per-programmi-di-internazionalizzazione%2F&#039;, &#039;sharer&#039;, &#039;toolbar=0,status=0,width=620,height=280&#039;);\">\n\t\t\t\t\t<img decoding=\"async\" itemprop=\"image\" src=\"https:\/\/www.icpartners.it\/wp-content\/uploads\/2024\/03\/ic_facebook_news.png\" alt=\"facebook\" \/>\n\t\t\t<\/a>\n<\/li><li class=\"mkd-twitter-share\">\n\t<a itemprop=\"url\" class=\"mkd-share-link\" href=\"#\" onclick=\"window.open(&#039;http:\/\/twitter.com\/home?status=La+Regione+Puglia+ha+nei+giorni+scorsi+emesso+un+bando+a+supporto+dei+progetti+di+internazionalizzazione+delle+PMI+https:\/\/www.icpartners.it\/en\/puglia-aiuti-alle-imprese-per-programmi-di-internazionalizzazione\/&#039;, &#039;popupwindow&#039;, &#039;scrollbars=yes,width=800,height=400&#039;);\">\n\t\t\t\t\t<img decoding=\"async\" itemprop=\"image\" src=\"https:\/\/www.icpartners.it\/wp-content\/uploads\/2024\/03\/ic_twitter-x_news.png\" alt=\"twitter\" \/>\n\t\t\t<\/a>\n<\/li><li class=\"mkd-linkedin-share\">\n\t<a itemprop=\"url\" class=\"mkd-share-link\" href=\"#\" onclick=\"popUp=window.open(&#039;http:\/\/linkedin.com\/shareArticle?mini=true&amp;url=https%3A%2F%2Fwww.icpartners.it%2Fen%2Fpuglia-aiuti-alle-imprese-per-programmi-di-internazionalizzazione%2F&amp;title=Puglia%2C+aiuti+alle+imprese+per+programmi+di+internazionalizzazione&#039;, &#039;popupwindow&#039;, &#039;scrollbars=yes,width=800,height=400&#039;);popUp.focus();return false;\">\n\t\t\t\t\t<img decoding=\"async\" itemprop=\"image\" src=\"https:\/\/www.icpartners.it\/wp-content\/uploads\/2024\/03\/ic_linkedin_news.png\" alt=\"linkedin\" \/>\n\t\t\t<\/a>\n<\/li>\t<\/ul>\n<\/div>    <\/div>\n        <\/div>\n    \n    <div class=\"mkd-read-more-holder\"><a itemprop=\"url\" href=\"https:\/\/www.icpartners.it\/en\/puglia-aiuti-alle-imprese-per-programmi-di-internazionalizzazione\/\" target=\"_self\" style=\"font-weight: 700\" class=\"mkd-btn mkd-btn-small mkd-btn-minimal mkd-btn-icon\"  >    <span class=\"mkd-btn-text\">Read More<\/span>    <span aria-hidden=\"true\" class=\"mkd-icon-font-elegant arrow_carrot-right\" ><\/span><\/a><\/div>\n    <\/div>\n    <\/div>\n<\/li><li class=\"mkd-blog-list-item clearfix\">\n    <div class=\"mkd-blog-list-item-inner\">\n        <div class=\"mkd-item-image\">\n            <a itemprop=\"url\" href=\"https:\/\/www.icpartners.it\/en\/lazio-contributi-a-fondo-perduto-per-progetti-di-internazionalizzazione\/\">\n                <img loading=\"lazy\" decoding=\"async\" width=\"1200\" height=\"627\" src=\"https:\/\/www.icpartners.it\/wp-content\/uploads\/2020\/02\/Articoli-2020-8.png\" class=\"attachment-full size-full wp-post-image\" alt=\"Lazio contributi\" \/>            <\/a>\n        <\/div>\n        <div class=\"mkd-item-text-holder\" >\n        <h4 itemprop=\"name\" class=\"mkd-item-title entry-title\">\n        <a itemprop=\"url\" href=\"https:\/\/www.icpartners.it\/en\/lazio-contributi-a-fondo-perduto-per-progetti-di-internazionalizzazione\/\">\n            Lazio, Contributi a Fondo Perduto per progetti di internazionalizzazione        <\/a>\n    <\/h4>\n\n            <p itemprop=\"description\" class=\"mkd-excerpt\">La Regione Lazio ha emesso due bandi per promuovere i progetti di internazionalizzazione e...<\/p>\n    \n            <div class=\"mkd-item-info-section clearfix\">\n            <div itemprop=\"dateCreated\" class=\"mkd-post-info-date entry-date updated\">\n\n    \n        February 12, 2020\n        \n    <meta itemprop=\"interactionCount\" content=\"UserComments: 0\"\/>\n\n<\/div><div class=\"mkd-post-info-category\"><a href=\"https:\/\/www.icpartners.it\/en\/category\/italia\/\" rel=\"category tag\">ITALY<\/a> <a href=\"https:\/\/www.icpartners.it\/en\/category\/news\/\" rel=\"category tag\">News<\/a><\/div>    <div class =\"mkd-blog-share\">\n        <div class=\"mkd-social-share-holder mkd-list\">\n\t<ul>\n\t\t<li class=\"mkd-facebook-share\">\n\t<a itemprop=\"url\" class=\"mkd-share-link\" href=\"#\" onclick=\"window.open(&#039;http:\/\/www.facebook.com\/sharer.php?u=https%3A%2F%2Fwww.icpartners.it%2Fen%2Flazio-contributi-a-fondo-perduto-per-progetti-di-internazionalizzazione%2F&#039;, &#039;sharer&#039;, &#039;toolbar=0,status=0,width=620,height=280&#039;);\">\n\t\t\t\t\t<img decoding=\"async\" itemprop=\"image\" src=\"https:\/\/www.icpartners.it\/wp-content\/uploads\/2024\/03\/ic_facebook_news.png\" alt=\"facebook\" \/>\n\t\t\t<\/a>\n<\/li><li class=\"mkd-twitter-share\">\n\t<a itemprop=\"url\" class=\"mkd-share-link\" href=\"#\" onclick=\"window.open(&#039;http:\/\/twitter.com\/home?status=La+Regione+Lazio+ha+emesso+due+bandi+per+promuovere+i+progetti+di+internazionalizzazione+e+di+export+delle+imprese+https:\/\/www.icpartners.it\/en\/lazio-contributi-a-fondo-perduto-per-progetti-di-internazionalizzazione\/&#039;, &#039;popupwindow&#039;, &#039;scrollbars=yes,width=800,height=400&#039;);\">\n\t\t\t\t\t<img decoding=\"async\" itemprop=\"image\" src=\"https:\/\/www.icpartners.it\/wp-content\/uploads\/2024\/03\/ic_twitter-x_news.png\" alt=\"twitter\" \/>\n\t\t\t<\/a>\n<\/li><li class=\"mkd-linkedin-share\">\n\t<a itemprop=\"url\" class=\"mkd-share-link\" href=\"#\" onclick=\"popUp=window.open(&#039;http:\/\/linkedin.com\/shareArticle?mini=true&amp;url=https%3A%2F%2Fwww.icpartners.it%2Fen%2Flazio-contributi-a-fondo-perduto-per-progetti-di-internazionalizzazione%2F&amp;title=Lazio%2C+Contributi+a+Fondo+Perduto+per+progetti+di+internazionalizzazione&#039;, &#039;popupwindow&#039;, &#039;scrollbars=yes,width=800,height=400&#039;);popUp.focus();return false;\">\n\t\t\t\t\t<img decoding=\"async\" itemprop=\"image\" src=\"https:\/\/www.icpartners.it\/wp-content\/uploads\/2024\/03\/ic_linkedin_news.png\" alt=\"linkedin\" \/>\n\t\t\t<\/a>\n<\/li>\t<\/ul>\n<\/div>    <\/div>\n        <\/div>\n    \n    <div class=\"mkd-read-more-holder\"><a itemprop=\"url\" href=\"https:\/\/www.icpartners.it\/en\/lazio-contributi-a-fondo-perduto-per-progetti-di-internazionalizzazione\/\" target=\"_self\" style=\"font-weight: 700\" class=\"mkd-btn mkd-btn-small mkd-btn-minimal mkd-btn-icon\"  >    <span class=\"mkd-btn-text\">Read More<\/span>    <span aria-hidden=\"true\" class=\"mkd-icon-font-elegant arrow_carrot-right\" ><\/span><\/a><\/div>\n    <\/div>\n    <\/div>\n<\/li><li class=\"mkd-blog-list-item clearfix\">\n    <div class=\"mkd-blog-list-item-inner\">\n        <div class=\"mkd-item-image\">\n            <a itemprop=\"url\" href=\"https:\/\/www.icpartners.it\/en\/siglato-accordo-tra-icpatners-spa-e-certa-solutio-studi-professionali-srl-stp\/\">\n                <img loading=\"lazy\" decoding=\"async\" width=\"1200\" height=\"627\" src=\"https:\/\/www.icpartners.it\/wp-content\/uploads\/2020\/02\/Articoli-2020-5.png\" class=\"attachment-full size-full wp-post-image\" alt=\"IC&amp;partners\" \/>            <\/a>\n        <\/div>\n        <div class=\"mkd-item-text-holder\" >\n        <h4 itemprop=\"name\" class=\"mkd-item-title entry-title\">\n        <a itemprop=\"url\" href=\"https:\/\/www.icpartners.it\/en\/siglato-accordo-tra-icpatners-spa-e-certa-solutio-studi-professionali-srl-stp\/\">\n            Siglato accordo tra IC&#038;Patners SpA e Certa Solutio Studi Professionali Srl &#8211; STP        <\/a>\n    <\/h4>\n\n            <p itemprop=\"description\" class=\"mkd-excerpt\">Le societ\u00e0 di consulenza IC&amp;Partners SpA e Certa Solutio Studi Professionali Srl &amp;#82...<\/p>\n    \n            <div class=\"mkd-item-info-section clearfix\">\n            <div itemprop=\"dateCreated\" class=\"mkd-post-info-date entry-date updated\">\n\n    \n        February 3, 2020\n        \n    <meta itemprop=\"interactionCount\" content=\"UserComments: 0\"\/>\n\n<\/div><div class=\"mkd-post-info-category\"><a href=\"https:\/\/www.icpartners.it\/en\/category\/italia\/\" rel=\"category tag\">ITALY<\/a><\/div>    <div class =\"mkd-blog-share\">\n        <div class=\"mkd-social-share-holder mkd-list\">\n\t<ul>\n\t\t<li class=\"mkd-facebook-share\">\n\t<a itemprop=\"url\" class=\"mkd-share-link\" href=\"#\" onclick=\"window.open(&#039;http:\/\/www.facebook.com\/sharer.php?u=https%3A%2F%2Fwww.icpartners.it%2Fen%2Fsiglato-accordo-tra-icpatners-spa-e-certa-solutio-studi-professionali-srl-stp%2F&#039;, &#039;sharer&#039;, &#039;toolbar=0,status=0,width=620,height=280&#039;);\">\n\t\t\t\t\t<img decoding=\"async\" itemprop=\"image\" src=\"https:\/\/www.icpartners.it\/wp-content\/uploads\/2024\/03\/ic_facebook_news.png\" alt=\"facebook\" \/>\n\t\t\t<\/a>\n<\/li><li class=\"mkd-twitter-share\">\n\t<a itemprop=\"url\" class=\"mkd-share-link\" href=\"#\" onclick=\"window.open(&#039;http:\/\/twitter.com\/home?status=Le+societ%C3%A0+di+consulenza+IC%26amp%3BPartners+SpA+e+Certa+Solutio+Studi+Professionali+Srl+%26%238211%3B+STP+siglano+un+accordo+https:\/\/www.icpartners.it\/en\/siglato-accordo-tra-icpatners-spa-e-certa-solutio-studi-professionali-srl-stp\/&#039;, &#039;popupwindow&#039;, &#039;scrollbars=yes,width=800,height=400&#039;);\">\n\t\t\t\t\t<img decoding=\"async\" itemprop=\"image\" src=\"https:\/\/www.icpartners.it\/wp-content\/uploads\/2024\/03\/ic_twitter-x_news.png\" alt=\"twitter\" \/>\n\t\t\t<\/a>\n<\/li><li class=\"mkd-linkedin-share\">\n\t<a itemprop=\"url\" class=\"mkd-share-link\" href=\"#\" onclick=\"popUp=window.open(&#039;http:\/\/linkedin.com\/shareArticle?mini=true&amp;url=https%3A%2F%2Fwww.icpartners.it%2Fen%2Fsiglato-accordo-tra-icpatners-spa-e-certa-solutio-studi-professionali-srl-stp%2F&amp;title=Siglato+accordo+tra+IC%26%23038%3BPatners+SpA+e+Certa+Solutio+Studi+Professionali+Srl+%26%238211%3B+STP&#039;, &#039;popupwindow&#039;, &#039;scrollbars=yes,width=800,height=400&#039;);popUp.focus();return false;\">\n\t\t\t\t\t<img decoding=\"async\" itemprop=\"image\" src=\"https:\/\/www.icpartners.it\/wp-content\/uploads\/2024\/03\/ic_linkedin_news.png\" alt=\"linkedin\" \/>\n\t\t\t<\/a>\n<\/li>\t<\/ul>\n<\/div>    <\/div>\n        <\/div>\n    \n    <div class=\"mkd-read-more-holder\"><a itemprop=\"url\" href=\"https:\/\/www.icpartners.it\/en\/siglato-accordo-tra-icpatners-spa-e-certa-solutio-studi-professionali-srl-stp\/\" target=\"_self\" style=\"font-weight: 700\" class=\"mkd-btn mkd-btn-small mkd-btn-minimal mkd-btn-icon\"  >    <span class=\"mkd-btn-text\">Read More<\/span>    <span aria-hidden=\"true\" class=\"mkd-icon-font-elegant arrow_carrot-right\" ><\/span><\/a><\/div>\n    <\/div>\n    <\/div>\n<\/li><li class=\"mkd-blog-list-item clearfix\">\n    <div class=\"mkd-blog-list-item-inner\">\n        <div class=\"mkd-item-image\">\n            <a itemprop=\"url\" href=\"https:\/\/www.icpartners.it\/en\/commercio-estero-istat-a-novembre-export-in-calo\/\">\n                <img loading=\"lazy\" decoding=\"async\" width=\"1200\" height=\"627\" src=\"https:\/\/www.icpartners.it\/wp-content\/uploads\/2020\/01\/Commercio-estero-1.png\" class=\"attachment-full size-full wp-post-image\" alt=\"Commercio istat\" srcset=\"https:\/\/www.icpartners.it\/wp-content\/uploads\/2020\/01\/Commercio-estero-1.png 1200w, https:\/\/www.icpartners.it\/wp-content\/uploads\/2020\/01\/Commercio-estero-1-300x157.png 300w, https:\/\/www.icpartners.it\/wp-content\/uploads\/2020\/01\/Commercio-estero-1-768x401.png 768w, https:\/\/www.icpartners.it\/wp-content\/uploads\/2020\/01\/Commercio-estero-1-1024x535.png 1024w\" sizes=\"auto, (max-width: 1200px) 100vw, 1200px\" \/>            <\/a>\n        <\/div>\n        <div class=\"mkd-item-text-holder\" >\n        <h4 itemprop=\"name\" class=\"mkd-item-title entry-title\">\n        <a itemprop=\"url\" href=\"https:\/\/www.icpartners.it\/en\/commercio-estero-istat-a-novembre-export-in-calo\/\">\n            Commercio estero ISTAT: a novembre export in calo        <\/a>\n    <\/h4>\n\n            <p itemprop=\"description\" class=\"mkd-excerpt\">Sono stati diffusi dall\u2019ISTAT i dati sul commercio estero relativi al mese di&nbsp;novem...<\/p>\n    \n            <div class=\"mkd-item-info-section clearfix\">\n            <div itemprop=\"dateCreated\" class=\"mkd-post-info-date entry-date updated\">\n\n    \n        January 19, 2020\n        \n    <meta itemprop=\"interactionCount\" content=\"UserComments: 0\"\/>\n\n<\/div><div class=\"mkd-post-info-category\"><a href=\"https:\/\/www.icpartners.it\/en\/category\/italia\/\" rel=\"category tag\">ITALY<\/a> <a href=\"https:\/\/www.icpartners.it\/en\/category\/news\/\" rel=\"category tag\">News<\/a><\/div>    <div class =\"mkd-blog-share\">\n        <div class=\"mkd-social-share-holder mkd-list\">\n\t<ul>\n\t\t<li class=\"mkd-facebook-share\">\n\t<a itemprop=\"url\" class=\"mkd-share-link\" href=\"#\" onclick=\"window.open(&#039;http:\/\/www.facebook.com\/sharer.php?u=https%3A%2F%2Fwww.icpartners.it%2Fen%2Fcommercio-estero-istat-a-novembre-export-in-calo%2F&#039;, &#039;sharer&#039;, &#039;toolbar=0,status=0,width=620,height=280&#039;);\">\n\t\t\t\t\t<img decoding=\"async\" itemprop=\"image\" src=\"https:\/\/www.icpartners.it\/wp-content\/uploads\/2024\/03\/ic_facebook_news.png\" alt=\"facebook\" \/>\n\t\t\t<\/a>\n<\/li><li class=\"mkd-twitter-share\">\n\t<a itemprop=\"url\" class=\"mkd-share-link\" href=\"#\" onclick=\"window.open(&#039;http:\/\/twitter.com\/home?status=Sono+stati+diffusi+dall%E2%80%99ISTAT+i+dati+sul+commercio+estero+relativi+al+mese+di%26nbsp%3Bnovembre+2019.+Nel+mese+https:\/\/www.icpartners.it\/en\/commercio-estero-istat-a-novembre-export-in-calo\/&#039;, &#039;popupwindow&#039;, &#039;scrollbars=yes,width=800,height=400&#039;);\">\n\t\t\t\t\t<img decoding=\"async\" itemprop=\"image\" src=\"https:\/\/www.icpartners.it\/wp-content\/uploads\/2024\/03\/ic_twitter-x_news.png\" alt=\"twitter\" \/>\n\t\t\t<\/a>\n<\/li><li class=\"mkd-linkedin-share\">\n\t<a itemprop=\"url\" class=\"mkd-share-link\" href=\"#\" onclick=\"popUp=window.open(&#039;http:\/\/linkedin.com\/shareArticle?mini=true&amp;url=https%3A%2F%2Fwww.icpartners.it%2Fen%2Fcommercio-estero-istat-a-novembre-export-in-calo%2F&amp;title=Commercio+estero+ISTAT%3A+a+novembre+export+in+calo&#039;, &#039;popupwindow&#039;, &#039;scrollbars=yes,width=800,height=400&#039;);popUp.focus();return false;\">\n\t\t\t\t\t<img decoding=\"async\" itemprop=\"image\" src=\"https:\/\/www.icpartners.it\/wp-content\/uploads\/2024\/03\/ic_linkedin_news.png\" alt=\"linkedin\" \/>\n\t\t\t<\/a>\n<\/li>\t<\/ul>\n<\/div>    <\/div>\n        <\/div>\n    \n    <div class=\"mkd-read-more-holder\"><a itemprop=\"url\" href=\"https:\/\/www.icpartners.it\/en\/commercio-estero-istat-a-novembre-export-in-calo\/\" target=\"_self\" style=\"font-weight: 700\" class=\"mkd-btn mkd-btn-small mkd-btn-minimal mkd-btn-icon\"  >    <span class=\"mkd-btn-text\">Read More<\/span>    <span aria-hidden=\"true\" class=\"mkd-icon-font-elegant arrow_carrot-right\" ><\/span><\/a><\/div>\n    <\/div>\n    <\/div>\n<\/li><li class=\"mkd-blog-list-item clearfix\">\n    <div class=\"mkd-blog-list-item-inner\">\n        <div class=\"mkd-item-image\">\n            <a itemprop=\"url\" href=\"https:\/\/www.icpartners.it\/en\/dazi-usa-tregua-con-la-cina-ma-tensioni-con-leuropa\/\">\n                <img loading=\"lazy\" decoding=\"async\" width=\"1200\" height=\"627\" src=\"https:\/\/www.icpartners.it\/wp-content\/uploads\/2020\/01\/DAZI-USA_-TREGUA-CON-LA-CINA-TENSIONI-CON-LEUROPA.png\" class=\"attachment-full size-full wp-post-image\" alt=\"usa cina europa\" srcset=\"https:\/\/www.icpartners.it\/wp-content\/uploads\/2020\/01\/DAZI-USA_-TREGUA-CON-LA-CINA-TENSIONI-CON-LEUROPA.png 1200w, https:\/\/www.icpartners.it\/wp-content\/uploads\/2020\/01\/DAZI-USA_-TREGUA-CON-LA-CINA-TENSIONI-CON-LEUROPA-300x157.png 300w, https:\/\/www.icpartners.it\/wp-content\/uploads\/2020\/01\/DAZI-USA_-TREGUA-CON-LA-CINA-TENSIONI-CON-LEUROPA-768x401.png 768w, https:\/\/www.icpartners.it\/wp-content\/uploads\/2020\/01\/DAZI-USA_-TREGUA-CON-LA-CINA-TENSIONI-CON-LEUROPA-1024x535.png 1024w\" sizes=\"auto, (max-width: 1200px) 100vw, 1200px\" \/>            <\/a>\n        <\/div>\n        <div class=\"mkd-item-text-holder\" >\n        <h4 itemprop=\"name\" class=\"mkd-item-title entry-title\">\n        <a itemprop=\"url\" href=\"https:\/\/www.icpartners.it\/en\/dazi-usa-tregua-con-la-cina-ma-tensioni-con-leuropa\/\">\n            Dazi USA, tregua con la Cina ma tensioni con l\u2019Europa        <\/a>\n    <\/h4>\n\n            <p itemprop=\"description\" class=\"mkd-excerpt\">Si firma oggi 15 gennaio a Washington la fase 1 dell&#8217;intesa commerciale con Pechino ...<\/p>\n    \n            <div class=\"mkd-item-info-section clearfix\">\n            <div itemprop=\"dateCreated\" class=\"mkd-post-info-date entry-date updated\">\n\n    \n        January 15, 2020\n        \n    <meta itemprop=\"interactionCount\" content=\"UserComments: 0\"\/>\n\n<\/div><div class=\"mkd-post-info-category\"><a href=\"https:\/\/www.icpartners.it\/en\/category\/cina\/\" rel=\"category tag\">CHINA<\/a> <a href=\"https:\/\/www.icpartners.it\/en\/category\/italia\/\" rel=\"category tag\">ITALY<\/a> <a href=\"https:\/\/www.icpartners.it\/en\/category\/news\/\" rel=\"category tag\">News<\/a><\/div>    <div class =\"mkd-blog-share\">\n        <div class=\"mkd-social-share-holder mkd-list\">\n\t<ul>\n\t\t<li class=\"mkd-facebook-share\">\n\t<a itemprop=\"url\" class=\"mkd-share-link\" href=\"#\" onclick=\"window.open(&#039;http:\/\/www.facebook.com\/sharer.php?u=https%3A%2F%2Fwww.icpartners.it%2Fen%2Fdazi-usa-tregua-con-la-cina-ma-tensioni-con-leuropa%2F&#039;, &#039;sharer&#039;, &#039;toolbar=0,status=0,width=620,height=280&#039;);\">\n\t\t\t\t\t<img decoding=\"async\" itemprop=\"image\" src=\"https:\/\/www.icpartners.it\/wp-content\/uploads\/2024\/03\/ic_facebook_news.png\" alt=\"facebook\" \/>\n\t\t\t<\/a>\n<\/li><li class=\"mkd-twitter-share\">\n\t<a itemprop=\"url\" class=\"mkd-share-link\" href=\"#\" onclick=\"window.open(&#039;http:\/\/twitter.com\/home?status=Si+firma+oggi+15+gennaio+a+Washington+la+fase+1+dell%26%238217%3Bintesa+commerciale+con+Pechino+che+pone+fine+ad+una+https:\/\/www.icpartners.it\/en\/dazi-usa-tregua-con-la-cina-ma-tensioni-con-leuropa\/&#039;, &#039;popupwindow&#039;, &#039;scrollbars=yes,width=800,height=400&#039;);\">\n\t\t\t\t\t<img decoding=\"async\" itemprop=\"image\" src=\"https:\/\/www.icpartners.it\/wp-content\/uploads\/2024\/03\/ic_twitter-x_news.png\" alt=\"twitter\" \/>\n\t\t\t<\/a>\n<\/li><li class=\"mkd-linkedin-share\">\n\t<a itemprop=\"url\" class=\"mkd-share-link\" href=\"#\" onclick=\"popUp=window.open(&#039;http:\/\/linkedin.com\/shareArticle?mini=true&amp;url=https%3A%2F%2Fwww.icpartners.it%2Fen%2Fdazi-usa-tregua-con-la-cina-ma-tensioni-con-leuropa%2F&amp;title=Dazi+USA%2C+tregua+con+la+Cina+ma+tensioni+con+l%E2%80%99Europa&#039;, &#039;popupwindow&#039;, &#039;scrollbars=yes,width=800,height=400&#039;);popUp.focus();return false;\">\n\t\t\t\t\t<img decoding=\"async\" itemprop=\"image\" src=\"https:\/\/www.icpartners.it\/wp-content\/uploads\/2024\/03\/ic_linkedin_news.png\" alt=\"linkedin\" \/>\n\t\t\t<\/a>\n<\/li>\t<\/ul>\n<\/div>    <\/div>\n        <\/div>\n    \n    <div class=\"mkd-read-more-holder\"><a itemprop=\"url\" href=\"https:\/\/www.icpartners.it\/en\/dazi-usa-tregua-con-la-cina-ma-tensioni-con-leuropa\/\" target=\"_self\" style=\"font-weight: 700\" class=\"mkd-btn mkd-btn-small mkd-btn-minimal mkd-btn-icon\"  >    <span class=\"mkd-btn-text\">Read More<\/span>    <span aria-hidden=\"true\" class=\"mkd-icon-font-elegant arrow_carrot-right\" ><\/span><\/a><\/div>\n    <\/div>\n    <\/div>\n<\/li><li class=\"mkd-blog-list-item clearfix\">\n    <div class=\"mkd-blog-list-item-inner\">\n        <div class=\"mkd-item-image\">\n            <a itemprop=\"url\" href=\"https:\/\/www.icpartners.it\/en\/crescere-allestero-con-i-contributi-a-fondo-perduto-della-regione-veneto\/\">\n                <img loading=\"lazy\" decoding=\"async\" width=\"1200\" height=\"627\" src=\"https:\/\/www.icpartners.it\/wp-content\/uploads\/2020\/01\/2020.01.07_-regione-Veneto.png\" class=\"attachment-full size-full wp-post-image\" alt=\"Incentivi regione veneto\" srcset=\"https:\/\/www.icpartners.it\/wp-content\/uploads\/2020\/01\/2020.01.07_-regione-Veneto.png 1200w, https:\/\/www.icpartners.it\/wp-content\/uploads\/2020\/01\/2020.01.07_-regione-Veneto-300x157.png 300w, https:\/\/www.icpartners.it\/wp-content\/uploads\/2020\/01\/2020.01.07_-regione-Veneto-768x401.png 768w, https:\/\/www.icpartners.it\/wp-content\/uploads\/2020\/01\/2020.01.07_-regione-Veneto-1024x535.png 1024w\" sizes=\"auto, (max-width: 1200px) 100vw, 1200px\" \/>            <\/a>\n        <\/div>\n        <div class=\"mkd-item-text-holder\" >\n        <h4 itemprop=\"name\" class=\"mkd-item-title entry-title\">\n        <a itemprop=\"url\" href=\"https:\/\/www.icpartners.it\/en\/crescere-allestero-con-i-contributi-a-fondo-perduto-della-regione-veneto\/\">\n            Crescere all\u2019estero con i contributi a fondo perduto della Regione Veneto        <\/a>\n    <\/h4>\n\n            <p itemprop=\"description\" class=\"mkd-excerpt\">Le aziende della Regione Veneto che intendono sviluppare il proprio business all\u2019estero ...<\/p>\n    \n            <div class=\"mkd-item-info-section clearfix\">\n            <div itemprop=\"dateCreated\" class=\"mkd-post-info-date entry-date updated\">\n\n    \n        January 7, 2020\n        \n    <meta itemprop=\"interactionCount\" content=\"UserComments: 0\"\/>\n\n<\/div><div class=\"mkd-post-info-category\"><a href=\"https:\/\/www.icpartners.it\/en\/category\/italia\/\" rel=\"category tag\">ITALY<\/a> <a href=\"https:\/\/www.icpartners.it\/en\/category\/news\/\" rel=\"category tag\">News<\/a><\/div>    <div class =\"mkd-blog-share\">\n        <div class=\"mkd-social-share-holder mkd-list\">\n\t<ul>\n\t\t<li class=\"mkd-facebook-share\">\n\t<a itemprop=\"url\" class=\"mkd-share-link\" href=\"#\" onclick=\"window.open(&#039;http:\/\/www.facebook.com\/sharer.php?u=https%3A%2F%2Fwww.icpartners.it%2Fen%2Fcrescere-allestero-con-i-contributi-a-fondo-perduto-della-regione-veneto%2F&#039;, &#039;sharer&#039;, &#039;toolbar=0,status=0,width=620,height=280&#039;);\">\n\t\t\t\t\t<img decoding=\"async\" itemprop=\"image\" src=\"https:\/\/www.icpartners.it\/wp-content\/uploads\/2024\/03\/ic_facebook_news.png\" alt=\"facebook\" \/>\n\t\t\t<\/a>\n<\/li><li class=\"mkd-twitter-share\">\n\t<a itemprop=\"url\" class=\"mkd-share-link\" href=\"#\" onclick=\"window.open(&#039;http:\/\/twitter.com\/home?status=Le+aziende+della+Regione+Veneto+che+intendono+sviluppare+il+proprio+business+all%E2%80%99estero+hanno+da+oggi+la+possibilit%C3%A0+https:\/\/www.icpartners.it\/en\/crescere-allestero-con-i-contributi-a-fondo-perduto-della-regione-veneto\/&#039;, &#039;popupwindow&#039;, &#039;scrollbars=yes,width=800,height=400&#039;);\">\n\t\t\t\t\t<img decoding=\"async\" itemprop=\"image\" src=\"https:\/\/www.icpartners.it\/wp-content\/uploads\/2024\/03\/ic_twitter-x_news.png\" alt=\"twitter\" \/>\n\t\t\t<\/a>\n<\/li><li class=\"mkd-linkedin-share\">\n\t<a itemprop=\"url\" class=\"mkd-share-link\" href=\"#\" onclick=\"popUp=window.open(&#039;http:\/\/linkedin.com\/shareArticle?mini=true&amp;url=https%3A%2F%2Fwww.icpartners.it%2Fen%2Fcrescere-allestero-con-i-contributi-a-fondo-perduto-della-regione-veneto%2F&amp;title=Crescere+all%E2%80%99estero+con+i+contributi+a+fondo+perduto+della+Regione+Veneto&#039;, &#039;popupwindow&#039;, &#039;scrollbars=yes,width=800,height=400&#039;);popUp.focus();return false;\">\n\t\t\t\t\t<img decoding=\"async\" itemprop=\"image\" src=\"https:\/\/www.icpartners.it\/wp-content\/uploads\/2024\/03\/ic_linkedin_news.png\" alt=\"linkedin\" \/>\n\t\t\t<\/a>\n<\/li>\t<\/ul>\n<\/div>    <\/div>\n        <\/div>\n    \n    <div class=\"mkd-read-more-holder\"><a itemprop=\"url\" href=\"https:\/\/www.icpartners.it\/en\/crescere-allestero-con-i-contributi-a-fondo-perduto-della-regione-veneto\/\" target=\"_self\" style=\"font-weight: 700\" class=\"mkd-btn mkd-btn-small mkd-btn-minimal mkd-btn-icon\"  >    <span class=\"mkd-btn-text\">Read More<\/span>    <span aria-hidden=\"true\" class=\"mkd-icon-font-elegant arrow_carrot-right\" ><\/span><\/a><\/div>\n    <\/div>\n    <\/div>\n<\/li><li class=\"mkd-blog-list-item clearfix\">\n    <div class=\"mkd-blog-list-item-inner\">\n        <div class=\"mkd-item-image\">\n            <a itemprop=\"url\" href=\"https:\/\/www.icpartners.it\/en\/gli-incentivi-per-la-crescita-delle-pmi-sui-mercati-esteri\/\">\n                <img loading=\"lazy\" decoding=\"async\" width=\"1200\" height=\"627\" src=\"https:\/\/www.icpartners.it\/wp-content\/uploads\/2020\/01\/2020.01.02_incentivi-SImest-Finest.png\" class=\"attachment-full size-full wp-post-image\" alt=\"Incentivi\" srcset=\"https:\/\/www.icpartners.it\/wp-content\/uploads\/2020\/01\/2020.01.02_incentivi-SImest-Finest.png 1200w, https:\/\/www.icpartners.it\/wp-content\/uploads\/2020\/01\/2020.01.02_incentivi-SImest-Finest-300x157.png 300w, https:\/\/www.icpartners.it\/wp-content\/uploads\/2020\/01\/2020.01.02_incentivi-SImest-Finest-768x401.png 768w, https:\/\/www.icpartners.it\/wp-content\/uploads\/2020\/01\/2020.01.02_incentivi-SImest-Finest-1024x535.png 1024w\" sizes=\"auto, (max-width: 1200px) 100vw, 1200px\" \/>            <\/a>\n        <\/div>\n        <div class=\"mkd-item-text-holder\" >\n        <h4 itemprop=\"name\" class=\"mkd-item-title entry-title\">\n        <a itemprop=\"url\" href=\"https:\/\/www.icpartners.it\/en\/gli-incentivi-per-la-crescita-delle-pmi-sui-mercati-esteri\/\">\n            Gli incentivi per la crescita delle PMI sui mercati esteri        <\/a>\n    <\/h4>\n\n            <p itemprop=\"description\" class=\"mkd-excerpt\">Come sostenere la crescita delle PMI sui mercati esteri?&nbsp;Finanziare un investimento a...<\/p>\n    \n            <div class=\"mkd-item-info-section clearfix\">\n            <div itemprop=\"dateCreated\" class=\"mkd-post-info-date entry-date updated\">\n\n    \n        January 2, 2020\n        \n    <meta itemprop=\"interactionCount\" content=\"UserComments: 0\"\/>\n\n<\/div><div class=\"mkd-post-info-category\"><a href=\"https:\/\/www.icpartners.it\/en\/category\/italia\/\" rel=\"category tag\">ITALY<\/a> <a href=\"https:\/\/www.icpartners.it\/en\/category\/mondo\/\" rel=\"category tag\">Mondo<\/a> <a href=\"https:\/\/www.icpartners.it\/en\/category\/news\/\" rel=\"category tag\">News<\/a><\/div>    <div class =\"mkd-blog-share\">\n        <div class=\"mkd-social-share-holder mkd-list\">\n\t<ul>\n\t\t<li class=\"mkd-facebook-share\">\n\t<a itemprop=\"url\" class=\"mkd-share-link\" href=\"#\" onclick=\"window.open(&#039;http:\/\/www.facebook.com\/sharer.php?u=https%3A%2F%2Fwww.icpartners.it%2Fen%2Fgli-incentivi-per-la-crescita-delle-pmi-sui-mercati-esteri%2F&#039;, &#039;sharer&#039;, &#039;toolbar=0,status=0,width=620,height=280&#039;);\">\n\t\t\t\t\t<img decoding=\"async\" itemprop=\"image\" src=\"https:\/\/www.icpartners.it\/wp-content\/uploads\/2024\/03\/ic_facebook_news.png\" alt=\"facebook\" \/>\n\t\t\t<\/a>\n<\/li><li class=\"mkd-twitter-share\">\n\t<a itemprop=\"url\" class=\"mkd-share-link\" href=\"#\" onclick=\"window.open(&#039;http:\/\/twitter.com\/home?status=Come+sostenere+la+crescita+delle+PMI+sui+mercati+esteri%3F%26nbsp%3BFinanziare+un+investimento+all%E2%80%99estero%2C+per+un%E2%80%99impresa%2C+https:\/\/www.icpartners.it\/en\/gli-incentivi-per-la-crescita-delle-pmi-sui-mercati-esteri\/&#039;, &#039;popupwindow&#039;, &#039;scrollbars=yes,width=800,height=400&#039;);\">\n\t\t\t\t\t<img decoding=\"async\" itemprop=\"image\" src=\"https:\/\/www.icpartners.it\/wp-content\/uploads\/2024\/03\/ic_twitter-x_news.png\" alt=\"twitter\" \/>\n\t\t\t<\/a>\n<\/li><li class=\"mkd-linkedin-share\">\n\t<a itemprop=\"url\" class=\"mkd-share-link\" href=\"#\" onclick=\"popUp=window.open(&#039;http:\/\/linkedin.com\/shareArticle?mini=true&amp;url=https%3A%2F%2Fwww.icpartners.it%2Fen%2Fgli-incentivi-per-la-crescita-delle-pmi-sui-mercati-esteri%2F&amp;title=Gli+incentivi+per+la+crescita+delle+PMI+sui+mercati+esteri&#039;, &#039;popupwindow&#039;, &#039;scrollbars=yes,width=800,height=400&#039;);popUp.focus();return false;\">\n\t\t\t\t\t<img decoding=\"async\" itemprop=\"image\" src=\"https:\/\/www.icpartners.it\/wp-content\/uploads\/2024\/03\/ic_linkedin_news.png\" alt=\"linkedin\" \/>\n\t\t\t<\/a>\n<\/li>\t<\/ul>\n<\/div>    <\/div>\n        <\/div>\n    \n    <div class=\"mkd-read-more-holder\"><a itemprop=\"url\" href=\"https:\/\/www.icpartners.it\/en\/gli-incentivi-per-la-crescita-delle-pmi-sui-mercati-esteri\/\" target=\"_self\" style=\"font-weight: 700\" class=\"mkd-btn mkd-btn-small mkd-btn-minimal mkd-btn-icon\"  >    <span class=\"mkd-btn-text\">Read More<\/span>    <span aria-hidden=\"true\" class=\"mkd-icon-font-elegant arrow_carrot-right\" ><\/span><\/a><\/div>\n    <\/div>\n    <\/div>\n<\/li><li class=\"mkd-blog-list-item clearfix\">\n    <div class=\"mkd-blog-list-item-inner\">\n        <div class=\"mkd-item-image\">\n            <a itemprop=\"url\" href=\"https:\/\/www.icpartners.it\/en\/icpartners-si-espande-in-ecuador\/\">\n                <img loading=\"lazy\" decoding=\"async\" width=\"1200\" height=\"627\" src=\"https:\/\/www.icpartners.it\/wp-content\/uploads\/2019\/12\/Immagini-6.png\" class=\"attachment-full size-full wp-post-image\" alt=\"Ecuador\" srcset=\"https:\/\/www.icpartners.it\/wp-content\/uploads\/2019\/12\/Immagini-6.png 1200w, https:\/\/www.icpartners.it\/wp-content\/uploads\/2019\/12\/Immagini-6-300x157.png 300w, https:\/\/www.icpartners.it\/wp-content\/uploads\/2019\/12\/Immagini-6-768x401.png 768w, https:\/\/www.icpartners.it\/wp-content\/uploads\/2019\/12\/Immagini-6-1024x535.png 1024w\" sizes=\"auto, (max-width: 1200px) 100vw, 1200px\" \/>            <\/a>\n        <\/div>\n        <div class=\"mkd-item-text-holder\" >\n        <h4 itemprop=\"name\" class=\"mkd-item-title entry-title\">\n        <a itemprop=\"url\" href=\"https:\/\/www.icpartners.it\/en\/icpartners-si-espande-in-ecuador\/\">\n            IC&#038;Partners si espande in Ecuador        <\/a>\n    <\/h4>\n\n            <p itemprop=\"description\" class=\"mkd-excerpt\">Siamo lieti di annunciare di aver siglato una nuova partnership in Ecuador con Marcela Cor...<\/p>\n    \n            <div class=\"mkd-item-info-section clearfix\">\n            <div itemprop=\"dateCreated\" class=\"mkd-post-info-date entry-date updated\">\n\n    \n        December 17, 2019\n        \n    <meta itemprop=\"interactionCount\" content=\"UserComments: 0\"\/>\n\n<\/div><div class=\"mkd-post-info-category\"><a href=\"https:\/\/www.icpartners.it\/en\/category\/italia\/\" rel=\"category tag\">ITALY<\/a> <a href=\"https:\/\/www.icpartners.it\/en\/category\/news\/\" rel=\"category tag\">News<\/a><\/div>    <div class =\"mkd-blog-share\">\n        <div class=\"mkd-social-share-holder mkd-list\">\n\t<ul>\n\t\t<li class=\"mkd-facebook-share\">\n\t<a itemprop=\"url\" class=\"mkd-share-link\" href=\"#\" onclick=\"window.open(&#039;http:\/\/www.facebook.com\/sharer.php?u=https%3A%2F%2Fwww.icpartners.it%2Fen%2Ficpartners-si-espande-in-ecuador%2F&#039;, &#039;sharer&#039;, &#039;toolbar=0,status=0,width=620,height=280&#039;);\">\n\t\t\t\t\t<img decoding=\"async\" itemprop=\"image\" src=\"https:\/\/www.icpartners.it\/wp-content\/uploads\/2024\/03\/ic_facebook_news.png\" alt=\"facebook\" \/>\n\t\t\t<\/a>\n<\/li><li class=\"mkd-twitter-share\">\n\t<a itemprop=\"url\" class=\"mkd-share-link\" href=\"#\" onclick=\"window.open(&#039;http:\/\/twitter.com\/home?status=Siamo+lieti+di+annunciare+di+aver+siglato+una+nuova+partnership+in+Ecuador+con+Marcela+Coral+da+oggi+le+imprese+https:\/\/www.icpartners.it\/en\/icpartners-si-espande-in-ecuador\/&#039;, &#039;popupwindow&#039;, &#039;scrollbars=yes,width=800,height=400&#039;);\">\n\t\t\t\t\t<img decoding=\"async\" itemprop=\"image\" src=\"https:\/\/www.icpartners.it\/wp-content\/uploads\/2024\/03\/ic_twitter-x_news.png\" alt=\"twitter\" \/>\n\t\t\t<\/a>\n<\/li><li class=\"mkd-linkedin-share\">\n\t<a itemprop=\"url\" class=\"mkd-share-link\" href=\"#\" onclick=\"popUp=window.open(&#039;http:\/\/linkedin.com\/shareArticle?mini=true&amp;url=https%3A%2F%2Fwww.icpartners.it%2Fen%2Ficpartners-si-espande-in-ecuador%2F&amp;title=IC%26%23038%3BPartners+si+espande+in+Ecuador&#039;, &#039;popupwindow&#039;, &#039;scrollbars=yes,width=800,height=400&#039;);popUp.focus();return false;\">\n\t\t\t\t\t<img decoding=\"async\" itemprop=\"image\" src=\"https:\/\/www.icpartners.it\/wp-content\/uploads\/2024\/03\/ic_linkedin_news.png\" alt=\"linkedin\" \/>\n\t\t\t<\/a>\n<\/li>\t<\/ul>\n<\/div>    <\/div>\n        <\/div>\n    \n    <div class=\"mkd-read-more-holder\"><a itemprop=\"url\" href=\"https:\/\/www.icpartners.it\/en\/icpartners-si-espande-in-ecuador\/\" target=\"_self\" style=\"font-weight: 700\" class=\"mkd-btn mkd-btn-small mkd-btn-minimal mkd-btn-icon\"  >    <span class=\"mkd-btn-text\">Read More<\/span>    <span aria-hidden=\"true\" class=\"mkd-icon-font-elegant arrow_carrot-right\" ><\/span><\/a><\/div>\n    <\/div>\n    <\/div>\n<\/li><li class=\"mkd-blog-list-item clearfix\">\n    <div class=\"mkd-blog-list-item-inner\">\n        <div class=\"mkd-item-image\">\n            <a itemprop=\"url\" href=\"https:\/\/www.icpartners.it\/en\/cessioni-intra-ue-i-documenti-per-provare-la-spedizione-della-merce-in-un-altro-stato-ai-fini-iva\/\">\n                <img loading=\"lazy\" decoding=\"async\" width=\"1200\" height=\"627\" src=\"https:\/\/www.icpartners.it\/wp-content\/uploads\/2019\/12\/Immagini-5.png\" class=\"attachment-full size-full wp-post-image\" alt=\"Cessioni intra ue\" srcset=\"https:\/\/www.icpartners.it\/wp-content\/uploads\/2019\/12\/Immagini-5.png 1200w, https:\/\/www.icpartners.it\/wp-content\/uploads\/2019\/12\/Immagini-5-300x157.png 300w, https:\/\/www.icpartners.it\/wp-content\/uploads\/2019\/12\/Immagini-5-768x401.png 768w, https:\/\/www.icpartners.it\/wp-content\/uploads\/2019\/12\/Immagini-5-1024x535.png 1024w\" sizes=\"auto, (max-width: 1200px) 100vw, 1200px\" \/>            <\/a>\n        <\/div>\n        <div class=\"mkd-item-text-holder\" >\n        <h4 itemprop=\"name\" class=\"mkd-item-title entry-title\">\n        <a itemprop=\"url\" href=\"https:\/\/www.icpartners.it\/en\/cessioni-intra-ue-i-documenti-per-provare-la-spedizione-della-merce-in-un-altro-stato-ai-fini-iva\/\">\n            CESSIONI INTRA-UE: i documenti per provare la spedizione della merce in un altro Stato ai fini IVA        <\/a>\n    <\/h4>\n\n            <p itemprop=\"description\" class=\"mkd-excerpt\">L\u2019inizio del nuovo anno porter\u00e0 novit\u00e0 anche in materia di cessioni intracomunitarie. ...<\/p>\n    \n            <div class=\"mkd-item-info-section clearfix\">\n            <div itemprop=\"dateCreated\" class=\"mkd-post-info-date entry-date updated\">\n\n    \n        December 16, 2019\n        \n    <meta itemprop=\"interactionCount\" content=\"UserComments: 0\"\/>\n\n<\/div><div class=\"mkd-post-info-category\"><a href=\"https:\/\/www.icpartners.it\/en\/category\/italia\/\" rel=\"category tag\">ITALY<\/a> <a href=\"https:\/\/www.icpartners.it\/en\/category\/news\/\" rel=\"category tag\">News<\/a><\/div>    <div class =\"mkd-blog-share\">\n        <div class=\"mkd-social-share-holder mkd-list\">\n\t<ul>\n\t\t<li class=\"mkd-facebook-share\">\n\t<a itemprop=\"url\" class=\"mkd-share-link\" href=\"#\" onclick=\"window.open(&#039;http:\/\/www.facebook.com\/sharer.php?u=https%3A%2F%2Fwww.icpartners.it%2Fen%2Fcessioni-intra-ue-i-documenti-per-provare-la-spedizione-della-merce-in-un-altro-stato-ai-fini-iva%2F&#039;, &#039;sharer&#039;, &#039;toolbar=0,status=0,width=620,height=280&#039;);\">\n\t\t\t\t\t<img decoding=\"async\" itemprop=\"image\" src=\"https:\/\/www.icpartners.it\/wp-content\/uploads\/2024\/03\/ic_facebook_news.png\" alt=\"facebook\" \/>\n\t\t\t<\/a>\n<\/li><li class=\"mkd-twitter-share\">\n\t<a itemprop=\"url\" class=\"mkd-share-link\" href=\"#\" onclick=\"window.open(&#039;http:\/\/twitter.com\/home?status=L%E2%80%99inizio+del+nuovo+anno+porter%C3%A0+novit%C3%A0+anche+in+materia+di+cessioni+intracomunitarie.+Dal+1%C2%B0+gennaio+2020%2C+infatti%2C+https:\/\/www.icpartners.it\/en\/cessioni-intra-ue-i-documenti-per-provare-la-spedizione-della-merce-in-un-altro-stato-ai-fini-iva\/&#039;, &#039;popupwindow&#039;, &#039;scrollbars=yes,width=800,height=400&#039;);\">\n\t\t\t\t\t<img decoding=\"async\" itemprop=\"image\" src=\"https:\/\/www.icpartners.it\/wp-content\/uploads\/2024\/03\/ic_twitter-x_news.png\" alt=\"twitter\" \/>\n\t\t\t<\/a>\n<\/li><li class=\"mkd-linkedin-share\">\n\t<a itemprop=\"url\" class=\"mkd-share-link\" href=\"#\" onclick=\"popUp=window.open(&#039;http:\/\/linkedin.com\/shareArticle?mini=true&amp;url=https%3A%2F%2Fwww.icpartners.it%2Fen%2Fcessioni-intra-ue-i-documenti-per-provare-la-spedizione-della-merce-in-un-altro-stato-ai-fini-iva%2F&amp;title=CESSIONI+INTRA-UE%3A+i+documenti+per+provare+la+spedizione+della+merce+in+un+altro+Stato+ai+fini+IVA&#039;, &#039;popupwindow&#039;, &#039;scrollbars=yes,width=800,height=400&#039;);popUp.focus();return false;\">\n\t\t\t\t\t<img decoding=\"async\" itemprop=\"image\" src=\"https:\/\/www.icpartners.it\/wp-content\/uploads\/2024\/03\/ic_linkedin_news.png\" alt=\"linkedin\" \/>\n\t\t\t<\/a>\n<\/li>\t<\/ul>\n<\/div>    <\/div>\n        <\/div>\n    \n    <div class=\"mkd-read-more-holder\"><a itemprop=\"url\" href=\"https:\/\/www.icpartners.it\/en\/cessioni-intra-ue-i-documenti-per-provare-la-spedizione-della-merce-in-un-altro-stato-ai-fini-iva\/\" target=\"_self\" style=\"font-weight: 700\" class=\"mkd-btn mkd-btn-small mkd-btn-minimal mkd-btn-icon\"  >    <span class=\"mkd-btn-text\">Read More<\/span>    <span aria-hidden=\"true\" class=\"mkd-icon-font-elegant arrow_carrot-right\" ><\/span><\/a><\/div>\n    <\/div>\n    <\/div>\n<\/li><li class=\"mkd-blog-list-item clearfix\">\n    <div class=\"mkd-blog-list-item-inner\">\n        <div class=\"mkd-item-image\">\n            <a itemprop=\"url\" href=\"https:\/\/www.icpartners.it\/en\/siglato-accordo-tra-icpartners-e-tem-italia\/\">\n                <img loading=\"lazy\" decoding=\"async\" width=\"1200\" height=\"627\" src=\"https:\/\/www.icpartners.it\/wp-content\/uploads\/2019\/11\/IC_TEM.png\" class=\"attachment-full size-full wp-post-image\" alt=\"ic\" srcset=\"https:\/\/www.icpartners.it\/wp-content\/uploads\/2019\/11\/IC_TEM.png 1200w, https:\/\/www.icpartners.it\/wp-content\/uploads\/2019\/11\/IC_TEM-300x157.png 300w, https:\/\/www.icpartners.it\/wp-content\/uploads\/2019\/11\/IC_TEM-768x401.png 768w, https:\/\/www.icpartners.it\/wp-content\/uploads\/2019\/11\/IC_TEM-1024x535.png 1024w\" sizes=\"auto, (max-width: 1200px) 100vw, 1200px\" \/>            <\/a>\n        <\/div>\n        <div class=\"mkd-item-text-holder\" >\n        <h4 itemprop=\"name\" class=\"mkd-item-title entry-title\">\n        <a itemprop=\"url\" href=\"https:\/\/www.icpartners.it\/en\/siglato-accordo-tra-icpartners-e-tem-italia\/\">\n            Siglato accordo di partnership tra IC&#038;Partners e TEM Italia        <\/a>\n    <\/h4>\n\n            <p itemprop=\"description\" class=\"mkd-excerpt\">L\u2019internazionalizzazione delle imprese \u00e8 un processo molto ampio che prevede approcci e...<\/p>\n    \n            <div class=\"mkd-item-info-section clearfix\">\n            <div itemprop=\"dateCreated\" class=\"mkd-post-info-date entry-date updated\">\n\n    \n        November 25, 2019\n        \n    <meta itemprop=\"interactionCount\" content=\"UserComments: 0\"\/>\n\n<\/div><div class=\"mkd-post-info-category\"><a href=\"https:\/\/www.icpartners.it\/en\/category\/italia\/\" rel=\"category tag\">ITALY<\/a> <a href=\"https:\/\/www.icpartners.it\/en\/category\/news\/\" rel=\"category tag\">News<\/a><\/div>    <div class =\"mkd-blog-share\">\n        <div class=\"mkd-social-share-holder mkd-list\">\n\t<ul>\n\t\t<li class=\"mkd-facebook-share\">\n\t<a itemprop=\"url\" class=\"mkd-share-link\" href=\"#\" onclick=\"window.open(&#039;http:\/\/www.facebook.com\/sharer.php?u=https%3A%2F%2Fwww.icpartners.it%2Fen%2Fsiglato-accordo-tra-icpartners-e-tem-italia%2F&#039;, &#039;sharer&#039;, &#039;toolbar=0,status=0,width=620,height=280&#039;);\">\n\t\t\t\t\t<img decoding=\"async\" itemprop=\"image\" src=\"https:\/\/www.icpartners.it\/wp-content\/uploads\/2024\/03\/ic_facebook_news.png\" alt=\"facebook\" \/>\n\t\t\t<\/a>\n<\/li><li class=\"mkd-twitter-share\">\n\t<a itemprop=\"url\" class=\"mkd-share-link\" href=\"#\" onclick=\"window.open(&#039;http:\/\/twitter.com\/home?status=L%E2%80%99internazionalizzazione+delle+imprese+%C3%A8+un+processo+molto+ampio+che+prevede+approcci+e+ruoli+diversi+in+funzione+https:\/\/www.icpartners.it\/en\/siglato-accordo-tra-icpartners-e-tem-italia\/&#039;, &#039;popupwindow&#039;, &#039;scrollbars=yes,width=800,height=400&#039;);\">\n\t\t\t\t\t<img decoding=\"async\" itemprop=\"image\" src=\"https:\/\/www.icpartners.it\/wp-content\/uploads\/2024\/03\/ic_twitter-x_news.png\" alt=\"twitter\" \/>\n\t\t\t<\/a>\n<\/li><li class=\"mkd-linkedin-share\">\n\t<a itemprop=\"url\" class=\"mkd-share-link\" href=\"#\" onclick=\"popUp=window.open(&#039;http:\/\/linkedin.com\/shareArticle?mini=true&amp;url=https%3A%2F%2Fwww.icpartners.it%2Fen%2Fsiglato-accordo-tra-icpartners-e-tem-italia%2F&amp;title=Siglato+accordo+di+partnership+tra+IC%26%23038%3BPartners+e+TEM+Italia&#039;, &#039;popupwindow&#039;, &#039;scrollbars=yes,width=800,height=400&#039;);popUp.focus();return false;\">\n\t\t\t\t\t<img decoding=\"async\" itemprop=\"image\" src=\"https:\/\/www.icpartners.it\/wp-content\/uploads\/2024\/03\/ic_linkedin_news.png\" alt=\"linkedin\" \/>\n\t\t\t<\/a>\n<\/li>\t<\/ul>\n<\/div>    <\/div>\n        <\/div>\n    \n    <div class=\"mkd-read-more-holder\"><a itemprop=\"url\" href=\"https:\/\/www.icpartners.it\/en\/siglato-accordo-tra-icpartners-e-tem-italia\/\" target=\"_self\" style=\"font-weight: 700\" class=\"mkd-btn mkd-btn-small mkd-btn-minimal mkd-btn-icon\"  >    <span class=\"mkd-btn-text\">Read More<\/span>    <span aria-hidden=\"true\" class=\"mkd-icon-font-elegant arrow_carrot-right\" ><\/span><\/a><\/div>\n    <\/div>\n    <\/div>\n<\/li><li class=\"mkd-blog-list-item clearfix\">\n    <div class=\"mkd-blog-list-item-inner\">\n        <div class=\"mkd-item-image\">\n            <a itemprop=\"url\" href=\"https:\/\/www.icpartners.it\/en\/accordo-tra-icpartners-spa-e-nexumstp-spa-per-consolidare-il-business-internazionale\/\">\n                <img loading=\"lazy\" decoding=\"async\" width=\"1200\" height=\"627\" src=\"https:\/\/www.icpartners.it\/wp-content\/uploads\/2019\/11\/nEXUM.png\" class=\"attachment-full size-full wp-post-image\" alt=\"NEXUM\" srcset=\"https:\/\/www.icpartners.it\/wp-content\/uploads\/2019\/11\/nEXUM.png 1200w, https:\/\/www.icpartners.it\/wp-content\/uploads\/2019\/11\/nEXUM-300x157.png 300w, https:\/\/www.icpartners.it\/wp-content\/uploads\/2019\/11\/nEXUM-768x401.png 768w, https:\/\/www.icpartners.it\/wp-content\/uploads\/2019\/11\/nEXUM-1024x535.png 1024w\" sizes=\"auto, (max-width: 1200px) 100vw, 1200px\" \/>            <\/a>\n        <\/div>\n        <div class=\"mkd-item-text-holder\" >\n        <h4 itemprop=\"name\" class=\"mkd-item-title entry-title\">\n        <a itemprop=\"url\" href=\"https:\/\/www.icpartners.it\/en\/accordo-tra-icpartners-spa-e-nexumstp-spa-per-consolidare-il-business-internazionale\/\">\n            Accordo tra IC&#038;Partners SpA e Nexumstp SpA per consolidare il business internazionale        <\/a>\n    <\/h4>\n\n            <p itemprop=\"description\" class=\"mkd-excerpt\">11 novembre 2019 &#8211; Le societ\u00e0 di consulenza IC&amp;Partners SpA e Nexumstp SpA sigl...<\/p>\n    \n            <div class=\"mkd-item-info-section clearfix\">\n            <div itemprop=\"dateCreated\" class=\"mkd-post-info-date entry-date updated\">\n\n    \n        November 11, 2019\n        \n    <meta itemprop=\"interactionCount\" content=\"UserComments: 0\"\/>\n\n<\/div><div class=\"mkd-post-info-category\"><a href=\"https:\/\/www.icpartners.it\/en\/category\/italia\/\" rel=\"category tag\">ITALY<\/a> <a href=\"https:\/\/www.icpartners.it\/en\/category\/news\/\" rel=\"category tag\">News<\/a><\/div>    <div class =\"mkd-blog-share\">\n        <div class=\"mkd-social-share-holder mkd-list\">\n\t<ul>\n\t\t<li class=\"mkd-facebook-share\">\n\t<a itemprop=\"url\" class=\"mkd-share-link\" href=\"#\" onclick=\"window.open(&#039;http:\/\/www.facebook.com\/sharer.php?u=https%3A%2F%2Fwww.icpartners.it%2Fen%2Faccordo-tra-icpartners-spa-e-nexumstp-spa-per-consolidare-il-business-internazionale%2F&#039;, &#039;sharer&#039;, &#039;toolbar=0,status=0,width=620,height=280&#039;);\">\n\t\t\t\t\t<img decoding=\"async\" itemprop=\"image\" src=\"https:\/\/www.icpartners.it\/wp-content\/uploads\/2024\/03\/ic_facebook_news.png\" alt=\"facebook\" \/>\n\t\t\t<\/a>\n<\/li><li class=\"mkd-twitter-share\">\n\t<a itemprop=\"url\" class=\"mkd-share-link\" href=\"#\" onclick=\"window.open(&#039;http:\/\/twitter.com\/home?status=11+novembre+2019+%26%238211%3B+Le+societ%C3%A0+di+consulenza+IC%26amp%3BPartners+SpA+e+Nexumstp+SpA+siglano+un+accordo+di+https:\/\/www.icpartners.it\/en\/accordo-tra-icpartners-spa-e-nexumstp-spa-per-consolidare-il-business-internazionale\/&#039;, &#039;popupwindow&#039;, &#039;scrollbars=yes,width=800,height=400&#039;);\">\n\t\t\t\t\t<img decoding=\"async\" itemprop=\"image\" src=\"https:\/\/www.icpartners.it\/wp-content\/uploads\/2024\/03\/ic_twitter-x_news.png\" alt=\"twitter\" \/>\n\t\t\t<\/a>\n<\/li><li class=\"mkd-linkedin-share\">\n\t<a itemprop=\"url\" class=\"mkd-share-link\" href=\"#\" onclick=\"popUp=window.open(&#039;http:\/\/linkedin.com\/shareArticle?mini=true&amp;url=https%3A%2F%2Fwww.icpartners.it%2Fen%2Faccordo-tra-icpartners-spa-e-nexumstp-spa-per-consolidare-il-business-internazionale%2F&amp;title=Accordo+tra+IC%26%23038%3BPartners+SpA+e+Nexumstp+SpA+per+consolidare+il+business+internazionale&#039;, &#039;popupwindow&#039;, &#039;scrollbars=yes,width=800,height=400&#039;);popUp.focus();return false;\">\n\t\t\t\t\t<img decoding=\"async\" itemprop=\"image\" src=\"https:\/\/www.icpartners.it\/wp-content\/uploads\/2024\/03\/ic_linkedin_news.png\" alt=\"linkedin\" \/>\n\t\t\t<\/a>\n<\/li>\t<\/ul>\n<\/div>    <\/div>\n        <\/div>\n    \n    <div class=\"mkd-read-more-holder\"><a itemprop=\"url\" href=\"https:\/\/www.icpartners.it\/en\/accordo-tra-icpartners-spa-e-nexumstp-spa-per-consolidare-il-business-internazionale\/\" target=\"_self\" style=\"font-weight: 700\" class=\"mkd-btn mkd-btn-small mkd-btn-minimal mkd-btn-icon\"  >    <span class=\"mkd-btn-text\">Read More<\/span>    <span aria-hidden=\"true\" class=\"mkd-icon-font-elegant arrow_carrot-right\" ><\/span><\/a><\/div>\n    <\/div>\n    <\/div>\n<\/li><li class=\"mkd-blog-list-item clearfix\">\n    <div class=\"mkd-blog-list-item-inner\">\n        <div class=\"mkd-item-image\">\n            <a itemprop=\"url\" href=\"https:\/\/www.icpartners.it\/en\/icpartners-accreditata-come-innovation-manager-dal-mise\/\">\n                <img loading=\"lazy\" decoding=\"async\" width=\"1200\" height=\"627\" src=\"https:\/\/www.icpartners.it\/wp-content\/uploads\/2019\/11\/Innovation-manager-1.png\" class=\"attachment-full size-full wp-post-image\" alt=\"INNOVATION MANAGER\" srcset=\"https:\/\/www.icpartners.it\/wp-content\/uploads\/2019\/11\/Innovation-manager-1.png 1200w, https:\/\/www.icpartners.it\/wp-content\/uploads\/2019\/11\/Innovation-manager-1-300x157.png 300w, https:\/\/www.icpartners.it\/wp-content\/uploads\/2019\/11\/Innovation-manager-1-768x401.png 768w, https:\/\/www.icpartners.it\/wp-content\/uploads\/2019\/11\/Innovation-manager-1-1024x535.png 1024w\" sizes=\"auto, (max-width: 1200px) 100vw, 1200px\" \/>            <\/a>\n        <\/div>\n        <div class=\"mkd-item-text-holder\" >\n        <h4 itemprop=\"name\" class=\"mkd-item-title entry-title\">\n        <a itemprop=\"url\" href=\"https:\/\/www.icpartners.it\/en\/icpartners-accreditata-come-innovation-manager-dal-mise\/\">\n            IC&#038;Partners accreditata come Innovation Manager dal MISE        <\/a>\n    <\/h4>\n\n            <p itemprop=\"description\" class=\"mkd-excerpt\">Da oggi le imprese e le reti di impresa, interessate al&nbsp;Voucher per l&#8217;Innovatio...<\/p>\n    \n            <div class=\"mkd-item-info-section clearfix\">\n            <div itemprop=\"dateCreated\" class=\"mkd-post-info-date entry-date updated\">\n\n    \n        November 8, 2019\n        \n    <meta itemprop=\"interactionCount\" content=\"UserComments: 0\"\/>\n\n<\/div><div class=\"mkd-post-info-category\"><a href=\"https:\/\/www.icpartners.it\/en\/category\/italia\/\" rel=\"category tag\">ITALY<\/a> <a href=\"https:\/\/www.icpartners.it\/en\/category\/news\/\" rel=\"category tag\">News<\/a><\/div>    <div class =\"mkd-blog-share\">\n        <div class=\"mkd-social-share-holder mkd-list\">\n\t<ul>\n\t\t<li class=\"mkd-facebook-share\">\n\t<a itemprop=\"url\" class=\"mkd-share-link\" href=\"#\" onclick=\"window.open(&#039;http:\/\/www.facebook.com\/sharer.php?u=https%3A%2F%2Fwww.icpartners.it%2Fen%2Ficpartners-accreditata-come-innovation-manager-dal-mise%2F&#039;, &#039;sharer&#039;, &#039;toolbar=0,status=0,width=620,height=280&#039;);\">\n\t\t\t\t\t<img decoding=\"async\" itemprop=\"image\" src=\"https:\/\/www.icpartners.it\/wp-content\/uploads\/2024\/03\/ic_facebook_news.png\" alt=\"facebook\" \/>\n\t\t\t<\/a>\n<\/li><li class=\"mkd-twitter-share\">\n\t<a itemprop=\"url\" class=\"mkd-share-link\" href=\"#\" onclick=\"window.open(&#039;http:\/\/twitter.com\/home?status=Da+oggi+le+imprese+e+le+reti+di+impresa%2C+interessate+al%26nbsp%3BVoucher+per+l%26%238217%3BInnovation+manager%26nbsp%3Bpotranno+https:\/\/www.icpartners.it\/en\/icpartners-accreditata-come-innovation-manager-dal-mise\/&#039;, &#039;popupwindow&#039;, &#039;scrollbars=yes,width=800,height=400&#039;);\">\n\t\t\t\t\t<img decoding=\"async\" itemprop=\"image\" src=\"https:\/\/www.icpartners.it\/wp-content\/uploads\/2024\/03\/ic_twitter-x_news.png\" alt=\"twitter\" \/>\n\t\t\t<\/a>\n<\/li><li class=\"mkd-linkedin-share\">\n\t<a itemprop=\"url\" class=\"mkd-share-link\" href=\"#\" onclick=\"popUp=window.open(&#039;http:\/\/linkedin.com\/shareArticle?mini=true&amp;url=https%3A%2F%2Fwww.icpartners.it%2Fen%2Ficpartners-accreditata-come-innovation-manager-dal-mise%2F&amp;title=IC%26%23038%3BPartners+accreditata+come+Innovation+Manager+dal+MISE&#039;, &#039;popupwindow&#039;, &#039;scrollbars=yes,width=800,height=400&#039;);popUp.focus();return false;\">\n\t\t\t\t\t<img decoding=\"async\" itemprop=\"image\" src=\"https:\/\/www.icpartners.it\/wp-content\/uploads\/2024\/03\/ic_linkedin_news.png\" alt=\"linkedin\" \/>\n\t\t\t<\/a>\n<\/li>\t<\/ul>\n<\/div>    <\/div>\n        <\/div>\n    \n    <div class=\"mkd-read-more-holder\"><a itemprop=\"url\" href=\"https:\/\/www.icpartners.it\/en\/icpartners-accreditata-come-innovation-manager-dal-mise\/\" target=\"_self\" style=\"font-weight: 700\" class=\"mkd-btn mkd-btn-small mkd-btn-minimal mkd-btn-icon\"  >    <span class=\"mkd-btn-text\">Read More<\/span>    <span aria-hidden=\"true\" class=\"mkd-icon-font-elegant arrow_carrot-right\" ><\/span><\/a><\/div>\n    <\/div>\n    <\/div>\n<\/li><li class=\"mkd-blog-list-item clearfix\">\n    <div class=\"mkd-blog-list-item-inner\">\n        <div class=\"mkd-item-image\">\n            <a itemprop=\"url\" href=\"https:\/\/www.icpartners.it\/en\/istat-export-segnali-positivi-verso-i-paesi-extra-ue\/\">\n                <img loading=\"lazy\" decoding=\"async\" width=\"1200\" height=\"627\" src=\"https:\/\/www.icpartners.it\/wp-content\/uploads\/2019\/10\/2019.10.26-Commercio-Extra-UE-1.png\" class=\"attachment-full size-full wp-post-image\" alt=\"Extra UE paesi\" srcset=\"https:\/\/www.icpartners.it\/wp-content\/uploads\/2019\/10\/2019.10.26-Commercio-Extra-UE-1.png 1200w, https:\/\/www.icpartners.it\/wp-content\/uploads\/2019\/10\/2019.10.26-Commercio-Extra-UE-1-300x157.png 300w, https:\/\/www.icpartners.it\/wp-content\/uploads\/2019\/10\/2019.10.26-Commercio-Extra-UE-1-768x401.png 768w, https:\/\/www.icpartners.it\/wp-content\/uploads\/2019\/10\/2019.10.26-Commercio-Extra-UE-1-1024x535.png 1024w\" sizes=\"auto, (max-width: 1200px) 100vw, 1200px\" \/>            <\/a>\n        <\/div>\n        <div class=\"mkd-item-text-holder\" >\n        <h4 itemprop=\"name\" class=\"mkd-item-title entry-title\">\n        <a itemprop=\"url\" href=\"https:\/\/www.icpartners.it\/en\/istat-export-segnali-positivi-verso-i-paesi-extra-ue\/\">\n            ISTAT: Export, segnali positivi verso i Paesi Extra UE        <\/a>\n    <\/h4>\n\n            <p itemprop=\"description\" class=\"mkd-excerpt\">Sono stati pubblicati nei giorni scorsi i dati sul commercio estero extra UE dell\u2019Istat ...<\/p>\n    \n            <div class=\"mkd-item-info-section clearfix\">\n            <div itemprop=\"dateCreated\" class=\"mkd-post-info-date entry-date updated\">\n\n    \n        October 26, 2019\n        \n    <meta itemprop=\"interactionCount\" content=\"UserComments: 0\"\/>\n\n<\/div><div class=\"mkd-post-info-category\"><a href=\"https:\/\/www.icpartners.it\/en\/category\/italia\/\" rel=\"category tag\">ITALY<\/a> <a href=\"https:\/\/www.icpartners.it\/en\/category\/news\/\" rel=\"category tag\">News<\/a><\/div>    <div class =\"mkd-blog-share\">\n        <div class=\"mkd-social-share-holder mkd-list\">\n\t<ul>\n\t\t<li class=\"mkd-facebook-share\">\n\t<a itemprop=\"url\" class=\"mkd-share-link\" href=\"#\" onclick=\"window.open(&#039;http:\/\/www.facebook.com\/sharer.php?u=https%3A%2F%2Fwww.icpartners.it%2Fen%2Fistat-export-segnali-positivi-verso-i-paesi-extra-ue%2F&#039;, &#039;sharer&#039;, &#039;toolbar=0,status=0,width=620,height=280&#039;);\">\n\t\t\t\t\t<img decoding=\"async\" itemprop=\"image\" src=\"https:\/\/www.icpartners.it\/wp-content\/uploads\/2024\/03\/ic_facebook_news.png\" alt=\"facebook\" \/>\n\t\t\t<\/a>\n<\/li><li class=\"mkd-twitter-share\">\n\t<a itemprop=\"url\" class=\"mkd-share-link\" href=\"#\" onclick=\"window.open(&#039;http:\/\/twitter.com\/home?status=Sono+stati+pubblicati+nei+giorni+scorsi+i+dati+sul+commercio+estero+extra+UE+dell%E2%80%99Istat+relativi+al+mese+di+https:\/\/www.icpartners.it\/en\/istat-export-segnali-positivi-verso-i-paesi-extra-ue\/&#039;, &#039;popupwindow&#039;, &#039;scrollbars=yes,width=800,height=400&#039;);\">\n\t\t\t\t\t<img decoding=\"async\" itemprop=\"image\" src=\"https:\/\/www.icpartners.it\/wp-content\/uploads\/2024\/03\/ic_twitter-x_news.png\" alt=\"twitter\" \/>\n\t\t\t<\/a>\n<\/li><li class=\"mkd-linkedin-share\">\n\t<a itemprop=\"url\" class=\"mkd-share-link\" href=\"#\" onclick=\"popUp=window.open(&#039;http:\/\/linkedin.com\/shareArticle?mini=true&amp;url=https%3A%2F%2Fwww.icpartners.it%2Fen%2Fistat-export-segnali-positivi-verso-i-paesi-extra-ue%2F&amp;title=ISTAT%3A+Export%2C+segnali+positivi+verso+i+Paesi+Extra+UE&#039;, &#039;popupwindow&#039;, &#039;scrollbars=yes,width=800,height=400&#039;);popUp.focus();return false;\">\n\t\t\t\t\t<img decoding=\"async\" itemprop=\"image\" src=\"https:\/\/www.icpartners.it\/wp-content\/uploads\/2024\/03\/ic_linkedin_news.png\" alt=\"linkedin\" \/>\n\t\t\t<\/a>\n<\/li>\t<\/ul>\n<\/div>    <\/div>\n        <\/div>\n    \n    <div class=\"mkd-read-more-holder\"><a itemprop=\"url\" href=\"https:\/\/www.icpartners.it\/en\/istat-export-segnali-positivi-verso-i-paesi-extra-ue\/\" target=\"_self\" style=\"font-weight: 700\" class=\"mkd-btn mkd-btn-small mkd-btn-minimal mkd-btn-icon\"  >    <span class=\"mkd-btn-text\">Read More<\/span>    <span aria-hidden=\"true\" class=\"mkd-icon-font-elegant arrow_carrot-right\" ><\/span><\/a><\/div>\n    <\/div>\n    <\/div>\n<\/li><li class=\"mkd-blog-list-item clearfix\">\n    <div class=\"mkd-blog-list-item-inner\">\n        <div class=\"mkd-item-image\">\n            <a itemprop=\"url\" href=\"https:\/\/www.icpartners.it\/en\/friuli-venezia-giulia-contributi-a-fondo-perduto-per-fiere-ed-export\/\">\n                <img loading=\"lazy\" decoding=\"async\" width=\"1200\" height=\"627\" src=\"https:\/\/www.icpartners.it\/wp-content\/uploads\/2019\/10\/Articoli-2020-52.png\" class=\"attachment-full size-full wp-post-image\" alt=\"\" srcset=\"https:\/\/www.icpartners.it\/wp-content\/uploads\/2019\/10\/Articoli-2020-52.png 1200w, https:\/\/www.icpartners.it\/wp-content\/uploads\/2019\/10\/Articoli-2020-52-300x157.png 300w, https:\/\/www.icpartners.it\/wp-content\/uploads\/2019\/10\/Articoli-2020-52-1024x535.png 1024w, https:\/\/www.icpartners.it\/wp-content\/uploads\/2019\/10\/Articoli-2020-52-296x155.png 296w, https:\/\/www.icpartners.it\/wp-content\/uploads\/2019\/10\/Articoli-2020-52-768x401.png 768w, https:\/\/www.icpartners.it\/wp-content\/uploads\/2019\/10\/Articoli-2020-52-16x8.png 16w\" sizes=\"auto, (max-width: 1200px) 100vw, 1200px\" \/>            <\/a>\n        <\/div>\n        <div class=\"mkd-item-text-holder\" >\n        <h4 itemprop=\"name\" class=\"mkd-item-title entry-title\">\n        <a itemprop=\"url\" href=\"https:\/\/www.icpartners.it\/en\/friuli-venezia-giulia-contributi-a-fondo-perduto-per-fiere-ed-export\/\">\n            Friuli Venezia Giulia, contributi a fondo perduto per fiere ed export        <\/a>\n    <\/h4>\n\n            <p itemprop=\"description\" class=\"mkd-excerpt\">E&#8217; stato pubblicato dalla Regione Friuli Venezia Giulia un bando a sostegno dei prog...<\/p>\n    \n            <div class=\"mkd-item-info-section clearfix\">\n            <div itemprop=\"dateCreated\" class=\"mkd-post-info-date entry-date updated\">\n\n    \n        October 24, 2019\n        \n    <meta itemprop=\"interactionCount\" content=\"UserComments: 0\"\/>\n\n<\/div><div class=\"mkd-post-info-category\"><a href=\"https:\/\/www.icpartners.it\/en\/category\/italia\/\" rel=\"category tag\">ITALY<\/a> <a href=\"https:\/\/www.icpartners.it\/en\/category\/news\/\" rel=\"category tag\">News<\/a><\/div>    <div class =\"mkd-blog-share\">\n        <div class=\"mkd-social-share-holder mkd-list\">\n\t<ul>\n\t\t<li class=\"mkd-facebook-share\">\n\t<a itemprop=\"url\" class=\"mkd-share-link\" href=\"#\" onclick=\"window.open(&#039;http:\/\/www.facebook.com\/sharer.php?u=https%3A%2F%2Fwww.icpartners.it%2Fen%2Ffriuli-venezia-giulia-contributi-a-fondo-perduto-per-fiere-ed-export%2F&#039;, &#039;sharer&#039;, &#039;toolbar=0,status=0,width=620,height=280&#039;);\">\n\t\t\t\t\t<img decoding=\"async\" itemprop=\"image\" src=\"https:\/\/www.icpartners.it\/wp-content\/uploads\/2024\/03\/ic_facebook_news.png\" alt=\"facebook\" \/>\n\t\t\t<\/a>\n<\/li><li class=\"mkd-twitter-share\">\n\t<a itemprop=\"url\" class=\"mkd-share-link\" href=\"#\" onclick=\"window.open(&#039;http:\/\/twitter.com\/home?status=E%26%238217%3B+stato+pubblicato+dalla+Regione+Friuli+Venezia+Giulia+un+bando+a+sostegno+dei+progetti+di+https:\/\/www.icpartners.it\/en\/friuli-venezia-giulia-contributi-a-fondo-perduto-per-fiere-ed-export\/&#039;, &#039;popupwindow&#039;, &#039;scrollbars=yes,width=800,height=400&#039;);\">\n\t\t\t\t\t<img decoding=\"async\" itemprop=\"image\" src=\"https:\/\/www.icpartners.it\/wp-content\/uploads\/2024\/03\/ic_twitter-x_news.png\" alt=\"twitter\" \/>\n\t\t\t<\/a>\n<\/li><li class=\"mkd-linkedin-share\">\n\t<a itemprop=\"url\" class=\"mkd-share-link\" href=\"#\" onclick=\"popUp=window.open(&#039;http:\/\/linkedin.com\/shareArticle?mini=true&amp;url=https%3A%2F%2Fwww.icpartners.it%2Fen%2Ffriuli-venezia-giulia-contributi-a-fondo-perduto-per-fiere-ed-export%2F&amp;title=Friuli+Venezia+Giulia%2C+contributi+a+fondo+perduto+per+fiere+ed+export&#039;, &#039;popupwindow&#039;, &#039;scrollbars=yes,width=800,height=400&#039;);popUp.focus();return false;\">\n\t\t\t\t\t<img decoding=\"async\" itemprop=\"image\" src=\"https:\/\/www.icpartners.it\/wp-content\/uploads\/2024\/03\/ic_linkedin_news.png\" alt=\"linkedin\" \/>\n\t\t\t<\/a>\n<\/li>\t<\/ul>\n<\/div>    <\/div>\n        <\/div>\n    \n    <div class=\"mkd-read-more-holder\"><a itemprop=\"url\" href=\"https:\/\/www.icpartners.it\/en\/friuli-venezia-giulia-contributi-a-fondo-perduto-per-fiere-ed-export\/\" target=\"_self\" style=\"font-weight: 700\" class=\"mkd-btn mkd-btn-small mkd-btn-minimal mkd-btn-icon\"  >    <span class=\"mkd-btn-text\">Read More<\/span>    <span aria-hidden=\"true\" class=\"mkd-icon-font-elegant arrow_carrot-right\" ><\/span><\/a><\/div>\n    <\/div>\n    <\/div>\n<\/li>    <\/ul>\n<\/div>\n<div class=\"vc_empty_space\"   style=\"height: 32px\"><span class=\"vc_empty_space_inner\"><\/span><\/div><a itemprop=\"url\" href=\"https:\/\/www.icpartners.it\/en\/italia\/\" target=\"_self\"  class=\"mkd-btn mkd-btn-medium mkd-btn-outline\"  >\n    <span class=\"mkd-btn-text\">Indietro<\/span>\n    <\/a><\/div><\/div><\/div><div class=\"wpb_column vc_column_container vc_col-sm-3\"><div class=\"vc_column-inner vc_custom_1571683489480\"><div class=\"wpb_wrapper\"><div class=\"mkd-st mkd-content-aligment-left\">\n    <div class=\"mkd-st-inner\">\n        <div class=\"mkd-st-title-holder\">\n            <h4 class=\"mkd-st-title\">\n            <span>Ultime News<\/span>\n        <\/h4>\n    <\/div>\n\n    <div class=\"mkd-separator-holder clearfix  mkd-separator-left\">\n\t<div class=\"mkd-separator\" style=\"width: 40px;border-bottom-width: 2px;margin-top: 0px;margin-bottom: 30px\"><\/div>\n<\/div>\n\n    <div class=\"mkd-st-text-holder\" mkd-content-aligment-left>\n        <span class=\"mkd-st-text-text\"><\/span>\n    <\/div>\n<\/div>\n<\/div>\n<div class=\"mkd-blog-list-holder mkd-masonry  mkd-column-1\">\n    <ul class=\"mkd-blog-list\">\n                    <li class=\"mkd-blog-list-masonry-grid-sizer\"><\/li>\n            <li class=\"mkd-blog-list-masonry-grid-gutter\"><\/li>\n        <li class=\"mkd-blog-list-item mkd-blog-list-masonry-item\">\n    <div class=\"mkd-blog-list-item-inner\">\n        <div class=\"mkd-item-image clearfix\">\n\n            <a itemprop=\"url\" href=\"https:\/\/www.icpartners.it\/en\/emilia-romagna-fondo-perduto-per-progetti-di-internazionalizzazione\/\">\n                <img loading=\"lazy\" decoding=\"async\" width=\"1200\" height=\"627\" src=\"https:\/\/www.icpartners.it\/wp-content\/uploads\/2026\/02\/Articoli-2026-7.png\" class=\"attachment-full size-full wp-post-image\" alt=\"\" srcset=\"https:\/\/www.icpartners.it\/wp-content\/uploads\/2026\/02\/Articoli-2026-7.png 1200w, https:\/\/www.icpartners.it\/wp-content\/uploads\/2026\/02\/Articoli-2026-7-300x157.png 300w, https:\/\/www.icpartners.it\/wp-content\/uploads\/2026\/02\/Articoli-2026-7-1024x535.png 1024w, https:\/\/www.icpartners.it\/wp-content\/uploads\/2026\/02\/Articoli-2026-7-296x155.png 296w, https:\/\/www.icpartners.it\/wp-content\/uploads\/2026\/02\/Articoli-2026-7-768x401.png 768w, https:\/\/www.icpartners.it\/wp-content\/uploads\/2026\/02\/Articoli-2026-7-18x9.png 18w\" sizes=\"auto, (max-width: 1200px) 100vw, 1200px\" \/>            <\/a>\n            <div class=\"mkd-post-info-category\"><a href=\"https:\/\/www.icpartners.it\/en\/category\/italia\/\" rel=\"category tag\">ITALY<\/a> <a href=\"https:\/\/www.icpartners.it\/en\/category\/news\/\" rel=\"category tag\">News<\/a><\/div>\n        <\/div>\n        <div class=\"mkd-item-text-holder\">\n            <h4 itemprop=\"name\" class=\"mkd-item-title entry-title\">\n            <a itemprop=\"url\" href=\"https:\/\/www.icpartners.it\/en\/emilia-romagna-fondo-perduto-per-progetti-di-internazionalizzazione\/\">\n                Emilia Romagna: Fondo perduto per progetti di Internazionalizzazione            <\/a>\n        <\/h4>\n\n                    <p itemprop=\"description\" class=\"mkd-excerpt\">Per le imprese che puntano ad una crescita strutturata sui mercati esteri, la Regione Emil...<\/p>\n        \n                    <div class=\"mkd-item-info-section clearfix\">\n                <div itemprop=\"dateCreated\" class=\"mkd-post-info-date entry-date updated\">\n\n    \n        February 6, 2026\n        \n    <meta itemprop=\"interactionCount\" content=\"UserComments: 0\"\/>\n\n<\/div>    <div class =\"mkd-blog-share\">\n        <div class=\"mkd-social-share-holder mkd-list\">\n\t<ul>\n\t\t<li class=\"mkd-facebook-share\">\n\t<a itemprop=\"url\" class=\"mkd-share-link\" href=\"#\" onclick=\"window.open(&#039;http:\/\/www.facebook.com\/sharer.php?u=https%3A%2F%2Fwww.icpartners.it%2Fen%2Femilia-romagna-fondo-perduto-per-progetti-di-internazionalizzazione%2F&#039;, &#039;sharer&#039;, &#039;toolbar=0,status=0,width=620,height=280&#039;);\">\n\t\t\t\t\t<img decoding=\"async\" itemprop=\"image\" src=\"https:\/\/www.icpartners.it\/wp-content\/uploads\/2024\/03\/ic_facebook_news.png\" alt=\"facebook\" \/>\n\t\t\t<\/a>\n<\/li><li class=\"mkd-twitter-share\">\n\t<a itemprop=\"url\" class=\"mkd-share-link\" href=\"#\" onclick=\"window.open(&#039;http:\/\/twitter.com\/home?status=Per+le+imprese+che+puntano+ad+una+crescita+strutturata+sui+mercati+esteri%2C+la+Regione+Emilia-Romagna+ha+attivato+una+https:\/\/www.icpartners.it\/en\/emilia-romagna-fondo-perduto-per-progetti-di-internazionalizzazione\/&#039;, &#039;popupwindow&#039;, &#039;scrollbars=yes,width=800,height=400&#039;);\">\n\t\t\t\t\t<img decoding=\"async\" itemprop=\"image\" src=\"https:\/\/www.icpartners.it\/wp-content\/uploads\/2024\/03\/ic_twitter-x_news.png\" alt=\"twitter\" \/>\n\t\t\t<\/a>\n<\/li><li class=\"mkd-linkedin-share\">\n\t<a itemprop=\"url\" class=\"mkd-share-link\" href=\"#\" onclick=\"popUp=window.open(&#039;http:\/\/linkedin.com\/shareArticle?mini=true&amp;url=https%3A%2F%2Fwww.icpartners.it%2Fen%2Femilia-romagna-fondo-perduto-per-progetti-di-internazionalizzazione%2F&amp;title=Emilia+Romagna%3A+Fondo+perduto+per+progetti+di+Internazionalizzazione&#039;, &#039;popupwindow&#039;, &#039;scrollbars=yes,width=800,height=400&#039;);popUp.focus();return false;\">\n\t\t\t\t\t<img decoding=\"async\" itemprop=\"image\" src=\"https:\/\/www.icpartners.it\/wp-content\/uploads\/2024\/03\/ic_linkedin_news.png\" alt=\"linkedin\" \/>\n\t\t\t<\/a>\n<\/li>\t<\/ul>\n<\/div>    <\/div>\n            <\/div>\n        \n        <div class=\"mkd-read-more-holder\"><a itemprop=\"url\" href=\"https:\/\/www.icpartners.it\/en\/emilia-romagna-fondo-perduto-per-progetti-di-internazionalizzazione\/\" target=\"_self\" style=\"font-weight: 700\" class=\"mkd-btn mkd-btn-small mkd-btn-minimal mkd-btn-icon\"  >    <span class=\"mkd-btn-text\">Read More<\/span>    <span aria-hidden=\"true\" class=\"mkd-icon-font-elegant arrow_carrot-right\" ><\/span><\/a><\/div>\n    <\/div>\n    <\/div>\n<\/li><li class=\"mkd-blog-list-item mkd-blog-list-masonry-item\">\n    <div class=\"mkd-blog-list-item-inner\">\n        <div class=\"mkd-item-image clearfix\">\n\n            <a itemprop=\"url\" href=\"https:\/\/www.icpartners.it\/en\/finanziamenti-agevolati-simest-fondo-394-guida-completa-2026\/\">\n                <img loading=\"lazy\" decoding=\"async\" width=\"1200\" height=\"627\" src=\"https:\/\/www.icpartners.it\/wp-content\/uploads\/2026\/02\/Articoli-2026-6.png\" class=\"attachment-full size-full wp-post-image\" alt=\"\" srcset=\"https:\/\/www.icpartners.it\/wp-content\/uploads\/2026\/02\/Articoli-2026-6.png 1200w, https:\/\/www.icpartners.it\/wp-content\/uploads\/2026\/02\/Articoli-2026-6-300x157.png 300w, https:\/\/www.icpartners.it\/wp-content\/uploads\/2026\/02\/Articoli-2026-6-1024x535.png 1024w, https:\/\/www.icpartners.it\/wp-content\/uploads\/2026\/02\/Articoli-2026-6-296x155.png 296w, https:\/\/www.icpartners.it\/wp-content\/uploads\/2026\/02\/Articoli-2026-6-768x401.png 768w, https:\/\/www.icpartners.it\/wp-content\/uploads\/2026\/02\/Articoli-2026-6-18x9.png 18w\" sizes=\"auto, (max-width: 1200px) 100vw, 1200px\" \/>            <\/a>\n            <div class=\"mkd-post-info-category\"><a href=\"https:\/\/www.icpartners.it\/en\/category\/italia\/\" rel=\"category tag\">ITALY<\/a> <a href=\"https:\/\/www.icpartners.it\/en\/category\/news\/\" rel=\"category tag\">News<\/a><\/div>\n        <\/div>\n        <div class=\"mkd-item-text-holder\">\n            <h4 itemprop=\"name\" class=\"mkd-item-title entry-title\">\n            <a itemprop=\"url\" href=\"https:\/\/www.icpartners.it\/en\/finanziamenti-agevolati-simest-fondo-394-guida-completa-2026\/\">\n                Finanziamenti Agevolati SIMEST Fondo 394: Guida Completa 2026            <\/a>\n        <\/h4>\n\n                    <p itemprop=\"description\" class=\"mkd-excerpt\">IC&amp;Partners, da anni al fianco delle imprese italiane nei percorsi di crescita interna...<\/p>\n        \n                    <div class=\"mkd-item-info-section clearfix\">\n                <div itemprop=\"dateCreated\" class=\"mkd-post-info-date entry-date updated\">\n\n    \n        February 6, 2026\n        \n    <meta itemprop=\"interactionCount\" content=\"UserComments: 0\"\/>\n\n<\/div>    <div class =\"mkd-blog-share\">\n        <div class=\"mkd-social-share-holder mkd-list\">\n\t<ul>\n\t\t<li class=\"mkd-facebook-share\">\n\t<a itemprop=\"url\" class=\"mkd-share-link\" href=\"#\" onclick=\"window.open(&#039;http:\/\/www.facebook.com\/sharer.php?u=https%3A%2F%2Fwww.icpartners.it%2Fen%2Ffinanziamenti-agevolati-simest-fondo-394-guida-completa-2026%2F&#039;, &#039;sharer&#039;, &#039;toolbar=0,status=0,width=620,height=280&#039;);\">\n\t\t\t\t\t<img decoding=\"async\" itemprop=\"image\" src=\"https:\/\/www.icpartners.it\/wp-content\/uploads\/2024\/03\/ic_facebook_news.png\" alt=\"facebook\" \/>\n\t\t\t<\/a>\n<\/li><li class=\"mkd-twitter-share\">\n\t<a itemprop=\"url\" class=\"mkd-share-link\" href=\"#\" onclick=\"window.open(&#039;http:\/\/twitter.com\/home?status=IC%26amp%3BPartners%2C+da+anni+al+fianco+delle+imprese+italiane+nei+percorsi+di+crescita+internazionale%2C+%C3%A8+il+partner+https:\/\/www.icpartners.it\/en\/finanziamenti-agevolati-simest-fondo-394-guida-completa-2026\/&#039;, &#039;popupwindow&#039;, &#039;scrollbars=yes,width=800,height=400&#039;);\">\n\t\t\t\t\t<img decoding=\"async\" itemprop=\"image\" src=\"https:\/\/www.icpartners.it\/wp-content\/uploads\/2024\/03\/ic_twitter-x_news.png\" alt=\"twitter\" \/>\n\t\t\t<\/a>\n<\/li><li class=\"mkd-linkedin-share\">\n\t<a itemprop=\"url\" class=\"mkd-share-link\" href=\"#\" onclick=\"popUp=window.open(&#039;http:\/\/linkedin.com\/shareArticle?mini=true&amp;url=https%3A%2F%2Fwww.icpartners.it%2Fen%2Ffinanziamenti-agevolati-simest-fondo-394-guida-completa-2026%2F&amp;title=Finanziamenti+Agevolati+SIMEST+Fondo+394%3A+Guida+Completa+2026&#039;, &#039;popupwindow&#039;, &#039;scrollbars=yes,width=800,height=400&#039;);popUp.focus();return false;\">\n\t\t\t\t\t<img decoding=\"async\" itemprop=\"image\" src=\"https:\/\/www.icpartners.it\/wp-content\/uploads\/2024\/03\/ic_linkedin_news.png\" alt=\"linkedin\" \/>\n\t\t\t<\/a>\n<\/li>\t<\/ul>\n<\/div>    <\/div>\n            <\/div>\n        \n        <div class=\"mkd-read-more-holder\"><a itemprop=\"url\" href=\"https:\/\/www.icpartners.it\/en\/finanziamenti-agevolati-simest-fondo-394-guida-completa-2026\/\" target=\"_self\" style=\"font-weight: 700\" class=\"mkd-btn mkd-btn-small mkd-btn-minimal mkd-btn-icon\"  >    <span class=\"mkd-btn-text\">Read More<\/span>    <span aria-hidden=\"true\" class=\"mkd-icon-font-elegant arrow_carrot-right\" ><\/span><\/a><\/div>\n    <\/div>\n    <\/div>\n<\/li><li class=\"mkd-blog-list-item mkd-blog-list-masonry-item\">\n    <div class=\"mkd-blog-list-item-inner\">\n        <div class=\"mkd-item-image clearfix\">\n\n            <a itemprop=\"url\" href=\"https:\/\/www.icpartners.it\/en\/bando-internazionalizzazione-fvg-2026-fino-a-100-000-euro-a-fondo-perduto\/\">\n                <img loading=\"lazy\" decoding=\"async\" width=\"1200\" height=\"627\" src=\"https:\/\/www.icpartners.it\/wp-content\/uploads\/2026\/01\/Articoli-2026-8.png\" class=\"attachment-full size-full wp-post-image\" alt=\"\" srcset=\"https:\/\/www.icpartners.it\/wp-content\/uploads\/2026\/01\/Articoli-2026-8.png 1200w, https:\/\/www.icpartners.it\/wp-content\/uploads\/2026\/01\/Articoli-2026-8-300x157.png 300w, https:\/\/www.icpartners.it\/wp-content\/uploads\/2026\/01\/Articoli-2026-8-1024x535.png 1024w, https:\/\/www.icpartners.it\/wp-content\/uploads\/2026\/01\/Articoli-2026-8-296x155.png 296w, https:\/\/www.icpartners.it\/wp-content\/uploads\/2026\/01\/Articoli-2026-8-768x401.png 768w, https:\/\/www.icpartners.it\/wp-content\/uploads\/2026\/01\/Articoli-2026-8-18x9.png 18w\" sizes=\"auto, (max-width: 1200px) 100vw, 1200px\" \/>            <\/a>\n            <div class=\"mkd-post-info-category\"><a href=\"https:\/\/www.icpartners.it\/en\/category\/italia\/\" rel=\"category tag\">ITALY<\/a> <a href=\"https:\/\/www.icpartners.it\/en\/category\/news\/\" rel=\"category tag\">News<\/a><\/div>\n        <\/div>\n        <div class=\"mkd-item-text-holder\">\n            <h4 itemprop=\"name\" class=\"mkd-item-title entry-title\">\n            <a itemprop=\"url\" href=\"https:\/\/www.icpartners.it\/en\/bando-internazionalizzazione-fvg-2026-fino-a-100-000-euro-a-fondo-perduto\/\">\n                Bando Internazionalizzazione FVG 2026: Fino a 100.000 euro a fondo perduto            <\/a>\n        <\/h4>\n\n                    <p itemprop=\"description\" class=\"mkd-excerpt\">Contributi a fondo perduto fino al 50% per sostenere l&#8217;espansione globale delle impr...<\/p>\n        \n                    <div class=\"mkd-item-info-section clearfix\">\n                <div itemprop=\"dateCreated\" class=\"mkd-post-info-date entry-date updated\">\n\n    \n        January 20, 2026\n        \n    <meta itemprop=\"interactionCount\" content=\"UserComments: 0\"\/>\n\n<\/div>    <div class =\"mkd-blog-share\">\n        <div class=\"mkd-social-share-holder mkd-list\">\n\t<ul>\n\t\t<li class=\"mkd-facebook-share\">\n\t<a itemprop=\"url\" class=\"mkd-share-link\" href=\"#\" onclick=\"window.open(&#039;http:\/\/www.facebook.com\/sharer.php?u=https%3A%2F%2Fwww.icpartners.it%2Fen%2Fbando-internazionalizzazione-fvg-2026-fino-a-100-000-euro-a-fondo-perduto%2F&#039;, &#039;sharer&#039;, &#039;toolbar=0,status=0,width=620,height=280&#039;);\">\n\t\t\t\t\t<img decoding=\"async\" itemprop=\"image\" src=\"https:\/\/www.icpartners.it\/wp-content\/uploads\/2024\/03\/ic_facebook_news.png\" alt=\"facebook\" \/>\n\t\t\t<\/a>\n<\/li><li class=\"mkd-twitter-share\">\n\t<a itemprop=\"url\" class=\"mkd-share-link\" href=\"#\" onclick=\"window.open(&#039;http:\/\/twitter.com\/home?status=Contributi+a+fondo+perduto+fino+al+50%25+per+sostenere+l%26%238217%3Bespansione+globale+delle+imprese+regionali.+La+Regione+https:\/\/www.icpartners.it\/en\/bando-internazionalizzazione-fvg-2026-fino-a-100-000-euro-a-fondo-perduto\/&#039;, &#039;popupwindow&#039;, &#039;scrollbars=yes,width=800,height=400&#039;);\">\n\t\t\t\t\t<img decoding=\"async\" itemprop=\"image\" src=\"https:\/\/www.icpartners.it\/wp-content\/uploads\/2024\/03\/ic_twitter-x_news.png\" alt=\"twitter\" \/>\n\t\t\t<\/a>\n<\/li><li class=\"mkd-linkedin-share\">\n\t<a itemprop=\"url\" class=\"mkd-share-link\" href=\"#\" onclick=\"popUp=window.open(&#039;http:\/\/linkedin.com\/shareArticle?mini=true&amp;url=https%3A%2F%2Fwww.icpartners.it%2Fen%2Fbando-internazionalizzazione-fvg-2026-fino-a-100-000-euro-a-fondo-perduto%2F&amp;title=Bando+Internazionalizzazione+FVG+2026%3A+Fino+a+100.000+euro+a+fondo+perduto&#039;, &#039;popupwindow&#039;, &#039;scrollbars=yes,width=800,height=400&#039;);popUp.focus();return false;\">\n\t\t\t\t\t<img decoding=\"async\" itemprop=\"image\" src=\"https:\/\/www.icpartners.it\/wp-content\/uploads\/2024\/03\/ic_linkedin_news.png\" alt=\"linkedin\" \/>\n\t\t\t<\/a>\n<\/li>\t<\/ul>\n<\/div>    <\/div>\n            <\/div>\n        \n        <div class=\"mkd-read-more-holder\"><a itemprop=\"url\" href=\"https:\/\/www.icpartners.it\/en\/bando-internazionalizzazione-fvg-2026-fino-a-100-000-euro-a-fondo-perduto\/\" target=\"_self\" style=\"font-weight: 700\" class=\"mkd-btn mkd-btn-small mkd-btn-minimal mkd-btn-icon\"  >    <span class=\"mkd-btn-text\">Read More<\/span>    <span aria-hidden=\"true\" class=\"mkd-icon-font-elegant arrow_carrot-right\" ><\/span><\/a><\/div>\n    <\/div>\n    <\/div>\n<\/li><li class=\"mkd-blog-list-item mkd-blog-list-masonry-item\">\n    <div class=\"mkd-blog-list-item-inner\">\n        <div class=\"mkd-item-image clearfix\">\n\n            <a itemprop=\"url\" href=\"https:\/\/www.icpartners.it\/en\/icpartners-e-world-halal-authority-siglano-un-protocollo-dintesa-strategico-per-linternazionalizzazione-delle-imprese-nel-mercato-halal\/\">\n                <img loading=\"lazy\" decoding=\"async\" width=\"1200\" height=\"627\" src=\"https:\/\/www.icpartners.it\/wp-content\/uploads\/2025\/12\/Articoli-2025-5.png\" class=\"attachment-full size-full wp-post-image\" alt=\"\" srcset=\"https:\/\/www.icpartners.it\/wp-content\/uploads\/2025\/12\/Articoli-2025-5.png 1200w, https:\/\/www.icpartners.it\/wp-content\/uploads\/2025\/12\/Articoli-2025-5-300x157.png 300w, https:\/\/www.icpartners.it\/wp-content\/uploads\/2025\/12\/Articoli-2025-5-1024x535.png 1024w, https:\/\/www.icpartners.it\/wp-content\/uploads\/2025\/12\/Articoli-2025-5-296x155.png 296w, https:\/\/www.icpartners.it\/wp-content\/uploads\/2025\/12\/Articoli-2025-5-768x401.png 768w, https:\/\/www.icpartners.it\/wp-content\/uploads\/2025\/12\/Articoli-2025-5-18x9.png 18w\" sizes=\"auto, (max-width: 1200px) 100vw, 1200px\" \/>            <\/a>\n            <div class=\"mkd-post-info-category\"><a href=\"https:\/\/www.icpartners.it\/en\/category\/italia\/\" rel=\"category tag\">ITALY<\/a> <a href=\"https:\/\/www.icpartners.it\/en\/category\/news\/\" rel=\"category tag\">News<\/a><\/div>\n        <\/div>\n        <div class=\"mkd-item-text-holder\">\n            <h4 itemprop=\"name\" class=\"mkd-item-title entry-title\">\n            <a itemprop=\"url\" href=\"https:\/\/www.icpartners.it\/en\/icpartners-e-world-halal-authority-siglano-un-protocollo-dintesa-strategico-per-linternazionalizzazione-delle-imprese-nel-mercato-halal\/\">\n                IC&#038;Partners e World Halal Authority siglano un Protocollo d\u2019Intesa strategico per l\u2019internazionalizzazione delle imprese nel mercato Halal            <\/a>\n        <\/h4>\n\n                    <p itemprop=\"description\" class=\"mkd-excerpt\">World Halal Authority (WHA), uno degli enti di certificazione Halal pi\u00f9 riconosciuti a li...<\/p>\n        \n                    <div class=\"mkd-item-info-section clearfix\">\n                <div itemprop=\"dateCreated\" class=\"mkd-post-info-date entry-date updated\">\n\n    \n        December 8, 2025\n        \n    <meta itemprop=\"interactionCount\" content=\"UserComments: 0\"\/>\n\n<\/div>    <div class =\"mkd-blog-share\">\n        <div class=\"mkd-social-share-holder mkd-list\">\n\t<ul>\n\t\t<li class=\"mkd-facebook-share\">\n\t<a itemprop=\"url\" class=\"mkd-share-link\" href=\"#\" onclick=\"window.open(&#039;http:\/\/www.facebook.com\/sharer.php?u=https%3A%2F%2Fwww.icpartners.it%2Fen%2Ficpartners-e-world-halal-authority-siglano-un-protocollo-dintesa-strategico-per-linternazionalizzazione-delle-imprese-nel-mercato-halal%2F&#039;, &#039;sharer&#039;, &#039;toolbar=0,status=0,width=620,height=280&#039;);\">\n\t\t\t\t\t<img decoding=\"async\" itemprop=\"image\" src=\"https:\/\/www.icpartners.it\/wp-content\/uploads\/2024\/03\/ic_facebook_news.png\" alt=\"facebook\" \/>\n\t\t\t<\/a>\n<\/li><li class=\"mkd-twitter-share\">\n\t<a itemprop=\"url\" class=\"mkd-share-link\" href=\"#\" onclick=\"window.open(&#039;http:\/\/twitter.com\/home?status=World+Halal+Authority+%28WHA%29%2C+uno+degli+enti+di+certificazione+Halal+pi%C3%B9+riconosciuti+a+livello+globale%2C+e+https:\/\/www.icpartners.it\/en\/icpartners-e-world-halal-authority-siglano-un-protocollo-dintesa-strategico-per-linternazionalizzazione-delle-imprese-nel-mercato-halal\/&#039;, &#039;popupwindow&#039;, &#039;scrollbars=yes,width=800,height=400&#039;);\">\n\t\t\t\t\t<img decoding=\"async\" itemprop=\"image\" src=\"https:\/\/www.icpartners.it\/wp-content\/uploads\/2024\/03\/ic_twitter-x_news.png\" alt=\"twitter\" \/>\n\t\t\t<\/a>\n<\/li><li class=\"mkd-linkedin-share\">\n\t<a itemprop=\"url\" class=\"mkd-share-link\" href=\"#\" onclick=\"popUp=window.open(&#039;http:\/\/linkedin.com\/shareArticle?mini=true&amp;url=https%3A%2F%2Fwww.icpartners.it%2Fen%2Ficpartners-e-world-halal-authority-siglano-un-protocollo-dintesa-strategico-per-linternazionalizzazione-delle-imprese-nel-mercato-halal%2F&amp;title=IC%26%23038%3BPartners+e+World+Halal+Authority+siglano+un+Protocollo+d%E2%80%99Intesa+strategico+per+l%E2%80%99internazionalizzazione+delle+imprese+nel+mercato+Halal&#039;, &#039;popupwindow&#039;, &#039;scrollbars=yes,width=800,height=400&#039;);popUp.focus();return false;\">\n\t\t\t\t\t<img decoding=\"async\" itemprop=\"image\" src=\"https:\/\/www.icpartners.it\/wp-content\/uploads\/2024\/03\/ic_linkedin_news.png\" alt=\"linkedin\" \/>\n\t\t\t<\/a>\n<\/li>\t<\/ul>\n<\/div>    <\/div>\n            <\/div>\n        \n        <div class=\"mkd-read-more-holder\"><a itemprop=\"url\" href=\"https:\/\/www.icpartners.it\/en\/icpartners-e-world-halal-authority-siglano-un-protocollo-dintesa-strategico-per-linternazionalizzazione-delle-imprese-nel-mercato-halal\/\" target=\"_self\" style=\"font-weight: 700\" class=\"mkd-btn mkd-btn-small mkd-btn-minimal mkd-btn-icon\"  >    <span class=\"mkd-btn-text\">Read More<\/span>    <span aria-hidden=\"true\" class=\"mkd-icon-font-elegant arrow_carrot-right\" ><\/span><\/a><\/div>\n    <\/div>\n    <\/div>\n<\/li>    <\/ul>\n<\/div>\n<div class=\"vc_empty_space\"   style=\"height: 32px\"><span class=\"vc_empty_space_inner\"><\/span><\/div><div data-mkd-parallax-speed=\"1\" class=\"vc_row wpb_row vc_inner vc_row-fluid mkd-section mkd-content-aligment-left\" style=\"\"><div class=\"mkd-full-section-inner\"><div class=\"wpb_column vc_column_container vc_col-sm-12\"><div class=\"vc_column-inner\"><div class=\"wpb_wrapper\"><div class=\"mkd-st mkd-content-aligment-left\">\n    <div class=\"mkd-st-inner\">\n        <div class=\"mkd-st-title-holder\">\n            <h4 class=\"mkd-st-title\">\n            <span>Next Events<\/span>\n        <\/h4>\n    <\/div>\n\n    <div class=\"mkd-separator-holder clearfix  mkd-separator-left\">\n\t<div class=\"mkd-separator\" style=\"width: 40px;border-bottom-width: 2px;margin-top: 0px;margin-bottom: 30px\"><\/div>\n<\/div>\n\n    <div class=\"mkd-st-text-holder\" mkd-content-aligment-left>\n        <span class=\"mkd-st-text-text\"><\/span>\n    <\/div>\n<\/div>\n<\/div>\n\t<div class=\"wpb_text_column wpb_content_element\" >\n\t\t<div class=\"wpb_wrapper\">\n\t\t\t<p style=\"text-align: center;\">\t\t<div class=\"em em-view-container\" id=\"em-view-1110452246\" data-view=\"calendar\">\r\n\t\t\t<div class=\"em pixelbones em-calendar preview-modal responsive-dateclick-modal size-small this-month\" data-scope=\"all\" data-preview-tooltips-trigger=\"\" id=\"em-calendar-1110452246\" data-view-id=\"1110452246\" data-view-type=\"calendar\" data-month=\"05\" data-year=\"2026\" data-timezone=\"\">\n\t<section class=\"em-cal-nav em-cal-nav-normal\">\n\t\t\t<div class=\"month input\">\n\t\t\t\t\t<form action=\"\" method=\"get\" data-trp-original-action=\"\">\n\t\t\t\t<input type=\"month\" class=\"em-month-picker\" value=\"2026-05\" data-month-value=\"May 2026\">\n\t\t\t\t<span class=\"toggle\"><\/span>\n\t\t\t<input type=\"hidden\" name=\"trp-form-language\" value=\"en\"\/><\/form>\n\t\t\t<\/div>\n\t\t\t<div class=\"month-nav input\">\n\t\t<a class=\"em-calnav em-calnav-prev\" href=\"\/en\/wp-json\/wp\/v2\/pages\/9616?mo=4&#038;yr=2026\" data-disabled=\"0\" >\n\t\t\t<svg viewbox=\"0 0 15 15\" xmlns=\"http:\/\/www.w3.org\/2000\/svg\"><path d=\"M10 14L3 7.5L10 1\" stroke=\"#555\" stroke-linecap=\"square\"><\/path><\/svg>\n\t\t<\/a>\n\t\t\t\t\t<a href=\"\" class=\"em-calnav-today button button-secondary size-large size-medium is-today\" >\n\t\t\t\tToday\t\t\t<\/a>\n\t\t\t\t<a class=\"em-calnav em-calnav-next\" href=\"\/en\/wp-json\/wp\/v2\/pages\/9616?mo=6&#038;yr=2026\" data-disabled=\"0\" >\n\t\t\t<svg viewbox=\"0 0 15 15\" xmlns=\"http:\/\/www.w3.org\/2000\/svg\"><path d=\"M5 14L12 7.5L5 1\" stroke=\"#555\" stroke-linecap=\"square\"><\/path><\/svg>\n\t\t<\/a>\n\t<\/div>\n\t<\/section><section class=\"em-cal-head em-cal-week-days em-cal-days size-large\">\n\t\t\t<div class=\"em-cal-day em-cal-col-0\">Mon<\/div>\n\t\t\t\t<div class=\"em-cal-day em-cal-col-1\">Tue<\/div>\n\t\t\t\t<div class=\"em-cal-day em-cal-col-2\">Wed<\/div>\n\t\t\t\t<div class=\"em-cal-day em-cal-col-3\">Thu<\/div>\n\t\t\t\t<div class=\"em-cal-day em-cal-col-4\">Fri<\/div>\n\t\t\t\t<div class=\"em-cal-day em-cal-col-5\">Sat<\/div>\n\t\t\t\t<div class=\"em-cal-day em-cal-col-6\">Sun<\/div>\n\t\t<\/section>\n<section class=\"em-cal-head em-cal-week-days em-cal-days size-small size-medium\">\n\t\t\t<div class=\"em-cal-day em-cal-col-0\">M<\/div>\n\t\t\t\t<div class=\"em-cal-day em-cal-col-1\">T<\/div>\n\t\t\t\t<div class=\"em-cal-day em-cal-col-2\">W<\/div>\n\t\t\t\t<div class=\"em-cal-day em-cal-col-3\">T<\/div>\n\t\t\t\t<div class=\"em-cal-day em-cal-col-4\">F<\/div>\n\t\t\t\t<div class=\"em-cal-day em-cal-col-5\">S<\/div>\n\t\t\t\t<div class=\"em-cal-day em-cal-col-6\">S<\/div>\n\t\t<\/section><section class=\"em-cal-body em-cal-days event-style-pill even-aspect\">\n\t\t\t<div class=\"eventless-pre em-cal-day em-cal-col-1\">\n\t\t\t\t\t\t\t<div class=\"em-cal-day-date\">\n\t\t\t\t\t<span>27<\/span>\n\t\t\t\t<\/div>\n\t\t\t\t\t<\/div>\n\t\t\t\t<div class=\"eventless-pre em-cal-day em-cal-col-2\">\n\t\t\t\t\t\t\t<div class=\"em-cal-day-date\">\n\t\t\t\t\t<span>28<\/span>\n\t\t\t\t<\/div>\n\t\t\t\t\t<\/div>\n\t\t\t\t<div class=\"eventless-pre em-cal-day em-cal-col-3\">\n\t\t\t\t\t\t\t<div class=\"em-cal-day-date\">\n\t\t\t\t\t<span>29<\/span>\n\t\t\t\t<\/div>\n\t\t\t\t\t<\/div>\n\t\t\t\t<div class=\"eventless-pre em-cal-day em-cal-col-4\">\n\t\t\t\t\t\t\t<div class=\"em-cal-day-date\">\n\t\t\t\t\t<span>30<\/span>\n\t\t\t\t<\/div>\n\t\t\t\t\t<\/div>\n\t\t\t\t<div class=\"eventless-today em-cal-day em-cal-col-5\">\n\t\t\t\t\t\t\t<div class=\"em-cal-day-date\">\n\t\t\t\t\t<span>1<\/span>\n\t\t\t\t<\/div>\n\t\t\t\t\t<\/div>\n\t\t\t\t<div class=\"eventless em-cal-day em-cal-col-6\">\n\t\t\t\t\t\t\t<div class=\"em-cal-day-date\">\n\t\t\t\t\t<span>2<\/span>\n\t\t\t\t<\/div>\n\t\t\t\t\t<\/div>\n\t\t\t\t<div class=\"eventless em-cal-day em-cal-col-7\">\n\t\t\t\t\t\t\t<div class=\"em-cal-day-date\">\n\t\t\t\t\t<span>3<\/span>\n\t\t\t\t<\/div>\n\t\t\t\t\t<\/div>\n\t\t\t\t<div class=\"eventless em-cal-day em-cal-col-1\">\n\t\t\t\t\t\t\t<div class=\"em-cal-day-date\">\n\t\t\t\t\t<span>4<\/span>\n\t\t\t\t<\/div>\n\t\t\t\t\t<\/div>\n\t\t\t\t<div class=\"eventless em-cal-day em-cal-col-2\">\n\t\t\t\t\t\t\t<div class=\"em-cal-day-date\">\n\t\t\t\t\t<span>5<\/span>\n\t\t\t\t<\/div>\n\t\t\t\t\t<\/div>\n\t\t\t\t<div class=\"eventless em-cal-day em-cal-col-3\">\n\t\t\t\t\t\t\t<div class=\"em-cal-day-date\">\n\t\t\t\t\t<span>6<\/span>\n\t\t\t\t<\/div>\n\t\t\t\t\t<\/div>\n\t\t\t\t<div class=\"eventless em-cal-day em-cal-col-4\">\n\t\t\t\t\t\t\t<div class=\"em-cal-day-date\">\n\t\t\t\t\t<span>7<\/span>\n\t\t\t\t<\/div>\n\t\t\t\t\t<\/div>\n\t\t\t\t<div class=\"eventless em-cal-day em-cal-col-5\">\n\t\t\t\t\t\t\t<div class=\"em-cal-day-date\">\n\t\t\t\t\t<span>8<\/span>\n\t\t\t\t<\/div>\n\t\t\t\t\t<\/div>\n\t\t\t\t<div class=\"eventless em-cal-day em-cal-col-6\">\n\t\t\t\t\t\t\t<div class=\"em-cal-day-date\">\n\t\t\t\t\t<span>9<\/span>\n\t\t\t\t<\/div>\n\t\t\t\t\t<\/div>\n\t\t\t\t<div class=\"eventless em-cal-day em-cal-col-7\">\n\t\t\t\t\t\t\t<div class=\"em-cal-day-date\">\n\t\t\t\t\t<span>10<\/span>\n\t\t\t\t<\/div>\n\t\t\t\t\t<\/div>\n\t\t\t\t<div class=\"eventless em-cal-day em-cal-col-1\">\n\t\t\t\t\t\t\t<div class=\"em-cal-day-date\">\n\t\t\t\t\t<span>11<\/span>\n\t\t\t\t<\/div>\n\t\t\t\t\t<\/div>\n\t\t\t\t<div class=\"eventless em-cal-day em-cal-col-2\">\n\t\t\t\t\t\t\t<div class=\"em-cal-day-date\">\n\t\t\t\t\t<span>12<\/span>\n\t\t\t\t<\/div>\n\t\t\t\t\t<\/div>\n\t\t\t\t<div class=\"eventless em-cal-day em-cal-col-3\">\n\t\t\t\t\t\t\t<div class=\"em-cal-day-date\">\n\t\t\t\t\t<span>13<\/span>\n\t\t\t\t<\/div>\n\t\t\t\t\t<\/div>\n\t\t\t\t<div class=\"eventless em-cal-day em-cal-col-4\">\n\t\t\t\t\t\t\t<div class=\"em-cal-day-date\">\n\t\t\t\t\t<span>14<\/span>\n\t\t\t\t<\/div>\n\t\t\t\t\t<\/div>\n\t\t\t\t<div class=\"eventless em-cal-day em-cal-col-5\">\n\t\t\t\t\t\t\t<div class=\"em-cal-day-date\">\n\t\t\t\t\t<span>15<\/span>\n\t\t\t\t<\/div>\n\t\t\t\t\t<\/div>\n\t\t\t\t<div class=\"eventless em-cal-day em-cal-col-6\">\n\t\t\t\t\t\t\t<div class=\"em-cal-day-date\">\n\t\t\t\t\t<span>16<\/span>\n\t\t\t\t<\/div>\n\t\t\t\t\t<\/div>\n\t\t\t\t<div class=\"eventless em-cal-day em-cal-col-7\">\n\t\t\t\t\t\t\t<div class=\"em-cal-day-date\">\n\t\t\t\t\t<span>17<\/span>\n\t\t\t\t<\/div>\n\t\t\t\t\t<\/div>\n\t\t\t\t<div class=\"eventless em-cal-day em-cal-col-1\">\n\t\t\t\t\t\t\t<div class=\"em-cal-day-date\">\n\t\t\t\t\t<span>18<\/span>\n\t\t\t\t<\/div>\n\t\t\t\t\t<\/div>\n\t\t\t\t<div class=\"eventless em-cal-day em-cal-col-2\">\n\t\t\t\t\t\t\t<div class=\"em-cal-day-date\">\n\t\t\t\t\t<span>19<\/span>\n\t\t\t\t<\/div>\n\t\t\t\t\t<\/div>\n\t\t\t\t<div class=\"eventless em-cal-day em-cal-col-3\">\n\t\t\t\t\t\t\t<div class=\"em-cal-day-date\">\n\t\t\t\t\t<span>20<\/span>\n\t\t\t\t<\/div>\n\t\t\t\t\t<\/div>\n\t\t\t\t<div class=\"eventless em-cal-day em-cal-col-4\">\n\t\t\t\t\t\t\t<div class=\"em-cal-day-date\">\n\t\t\t\t\t<span>21<\/span>\n\t\t\t\t<\/div>\n\t\t\t\t\t<\/div>\n\t\t\t\t<div class=\"eventless em-cal-day em-cal-col-5\">\n\t\t\t\t\t\t\t<div class=\"em-cal-day-date\">\n\t\t\t\t\t<span>22<\/span>\n\t\t\t\t<\/div>\n\t\t\t\t\t<\/div>\n\t\t\t\t<div class=\"eventless em-cal-day em-cal-col-6\">\n\t\t\t\t\t\t\t<div class=\"em-cal-day-date\">\n\t\t\t\t\t<span>23<\/span>\n\t\t\t\t<\/div>\n\t\t\t\t\t<\/div>\n\t\t\t\t<div class=\"eventless em-cal-day em-cal-col-7\">\n\t\t\t\t\t\t\t<div class=\"em-cal-day-date\">\n\t\t\t\t\t<span>24<\/span>\n\t\t\t\t<\/div>\n\t\t\t\t\t<\/div>\n\t\t\t\t<div class=\"eventless em-cal-day em-cal-col-1\">\n\t\t\t\t\t\t\t<div class=\"em-cal-day-date\">\n\t\t\t\t\t<span>25<\/span>\n\t\t\t\t<\/div>\n\t\t\t\t\t<\/div>\n\t\t\t\t<div class=\"eventless em-cal-day em-cal-col-2\">\n\t\t\t\t\t\t\t<div class=\"em-cal-day-date\">\n\t\t\t\t\t<span>26<\/span>\n\t\t\t\t<\/div>\n\t\t\t\t\t<\/div>\n\t\t\t\t<div class=\"eventless em-cal-day em-cal-col-3\">\n\t\t\t\t\t\t\t<div class=\"em-cal-day-date\">\n\t\t\t\t\t<span>27<\/span>\n\t\t\t\t<\/div>\n\t\t\t\t\t<\/div>\n\t\t\t\t<div class=\"eventless em-cal-day em-cal-col-4\">\n\t\t\t\t\t\t\t<div class=\"em-cal-day-date\">\n\t\t\t\t\t<span>28<\/span>\n\t\t\t\t<\/div>\n\t\t\t\t\t<\/div>\n\t\t\t\t<div class=\"eventless em-cal-day em-cal-col-5\">\n\t\t\t\t\t\t\t<div class=\"em-cal-day-date\">\n\t\t\t\t\t<span>29<\/span>\n\t\t\t\t<\/div>\n\t\t\t\t\t<\/div>\n\t\t\t\t<div class=\"eventless em-cal-day em-cal-col-6\">\n\t\t\t\t\t\t\t<div class=\"em-cal-day-date\">\n\t\t\t\t\t<span>30<\/span>\n\t\t\t\t<\/div>\n\t\t\t\t\t<\/div>\n\t\t\t\t<div class=\"eventless em-cal-day em-cal-col-7\">\n\t\t\t\t\t\t\t<div class=\"em-cal-day-date\">\n\t\t\t\t\t<span>31<\/span>\n\t\t\t\t<\/div>\n\t\t\t\t\t<\/div>\n\t\t<\/section><section class=\"em-cal-events-content\" id=\"em-cal-events-content-1110452246\">\n\t\t\t\t\t\t\t\t\t\t\t\t\t\t\t\t\t\t\t\t\t\t\t\t\t\t\t\t\t\t\t\t\t\t\t\t\t\t\t\t\t\t\t\t\t\t\t\t\t\t\t\t\t\t\t\t\t\t\t\t\t\t\t\t\t\t\t\t\t\t\t\t\t\t\t\t\t\t\t\t\t\t\t\t\t\t\t\t\t\t\t\t\t\t\t\t\t\t\t\t\t\t\t\t\t\t\t\t\t\t\t\t\t<\/section><\/div>\n<script>\n\t{\n\t\tlet el = document.getElementById('em-calendar-1110452246').querySelector('.em-cal-body');\n\t\tlet width = el.firstElementChild.getBoundingClientRect().width;\n\t\tif (width > 0) {\n\t\t\tel.style.setProperty('--grid-auto-rows', 'minmax(' + width + 'px, auto)');\n\t\t}\n\t}\n<\/script>\t\t\t<div class=\"em-view-custom-data\" id=\"em-view-custom-data-1110452246\">\r\n\t\t\t\t\t\t\t\t<form class=\"em-view-custom-data-search\" id=\"em-view-custom-data-search-1110452246\" action=\"\">\r\n\t\t\t\t\t\t\t\t\t\t<input type=\"hidden\" name=\"css\" value=\"1\">\r\n\t\t\t\t\t\t\t\t\t\t<input type=\"hidden\" name=\"search_action\" value=\"search_events\">\r\n\t\t\t\t\t\t\t\t\t\t<input type=\"hidden\" name=\"search_advanced_text\" value=\"Show Advanced Search\">\r\n\t\t\t\t\t\t\t\t\t\t<input type=\"hidden\" name=\"search_text_show\" value=\"Show Advanced Search\">\r\n\t\t\t\t\t\t\t\t\t\t<input type=\"hidden\" name=\"search_text_hide\" value=\"Hide Advanced Search\">\r\n\t\t\t\t\t\t\t\t\t\t<input type=\"hidden\" name=\"search_button\" value=\"Search\">\r\n\t\t\t\t\t\t\t\t\t\t<input type=\"hidden\" name=\"saved_searches\" value=\"\">\r\n\t\t\t\t\t\t\t\t\t\t<input type=\"hidden\" name=\"search_advanced_style\" value=\"accordion\">\r\n\t\t\t\t\t\t\t\t\t\t<input type=\"hidden\" name=\"search_multiselect_style\" value=\"always-open\">\r\n\t\t\t\t\t\t\t\t\t\t<input type=\"hidden\" name=\"sorting\" value=\"\">\r\n\t\t\t\t\t\t\t\t\t\t<input type=\"hidden\" name=\"search_term_main\" value=\"1\">\r\n\t\t\t\t\t\t\t\t\t\t<input type=\"hidden\" name=\"search_term\" value=\"1\">\r\n\t\t\t\t\t\t\t\t\t\t<input type=\"hidden\" name=\"search_term_label\" value=\"Search\">\r\n\t\t\t\t\t\t\t\t\t\t<input type=\"hidden\" name=\"search_term_advanced\" value=\"1\">\r\n\t\t\t\t\t\t\t\t\t\t<input type=\"hidden\" name=\"search_term_label_advanced\" value=\"Search\">\r\n\t\t\t\t\t\t\t\t\t\t<input type=\"hidden\" name=\"search_geo\" value=\"1\">\r\n\t\t\t\t\t\t\t\t\t\t<input type=\"hidden\" name=\"geo_label\" value=\"Near...\">\r\n\t\t\t\t\t\t\t\t\t\t<input type=\"hidden\" name=\"search_geo_advanced\" value=\"1\">\r\n\t\t\t\t\t\t\t\t\t\t<input type=\"hidden\" name=\"geo_label_advanced\" value=\"Near...\">\r\n\t\t\t\t\t\t\t\t\t\t<input type=\"hidden\" name=\"search_geo_units\" value=\"1\">\r\n\t\t\t\t\t\t\t\t\t\t<input type=\"hidden\" name=\"geo_units_label\" value=\"Within\">\r\n\t\t\t\t\t\t\t\t\t\t<input type=\"hidden\" name=\"geo_distance_values\" value=\"5,10,25,50,100\">\r\n\t\t\t\t\t\t\t\t\t\t<input type=\"hidden\" name=\"search_scope\" value=\"1\">\r\n\t\t\t\t\t\t\t\t\t\t<input type=\"hidden\" name=\"scope_label\" value=\"Dates\">\r\n\t\t\t\t\t\t\t\t\t\t<input type=\"hidden\" name=\"scope_seperator\" value=\"and\">\r\n\t\t\t\t\t\t\t\t\t\t<input type=\"hidden\" name=\"scope_format\" value=\"M j\">\r\n\t\t\t\t\t\t\t\t\t\t<input type=\"hidden\" name=\"search_scope_advanced\" value=\"1\">\r\n\t\t\t\t\t\t\t\t\t\t<input type=\"hidden\" name=\"scope_label_advanced\" value=\"Dates\">\r\n\t\t\t\t\t\t\t\t\t\t<input type=\"hidden\" name=\"scope_seperator_advanced\" value=\"and\">\r\n\t\t\t\t\t\t\t\t\t\t<input type=\"hidden\" name=\"scope_format_advanced\" value=\"M j\">\r\n\t\t\t\t\t\t\t\t\t\t<input type=\"hidden\" name=\"search_eventful_main\" value=\"0\">\r\n\t\t\t\t\t\t\t\t\t\t<input type=\"hidden\" name=\"search_eventful\" value=\"0\">\r\n\t\t\t\t\t\t\t\t\t\t<input type=\"hidden\" name=\"search_eventful_locations_label\" value=\"Eventful Locations?\">\r\n\t\t\t\t\t\t\t\t\t\t<input type=\"hidden\" name=\"search_eventful_locations_tooltip\" value=\"Display only locations with upcoming events.\">\r\n\t\t\t\t\t\t\t\t\t\t<input type=\"hidden\" name=\"search_categories\" value=\"1\">\r\n\t\t\t\t\t\t\t\t\t\t<input type=\"hidden\" name=\"category_label\" value=\"Category\">\r\n\t\t\t\t\t\t\t\t\t\t<input type=\"hidden\" name=\"categories_label\" value=\"All Categories\">\r\n\t\t\t\t\t\t\t\t\t\t<input type=\"hidden\" name=\"categories_placeholder\" value=\"Search Categories...\">\r\n\t\t\t\t\t\t\t\t\t\t<input type=\"hidden\" name=\"categories_clear_text\" value=\"Clear Selected\">\r\n\t\t\t\t\t\t\t\t\t\t<input type=\"hidden\" name=\"categories_count_text\" value=\"%d Selected\">\r\n\t\t\t\t\t\t\t\t\t\t<input type=\"hidden\" name=\"categories_include\" value=\"\">\r\n\t\t\t\t\t\t\t\t\t\t<input type=\"hidden\" name=\"categories_exclude\" value=\"\">\r\n\t\t\t\t\t\t\t\t\t\t<input type=\"hidden\" name=\"search_tags\" value=\"0\">\r\n\t\t\t\t\t\t\t\t\t\t<input type=\"hidden\" name=\"tag_label\" value=\"Tags\">\r\n\t\t\t\t\t\t\t\t\t\t<input type=\"hidden\" name=\"tags_label\" value=\"All Tags\">\r\n\t\t\t\t\t\t\t\t\t\t<input type=\"hidden\" name=\"tags_placeholder\" value=\"Search Tags...\">\r\n\t\t\t\t\t\t\t\t\t\t<input type=\"hidden\" name=\"tags_clear_text\" value=\"Clear Selected\">\r\n\t\t\t\t\t\t\t\t\t\t<input type=\"hidden\" name=\"tags_count_text\" value=\"%d Selected\">\r\n\t\t\t\t\t\t\t\t\t\t<input type=\"hidden\" name=\"tags_include\" value=\"\">\r\n\t\t\t\t\t\t\t\t\t\t<input type=\"hidden\" name=\"tags_exclude\" value=\"\">\r\n\t\t\t\t\t\t\t\t\t\t<input type=\"hidden\" name=\"search_countries\" value=\"1\">\r\n\t\t\t\t\t\t\t\t\t\t<input type=\"hidden\" name=\"country_label\" value=\"Country\">\r\n\t\t\t\t\t\t\t\t\t\t<input type=\"hidden\" name=\"countries_label\" value=\"All Countries\">\r\n\t\t\t\t\t\t\t\t\t\t<input type=\"hidden\" name=\"search_regions\" value=\"1\">\r\n\t\t\t\t\t\t\t\t\t\t<input type=\"hidden\" name=\"region_label\" value=\"Region\">\r\n\t\t\t\t\t\t\t\t\t\t<input type=\"hidden\" name=\"search_states\" value=\"1\">\r\n\t\t\t\t\t\t\t\t\t\t<input type=\"hidden\" name=\"state_label\" value=\"State\/County\">\r\n\t\t\t\t\t\t\t\t\t\t<input type=\"hidden\" name=\"search_towns\" value=\"0\">\r\n\t\t\t\t\t\t\t\t\t\t<input type=\"hidden\" name=\"town_label\" value=\"City\/Town\">\r\n\t\t\t\t\t\t\t\t\t\t<input type=\"hidden\" name=\"show_main\" value=\"1\">\r\n\t\t\t\t\t\t\t\t\t\t<input type=\"hidden\" name=\"show_advanced\" value=\"1\">\r\n\t\t\t\t\t\t\t\t\t\t<input type=\"hidden\" name=\"advanced_mode\" value=\"modal\">\r\n\t\t\t\t\t\t\t\t\t\t<input type=\"hidden\" name=\"advanced_hidden\" value=\"1\">\r\n\t\t\t\t\t\t\t\t\t\t<input type=\"hidden\" name=\"advanced_trigger\" value=\"1\">\r\n\t\t\t\t\t\t\t\t\t\t<input type=\"hidden\" name=\"main_classes\" value=\"css-search,em-search-legacy,has-search-term,has-search-geo,has-search-main,has-advanced,advanced-hidden\">\r\n\t\t\t\t\t\t\t\t\t\t<input type=\"hidden\" name=\"css_classes_advanced\" value=\"\">\r\n\t\t\t\t\t\t\t\t\t\t<input type=\"hidden\" name=\"id\" value=\"1110452246\">\r\n\t\t\t\t\t\t\t\t\t\t<input type=\"hidden\" name=\"scope\" value=\"all\">\r\n\t\t\t\t\t\t\t\t\t\t<input type=\"hidden\" name=\"calendar_size\" value=\"\">\r\n\t\t\t\t\t\t\t\t\t\t<input type=\"hidden\" name=\"has_advanced_trigger\" value=\"0\">\r\n\t\t\t\t\t\t\t\t\t<input type=\"hidden\" name=\"trp-form-language\" value=\"en\"\/><\/form>\r\n\t\t\t\t<form class=\"em-view-custom-data-calendar\" id=\"em-view-custom-data-calendar-1110452246\" action=\"\">\r\n\t\t\t\t\t\t\t\t\t\t\t<input type=\"hidden\" name=\"id\" value=\"1110452246\">\r\n\t\t\t\t\t\t\t\t\t\t\t<input type=\"hidden\" name=\"scope\" value=\"all\">\r\n\t\t\t\t\t\t\t\t\t\t\t<input type=\"hidden\" name=\"calendar_size\" value=\"\">\r\n\t\t\t\t\t\t\t\t\t\t\t<input type=\"hidden\" name=\"has_advanced_trigger\" value=\"0\">\r\n\t\t\t\t\t\t\t\t\t<input type=\"hidden\" name=\"trp-form-language\" value=\"en\"\/><\/form>\r\n\t\t\t<\/div>\r\n\t\t<\/div>\n\n\t\t<\/div>\n\t<\/div>\n<\/div><\/div><\/div><\/div><\/div><div class=\"vc_empty_space\"   style=\"height: 32px\"><span class=\"vc_empty_space_inner\"><\/span><\/div><\/div><\/div><\/div><\/div><\/div><div class=\"vc_row wpb_row vc_row-fluid mkd-section mkd-content-aligment-left\" style=\"\"><div class=\"clearfix mkd-full-section-inner\"><div class=\"wpb_column vc_column_container vc_col-sm-12\"><div class=\"vc_column-inner\"><div class=\"wpb_wrapper\"><div class=\"vc_empty_space\"   style=\"height: 32px\"><span class=\"vc_empty_space_inner\"><\/span><\/div><\/div><\/div><\/div><\/div><\/div>\n<\/div>","protected":false},"excerpt":{"rendered":"World Halal Authority (WHA), uno degli enti di certificazione Halal pi\u00f9 riconosciuti a livello globale, e IC&amp;Partners, societ\u00e0 leader nella consulenza per l'internazionalizzazione d\u2019impresa, annunciano la firma di un Protocollo d\u2019Intesa volto a supportare le aziende che intendono accedere e consolidare la loro presenza nei...","protected":false},"author":1,"featured_media":0,"parent":0,"menu_order":0,"comment_status":"closed","ping_status":"closed","template":"","meta":{"content-type":"","footnotes":""},"class_list":["post-9616","page","type-page","status-publish","hentry"],"_links":{"self":[{"href":"https:\/\/www.icpartners.it\/en\/wp-json\/wp\/v2\/pages\/9616","targetHints":{"allow":["GET"]}}],"collection":[{"href":"https:\/\/www.icpartners.it\/en\/wp-json\/wp\/v2\/pages"}],"about":[{"href":"https:\/\/www.icpartners.it\/en\/wp-json\/wp\/v2\/types\/page"}],"author":[{"embeddable":true,"href":"https:\/\/www.icpartners.it\/en\/wp-json\/wp\/v2\/users\/1"}],"replies":[{"embeddable":true,"href":"https:\/\/www.icpartners.it\/en\/wp-json\/wp\/v2\/comments?post=9616"}],"version-history":[{"count":7,"href":"https:\/\/www.icpartners.it\/en\/wp-json\/wp\/v2\/pages\/9616\/revisions"}],"predecessor-version":[{"id":10090,"href":"https:\/\/www.icpartners.it\/en\/wp-json\/wp\/v2\/pages\/9616\/revisions\/10090"}],"wp:attachment":[{"href":"https:\/\/www.icpartners.it\/en\/wp-json\/wp\/v2\/media?parent=9616"}],"curies":[{"name":"wp","href":"https:\/\/api.w.org\/{rel}","templated":true}]}}